{"id":56,"date":"2018-07-02T12:09:52","date_gmt":"2018-07-02T10:09:52","guid":{"rendered":"http:\/\/ovlgc.org\/fr\/?page_id=56"},"modified":"2022-10-13T20:00:54","modified_gmt":"2022-10-13T18:00:54","slug":"ressources","status":"publish","type":"page","link":"https:\/\/www.ovlgc.org\/fr\/ressources\/","title":{"rendered":"RESSOURCES"},"content":{"rendered":"<div id=\"pl-56\"  class=\"panel-layout\" ><div id=\"pg-56-0\"  class=\"panel-grid panel-no-style\" ><div id=\"pgc-56-0-0\"  class=\"panel-grid-cell\" ><div id=\"panel-56-0-0-0\" class=\"so-panel widget widget_colormag_featured_posts_vertical_widget cm-featured-posts cm-featured-posts--style-2 panel-first-child panel-last-child\" data-index=\"0\" ><div class=\"panel-widget-style panel-widget-style-for-56-0-0-0\" >\r\n\t\t<div class=\"cm-first-post\">\r\n\t\t\t<div class=\"cm-post\">\r\n\t\t\t\t\r\n\t\t\t\t<div class=\"cm-post-content\">\r\n\t\t\t\t\t<div class=\"cm-entry-header-meta\"><div class=\"cm-post-categories\"><a href=\"https:\/\/www.ovlgc.org\/fr\/category\/collectivite-territoriale\/\" style=\"background:#8224e3\" rel=\"category tag\">Collectivit\u00e9 Territoriale<\/a><\/div><\/div>\t\t<h3 class=\"cm-entry-title\">\r\n\t\t\t<a href=\"https:\/\/www.ovlgc.org\/fr\/charte-en-ile-de-france-a-legard-des-associations-beneficiant-de-subventions-publiques\/\" title=\"Deux jugements du tribunal administratif de Paris concernant la charte \u00e0 l&rsquo;\u00e9gard des associations b\u00e9n\u00e9ficiant de subventions publiques\">\r\n\t\t\t\tDeux jugements du tribunal administratif de Paris concernant la charte \u00e0 l&rsquo;\u00e9gard des associations b\u00e9n\u00e9ficiant de subventions publiques\t\t\t<\/a>\r\n\t\t<\/h3>\r\n\t\t<div class=\"cm-below-entry-meta \"><span class=\"cm-post-date\"><a href=\"https:\/\/www.ovlgc.org\/fr\/charte-en-ile-de-france-a-legard-des-associations-beneficiant-de-subventions-publiques\/\" title=\"9 h 38 min\" rel=\"bookmark\"><svg class=\"cm-icon cm-icon--calendar-fill\" xmlns=\"http:\/\/www.w3.org\/2000\/svg\" viewBox=\"0 0 24 24\"><path d=\"M21.1 6.6v1.6c0 .6-.4 1-1 1H3.9c-.6 0-1-.4-1-1V6.6c0-1.5 1.3-2.8 2.8-2.8h1.7V3c0-.6.4-1 1-1s1 .4 1 1v.8h5.2V3c0-.6.4-1 1-1s1 .4 1 1v.8h1.7c1.5 0 2.8 1.3 2.8 2.8zm-1 4.6H3.9c-.6 0-1 .4-1 1v7c0 1.5 1.3 2.8 2.8 2.8h12.6c1.5 0 2.8-1.3 2.8-2.8v-7c0-.6-.4-1-1-1z\"><\/path><\/svg> <time class=\"entry-date published updated\" datetime=\"2020-11-14T09:38:17+01:00\">14 novembre 2020<\/time><\/a><\/span>\r\n\t\t<span class=\"cm-author cm-vcard\">\r\n\t\t\t<svg class=\"cm-icon cm-icon--user\" xmlns=\"http:\/\/www.w3.org\/2000\/svg\" viewBox=\"0 0 24 24\"><path d=\"M7 7c0-2.8 2.2-5 5-5s5 2.2 5 5-2.2 5-5 5-5-2.2-5-5zm9 7H8c-2.8 0-5 2.2-5 5v2c0 .6.4 1 1 1h16c.6 0 1-.4 1-1v-2c0-2.8-2.2-5-5-5z\"><\/path><\/svg>\t\t\t<a class=\"url fn n\"\r\n\t\t\thref=\"https:\/\/www.ovlgc.org\/fr\/author\/lbourmaud\/\"\r\n\t\t\ttitle=\"Secr\u00e9tariat OVLGC\"\r\n\t\t\t>\r\n\t\t\t\tSecr\u00e9tariat OVLGC\t\t\t<\/a>\r\n\t\t<\/span>\r\n\r\n\t\t<\/div>\r\n\t\t\t\t\t\t\t\t\t\t\t<div class=\"cm-entry-summary\">\r\n\t\t\t\t\t\t\t<div class=\"acpwd-container\" id=\"acpwd-2948\">\n<p class=\"acpwd-info-message\">Ce contenu est r\u00e9serv\u00e9 aux adh\u00e9rents de l&rsquo;OVLGC; veuillez indiquer le mot de passe ci-dessous pour y acc\u00e9der ou identifiez-vous.<\/p>\n<form class=\"acpwd-form\" action=\"\/fr\/wp-json\/wp\/v2\/pages\/56#acpwd-2948\" method=\"post\">\n\t<input class=\"acpwd-pass\" type=\"password\" name=\"acpwd-pass\" placeholder=\"tapez votre mot de passe ici\"><input class=\"acpwd-submit\" type=\"submit\" value=\"Acc\u00e9der\"><br \/>\n<\/form>\n<\/div>\n\t\t\t\t\t\t<\/div>\r\n\t\t\t\t\t\t\t\t\t<\/div>\r\n\t\t\t<\/div>\r\n\r\n\t\t\t<\/div><div class=\"cm-posts\">\r\n\t\t\t<div class=\"cm-post\">\r\n\t\t\t\t\r\n\t\t\t\t<div class=\"cm-post-content\">\r\n\t\t\t\t\t<div class=\"cm-entry-header-meta\"><div class=\"cm-post-categories\"><a href=\"https:\/\/www.ovlgc.org\/fr\/category\/collectivite-territoriale\/\" style=\"background:#8224e3\" rel=\"category tag\">Collectivit\u00e9 Territoriale<\/a><\/div><\/div>\t\t<h3 class=\"cm-entry-title\">\r\n\t\t\t<a href=\"https:\/\/www.ovlgc.org\/fr\/laffaire-du-blason-de-la-commune-de-moeslains\/\" title=\"L&rsquo;affaire du blason de la commune de Mo\u00ebslains\">\r\n\t\t\t\tL&rsquo;affaire du blason de la commune de Mo\u00ebslains\t\t\t<\/a>\r\n\t\t<\/h3>\r\n\t\t<div class=\"cm-below-entry-meta \"><span class=\"cm-post-date\"><a href=\"https:\/\/www.ovlgc.org\/fr\/laffaire-du-blason-de-la-commune-de-moeslains\/\" title=\"10 h 22 min\" rel=\"bookmark\"><svg class=\"cm-icon cm-icon--calendar-fill\" xmlns=\"http:\/\/www.w3.org\/2000\/svg\" viewBox=\"0 0 24 24\"><path d=\"M21.1 6.6v1.6c0 .6-.4 1-1 1H3.9c-.6 0-1-.4-1-1V6.6c0-1.5 1.3-2.8 2.8-2.8h1.7V3c0-.6.4-1 1-1s1 .4 1 1v.8h5.2V3c0-.6.4-1 1-1s1 .4 1 1v.8h1.7c1.5 0 2.8 1.3 2.8 2.8zm-1 4.6H3.9c-.6 0-1 .4-1 1v7c0 1.5 1.3 2.8 2.8 2.8h12.6c1.5 0 2.8-1.3 2.8-2.8v-7c0-.6-.4-1-1-1z\"><\/path><\/svg> <time class=\"entry-date published updated\" datetime=\"2020-10-26T10:22:00+01:00\">26 octobre 2020<\/time><\/a><\/span>\r\n\t\t<span class=\"cm-author cm-vcard\">\r\n\t\t\t<svg class=\"cm-icon cm-icon--user\" xmlns=\"http:\/\/www.w3.org\/2000\/svg\" viewBox=\"0 0 24 24\"><path d=\"M7 7c0-2.8 2.2-5 5-5s5 2.2 5 5-2.2 5-5 5-5-2.2-5-5zm9 7H8c-2.8 0-5 2.2-5 5v2c0 .6.4 1 1 1h16c.6 0 1-.4 1-1v-2c0-2.8-2.2-5-5-5z\"><\/path><\/svg>\t\t\t<a class=\"url fn n\"\r\n\t\t\thref=\"https:\/\/www.ovlgc.org\/fr\/author\/lbourmaud\/\"\r\n\t\t\ttitle=\"Secr\u00e9tariat OVLGC\"\r\n\t\t\t>\r\n\t\t\t\tSecr\u00e9tariat OVLGC\t\t\t<\/a>\r\n\t\t<\/span>\r\n\r\n\t\t<\/div>\r\n\t\t\t\t\t\t\t\t\t<\/div>\r\n\t\t\t<\/div>\r\n\r\n\t\t\t\r\n\t\t\t<div class=\"cm-post\">\r\n\t\t\t\t\r\n\t\t\t\t<div class=\"cm-post-content\">\r\n\t\t\t\t\t<div class=\"cm-entry-header-meta\"><div class=\"cm-post-categories\"><a href=\"https:\/\/www.ovlgc.org\/fr\/category\/collectivite-territoriale\/\" style=\"background:#8224e3\" rel=\"category tag\">Collectivit\u00e9 Territoriale<\/a><\/div><\/div>\t\t<h3 class=\"cm-entry-title\">\r\n\t\t\t<a href=\"https:\/\/www.ovlgc.org\/fr\/la-neutralite-sapplique-telle-aux-agents-employes-par-des-prestataires-pour-faire-du-menage-dans-un-service-public\/\" title=\"La neutralit\u00e9 s&rsquo;applique-t-elle aux agents employ\u00e9s par des prestataires pour faire du m\u00e9nage dans un service public?\">\r\n\t\t\t\tLa neutralit\u00e9 s&rsquo;applique-t-elle aux agents employ\u00e9s par des prestataires pour faire du m\u00e9nage dans un service public?\t\t\t<\/a>\r\n\t\t<\/h3>\r\n\t\t<div class=\"cm-below-entry-meta \"><span class=\"cm-post-date\"><a href=\"https:\/\/www.ovlgc.org\/fr\/la-neutralite-sapplique-telle-aux-agents-employes-par-des-prestataires-pour-faire-du-menage-dans-un-service-public\/\" title=\"11 h 07 min\" rel=\"bookmark\"><svg class=\"cm-icon cm-icon--calendar-fill\" xmlns=\"http:\/\/www.w3.org\/2000\/svg\" viewBox=\"0 0 24 24\"><path d=\"M21.1 6.6v1.6c0 .6-.4 1-1 1H3.9c-.6 0-1-.4-1-1V6.6c0-1.5 1.3-2.8 2.8-2.8h1.7V3c0-.6.4-1 1-1s1 .4 1 1v.8h5.2V3c0-.6.4-1 1-1s1 .4 1 1v.8h1.7c1.5 0 2.8 1.3 2.8 2.8zm-1 4.6H3.9c-.6 0-1 .4-1 1v7c0 1.5 1.3 2.8 2.8 2.8h12.6c1.5 0 2.8-1.3 2.8-2.8v-7c0-.6-.4-1-1-1z\"><\/path><\/svg> <time class=\"entry-date published updated\" datetime=\"2020-02-22T11:07:24+01:00\">22 f\u00e9vrier 2020<\/time><\/a><\/span>\r\n\t\t<span class=\"cm-author cm-vcard\">\r\n\t\t\t<svg class=\"cm-icon cm-icon--user\" xmlns=\"http:\/\/www.w3.org\/2000\/svg\" viewBox=\"0 0 24 24\"><path d=\"M7 7c0-2.8 2.2-5 5-5s5 2.2 5 5-2.2 5-5 5-5-2.2-5-5zm9 7H8c-2.8 0-5 2.2-5 5v2c0 .6.4 1 1 1h16c.6 0 1-.4 1-1v-2c0-2.8-2.2-5-5-5z\"><\/path><\/svg>\t\t\t<a class=\"url fn n\"\r\n\t\t\thref=\"https:\/\/www.ovlgc.org\/fr\/author\/lbourmaud\/\"\r\n\t\t\ttitle=\"Secr\u00e9tariat OVLGC\"\r\n\t\t\t>\r\n\t\t\t\tSecr\u00e9tariat OVLGC\t\t\t<\/a>\r\n\t\t<\/span>\r\n\r\n\t\t<\/div>\r\n\t\t\t\t\t\t\t\t\t<\/div>\r\n\t\t\t<\/div>\r\n\r\n\t\t\t\r\n\t\t\t<div class=\"cm-post\">\r\n\t\t\t\t\r\n\t\t\t\t<div class=\"cm-post-content\">\r\n\t\t\t\t\t<div class=\"cm-entry-header-meta\"><div class=\"cm-post-categories\"><a href=\"https:\/\/www.ovlgc.org\/fr\/category\/collectivite-territoriale\/\" style=\"background:#8224e3\" rel=\"category tag\">Collectivit\u00e9 Territoriale<\/a><\/div><\/div>\t\t<h3 class=\"cm-entry-title\">\r\n\t\t\t<a href=\"https:\/\/www.ovlgc.org\/fr\/la-creche-de-noel-une-question-de-laicite\/\" title=\"La cr\u00e8che de No\u00ebl, une question de la\u00efcit\u00e9?\">\r\n\t\t\t\tLa cr\u00e8che de No\u00ebl, une question de la\u00efcit\u00e9?\t\t\t<\/a>\r\n\t\t<\/h3>\r\n\t\t<div class=\"cm-below-entry-meta \"><span class=\"cm-post-date\"><a href=\"https:\/\/www.ovlgc.org\/fr\/la-creche-de-noel-une-question-de-laicite\/\" title=\"16 h 29 min\" rel=\"bookmark\"><svg class=\"cm-icon cm-icon--calendar-fill\" xmlns=\"http:\/\/www.w3.org\/2000\/svg\" viewBox=\"0 0 24 24\"><path d=\"M21.1 6.6v1.6c0 .6-.4 1-1 1H3.9c-.6 0-1-.4-1-1V6.6c0-1.5 1.3-2.8 2.8-2.8h1.7V3c0-.6.4-1 1-1s1 .4 1 1v.8h5.2V3c0-.6.4-1 1-1s1 .4 1 1v.8h1.7c1.5 0 2.8 1.3 2.8 2.8zm-1 4.6H3.9c-.6 0-1 .4-1 1v7c0 1.5 1.3 2.8 2.8 2.8h12.6c1.5 0 2.8-1.3 2.8-2.8v-7c0-.6-.4-1-1-1z\"><\/path><\/svg> <time class=\"entry-date published updated\" datetime=\"2019-12-21T16:29:52+01:00\">21 d\u00e9cembre 2019<\/time><\/a><\/span>\r\n\t\t<span class=\"cm-author cm-vcard\">\r\n\t\t\t<svg class=\"cm-icon cm-icon--user\" xmlns=\"http:\/\/www.w3.org\/2000\/svg\" viewBox=\"0 0 24 24\"><path d=\"M7 7c0-2.8 2.2-5 5-5s5 2.2 5 5-2.2 5-5 5-5-2.2-5-5zm9 7H8c-2.8 0-5 2.2-5 5v2c0 .6.4 1 1 1h16c.6 0 1-.4 1-1v-2c0-2.8-2.2-5-5-5z\"><\/path><\/svg>\t\t\t<a class=\"url fn n\"\r\n\t\t\thref=\"https:\/\/www.ovlgc.org\/fr\/author\/lbourmaud\/\"\r\n\t\t\ttitle=\"Secr\u00e9tariat OVLGC\"\r\n\t\t\t>\r\n\t\t\t\tSecr\u00e9tariat OVLGC\t\t\t<\/a>\r\n\t\t<\/span>\r\n\r\n\t\t<\/div>\r\n\t\t\t\t\t\t\t\t\t<\/div>\r\n\t\t\t<\/div>\r\n\r\n\t\t\t\r\n\t\t\t<div class=\"cm-post\">\r\n\t\t\t\t\r\n\t\t\t\t<div class=\"cm-post-content\">\r\n\t\t\t\t\t<div class=\"cm-entry-header-meta\"><div class=\"cm-post-categories\"><a href=\"https:\/\/www.ovlgc.org\/fr\/category\/collectivite-territoriale\/\" style=\"background:#8224e3\" rel=\"category tag\">Collectivit\u00e9 Territoriale<\/a><\/div><\/div>\t\t<h3 class=\"cm-entry-title\">\r\n\t\t\t<a href=\"https:\/\/www.ovlgc.org\/fr\/le-rejet-par-la-cour-administrative-dappel-de-lyon-du-recours-de-laurent-wauquiez\/\" title=\"Le rejet par la Cour Administrative d&rsquo;Appel de Lyon du recours de Laurent Wauquiez\">\r\n\t\t\t\tLe rejet par la Cour Administrative d&rsquo;Appel de Lyon du recours de Laurent Wauquiez\t\t\t<\/a>\r\n\t\t<\/h3>\r\n\t\t<div class=\"cm-below-entry-meta \"><span class=\"cm-post-date\"><a href=\"https:\/\/www.ovlgc.org\/fr\/le-rejet-par-la-cour-administrative-dappel-de-lyon-du-recours-de-laurent-wauquiez\/\" title=\"9 h 31 min\" rel=\"bookmark\"><svg class=\"cm-icon cm-icon--calendar-fill\" xmlns=\"http:\/\/www.w3.org\/2000\/svg\" viewBox=\"0 0 24 24\"><path d=\"M21.1 6.6v1.6c0 .6-.4 1-1 1H3.9c-.6 0-1-.4-1-1V6.6c0-1.5 1.3-2.8 2.8-2.8h1.7V3c0-.6.4-1 1-1s1 .4 1 1v.8h5.2V3c0-.6.4-1 1-1s1 .4 1 1v.8h1.7c1.5 0 2.8 1.3 2.8 2.8zm-1 4.6H3.9c-.6 0-1 .4-1 1v7c0 1.5 1.3 2.8 2.8 2.8h12.6c1.5 0 2.8-1.3 2.8-2.8v-7c0-.6-.4-1-1-1z\"><\/path><\/svg> <time class=\"entry-date published updated\" datetime=\"2019-10-10T09:31:35+02:00\">10 octobre 2019<\/time><\/a><\/span>\r\n\t\t<span class=\"cm-author cm-vcard\">\r\n\t\t\t<svg class=\"cm-icon cm-icon--user\" xmlns=\"http:\/\/www.w3.org\/2000\/svg\" viewBox=\"0 0 24 24\"><path d=\"M7 7c0-2.8 2.2-5 5-5s5 2.2 5 5-2.2 5-5 5-5-2.2-5-5zm9 7H8c-2.8 0-5 2.2-5 5v2c0 .6.4 1 1 1h16c.6 0 1-.4 1-1v-2c0-2.8-2.2-5-5-5z\"><\/path><\/svg>\t\t\t<a class=\"url fn n\"\r\n\t\t\thref=\"https:\/\/www.ovlgc.org\/fr\/author\/lbourmaud\/\"\r\n\t\t\ttitle=\"Secr\u00e9tariat OVLGC\"\r\n\t\t\t>\r\n\t\t\t\tSecr\u00e9tariat OVLGC\t\t\t<\/a>\r\n\t\t<\/span>\r\n\r\n\t\t<\/div>\r\n\t\t\t\t\t\t\t\t\t<\/div>\r\n\t\t\t<\/div>\r\n\r\n\t\t\t\r\n\t\t\t<div class=\"cm-post\">\r\n\t\t\t\t\r\n\t\t\t\t<div class=\"cm-post-content\">\r\n\t\t\t\t\t<div class=\"cm-entry-header-meta\"><div class=\"cm-post-categories\"><a href=\"https:\/\/www.ovlgc.org\/fr\/category\/collectivite-territoriale\/\" style=\"background:#8224e3\" rel=\"category tag\">Collectivit\u00e9 Territoriale<\/a><\/div><\/div>\t\t<h3 class=\"cm-entry-title\">\r\n\t\t\t<a href=\"https:\/\/www.ovlgc.org\/fr\/les-creches-de-noel-de-laurent-wauquiez\/\" title=\"Les Cr\u00e8ches de No\u00ebl de Laurent Wauquiez\">\r\n\t\t\t\tLes Cr\u00e8ches de No\u00ebl de Laurent Wauquiez\t\t\t<\/a>\r\n\t\t<\/h3>\r\n\t\t<div class=\"cm-below-entry-meta \"><span class=\"cm-post-date\"><a href=\"https:\/\/www.ovlgc.org\/fr\/les-creches-de-noel-de-laurent-wauquiez\/\" title=\"17 h 33 min\" rel=\"bookmark\"><svg class=\"cm-icon cm-icon--calendar-fill\" xmlns=\"http:\/\/www.w3.org\/2000\/svg\" viewBox=\"0 0 24 24\"><path d=\"M21.1 6.6v1.6c0 .6-.4 1-1 1H3.9c-.6 0-1-.4-1-1V6.6c0-1.5 1.3-2.8 2.8-2.8h1.7V3c0-.6.4-1 1-1s1 .4 1 1v.8h5.2V3c0-.6.4-1 1-1s1 .4 1 1v.8h1.7c1.5 0 2.8 1.3 2.8 2.8zm-1 4.6H3.9c-.6 0-1 .4-1 1v7c0 1.5 1.3 2.8 2.8 2.8h12.6c1.5 0 2.8-1.3 2.8-2.8v-7c0-.6-.4-1-1-1z\"><\/path><\/svg> <time class=\"entry-date published updated\" datetime=\"2018-11-27T17:33:18+01:00\">27 novembre 2018<\/time><\/a><\/span>\r\n\t\t<span class=\"cm-author cm-vcard\">\r\n\t\t\t<svg class=\"cm-icon cm-icon--user\" xmlns=\"http:\/\/www.w3.org\/2000\/svg\" viewBox=\"0 0 24 24\"><path d=\"M7 7c0-2.8 2.2-5 5-5s5 2.2 5 5-2.2 5-5 5-5-2.2-5-5zm9 7H8c-2.8 0-5 2.2-5 5v2c0 .6.4 1 1 1h16c.6 0 1-.4 1-1v-2c0-2.8-2.2-5-5-5z\"><\/path><\/svg>\t\t\t<a class=\"url fn n\"\r\n\t\t\thref=\"https:\/\/www.ovlgc.org\/fr\/author\/lbourmaud\/\"\r\n\t\t\ttitle=\"Secr\u00e9tariat OVLGC\"\r\n\t\t\t>\r\n\t\t\t\tSecr\u00e9tariat OVLGC\t\t\t<\/a>\r\n\t\t<\/span>\r\n\r\n\t\t<\/div>\r\n\t\t\t\t\t\t\t\t\t<\/div>\r\n\t\t\t<\/div>\r\n\r\n\t\t\t\r\n\t\t\t<div class=\"cm-post\">\r\n\t\t\t\t\r\n\t\t\t\t<div class=\"cm-post-content\">\r\n\t\t\t\t\t<div class=\"cm-entry-header-meta\"><div class=\"cm-post-categories\"><a href=\"https:\/\/www.ovlgc.org\/fr\/category\/collectivite-territoriale\/\" style=\"background:#8224e3\" rel=\"category tag\">Collectivit\u00e9 Territoriale<\/a><\/div><\/div>\t\t<h3 class=\"cm-entry-title\">\r\n\t\t\t<a href=\"https:\/\/www.ovlgc.org\/fr\/jugement-du-ta-de-lyon-a-propos-des-creches-de-lhotel-de-region-auvergne-rhone-alpes\/\" title=\"Jugement du TA de Lyon \u00e0 propos des Cr\u00e8ches de l&rsquo;H\u00f4tel de R\u00e9gion Auvergne-Rh\u00f4ne-Alpes\">\r\n\t\t\t\tJugement du TA de Lyon \u00e0 propos des Cr\u00e8ches de l&rsquo;H\u00f4tel de R\u00e9gion Auvergne-Rh\u00f4ne-Alpes\t\t\t<\/a>\r\n\t\t<\/h3>\r\n\t\t<div class=\"cm-below-entry-meta \"><span class=\"cm-post-date\"><a href=\"https:\/\/www.ovlgc.org\/fr\/jugement-du-ta-de-lyon-a-propos-des-creches-de-lhotel-de-region-auvergne-rhone-alpes\/\" title=\"17 h 19 min\" rel=\"bookmark\"><svg class=\"cm-icon cm-icon--calendar-fill\" xmlns=\"http:\/\/www.w3.org\/2000\/svg\" viewBox=\"0 0 24 24\"><path d=\"M21.1 6.6v1.6c0 .6-.4 1-1 1H3.9c-.6 0-1-.4-1-1V6.6c0-1.5 1.3-2.8 2.8-2.8h1.7V3c0-.6.4-1 1-1s1 .4 1 1v.8h5.2V3c0-.6.4-1 1-1s1 .4 1 1v.8h1.7c1.5 0 2.8 1.3 2.8 2.8zm-1 4.6H3.9c-.6 0-1 .4-1 1v7c0 1.5 1.3 2.8 2.8 2.8h12.6c1.5 0 2.8-1.3 2.8-2.8v-7c0-.6-.4-1-1-1z\"><\/path><\/svg> <time class=\"entry-date published updated\" datetime=\"2018-11-27T17:19:50+01:00\">27 novembre 2018<\/time><\/a><\/span>\r\n\t\t<span class=\"cm-author cm-vcard\">\r\n\t\t\t<svg class=\"cm-icon cm-icon--user\" xmlns=\"http:\/\/www.w3.org\/2000\/svg\" viewBox=\"0 0 24 24\"><path d=\"M7 7c0-2.8 2.2-5 5-5s5 2.2 5 5-2.2 5-5 5-5-2.2-5-5zm9 7H8c-2.8 0-5 2.2-5 5v2c0 .6.4 1 1 1h16c.6 0 1-.4 1-1v-2c0-2.8-2.2-5-5-5z\"><\/path><\/svg>\t\t\t<a class=\"url fn n\"\r\n\t\t\thref=\"https:\/\/www.ovlgc.org\/fr\/author\/lbourmaud\/\"\r\n\t\t\ttitle=\"Secr\u00e9tariat OVLGC\"\r\n\t\t\t>\r\n\t\t\t\tSecr\u00e9tariat OVLGC\t\t\t<\/a>\r\n\t\t<\/span>\r\n\r\n\t\t<\/div>\r\n\t\t\t\t\t\t\t\t\t<\/div>\r\n\t\t\t<\/div>\r\n\r\n\t\t\t<\/div><\/div><\/div><\/div><div id=\"pgc-56-0-1\"  class=\"panel-grid-cell\" ><div id=\"panel-56-0-1-0\" class=\"so-panel widget widget_colormag_featured_posts_vertical_widget cm-featured-posts cm-featured-posts--style-2 panel-first-child panel-last-child\" data-index=\"1\" ><div class=\"panel-widget-style panel-widget-style-for-56-0-1-0\" >\r\n\t\t<div class=\"cm-first-post\">\r\n\t\t\t<div class=\"cm-post\">\r\n\t\t\t\t\r\n\t\t\t\t<div class=\"cm-post-content\">\r\n\t\t\t\t\t<div class=\"cm-entry-header-meta\"><div class=\"cm-post-categories\"><a href=\"https:\/\/www.ovlgc.org\/fr\/category\/droit-des-femmes\/\" style=\"background:#8224e3\" rel=\"category tag\">Droit des Femmes<\/a><\/div><\/div>\t\t<h3 class=\"cm-entry-title\">\r\n\t\t\t<a href=\"https:\/\/www.ovlgc.org\/fr\/conference-dannie-sugier-27-septembre-2018\/\" title=\"Conf\u00e9rence d&rsquo;Annie SUGIER, 27 Octobre 2018\">\r\n\t\t\t\tConf\u00e9rence d&rsquo;Annie SUGIER, 27 Octobre 2018\t\t\t<\/a>\r\n\t\t<\/h3>\r\n\t\t<div class=\"cm-below-entry-meta \"><span class=\"cm-post-date\"><a href=\"https:\/\/www.ovlgc.org\/fr\/conference-dannie-sugier-27-septembre-2018\/\" title=\"13 h 07 min\" rel=\"bookmark\"><svg class=\"cm-icon cm-icon--calendar-fill\" xmlns=\"http:\/\/www.w3.org\/2000\/svg\" viewBox=\"0 0 24 24\"><path d=\"M21.1 6.6v1.6c0 .6-.4 1-1 1H3.9c-.6 0-1-.4-1-1V6.6c0-1.5 1.3-2.8 2.8-2.8h1.7V3c0-.6.4-1 1-1s1 .4 1 1v.8h5.2V3c0-.6.4-1 1-1s1 .4 1 1v.8h1.7c1.5 0 2.8 1.3 2.8 2.8zm-1 4.6H3.9c-.6 0-1 .4-1 1v7c0 1.5 1.3 2.8 2.8 2.8h12.6c1.5 0 2.8-1.3 2.8-2.8v-7c0-.6-.4-1-1-1z\"><\/path><\/svg> <time class=\"entry-date published updated\" datetime=\"2018-11-03T13:07:30+01:00\">3 novembre 2018<\/time><\/a><\/span>\r\n\t\t<span class=\"cm-author cm-vcard\">\r\n\t\t\t<svg class=\"cm-icon cm-icon--user\" xmlns=\"http:\/\/www.w3.org\/2000\/svg\" viewBox=\"0 0 24 24\"><path d=\"M7 7c0-2.8 2.2-5 5-5s5 2.2 5 5-2.2 5-5 5-5-2.2-5-5zm9 7H8c-2.8 0-5 2.2-5 5v2c0 .6.4 1 1 1h16c.6 0 1-.4 1-1v-2c0-2.8-2.2-5-5-5z\"><\/path><\/svg>\t\t\t<a class=\"url fn n\"\r\n\t\t\thref=\"https:\/\/www.ovlgc.org\/fr\/author\/lbourmaud\/\"\r\n\t\t\ttitle=\"Secr\u00e9tariat OVLGC\"\r\n\t\t\t>\r\n\t\t\t\tSecr\u00e9tariat OVLGC\t\t\t<\/a>\r\n\t\t<\/span>\r\n\r\n\t\t<\/div>\r\n\t\t\t\t\t\t\t\t\t\t\t<div class=\"cm-entry-summary\">\r\n\t\t\t\t\t\t\t<div class=\"acpwd-container\" id=\"acpwd-799\">\n<p class=\"acpwd-info-message\">Ce contenu est r\u00e9serv\u00e9 aux adh\u00e9rents de l&rsquo;OVLGC; veuillez indiquer le mot de passe ci-dessous pour y acc\u00e9der ou identifiez-vous.<\/p>\n<form class=\"acpwd-form\" action=\"\/fr\/wp-json\/wp\/v2\/pages\/56#acpwd-799\" method=\"post\">\n\t<input class=\"acpwd-pass\" type=\"password\" name=\"acpwd-pass\" placeholder=\"tapez votre mot de passe ici\"><input class=\"acpwd-submit\" type=\"submit\" value=\"Acc\u00e9der\"><br \/>\n<\/form>\n<\/div>\n\t\t\t\t\t\t<\/div>\r\n\t\t\t\t\t\t\t\t\t<\/div>\r\n\t\t\t<\/div>\r\n\r\n\t\t\t<\/div><\/div><\/div><\/div><div id=\"pgc-56-0-2\"  class=\"panel-grid-cell\" ><div id=\"panel-56-0-2-0\" class=\"so-panel widget widget_colormag_featured_posts_vertical_widget cm-featured-posts cm-featured-posts--style-2 panel-first-child panel-last-child\" data-index=\"2\" ><div class=\"panel-widget-style panel-widget-style-for-56-0-2-0\" >\r\n\t\t<div class=\"cm-first-post\">\r\n\t\t\t<div class=\"cm-post\">\r\n\t\t\t\t\r\n\t\t\t\t<div class=\"cm-post-content\">\r\n\t\t\t\t\t<div class=\"cm-entry-header-meta\"><div class=\"cm-post-categories\"><a href=\"https:\/\/www.ovlgc.org\/fr\/category\/eglise\/\" rel=\"category tag\">Eglise<\/a><\/div><\/div>\t\t<h3 class=\"cm-entry-title\">\r\n\t\t\t<a href=\"https:\/\/www.ovlgc.org\/fr\/ce-que-dit-la-loi-sur-la-denonciation-de-violences-sexuelles-et-le-secret-de-la-confession\/\" title=\"Ce que dit la loi sur la d\u00e9nonciation de violences sexuelles et le secret de la confession\">\r\n\t\t\t\tCe que dit la loi sur la d\u00e9nonciation de violences sexuelles et le secret de la confession\t\t\t<\/a>\r\n\t\t<\/h3>\r\n\t\t<div class=\"cm-below-entry-meta \"><span class=\"cm-post-date\"><a href=\"https:\/\/www.ovlgc.org\/fr\/ce-que-dit-la-loi-sur-la-denonciation-de-violences-sexuelles-et-le-secret-de-la-confession\/\" title=\"15 h 46 min\" rel=\"bookmark\"><svg class=\"cm-icon cm-icon--calendar-fill\" xmlns=\"http:\/\/www.w3.org\/2000\/svg\" viewBox=\"0 0 24 24\"><path d=\"M21.1 6.6v1.6c0 .6-.4 1-1 1H3.9c-.6 0-1-.4-1-1V6.6c0-1.5 1.3-2.8 2.8-2.8h1.7V3c0-.6.4-1 1-1s1 .4 1 1v.8h5.2V3c0-.6.4-1 1-1s1 .4 1 1v.8h1.7c1.5 0 2.8 1.3 2.8 2.8zm-1 4.6H3.9c-.6 0-1 .4-1 1v7c0 1.5 1.3 2.8 2.8 2.8h12.6c1.5 0 2.8-1.3 2.8-2.8v-7c0-.6-.4-1-1-1z\"><\/path><\/svg> <time class=\"entry-date published updated\" datetime=\"2021-11-03T15:46:36+01:00\">3 novembre 2021<\/time><\/a><\/span>\r\n\t\t<span class=\"cm-author cm-vcard\">\r\n\t\t\t<svg class=\"cm-icon cm-icon--user\" xmlns=\"http:\/\/www.w3.org\/2000\/svg\" viewBox=\"0 0 24 24\"><path d=\"M7 7c0-2.8 2.2-5 5-5s5 2.2 5 5-2.2 5-5 5-5-2.2-5-5zm9 7H8c-2.8 0-5 2.2-5 5v2c0 .6.4 1 1 1h16c.6 0 1-.4 1-1v-2c0-2.8-2.2-5-5-5z\"><\/path><\/svg>\t\t\t<a class=\"url fn n\"\r\n\t\t\thref=\"https:\/\/www.ovlgc.org\/fr\/author\/lbourmaud\/\"\r\n\t\t\ttitle=\"Secr\u00e9tariat OVLGC\"\r\n\t\t\t>\r\n\t\t\t\tSecr\u00e9tariat OVLGC\t\t\t<\/a>\r\n\t\t<\/span>\r\n\r\n\t\t<\/div>\r\n\t\t\t\t\t\t\t\t\t\t\t<div class=\"cm-entry-summary\">\r\n\t\t\t\t\t\t\t<div class=\"acpwd-container\" id=\"acpwd-3288\">\n<p class=\"acpwd-info-message\">Ce contenu est r\u00e9serv\u00e9 aux adh\u00e9rents de l&rsquo;OVLGC; veuillez indiquer le mot de passe ci-dessous pour y acc\u00e9der ou identifiez-vous.<\/p>\n<form class=\"acpwd-form\" action=\"\/fr\/wp-json\/wp\/v2\/pages\/56#acpwd-3288\" method=\"post\">\n\t<input class=\"acpwd-pass\" type=\"password\" name=\"acpwd-pass\" placeholder=\"tapez votre mot de passe ici\"><input class=\"acpwd-submit\" type=\"submit\" value=\"Acc\u00e9der\"><br \/>\n<\/form>\n<\/div>\n\t\t\t\t\t\t<\/div>\r\n\t\t\t\t\t\t\t\t\t<\/div>\r\n\t\t\t<\/div>\r\n\r\n\t\t\t<\/div><\/div><\/div><\/div><div id=\"pgc-56-0-3\"  class=\"panel-grid-cell\" ><div id=\"panel-56-0-3-0\" class=\"so-panel widget widget_colormag_featured_posts_vertical_widget cm-featured-posts cm-featured-posts--style-2 panel-first-child panel-last-child\" data-index=\"3\" ><div class=\"panel-widget-style panel-widget-style-for-56-0-3-0\" >\r\n\t\t<div class=\"cm-first-post\">\r\n\t\t\t<div class=\"cm-post\">\r\n\t\t\t\t\r\n\t\t\t\t<div class=\"cm-post-content\">\r\n\t\t\t\t\t<div class=\"cm-entry-header-meta\"><div class=\"cm-post-categories\"><a href=\"https:\/\/www.ovlgc.org\/fr\/category\/enseignement-prive\/\" style=\"background:#8224e3\" rel=\"category tag\">Enseignement Priv\u00e9<\/a><\/div><\/div>\t\t<h3 class=\"cm-entry-title\">\r\n\t\t\t<a href=\"https:\/\/www.ovlgc.org\/fr\/le-financement-de-lecole-privee-dans-le-budget-2022-de-leducation-nationale\/\" title=\"Le financement de l&rsquo;Ecole Priv\u00e9e dans le budget 2022 de l&rsquo;Education Nationale\">\r\n\t\t\t\tLe financement de l&rsquo;Ecole Priv\u00e9e dans le budget 2022 de l&rsquo;Education Nationale\t\t\t<\/a>\r\n\t\t<\/h3>\r\n\t\t<div class=\"cm-below-entry-meta \"><span class=\"cm-post-date\"><a href=\"https:\/\/www.ovlgc.org\/fr\/le-financement-de-lecole-privee-dans-le-budget-2022-de-leducation-nationale\/\" title=\"10 h 58 min\" rel=\"bookmark\"><svg class=\"cm-icon cm-icon--calendar-fill\" xmlns=\"http:\/\/www.w3.org\/2000\/svg\" viewBox=\"0 0 24 24\"><path d=\"M21.1 6.6v1.6c0 .6-.4 1-1 1H3.9c-.6 0-1-.4-1-1V6.6c0-1.5 1.3-2.8 2.8-2.8h1.7V3c0-.6.4-1 1-1s1 .4 1 1v.8h5.2V3c0-.6.4-1 1-1s1 .4 1 1v.8h1.7c1.5 0 2.8 1.3 2.8 2.8zm-1 4.6H3.9c-.6 0-1 .4-1 1v7c0 1.5 1.3 2.8 2.8 2.8h12.6c1.5 0 2.8-1.3 2.8-2.8v-7c0-.6-.4-1-1-1z\"><\/path><\/svg> <time class=\"entry-date published updated\" datetime=\"2022-02-07T10:58:52+01:00\">7 f\u00e9vrier 2022<\/time><\/a><\/span>\r\n\t\t<span class=\"cm-author cm-vcard\">\r\n\t\t\t<svg class=\"cm-icon cm-icon--user\" xmlns=\"http:\/\/www.w3.org\/2000\/svg\" viewBox=\"0 0 24 24\"><path d=\"M7 7c0-2.8 2.2-5 5-5s5 2.2 5 5-2.2 5-5 5-5-2.2-5-5zm9 7H8c-2.8 0-5 2.2-5 5v2c0 .6.4 1 1 1h16c.6 0 1-.4 1-1v-2c0-2.8-2.2-5-5-5z\"><\/path><\/svg>\t\t\t<a class=\"url fn n\"\r\n\t\t\thref=\"https:\/\/www.ovlgc.org\/fr\/author\/lbourmaud\/\"\r\n\t\t\ttitle=\"Secr\u00e9tariat OVLGC\"\r\n\t\t\t>\r\n\t\t\t\tSecr\u00e9tariat OVLGC\t\t\t<\/a>\r\n\t\t<\/span>\r\n\r\n\t\t<\/div>\r\n\t\t\t\t\t\t\t\t\t\t\t<div class=\"cm-entry-summary\">\r\n\t\t\t\t\t\t\t<div class=\"acpwd-container\" id=\"acpwd-3749\">\n<p class=\"acpwd-info-message\">Ce contenu est r\u00e9serv\u00e9 aux adh\u00e9rents de l&rsquo;OVLGC; veuillez indiquer le mot de passe ci-dessous pour y acc\u00e9der ou identifiez-vous.<\/p>\n<form class=\"acpwd-form\" action=\"\/fr\/wp-json\/wp\/v2\/pages\/56#acpwd-3749\" method=\"post\">\n\t<input class=\"acpwd-pass\" type=\"password\" name=\"acpwd-pass\" placeholder=\"tapez votre mot de passe ici\"><input class=\"acpwd-submit\" type=\"submit\" value=\"Acc\u00e9der\"><br \/>\n<\/form>\n<\/div>\n\t\t\t\t\t\t<\/div>\r\n\t\t\t\t\t\t\t\t\t<\/div>\r\n\t\t\t<\/div>\r\n\r\n\t\t\t<\/div><div class=\"cm-posts\">\r\n\t\t\t<div class=\"cm-post\">\r\n\t\t\t\t\r\n\t\t\t\t<div class=\"cm-post-content\">\r\n\t\t\t\t\t<div class=\"cm-entry-header-meta\"><div class=\"cm-post-categories\"><a href=\"https:\/\/www.ovlgc.org\/fr\/category\/enseignement-prive\/\" style=\"background:#8224e3\" rel=\"category tag\">Enseignement Priv\u00e9<\/a><\/div><\/div>\t\t<h3 class=\"cm-entry-title\">\r\n\t\t\t<a href=\"https:\/\/www.ovlgc.org\/fr\/la-loi-debre-cest-12-milliards-de-fonds-publics-pour-lenseignement-catholique\/\" title=\"La Loi Debr\u00e9, c&rsquo;est 12 milliards de fonds publics pour l\u2019enseignement catholique !\">\r\n\t\t\t\tLa Loi Debr\u00e9, c&rsquo;est 12 milliards de fonds publics pour l\u2019enseignement catholique !\t\t\t<\/a>\r\n\t\t<\/h3>\r\n\t\t<div class=\"cm-below-entry-meta \"><span class=\"cm-post-date\"><a href=\"https:\/\/www.ovlgc.org\/fr\/la-loi-debre-cest-12-milliards-de-fonds-publics-pour-lenseignement-catholique\/\" title=\"18 h 22 min\" rel=\"bookmark\"><svg class=\"cm-icon cm-icon--calendar-fill\" xmlns=\"http:\/\/www.w3.org\/2000\/svg\" viewBox=\"0 0 24 24\"><path d=\"M21.1 6.6v1.6c0 .6-.4 1-1 1H3.9c-.6 0-1-.4-1-1V6.6c0-1.5 1.3-2.8 2.8-2.8h1.7V3c0-.6.4-1 1-1s1 .4 1 1v.8h5.2V3c0-.6.4-1 1-1s1 .4 1 1v.8h1.7c1.5 0 2.8 1.3 2.8 2.8zm-1 4.6H3.9c-.6 0-1 .4-1 1v7c0 1.5 1.3 2.8 2.8 2.8h12.6c1.5 0 2.8-1.3 2.8-2.8v-7c0-.6-.4-1-1-1z\"><\/path><\/svg> <time class=\"entry-date published updated\" datetime=\"2020-03-05T18:22:43+01:00\">5 mars 2020<\/time><\/a><\/span>\r\n\t\t<span class=\"cm-author cm-vcard\">\r\n\t\t\t<svg class=\"cm-icon cm-icon--user\" xmlns=\"http:\/\/www.w3.org\/2000\/svg\" viewBox=\"0 0 24 24\"><path d=\"M7 7c0-2.8 2.2-5 5-5s5 2.2 5 5-2.2 5-5 5-5-2.2-5-5zm9 7H8c-2.8 0-5 2.2-5 5v2c0 .6.4 1 1 1h16c.6 0 1-.4 1-1v-2c0-2.8-2.2-5-5-5z\"><\/path><\/svg>\t\t\t<a class=\"url fn n\"\r\n\t\t\thref=\"https:\/\/www.ovlgc.org\/fr\/author\/lbourmaud\/\"\r\n\t\t\ttitle=\"Secr\u00e9tariat OVLGC\"\r\n\t\t\t>\r\n\t\t\t\tSecr\u00e9tariat OVLGC\t\t\t<\/a>\r\n\t\t<\/span>\r\n\r\n\t\t<\/div>\r\n\t\t\t\t\t\t\t\t\t<\/div>\r\n\t\t\t<\/div>\r\n\r\n\t\t\t\r\n\t\t\t<div class=\"cm-post\">\r\n\t\t\t\t\r\n\t\t\t\t<div class=\"cm-post-content\">\r\n\t\t\t\t\t<div class=\"cm-entry-header-meta\"><div class=\"cm-post-categories\"><a href=\"https:\/\/www.ovlgc.org\/fr\/category\/enseignement-prive\/\" style=\"background:#8224e3\" rel=\"category tag\">Enseignement Priv\u00e9<\/a><\/div><\/div>\t\t<h3 class=\"cm-entry-title\">\r\n\t\t\t<a href=\"https:\/\/www.ovlgc.org\/fr\/avis-du-19-avril-2018-de-la-commission-dacces-aux-documents-administratifs\/\" title=\"Avis de la C.A.D.A sur l&rsquo;acc\u00e8s aux documents comptables de l&rsquo;enseignement priv\u00e9\">\r\n\t\t\t\tAvis de la C.A.D.A sur l&rsquo;acc\u00e8s aux documents comptables de l&rsquo;enseignement priv\u00e9\t\t\t<\/a>\r\n\t\t<\/h3>\r\n\t\t<div class=\"cm-below-entry-meta \"><span class=\"cm-post-date\"><a href=\"https:\/\/www.ovlgc.org\/fr\/avis-du-19-avril-2018-de-la-commission-dacces-aux-documents-administratifs\/\" title=\"18 h 42 min\" rel=\"bookmark\"><svg class=\"cm-icon cm-icon--calendar-fill\" xmlns=\"http:\/\/www.w3.org\/2000\/svg\" viewBox=\"0 0 24 24\"><path d=\"M21.1 6.6v1.6c0 .6-.4 1-1 1H3.9c-.6 0-1-.4-1-1V6.6c0-1.5 1.3-2.8 2.8-2.8h1.7V3c0-.6.4-1 1-1s1 .4 1 1v.8h5.2V3c0-.6.4-1 1-1s1 .4 1 1v.8h1.7c1.5 0 2.8 1.3 2.8 2.8zm-1 4.6H3.9c-.6 0-1 .4-1 1v7c0 1.5 1.3 2.8 2.8 2.8h12.6c1.5 0 2.8-1.3 2.8-2.8v-7c0-.6-.4-1-1-1z\"><\/path><\/svg> <time class=\"entry-date published updated\" datetime=\"2018-11-02T18:42:53+01:00\">2 novembre 2018<\/time><\/a><\/span>\r\n\t\t<span class=\"cm-author cm-vcard\">\r\n\t\t\t<svg class=\"cm-icon cm-icon--user\" xmlns=\"http:\/\/www.w3.org\/2000\/svg\" viewBox=\"0 0 24 24\"><path d=\"M7 7c0-2.8 2.2-5 5-5s5 2.2 5 5-2.2 5-5 5-5-2.2-5-5zm9 7H8c-2.8 0-5 2.2-5 5v2c0 .6.4 1 1 1h16c.6 0 1-.4 1-1v-2c0-2.8-2.2-5-5-5z\"><\/path><\/svg>\t\t\t<a class=\"url fn n\"\r\n\t\t\thref=\"https:\/\/www.ovlgc.org\/fr\/author\/lbourmaud\/\"\r\n\t\t\ttitle=\"Secr\u00e9tariat OVLGC\"\r\n\t\t\t>\r\n\t\t\t\tSecr\u00e9tariat OVLGC\t\t\t<\/a>\r\n\t\t<\/span>\r\n\r\n\t\t<\/div>\r\n\t\t\t\t\t\t\t\t\t<\/div>\r\n\t\t\t<\/div>\r\n\r\n\t\t\t<\/div><\/div><\/div><\/div><div id=\"pgc-56-0-4\"  class=\"panel-grid-cell\" ><div id=\"panel-56-0-4-0\" class=\"so-panel widget widget_colormag_featured_posts_vertical_widget cm-featured-posts cm-featured-posts--style-2 panel-first-child panel-last-child\" data-index=\"4\" ><div class=\"panel-widget-style panel-widget-style-for-56-0-4-0\" >\r\n\t\t<div class=\"cm-first-post\">\r\n\t\t\t<div class=\"cm-post\">\r\n\t\t\t\t\r\n\t\t\t\t<div class=\"cm-post-content\">\r\n\t\t\t\t\t<div class=\"cm-entry-header-meta\"><div class=\"cm-post-categories\"><a href=\"https:\/\/www.ovlgc.org\/fr\/category\/enseignement-public\/\" style=\"background:#8224e3\" rel=\"category tag\">Enseignement Public<\/a><\/div><\/div>\t\t<h3 class=\"cm-entry-title\">\r\n\t\t\t<a href=\"https:\/\/www.ovlgc.org\/fr\/enquete-aupres-des-lyceens-sur-la-laicite-et-la-place-des-religions-a-lecole-et-dans-la-societe\/\" title=\"Enqu\u00eate aupr\u00e8s des lyc\u00e9ens sur la la\u00efcit\u00e9 et la place des religions \u00e0 l&rsquo;\u00e9cole et dans la soci\u00e9t\u00e9\">\r\n\t\t\t\tEnqu\u00eate aupr\u00e8s des lyc\u00e9ens sur la la\u00efcit\u00e9 et la place des religions \u00e0 l&rsquo;\u00e9cole et dans la soci\u00e9t\u00e9\t\t\t<\/a>\r\n\t\t<\/h3>\r\n\t\t<div class=\"cm-below-entry-meta \"><span class=\"cm-post-date\"><a href=\"https:\/\/www.ovlgc.org\/fr\/enquete-aupres-des-lyceens-sur-la-laicite-et-la-place-des-religions-a-lecole-et-dans-la-societe\/\" title=\"11 h 52 min\" rel=\"bookmark\"><svg class=\"cm-icon cm-icon--calendar-fill\" xmlns=\"http:\/\/www.w3.org\/2000\/svg\" viewBox=\"0 0 24 24\"><path d=\"M21.1 6.6v1.6c0 .6-.4 1-1 1H3.9c-.6 0-1-.4-1-1V6.6c0-1.5 1.3-2.8 2.8-2.8h1.7V3c0-.6.4-1 1-1s1 .4 1 1v.8h5.2V3c0-.6.4-1 1-1s1 .4 1 1v.8h1.7c1.5 0 2.8 1.3 2.8 2.8zm-1 4.6H3.9c-.6 0-1 .4-1 1v7c0 1.5 1.3 2.8 2.8 2.8h12.6c1.5 0 2.8-1.3 2.8-2.8v-7c0-.6-.4-1-1-1z\"><\/path><\/svg> <time class=\"entry-date published updated\" datetime=\"2021-03-08T11:52:31+01:00\">8 mars 2021<\/time><\/a><\/span>\r\n\t\t<span class=\"cm-author cm-vcard\">\r\n\t\t\t<svg class=\"cm-icon cm-icon--user\" xmlns=\"http:\/\/www.w3.org\/2000\/svg\" viewBox=\"0 0 24 24\"><path d=\"M7 7c0-2.8 2.2-5 5-5s5 2.2 5 5-2.2 5-5 5-5-2.2-5-5zm9 7H8c-2.8 0-5 2.2-5 5v2c0 .6.4 1 1 1h16c.6 0 1-.4 1-1v-2c0-2.8-2.2-5-5-5z\"><\/path><\/svg>\t\t\t<a class=\"url fn n\"\r\n\t\t\thref=\"https:\/\/www.ovlgc.org\/fr\/author\/lbourmaud\/\"\r\n\t\t\ttitle=\"Secr\u00e9tariat OVLGC\"\r\n\t\t\t>\r\n\t\t\t\tSecr\u00e9tariat OVLGC\t\t\t<\/a>\r\n\t\t<\/span>\r\n\r\n\t\t<\/div>\r\n\t\t\t\t\t\t\t\t\t\t\t<div class=\"cm-entry-summary\">\r\n\t\t\t\t\t\t\t<div class=\"acpwd-container\" id=\"acpwd-3109\">\n<p class=\"acpwd-info-message\">Ce contenu est r\u00e9serv\u00e9 aux adh\u00e9rents de l&rsquo;OVLGC; veuillez indiquer le mot de passe ci-dessous pour y acc\u00e9der ou identifiez-vous.<\/p>\n<form class=\"acpwd-form\" action=\"\/fr\/wp-json\/wp\/v2\/pages\/56#acpwd-3109\" method=\"post\">\n\t<input class=\"acpwd-pass\" type=\"password\" name=\"acpwd-pass\" placeholder=\"tapez votre mot de passe ici\"><input class=\"acpwd-submit\" type=\"submit\" value=\"Acc\u00e9der\"><br \/>\n<\/form>\n<\/div>\n\t\t\t\t\t\t<\/div>\r\n\t\t\t\t\t\t\t\t\t<\/div>\r\n\t\t\t<\/div>\r\n\r\n\t\t\t<\/div><div class=\"cm-posts\">\r\n\t\t\t<div class=\"cm-post\">\r\n\t\t\t\t\r\n\t\t\t\t<div class=\"cm-post-content\">\r\n\t\t\t\t\t<div class=\"cm-entry-header-meta\"><div class=\"cm-post-categories\"><a href=\"https:\/\/www.ovlgc.org\/fr\/category\/enseignement-public\/\" style=\"background:#8224e3\" rel=\"category tag\">Enseignement Public<\/a><\/div><\/div>\t\t<h3 class=\"cm-entry-title\">\r\n\t\t\t<a href=\"https:\/\/www.ovlgc.org\/fr\/a-propos-de-lattentat-contre-samuel-paty\/\" title=\"A propos de l&rsquo;attentat contre Samuel Paty\">\r\n\t\t\t\tA propos de l&rsquo;attentat contre Samuel Paty\t\t\t<\/a>\r\n\t\t<\/h3>\r\n\t\t<div class=\"cm-below-entry-meta \"><span class=\"cm-post-date\"><a href=\"https:\/\/www.ovlgc.org\/fr\/a-propos-de-lattentat-contre-samuel-paty\/\" title=\"17 h 16 min\" rel=\"bookmark\"><svg class=\"cm-icon cm-icon--calendar-fill\" xmlns=\"http:\/\/www.w3.org\/2000\/svg\" viewBox=\"0 0 24 24\"><path d=\"M21.1 6.6v1.6c0 .6-.4 1-1 1H3.9c-.6 0-1-.4-1-1V6.6c0-1.5 1.3-2.8 2.8-2.8h1.7V3c0-.6.4-1 1-1s1 .4 1 1v.8h5.2V3c0-.6.4-1 1-1s1 .4 1 1v.8h1.7c1.5 0 2.8 1.3 2.8 2.8zm-1 4.6H3.9c-.6 0-1 .4-1 1v7c0 1.5 1.3 2.8 2.8 2.8h12.6c1.5 0 2.8-1.3 2.8-2.8v-7c0-.6-.4-1-1-1z\"><\/path><\/svg> <time class=\"entry-date published updated\" datetime=\"2020-10-20T17:16:59+02:00\">20 octobre 2020<\/time><\/a><\/span>\r\n\t\t<span class=\"cm-author cm-vcard\">\r\n\t\t\t<svg class=\"cm-icon cm-icon--user\" xmlns=\"http:\/\/www.w3.org\/2000\/svg\" viewBox=\"0 0 24 24\"><path d=\"M7 7c0-2.8 2.2-5 5-5s5 2.2 5 5-2.2 5-5 5-5-2.2-5-5zm9 7H8c-2.8 0-5 2.2-5 5v2c0 .6.4 1 1 1h16c.6 0 1-.4 1-1v-2c0-2.8-2.2-5-5-5z\"><\/path><\/svg>\t\t\t<a class=\"url fn n\"\r\n\t\t\thref=\"https:\/\/www.ovlgc.org\/fr\/author\/lbourmaud\/\"\r\n\t\t\ttitle=\"Secr\u00e9tariat OVLGC\"\r\n\t\t\t>\r\n\t\t\t\tSecr\u00e9tariat OVLGC\t\t\t<\/a>\r\n\t\t<\/span>\r\n\r\n\t\t<\/div>\r\n\t\t\t\t\t\t\t\t\t<\/div>\r\n\t\t\t<\/div>\r\n\r\n\t\t\t\r\n\t\t\t<div class=\"cm-post\">\r\n\t\t\t\t\r\n\t\t\t\t<div class=\"cm-post-content\">\r\n\t\t\t\t\t<div class=\"cm-entry-header-meta\"><div class=\"cm-post-categories\"><a href=\"https:\/\/www.ovlgc.org\/fr\/category\/enseignement-public\/\" style=\"background:#8224e3\" rel=\"category tag\">Enseignement Public<\/a><\/div><\/div>\t\t<h3 class=\"cm-entry-title\">\r\n\t\t\t<a href=\"https:\/\/www.ovlgc.org\/fr\/laicite-et-religion-au-sein-de-lecole-et-dans-la-societe\/\" title=\"La\u00efcit\u00e9 et religion au sein de l&rsquo;\u00e9cole et dans la soci\u00e9t\u00e9 (rapport du CNESCO et note de Fran\u00e7oise Lorcerie)\">\r\n\t\t\t\tLa\u00efcit\u00e9 et religion au sein de l&rsquo;\u00e9cole et dans la soci\u00e9t\u00e9 (rapport du CNESCO et note de Fran\u00e7oise Lorcerie)\t\t\t<\/a>\r\n\t\t<\/h3>\r\n\t\t<div class=\"cm-below-entry-meta \"><span class=\"cm-post-date\"><a href=\"https:\/\/www.ovlgc.org\/fr\/laicite-et-religion-au-sein-de-lecole-et-dans-la-societe\/\" title=\"10 h 39 min\" rel=\"bookmark\"><svg class=\"cm-icon cm-icon--calendar-fill\" xmlns=\"http:\/\/www.w3.org\/2000\/svg\" viewBox=\"0 0 24 24\"><path d=\"M21.1 6.6v1.6c0 .6-.4 1-1 1H3.9c-.6 0-1-.4-1-1V6.6c0-1.5 1.3-2.8 2.8-2.8h1.7V3c0-.6.4-1 1-1s1 .4 1 1v.8h5.2V3c0-.6.4-1 1-1s1 .4 1 1v.8h1.7c1.5 0 2.8 1.3 2.8 2.8zm-1 4.6H3.9c-.6 0-1 .4-1 1v7c0 1.5 1.3 2.8 2.8 2.8h12.6c1.5 0 2.8-1.3 2.8-2.8v-7c0-.6-.4-1-1-1z\"><\/path><\/svg> <time class=\"entry-date published updated\" datetime=\"2020-02-22T10:39:40+01:00\">22 f\u00e9vrier 2020<\/time><\/a><\/span>\r\n\t\t<span class=\"cm-author cm-vcard\">\r\n\t\t\t<svg class=\"cm-icon cm-icon--user\" xmlns=\"http:\/\/www.w3.org\/2000\/svg\" viewBox=\"0 0 24 24\"><path d=\"M7 7c0-2.8 2.2-5 5-5s5 2.2 5 5-2.2 5-5 5-5-2.2-5-5zm9 7H8c-2.8 0-5 2.2-5 5v2c0 .6.4 1 1 1h16c.6 0 1-.4 1-1v-2c0-2.8-2.2-5-5-5z\"><\/path><\/svg>\t\t\t<a class=\"url fn n\"\r\n\t\t\thref=\"https:\/\/www.ovlgc.org\/fr\/author\/lbourmaud\/\"\r\n\t\t\ttitle=\"Secr\u00e9tariat OVLGC\"\r\n\t\t\t>\r\n\t\t\t\tSecr\u00e9tariat OVLGC\t\t\t<\/a>\r\n\t\t<\/span>\r\n\r\n\t\t<\/div>\r\n\t\t\t\t\t\t\t\t\t<\/div>\r\n\t\t\t<\/div>\r\n\r\n\t\t\t\r\n\t\t\t<div class=\"cm-post\">\r\n\t\t\t\t\r\n\t\t\t\t<div class=\"cm-post-content\">\r\n\t\t\t\t\t<div class=\"cm-entry-header-meta\"><div class=\"cm-post-categories\"><a href=\"https:\/\/www.ovlgc.org\/fr\/category\/enseignement-public\/\" style=\"background:#8224e3\" rel=\"category tag\">Enseignement Public<\/a><\/div><\/div>\t\t<h3 class=\"cm-entry-title\">\r\n\t\t\t<a href=\"https:\/\/www.ovlgc.org\/fr\/semaine-2019-des-coordonnateurs-des-equipes-academiques-valeurs-de-la-republique\/\" title=\"Semaine 2019 des coordonnateurs des \u00e9quipes acad\u00e9miques Valeurs de la R\u00e9publique\">\r\n\t\t\t\tSemaine 2019 des coordonnateurs des \u00e9quipes acad\u00e9miques Valeurs de la R\u00e9publique\t\t\t<\/a>\r\n\t\t<\/h3>\r\n\t\t<div class=\"cm-below-entry-meta \"><span class=\"cm-post-date\"><a href=\"https:\/\/www.ovlgc.org\/fr\/semaine-2019-des-coordonnateurs-des-equipes-academiques-valeurs-de-la-republique\/\" title=\"9 h 19 min\" rel=\"bookmark\"><svg class=\"cm-icon cm-icon--calendar-fill\" xmlns=\"http:\/\/www.w3.org\/2000\/svg\" viewBox=\"0 0 24 24\"><path d=\"M21.1 6.6v1.6c0 .6-.4 1-1 1H3.9c-.6 0-1-.4-1-1V6.6c0-1.5 1.3-2.8 2.8-2.8h1.7V3c0-.6.4-1 1-1s1 .4 1 1v.8h5.2V3c0-.6.4-1 1-1s1 .4 1 1v.8h1.7c1.5 0 2.8 1.3 2.8 2.8zm-1 4.6H3.9c-.6 0-1 .4-1 1v7c0 1.5 1.3 2.8 2.8 2.8h12.6c1.5 0 2.8-1.3 2.8-2.8v-7c0-.6-.4-1-1-1z\"><\/path><\/svg> <time class=\"entry-date published updated\" datetime=\"2019-11-19T09:19:47+01:00\">19 novembre 2019<\/time><\/a><\/span>\r\n\t\t<span class=\"cm-author cm-vcard\">\r\n\t\t\t<svg class=\"cm-icon cm-icon--user\" xmlns=\"http:\/\/www.w3.org\/2000\/svg\" viewBox=\"0 0 24 24\"><path d=\"M7 7c0-2.8 2.2-5 5-5s5 2.2 5 5-2.2 5-5 5-5-2.2-5-5zm9 7H8c-2.8 0-5 2.2-5 5v2c0 .6.4 1 1 1h16c.6 0 1-.4 1-1v-2c0-2.8-2.2-5-5-5z\"><\/path><\/svg>\t\t\t<a class=\"url fn n\"\r\n\t\t\thref=\"https:\/\/www.ovlgc.org\/fr\/author\/lbourmaud\/\"\r\n\t\t\ttitle=\"Secr\u00e9tariat OVLGC\"\r\n\t\t\t>\r\n\t\t\t\tSecr\u00e9tariat OVLGC\t\t\t<\/a>\r\n\t\t<\/span>\r\n\r\n\t\t<\/div>\r\n\t\t\t\t\t\t\t\t\t<\/div>\r\n\t\t\t<\/div>\r\n\r\n\t\t\t\r\n\t\t\t<div class=\"cm-post\">\r\n\t\t\t\t\r\n\t\t\t\t<div class=\"cm-post-content\">\r\n\t\t\t\t\t<div class=\"cm-entry-header-meta\"><div class=\"cm-post-categories\"><a href=\"https:\/\/www.ovlgc.org\/fr\/category\/enseignement-public\/\" style=\"background:#8224e3\" rel=\"category tag\">Enseignement Public<\/a><\/div><\/div>\t\t<h3 class=\"cm-entry-title\">\r\n\t\t\t<a href=\"https:\/\/www.ovlgc.org\/fr\/parents-deleves-accompagnant-les-sorties-scolaires-que-dit-le-droit\/\" title=\"Parents d&rsquo;\u00e9l\u00e8ves accompagnant les sorties scolaires: que dit le droit?\">\r\n\t\t\t\tParents d&rsquo;\u00e9l\u00e8ves accompagnant les sorties scolaires: que dit le droit?\t\t\t<\/a>\r\n\t\t<\/h3>\r\n\t\t<div class=\"cm-below-entry-meta \"><span class=\"cm-post-date\"><a href=\"https:\/\/www.ovlgc.org\/fr\/parents-deleves-accompagnant-les-sorties-scolaires-que-dit-le-droit\/\" title=\"16 h 41 min\" rel=\"bookmark\"><svg class=\"cm-icon cm-icon--calendar-fill\" xmlns=\"http:\/\/www.w3.org\/2000\/svg\" viewBox=\"0 0 24 24\"><path d=\"M21.1 6.6v1.6c0 .6-.4 1-1 1H3.9c-.6 0-1-.4-1-1V6.6c0-1.5 1.3-2.8 2.8-2.8h1.7V3c0-.6.4-1 1-1s1 .4 1 1v.8h5.2V3c0-.6.4-1 1-1s1 .4 1 1v.8h1.7c1.5 0 2.8 1.3 2.8 2.8zm-1 4.6H3.9c-.6 0-1 .4-1 1v7c0 1.5 1.3 2.8 2.8 2.8h12.6c1.5 0 2.8-1.3 2.8-2.8v-7c0-.6-.4-1-1-1z\"><\/path><\/svg> <time class=\"entry-date published updated\" datetime=\"2019-10-08T16:41:52+02:00\">8 octobre 2019<\/time><\/a><\/span>\r\n\t\t<span class=\"cm-author cm-vcard\">\r\n\t\t\t<svg class=\"cm-icon cm-icon--user\" xmlns=\"http:\/\/www.w3.org\/2000\/svg\" viewBox=\"0 0 24 24\"><path d=\"M7 7c0-2.8 2.2-5 5-5s5 2.2 5 5-2.2 5-5 5-5-2.2-5-5zm9 7H8c-2.8 0-5 2.2-5 5v2c0 .6.4 1 1 1h16c.6 0 1-.4 1-1v-2c0-2.8-2.2-5-5-5z\"><\/path><\/svg>\t\t\t<a class=\"url fn n\"\r\n\t\t\thref=\"https:\/\/www.ovlgc.org\/fr\/author\/lbourmaud\/\"\r\n\t\t\ttitle=\"Secr\u00e9tariat OVLGC\"\r\n\t\t\t>\r\n\t\t\t\tSecr\u00e9tariat OVLGC\t\t\t<\/a>\r\n\t\t<\/span>\r\n\r\n\t\t<\/div>\r\n\t\t\t\t\t\t\t\t\t<\/div>\r\n\t\t\t<\/div>\r\n\r\n\t\t\t\r\n\t\t\t<div class=\"cm-post\">\r\n\t\t\t\t\r\n\t\t\t\t<div class=\"cm-post-content\">\r\n\t\t\t\t\t<div class=\"cm-entry-header-meta\"><div class=\"cm-post-categories\"><a href=\"https:\/\/www.ovlgc.org\/fr\/category\/enseignement-public\/\" style=\"background:#8224e3\" rel=\"category tag\">Enseignement Public<\/a><\/div><\/div>\t\t<h3 class=\"cm-entry-title\">\r\n\t\t\t<a href=\"https:\/\/www.ovlgc.org\/fr\/la-laicite-a-lecole-ministere-de-leducation-nationale\/\" title=\"La la\u00efcit\u00e9 \u00e0 l&rsquo;\u00e9cole &#8211; Minist\u00e8re de l&rsquo;\u00c9ducation nationale\">\r\n\t\t\t\tLa la\u00efcit\u00e9 \u00e0 l&rsquo;\u00e9cole &#8211; Minist\u00e8re de l&rsquo;\u00c9ducation nationale\t\t\t<\/a>\r\n\t\t<\/h3>\r\n\t\t<div class=\"cm-below-entry-meta \"><span class=\"cm-post-date\"><a href=\"https:\/\/www.ovlgc.org\/fr\/la-laicite-a-lecole-ministere-de-leducation-nationale\/\" title=\"0 h 17 min\" rel=\"bookmark\"><svg class=\"cm-icon cm-icon--calendar-fill\" xmlns=\"http:\/\/www.w3.org\/2000\/svg\" viewBox=\"0 0 24 24\"><path d=\"M21.1 6.6v1.6c0 .6-.4 1-1 1H3.9c-.6 0-1-.4-1-1V6.6c0-1.5 1.3-2.8 2.8-2.8h1.7V3c0-.6.4-1 1-1s1 .4 1 1v.8h5.2V3c0-.6.4-1 1-1s1 .4 1 1v.8h1.7c1.5 0 2.8 1.3 2.8 2.8zm-1 4.6H3.9c-.6 0-1 .4-1 1v7c0 1.5 1.3 2.8 2.8 2.8h12.6c1.5 0 2.8-1.3 2.8-2.8v-7c0-.6-.4-1-1-1z\"><\/path><\/svg> <time class=\"entry-date published updated\" datetime=\"2018-10-01T00:17:43+02:00\">1 octobre 2018<\/time><\/a><\/span>\r\n\t\t<span class=\"cm-author cm-vcard\">\r\n\t\t\t<svg class=\"cm-icon cm-icon--user\" xmlns=\"http:\/\/www.w3.org\/2000\/svg\" viewBox=\"0 0 24 24\"><path d=\"M7 7c0-2.8 2.2-5 5-5s5 2.2 5 5-2.2 5-5 5-5-2.2-5-5zm9 7H8c-2.8 0-5 2.2-5 5v2c0 .6.4 1 1 1h16c.6 0 1-.4 1-1v-2c0-2.8-2.2-5-5-5z\"><\/path><\/svg>\t\t\t<a class=\"url fn n\"\r\n\t\t\thref=\"https:\/\/www.ovlgc.org\/fr\/author\/sguyet\/\"\r\n\t\t\ttitle=\"Serge Guyet\"\r\n\t\t\t>\r\n\t\t\t\tSerge Guyet\t\t\t<\/a>\r\n\t\t<\/span>\r\n\r\n\t\t<\/div>\r\n\t\t\t\t\t\t\t\t\t<\/div>\r\n\t\t\t<\/div>\r\n\r\n\t\t\t<\/div><\/div><\/div><\/div><\/div><div id=\"pg-56-1\"  class=\"panel-grid panel-no-style\" ><div id=\"pgc-56-1-0\"  class=\"panel-grid-cell\" ><div id=\"panel-56-1-0-0\" class=\"so-panel widget widget_colormag_featured_posts_vertical_widget cm-featured-posts cm-featured-posts--style-2 panel-first-child panel-last-child\" data-index=\"5\" ><div class=\"panel-widget-style panel-widget-style-for-56-1-0-0\" >\r\n\t\t<div class=\"cm-first-post\">\r\n\t\t\t<div class=\"cm-post\">\r\n\t\t\t\t\r\n\t\t\t\t<div class=\"cm-post-content\">\r\n\t\t\t\t\t<div class=\"cm-entry-header-meta\"><div class=\"cm-post-categories\"><a href=\"https:\/\/www.ovlgc.org\/fr\/category\/entreprises\/\" style=\"background:#8224e3\" rel=\"category tag\">Entreprise<\/a><\/div><\/div>\t\t<h3 class=\"cm-entry-title\">\r\n\t\t\t<a href=\"https:\/\/www.ovlgc.org\/fr\/encore-et-toujours-la-barbe\/\" title=\"\u00ab\u00a0Encore et toujours la barbe&#8230;\u00a0\u00bb\">\r\n\t\t\t\t\u00ab\u00a0Encore et toujours la barbe&#8230;\u00a0\u00bb\t\t\t<\/a>\r\n\t\t<\/h3>\r\n\t\t<div class=\"cm-below-entry-meta \"><span class=\"cm-post-date\"><a href=\"https:\/\/www.ovlgc.org\/fr\/encore-et-toujours-la-barbe\/\" title=\"22 h 30 min\" rel=\"bookmark\"><svg class=\"cm-icon cm-icon--calendar-fill\" xmlns=\"http:\/\/www.w3.org\/2000\/svg\" viewBox=\"0 0 24 24\"><path d=\"M21.1 6.6v1.6c0 .6-.4 1-1 1H3.9c-.6 0-1-.4-1-1V6.6c0-1.5 1.3-2.8 2.8-2.8h1.7V3c0-.6.4-1 1-1s1 .4 1 1v.8h5.2V3c0-.6.4-1 1-1s1 .4 1 1v.8h1.7c1.5 0 2.8 1.3 2.8 2.8zm-1 4.6H3.9c-.6 0-1 .4-1 1v7c0 1.5 1.3 2.8 2.8 2.8h12.6c1.5 0 2.8-1.3 2.8-2.8v-7c0-.6-.4-1-1-1z\"><\/path><\/svg> <time class=\"entry-date published updated\" datetime=\"2020-08-04T22:30:58+02:00\">4 ao\u00fbt 2020<\/time><\/a><\/span>\r\n\t\t<span class=\"cm-author cm-vcard\">\r\n\t\t\t<svg class=\"cm-icon cm-icon--user\" xmlns=\"http:\/\/www.w3.org\/2000\/svg\" viewBox=\"0 0 24 24\"><path d=\"M7 7c0-2.8 2.2-5 5-5s5 2.2 5 5-2.2 5-5 5-5-2.2-5-5zm9 7H8c-2.8 0-5 2.2-5 5v2c0 .6.4 1 1 1h16c.6 0 1-.4 1-1v-2c0-2.8-2.2-5-5-5z\"><\/path><\/svg>\t\t\t<a class=\"url fn n\"\r\n\t\t\thref=\"https:\/\/www.ovlgc.org\/fr\/author\/lbourmaud\/\"\r\n\t\t\ttitle=\"Secr\u00e9tariat OVLGC\"\r\n\t\t\t>\r\n\t\t\t\tSecr\u00e9tariat OVLGC\t\t\t<\/a>\r\n\t\t<\/span>\r\n\r\n\t\t<\/div>\r\n\t\t\t\t\t\t\t\t\t\t\t<div class=\"cm-entry-summary\">\r\n\t\t\t\t\t\t\t<div class=\"acpwd-container\" id=\"acpwd-2817\">\n<p class=\"acpwd-info-message\">Ce contenu est r\u00e9serv\u00e9 aux adh\u00e9rents de l&rsquo;OVLGC; veuillez indiquer le mot de passe ci-dessous pour y acc\u00e9der ou identifiez-vous.<\/p>\n<form class=\"acpwd-form\" action=\"\/fr\/wp-json\/wp\/v2\/pages\/56#acpwd-2817\" method=\"post\">\n\t<input class=\"acpwd-pass\" type=\"password\" name=\"acpwd-pass\" placeholder=\"tapez votre mot de passe ici\"><input class=\"acpwd-submit\" type=\"submit\" value=\"Acc\u00e9der\"><br \/>\n<\/form>\n<\/div>\n\t\t\t\t\t\t<\/div>\r\n\t\t\t\t\t\t\t\t\t<\/div>\r\n\t\t\t<\/div>\r\n\r\n\t\t\t<\/div><div class=\"cm-posts\">\r\n\t\t\t<div class=\"cm-post\">\r\n\t\t\t\t\r\n\t\t\t\t<div class=\"cm-post-content\">\r\n\t\t\t\t\t<div class=\"cm-entry-header-meta\"><div class=\"cm-post-categories\"><a href=\"https:\/\/www.ovlgc.org\/fr\/category\/entreprises\/\" style=\"background:#8224e3\" rel=\"category tag\">Entreprise<\/a><\/div><\/div>\t\t<h3 class=\"cm-entry-title\">\r\n\t\t\t<a href=\"https:\/\/www.ovlgc.org\/fr\/la-laicite-un-principe-de-plus-en-plus-complexe-a-manier-pour-les-entreprises\/\" title=\"La La\u00efcit\u00e9, un principe de plus en plus complexe \u00e0 manier pour les Entreprises\">\r\n\t\t\t\tLa La\u00efcit\u00e9, un principe de plus en plus complexe \u00e0 manier pour les Entreprises\t\t\t<\/a>\r\n\t\t<\/h3>\r\n\t\t<div class=\"cm-below-entry-meta \"><span class=\"cm-post-date\"><a href=\"https:\/\/www.ovlgc.org\/fr\/la-laicite-un-principe-de-plus-en-plus-complexe-a-manier-pour-les-entreprises\/\" title=\"17 h 10 min\" rel=\"bookmark\"><svg class=\"cm-icon cm-icon--calendar-fill\" xmlns=\"http:\/\/www.w3.org\/2000\/svg\" viewBox=\"0 0 24 24\"><path d=\"M21.1 6.6v1.6c0 .6-.4 1-1 1H3.9c-.6 0-1-.4-1-1V6.6c0-1.5 1.3-2.8 2.8-2.8h1.7V3c0-.6.4-1 1-1s1 .4 1 1v.8h5.2V3c0-.6.4-1 1-1s1 .4 1 1v.8h1.7c1.5 0 2.8 1.3 2.8 2.8zm-1 4.6H3.9c-.6 0-1 .4-1 1v7c0 1.5 1.3 2.8 2.8 2.8h12.6c1.5 0 2.8-1.3 2.8-2.8v-7c0-.6-.4-1-1-1z\"><\/path><\/svg> <time class=\"entry-date published updated\" datetime=\"2019-12-21T17:10:52+01:00\">21 d\u00e9cembre 2019<\/time><\/a><\/span>\r\n\t\t<span class=\"cm-author cm-vcard\">\r\n\t\t\t<svg class=\"cm-icon cm-icon--user\" xmlns=\"http:\/\/www.w3.org\/2000\/svg\" viewBox=\"0 0 24 24\"><path d=\"M7 7c0-2.8 2.2-5 5-5s5 2.2 5 5-2.2 5-5 5-5-2.2-5-5zm9 7H8c-2.8 0-5 2.2-5 5v2c0 .6.4 1 1 1h16c.6 0 1-.4 1-1v-2c0-2.8-2.2-5-5-5z\"><\/path><\/svg>\t\t\t<a class=\"url fn n\"\r\n\t\t\thref=\"https:\/\/www.ovlgc.org\/fr\/author\/lbourmaud\/\"\r\n\t\t\ttitle=\"Secr\u00e9tariat OVLGC\"\r\n\t\t\t>\r\n\t\t\t\tSecr\u00e9tariat OVLGC\t\t\t<\/a>\r\n\t\t<\/span>\r\n\r\n\t\t<\/div>\r\n\t\t\t\t\t\t\t\t\t<\/div>\r\n\t\t\t<\/div>\r\n\r\n\t\t\t\r\n\t\t\t<div class=\"cm-post\">\r\n\t\t\t\t\r\n\t\t\t\t<div class=\"cm-post-content\">\r\n\t\t\t\t\t<div class=\"cm-entry-header-meta\"><div class=\"cm-post-categories\"><a href=\"https:\/\/www.ovlgc.org\/fr\/category\/entreprises\/\" style=\"background:#8224e3\" rel=\"category tag\">Entreprise<\/a><\/div><\/div>\t\t<h3 class=\"cm-entry-title\">\r\n\t\t\t<a href=\"https:\/\/www.ovlgc.org\/fr\/diverses-etudes\/\" title=\"L&rsquo;\u00e9tude sur l&rsquo;Entreprise, le Travail et la Question Religieuse\">\r\n\t\t\t\tL&rsquo;\u00e9tude sur l&rsquo;Entreprise, le Travail et la Question Religieuse\t\t\t<\/a>\r\n\t\t<\/h3>\r\n\t\t<div class=\"cm-below-entry-meta \"><span class=\"cm-post-date\"><a href=\"https:\/\/www.ovlgc.org\/fr\/diverses-etudes\/\" title=\"9 h 54 min\" rel=\"bookmark\"><svg class=\"cm-icon cm-icon--calendar-fill\" xmlns=\"http:\/\/www.w3.org\/2000\/svg\" viewBox=\"0 0 24 24\"><path d=\"M21.1 6.6v1.6c0 .6-.4 1-1 1H3.9c-.6 0-1-.4-1-1V6.6c0-1.5 1.3-2.8 2.8-2.8h1.7V3c0-.6.4-1 1-1s1 .4 1 1v.8h5.2V3c0-.6.4-1 1-1s1 .4 1 1v.8h1.7c1.5 0 2.8 1.3 2.8 2.8zm-1 4.6H3.9c-.6 0-1 .4-1 1v7c0 1.5 1.3 2.8 2.8 2.8h12.6c1.5 0 2.8-1.3 2.8-2.8v-7c0-.6-.4-1-1-1z\"><\/path><\/svg> <time class=\"entry-date published updated\" datetime=\"2019-02-10T09:54:44+01:00\">10 f\u00e9vrier 2019<\/time><\/a><\/span>\r\n\t\t<span class=\"cm-author cm-vcard\">\r\n\t\t\t<svg class=\"cm-icon cm-icon--user\" xmlns=\"http:\/\/www.w3.org\/2000\/svg\" viewBox=\"0 0 24 24\"><path d=\"M7 7c0-2.8 2.2-5 5-5s5 2.2 5 5-2.2 5-5 5-5-2.2-5-5zm9 7H8c-2.8 0-5 2.2-5 5v2c0 .6.4 1 1 1h16c.6 0 1-.4 1-1v-2c0-2.8-2.2-5-5-5z\"><\/path><\/svg>\t\t\t<a class=\"url fn n\"\r\n\t\t\thref=\"https:\/\/www.ovlgc.org\/fr\/author\/lbourmaud\/\"\r\n\t\t\ttitle=\"Secr\u00e9tariat OVLGC\"\r\n\t\t\t>\r\n\t\t\t\tSecr\u00e9tariat OVLGC\t\t\t<\/a>\r\n\t\t<\/span>\r\n\r\n\t\t<\/div>\r\n\t\t\t\t\t\t\t\t\t<\/div>\r\n\t\t\t<\/div>\r\n\r\n\t\t\t\r\n\t\t\t<div class=\"cm-post\">\r\n\t\t\t\t\r\n\t\t\t\t<div class=\"cm-post-content\">\r\n\t\t\t\t\t<div class=\"cm-entry-header-meta\"><div class=\"cm-post-categories\"><a href=\"https:\/\/www.ovlgc.org\/fr\/category\/entreprises\/\" style=\"background:#8224e3\" rel=\"category tag\">Entreprise<\/a><\/div><\/div>\t\t<h3 class=\"cm-entry-title\">\r\n\t\t\t<a href=\"https:\/\/www.ovlgc.org\/fr\/laffaire-de-la-creche-baby-loup\/\" title=\"L&rsquo;affaire de la cr\u00e8che Baby-Loup\">\r\n\t\t\t\tL&rsquo;affaire de la cr\u00e8che Baby-Loup\t\t\t<\/a>\r\n\t\t<\/h3>\r\n\t\t<div class=\"cm-below-entry-meta \"><span class=\"cm-post-date\"><a href=\"https:\/\/www.ovlgc.org\/fr\/laffaire-de-la-creche-baby-loup\/\" title=\"12 h 35 min\" rel=\"bookmark\"><svg class=\"cm-icon cm-icon--calendar-fill\" xmlns=\"http:\/\/www.w3.org\/2000\/svg\" viewBox=\"0 0 24 24\"><path d=\"M21.1 6.6v1.6c0 .6-.4 1-1 1H3.9c-.6 0-1-.4-1-1V6.6c0-1.5 1.3-2.8 2.8-2.8h1.7V3c0-.6.4-1 1-1s1 .4 1 1v.8h5.2V3c0-.6.4-1 1-1s1 .4 1 1v.8h1.7c1.5 0 2.8 1.3 2.8 2.8zm-1 4.6H3.9c-.6 0-1 .4-1 1v7c0 1.5 1.3 2.8 2.8 2.8h12.6c1.5 0 2.8-1.3 2.8-2.8v-7c0-.6-.4-1-1-1z\"><\/path><\/svg> <time class=\"entry-date published updated\" datetime=\"2018-10-26T12:35:31+02:00\">26 octobre 2018<\/time><\/a><\/span>\r\n\t\t<span class=\"cm-author cm-vcard\">\r\n\t\t\t<svg class=\"cm-icon cm-icon--user\" xmlns=\"http:\/\/www.w3.org\/2000\/svg\" viewBox=\"0 0 24 24\"><path d=\"M7 7c0-2.8 2.2-5 5-5s5 2.2 5 5-2.2 5-5 5-5-2.2-5-5zm9 7H8c-2.8 0-5 2.2-5 5v2c0 .6.4 1 1 1h16c.6 0 1-.4 1-1v-2c0-2.8-2.2-5-5-5z\"><\/path><\/svg>\t\t\t<a class=\"url fn n\"\r\n\t\t\thref=\"https:\/\/www.ovlgc.org\/fr\/author\/lbourmaud\/\"\r\n\t\t\ttitle=\"Secr\u00e9tariat OVLGC\"\r\n\t\t\t>\r\n\t\t\t\tSecr\u00e9tariat OVLGC\t\t\t<\/a>\r\n\t\t<\/span>\r\n\r\n\t\t<\/div>\r\n\t\t\t\t\t\t\t\t\t<\/div>\r\n\t\t\t<\/div>\r\n\r\n\t\t\t<\/div><\/div><\/div><\/div><div id=\"pgc-56-1-1\"  class=\"panel-grid-cell\" ><div id=\"panel-56-1-1-0\" class=\"so-panel widget widget_colormag_featured_posts_vertical_widget cm-featured-posts cm-featured-posts--style-2 panel-first-child panel-last-child\" data-index=\"6\" ><div class=\"panel-widget-style panel-widget-style-for-56-1-1-0\" >\r\n\t\t<div class=\"cm-first-post\">\r\n\t\t\t<div class=\"cm-post\">\r\n\t\t\t\t\r\n\t\t\t\t<div class=\"cm-post-content\">\r\n\t\t\t\t\t<div class=\"cm-entry-header-meta\"><div class=\"cm-post-categories\"><a href=\"https:\/\/www.ovlgc.org\/fr\/category\/formation\/\" style=\"background:#8224e3\" rel=\"category tag\">Formation<\/a><\/div><\/div>\t\t<h3 class=\"cm-entry-title\">\r\n\t\t\t<a href=\"https:\/\/www.ovlgc.org\/fr\/la-formation-des-agents-publics-a-la-laicite\/\" title=\"La formation des agents publics \u00e0 la la\u00efcit\u00e9\">\r\n\t\t\t\tLa formation des agents publics \u00e0 la la\u00efcit\u00e9\t\t\t<\/a>\r\n\t\t<\/h3>\r\n\t\t<div class=\"cm-below-entry-meta \"><span class=\"cm-post-date\"><a href=\"https:\/\/www.ovlgc.org\/fr\/la-formation-des-agents-publics-a-la-laicite\/\" title=\"16 h 32 min\" rel=\"bookmark\"><svg class=\"cm-icon cm-icon--calendar-fill\" xmlns=\"http:\/\/www.w3.org\/2000\/svg\" viewBox=\"0 0 24 24\"><path d=\"M21.1 6.6v1.6c0 .6-.4 1-1 1H3.9c-.6 0-1-.4-1-1V6.6c0-1.5 1.3-2.8 2.8-2.8h1.7V3c0-.6.4-1 1-1s1 .4 1 1v.8h5.2V3c0-.6.4-1 1-1s1 .4 1 1v.8h1.7c1.5 0 2.8 1.3 2.8 2.8zm-1 4.6H3.9c-.6 0-1 .4-1 1v7c0 1.5 1.3 2.8 2.8 2.8h12.6c1.5 0 2.8-1.3 2.8-2.8v-7c0-.6-.4-1-1-1z\"><\/path><\/svg> <time class=\"entry-date published updated\" datetime=\"2021-05-22T16:32:36+02:00\">22 mai 2021<\/time><\/a><\/span>\r\n\t\t<span class=\"cm-author cm-vcard\">\r\n\t\t\t<svg class=\"cm-icon cm-icon--user\" xmlns=\"http:\/\/www.w3.org\/2000\/svg\" viewBox=\"0 0 24 24\"><path d=\"M7 7c0-2.8 2.2-5 5-5s5 2.2 5 5-2.2 5-5 5-5-2.2-5-5zm9 7H8c-2.8 0-5 2.2-5 5v2c0 .6.4 1 1 1h16c.6 0 1-.4 1-1v-2c0-2.8-2.2-5-5-5z\"><\/path><\/svg>\t\t\t<a class=\"url fn n\"\r\n\t\t\thref=\"https:\/\/www.ovlgc.org\/fr\/author\/lbourmaud\/\"\r\n\t\t\ttitle=\"Secr\u00e9tariat OVLGC\"\r\n\t\t\t>\r\n\t\t\t\tSecr\u00e9tariat OVLGC\t\t\t<\/a>\r\n\t\t<\/span>\r\n\r\n\t\t<\/div>\r\n\t\t\t\t\t\t\t\t\t\t\t<div class=\"cm-entry-summary\">\r\n\t\t\t\t\t\t\t<div class=\"acpwd-container\" id=\"acpwd-3127\">\n<p class=\"acpwd-info-message\">Ce contenu est r\u00e9serv\u00e9 aux adh\u00e9rents de l&rsquo;OVLGC; veuillez indiquer le mot de passe ci-dessous pour y acc\u00e9der ou identifiez-vous.<\/p>\n<form class=\"acpwd-form\" action=\"\/fr\/wp-json\/wp\/v2\/pages\/56#acpwd-3127\" method=\"post\">\n\t<input class=\"acpwd-pass\" type=\"password\" name=\"acpwd-pass\" placeholder=\"tapez votre mot de passe ici\"><input class=\"acpwd-submit\" type=\"submit\" value=\"Acc\u00e9der\"><br \/>\n<\/form>\n<\/div>\n\t\t\t\t\t\t<\/div>\r\n\t\t\t\t\t\t\t\t\t<\/div>\r\n\t\t\t<\/div>\r\n\r\n\t\t\t<\/div><div class=\"cm-posts\">\r\n\t\t\t<div class=\"cm-post\">\r\n\t\t\t\t\r\n\t\t\t\t<div class=\"cm-post-content\">\r\n\t\t\t\t\t<div class=\"cm-entry-header-meta\"><div class=\"cm-post-categories\"><a href=\"https:\/\/www.ovlgc.org\/fr\/category\/formation\/\" style=\"background:#8224e3\" rel=\"category tag\">Formation<\/a><\/div><\/div>\t\t<h3 class=\"cm-entry-title\">\r\n\t\t\t<a href=\"https:\/\/www.ovlgc.org\/fr\/le-principe-de-laicite\/\" title=\"Le Principe de La\u00efcit\u00e9\">\r\n\t\t\t\tLe Principe de La\u00efcit\u00e9\t\t\t<\/a>\r\n\t\t<\/h3>\r\n\t\t<div class=\"cm-below-entry-meta \"><span class=\"cm-post-date\"><a href=\"https:\/\/www.ovlgc.org\/fr\/le-principe-de-laicite\/\" title=\"10 h 08 min\" rel=\"bookmark\"><svg class=\"cm-icon cm-icon--calendar-fill\" xmlns=\"http:\/\/www.w3.org\/2000\/svg\" viewBox=\"0 0 24 24\"><path d=\"M21.1 6.6v1.6c0 .6-.4 1-1 1H3.9c-.6 0-1-.4-1-1V6.6c0-1.5 1.3-2.8 2.8-2.8h1.7V3c0-.6.4-1 1-1s1 .4 1 1v.8h5.2V3c0-.6.4-1 1-1s1 .4 1 1v.8h1.7c1.5 0 2.8 1.3 2.8 2.8zm-1 4.6H3.9c-.6 0-1 .4-1 1v7c0 1.5 1.3 2.8 2.8 2.8h12.6c1.5 0 2.8-1.3 2.8-2.8v-7c0-.6-.4-1-1-1z\"><\/path><\/svg> <time class=\"entry-date published updated\" datetime=\"2018-11-25T10:08:31+01:00\">25 novembre 2018<\/time><\/a><\/span>\r\n\t\t<span class=\"cm-author cm-vcard\">\r\n\t\t\t<svg class=\"cm-icon cm-icon--user\" xmlns=\"http:\/\/www.w3.org\/2000\/svg\" viewBox=\"0 0 24 24\"><path d=\"M7 7c0-2.8 2.2-5 5-5s5 2.2 5 5-2.2 5-5 5-5-2.2-5-5zm9 7H8c-2.8 0-5 2.2-5 5v2c0 .6.4 1 1 1h16c.6 0 1-.4 1-1v-2c0-2.8-2.2-5-5-5z\"><\/path><\/svg>\t\t\t<a class=\"url fn n\"\r\n\t\t\thref=\"https:\/\/www.ovlgc.org\/fr\/author\/lbourmaud\/\"\r\n\t\t\ttitle=\"Secr\u00e9tariat OVLGC\"\r\n\t\t\t>\r\n\t\t\t\tSecr\u00e9tariat OVLGC\t\t\t<\/a>\r\n\t\t<\/span>\r\n\r\n\t\t<\/div>\r\n\t\t\t\t\t\t\t\t\t<\/div>\r\n\t\t\t<\/div>\r\n\r\n\t\t\t\r\n\t\t\t<div class=\"cm-post\">\r\n\t\t\t\t\r\n\t\t\t\t<div class=\"cm-post-content\">\r\n\t\t\t\t\t<div class=\"cm-entry-header-meta\"><div class=\"cm-post-categories\"><a href=\"https:\/\/www.ovlgc.org\/fr\/category\/formation\/\" style=\"background:#8224e3\" rel=\"category tag\">Formation<\/a><\/div><\/div>\t\t<h3 class=\"cm-entry-title\">\r\n\t\t\t<a href=\"https:\/\/www.ovlgc.org\/fr\/plan-national-de-formation-aux-valeurs-de-la-republique-et-laicite\/\" title=\"Plan national de Formation aux Valeurs de la R\u00e9publique et La\u00efcit\u00e9\">\r\n\t\t\t\tPlan national de Formation aux Valeurs de la R\u00e9publique et La\u00efcit\u00e9\t\t\t<\/a>\r\n\t\t<\/h3>\r\n\t\t<div class=\"cm-below-entry-meta \"><span class=\"cm-post-date\"><a href=\"https:\/\/www.ovlgc.org\/fr\/plan-national-de-formation-aux-valeurs-de-la-republique-et-laicite\/\" title=\"9 h 21 min\" rel=\"bookmark\"><svg class=\"cm-icon cm-icon--calendar-fill\" xmlns=\"http:\/\/www.w3.org\/2000\/svg\" viewBox=\"0 0 24 24\"><path d=\"M21.1 6.6v1.6c0 .6-.4 1-1 1H3.9c-.6 0-1-.4-1-1V6.6c0-1.5 1.3-2.8 2.8-2.8h1.7V3c0-.6.4-1 1-1s1 .4 1 1v.8h5.2V3c0-.6.4-1 1-1s1 .4 1 1v.8h1.7c1.5 0 2.8 1.3 2.8 2.8zm-1 4.6H3.9c-.6 0-1 .4-1 1v7c0 1.5 1.3 2.8 2.8 2.8h12.6c1.5 0 2.8-1.3 2.8-2.8v-7c0-.6-.4-1-1-1z\"><\/path><\/svg> <time class=\"entry-date published updated\" datetime=\"2018-10-26T09:21:10+02:00\">26 octobre 2018<\/time><\/a><\/span>\r\n\t\t<span class=\"cm-author cm-vcard\">\r\n\t\t\t<svg class=\"cm-icon cm-icon--user\" xmlns=\"http:\/\/www.w3.org\/2000\/svg\" viewBox=\"0 0 24 24\"><path d=\"M7 7c0-2.8 2.2-5 5-5s5 2.2 5 5-2.2 5-5 5-5-2.2-5-5zm9 7H8c-2.8 0-5 2.2-5 5v2c0 .6.4 1 1 1h16c.6 0 1-.4 1-1v-2c0-2.8-2.2-5-5-5z\"><\/path><\/svg>\t\t\t<a class=\"url fn n\"\r\n\t\t\thref=\"https:\/\/www.ovlgc.org\/fr\/author\/lbourmaud\/\"\r\n\t\t\ttitle=\"Secr\u00e9tariat OVLGC\"\r\n\t\t\t>\r\n\t\t\t\tSecr\u00e9tariat OVLGC\t\t\t<\/a>\r\n\t\t<\/span>\r\n\r\n\t\t<\/div>\r\n\t\t\t\t\t\t\t\t\t<\/div>\r\n\t\t\t<\/div>\r\n\r\n\t\t\t<\/div><\/div><\/div><\/div><div id=\"pgc-56-1-2\"  class=\"panel-grid-cell\" ><div id=\"panel-56-1-2-0\" class=\"so-panel widget widget_colormag_featured_posts_vertical_widget cm-featured-posts cm-featured-posts--style-2 panel-first-child panel-last-child\" data-index=\"7\" ><div class=\"panel-widget-style panel-widget-style-for-56-1-2-0\" >\r\n\t\t<div class=\"cm-first-post\">\r\n\t\t\t<div class=\"cm-post\">\r\n\t\t\t\t\r\n\t\t\t\t<div class=\"cm-post-content\">\r\n\t\t\t\t\t<div class=\"cm-entry-header-meta\"><div class=\"cm-post-categories\"><a href=\"https:\/\/www.ovlgc.org\/fr\/category\/generalites\/\" style=\"background:#8224e3\" rel=\"category tag\">G\u00e9n\u00e9ralit\u00e9s<\/a><\/div><\/div>\t\t<h3 class=\"cm-entry-title\">\r\n\t\t\t<a href=\"https:\/\/www.ovlgc.org\/fr\/les-trois-boussoles-de-henri-pena-ruiz\/\" title=\"Les trois boussoles de Henri Pena-Ruiz\">\r\n\t\t\t\tLes trois boussoles de Henri Pena-Ruiz\t\t\t<\/a>\r\n\t\t<\/h3>\r\n\t\t<div class=\"cm-below-entry-meta \"><span class=\"cm-post-date\"><a href=\"https:\/\/www.ovlgc.org\/fr\/les-trois-boussoles-de-henri-pena-ruiz\/\" title=\"10 h 06 min\" rel=\"bookmark\"><svg class=\"cm-icon cm-icon--calendar-fill\" xmlns=\"http:\/\/www.w3.org\/2000\/svg\" viewBox=\"0 0 24 24\"><path d=\"M21.1 6.6v1.6c0 .6-.4 1-1 1H3.9c-.6 0-1-.4-1-1V6.6c0-1.5 1.3-2.8 2.8-2.8h1.7V3c0-.6.4-1 1-1s1 .4 1 1v.8h5.2V3c0-.6.4-1 1-1s1 .4 1 1v.8h1.7c1.5 0 2.8 1.3 2.8 2.8zm-1 4.6H3.9c-.6 0-1 .4-1 1v7c0 1.5 1.3 2.8 2.8 2.8h12.6c1.5 0 2.8-1.3 2.8-2.8v-7c0-.6-.4-1-1-1z\"><\/path><\/svg> <time class=\"entry-date published updated\" datetime=\"2022-01-02T10:06:32+01:00\">2 janvier 2022<\/time><\/a><\/span>\r\n\t\t<span class=\"cm-author cm-vcard\">\r\n\t\t\t<svg class=\"cm-icon cm-icon--user\" xmlns=\"http:\/\/www.w3.org\/2000\/svg\" viewBox=\"0 0 24 24\"><path d=\"M7 7c0-2.8 2.2-5 5-5s5 2.2 5 5-2.2 5-5 5-5-2.2-5-5zm9 7H8c-2.8 0-5 2.2-5 5v2c0 .6.4 1 1 1h16c.6 0 1-.4 1-1v-2c0-2.8-2.2-5-5-5z\"><\/path><\/svg>\t\t\t<a class=\"url fn n\"\r\n\t\t\thref=\"https:\/\/www.ovlgc.org\/fr\/author\/lbourmaud\/\"\r\n\t\t\ttitle=\"Secr\u00e9tariat OVLGC\"\r\n\t\t\t>\r\n\t\t\t\tSecr\u00e9tariat OVLGC\t\t\t<\/a>\r\n\t\t<\/span>\r\n\r\n\t\t<\/div>\r\n\t\t\t\t\t\t\t\t\t\t\t<div class=\"cm-entry-summary\">\r\n\t\t\t\t\t\t\t<div class=\"acpwd-container\" id=\"acpwd-3207\">\n<p class=\"acpwd-info-message\">Ce contenu est r\u00e9serv\u00e9 aux adh\u00e9rents de l&rsquo;OVLGC; veuillez indiquer le mot de passe ci-dessous pour y acc\u00e9der ou identifiez-vous.<\/p>\n<form class=\"acpwd-form\" action=\"\/fr\/wp-json\/wp\/v2\/pages\/56#acpwd-3207\" method=\"post\">\n\t<input class=\"acpwd-pass\" type=\"password\" name=\"acpwd-pass\" placeholder=\"tapez votre mot de passe ici\"><input class=\"acpwd-submit\" type=\"submit\" value=\"Acc\u00e9der\"><br \/>\n<\/form>\n<\/div>\n\t\t\t\t\t\t<\/div>\r\n\t\t\t\t\t\t\t\t\t<\/div>\r\n\t\t\t<\/div>\r\n\r\n\t\t\t<\/div><div class=\"cm-posts\">\r\n\t\t\t<div class=\"cm-post\">\r\n\t\t\t\t<a href=\"https:\/\/www.ovlgc.org\/fr\/michel-wieviorka-nous-parle-de-lislamo-gauchisme\/\" title=\"Michel Wieviorka nous parle de l&rsquo;Islamo-gauchisme\"><img loading=\"lazy\" decoding=\"async\" width=\"130\" height=\"90\" src=\"https:\/\/www.ovlgc.org\/fr\/wp-content\/uploads\/2022\/05\/846056-wieviorkaokjpg_0-130x90.jpg\" class=\"attachment-colormag-featured-post-small size-colormag-featured-post-small wp-post-image\" alt=\"Michel Wieviorka nous parle de l&rsquo;Islamo-gauchisme\" title=\"Michel Wieviorka nous parle de l&rsquo;Islamo-gauchisme\" srcset=\"https:\/\/www.ovlgc.org\/fr\/wp-content\/uploads\/2022\/05\/846056-wieviorkaokjpg_0-130x90.jpg 130w, https:\/\/www.ovlgc.org\/fr\/wp-content\/uploads\/2022\/05\/846056-wieviorkaokjpg_0-392x272.jpg 392w\" sizes=\"auto, (max-width: 130px) 100vw, 130px\" \/><\/a><\/figure>\r\n\t\t\t\t<div class=\"cm-post-content\">\r\n\t\t\t\t\t<div class=\"cm-entry-header-meta\"><div class=\"cm-post-categories\"><a href=\"https:\/\/www.ovlgc.org\/fr\/category\/generalites\/\" style=\"background:#8224e3\" rel=\"category tag\">G\u00e9n\u00e9ralit\u00e9s<\/a><\/div><\/div>\t\t<h3 class=\"cm-entry-title\">\r\n\t\t\t<a href=\"https:\/\/www.ovlgc.org\/fr\/michel-wieviorka-nous-parle-de-lislamo-gauchisme\/\" title=\"Michel Wieviorka nous parle de l&rsquo;Islamo-gauchisme\">\r\n\t\t\t\tMichel Wieviorka nous parle de l&rsquo;Islamo-gauchisme\t\t\t<\/a>\r\n\t\t<\/h3>\r\n\t\t<div class=\"cm-below-entry-meta \"><span class=\"cm-post-date\"><a href=\"https:\/\/www.ovlgc.org\/fr\/michel-wieviorka-nous-parle-de-lislamo-gauchisme\/\" title=\"15 h 11 min\" rel=\"bookmark\"><svg class=\"cm-icon cm-icon--calendar-fill\" xmlns=\"http:\/\/www.w3.org\/2000\/svg\" viewBox=\"0 0 24 24\"><path d=\"M21.1 6.6v1.6c0 .6-.4 1-1 1H3.9c-.6 0-1-.4-1-1V6.6c0-1.5 1.3-2.8 2.8-2.8h1.7V3c0-.6.4-1 1-1s1 .4 1 1v.8h5.2V3c0-.6.4-1 1-1s1 .4 1 1v.8h1.7c1.5 0 2.8 1.3 2.8 2.8zm-1 4.6H3.9c-.6 0-1 .4-1 1v7c0 1.5 1.3 2.8 2.8 2.8h12.6c1.5 0 2.8-1.3 2.8-2.8v-7c0-.6-.4-1-1-1z\"><\/path><\/svg> <time class=\"entry-date published updated\" datetime=\"2021-06-03T15:11:07+02:00\">3 juin 2021<\/time><\/a><\/span>\r\n\t\t<span class=\"cm-author cm-vcard\">\r\n\t\t\t<svg class=\"cm-icon cm-icon--user\" xmlns=\"http:\/\/www.w3.org\/2000\/svg\" viewBox=\"0 0 24 24\"><path d=\"M7 7c0-2.8 2.2-5 5-5s5 2.2 5 5-2.2 5-5 5-5-2.2-5-5zm9 7H8c-2.8 0-5 2.2-5 5v2c0 .6.4 1 1 1h16c.6 0 1-.4 1-1v-2c0-2.8-2.2-5-5-5z\"><\/path><\/svg>\t\t\t<a class=\"url fn n\"\r\n\t\t\thref=\"https:\/\/www.ovlgc.org\/fr\/author\/lbourmaud\/\"\r\n\t\t\ttitle=\"Secr\u00e9tariat OVLGC\"\r\n\t\t\t>\r\n\t\t\t\tSecr\u00e9tariat OVLGC\t\t\t<\/a>\r\n\t\t<\/span>\r\n\r\n\t\t<\/div>\r\n\t\t\t\t\t\t\t\t\t<\/div>\r\n\t\t\t<\/div>\r\n\r\n\t\t\t\r\n\t\t\t<div class=\"cm-post\">\r\n\t\t\t\t\r\n\t\t\t\t<div class=\"cm-post-content\">\r\n\t\t\t\t\t<div class=\"cm-entry-header-meta\"><div class=\"cm-post-categories\"><a href=\"https:\/\/www.ovlgc.org\/fr\/category\/generalites\/\" style=\"background:#8224e3\" rel=\"category tag\">G\u00e9n\u00e9ralit\u00e9s<\/a><\/div><\/div>\t\t<h3 class=\"cm-entry-title\">\r\n\t\t\t<a href=\"https:\/\/www.ovlgc.org\/fr\/clavreul-et-le-printemps-republicain-ne-merite-pas-la-moyenne\/\" title=\"Clavreul (et le Printemps r\u00e9publicain) ne m\u00e9rite pas la moyenne\">\r\n\t\t\t\tClavreul (et le Printemps r\u00e9publicain) ne m\u00e9rite pas la moyenne\t\t\t<\/a>\r\n\t\t<\/h3>\r\n\t\t<div class=\"cm-below-entry-meta \"><span class=\"cm-post-date\"><a href=\"https:\/\/www.ovlgc.org\/fr\/clavreul-et-le-printemps-republicain-ne-merite-pas-la-moyenne\/\" title=\"15 h 04 min\" rel=\"bookmark\"><svg class=\"cm-icon cm-icon--calendar-fill\" xmlns=\"http:\/\/www.w3.org\/2000\/svg\" viewBox=\"0 0 24 24\"><path d=\"M21.1 6.6v1.6c0 .6-.4 1-1 1H3.9c-.6 0-1-.4-1-1V6.6c0-1.5 1.3-2.8 2.8-2.8h1.7V3c0-.6.4-1 1-1s1 .4 1 1v.8h5.2V3c0-.6.4-1 1-1s1 .4 1 1v.8h1.7c1.5 0 2.8 1.3 2.8 2.8zm-1 4.6H3.9c-.6 0-1 .4-1 1v7c0 1.5 1.3 2.8 2.8 2.8h12.6c1.5 0 2.8-1.3 2.8-2.8v-7c0-.6-.4-1-1-1z\"><\/path><\/svg> <time class=\"entry-date published updated\" datetime=\"2021-03-05T15:04:30+01:00\">5 mars 2021<\/time><\/a><\/span>\r\n\t\t<span class=\"cm-author cm-vcard\">\r\n\t\t\t<svg class=\"cm-icon cm-icon--user\" xmlns=\"http:\/\/www.w3.org\/2000\/svg\" viewBox=\"0 0 24 24\"><path d=\"M7 7c0-2.8 2.2-5 5-5s5 2.2 5 5-2.2 5-5 5-5-2.2-5-5zm9 7H8c-2.8 0-5 2.2-5 5v2c0 .6.4 1 1 1h16c.6 0 1-.4 1-1v-2c0-2.8-2.2-5-5-5z\"><\/path><\/svg>\t\t\t<a class=\"url fn n\"\r\n\t\t\thref=\"https:\/\/www.ovlgc.org\/fr\/author\/lbourmaud\/\"\r\n\t\t\ttitle=\"Secr\u00e9tariat OVLGC\"\r\n\t\t\t>\r\n\t\t\t\tSecr\u00e9tariat OVLGC\t\t\t<\/a>\r\n\t\t<\/span>\r\n\r\n\t\t<\/div>\r\n\t\t\t\t\t\t\t\t\t<\/div>\r\n\t\t\t<\/div>\r\n\r\n\t\t\t\r\n\t\t\t<div class=\"cm-post\">\r\n\t\t\t\t\r\n\t\t\t\t<div class=\"cm-post-content\">\r\n\t\t\t\t\t<div class=\"cm-entry-header-meta\"><div class=\"cm-post-categories\"><a href=\"https:\/\/www.ovlgc.org\/fr\/category\/generalites\/\" style=\"background:#8224e3\" rel=\"category tag\">G\u00e9n\u00e9ralit\u00e9s<\/a><\/div><\/div>\t\t<h3 class=\"cm-entry-title\">\r\n\t\t\t<a href=\"https:\/\/www.ovlgc.org\/fr\/laicite-30-ans-de-debats\/\" title=\"La\u00efcit\u00e9, 30 ans de d\u00e9bats&#8230;\">\r\n\t\t\t\tLa\u00efcit\u00e9, 30 ans de d\u00e9bats&#8230;\t\t\t<\/a>\r\n\t\t<\/h3>\r\n\t\t<div class=\"cm-below-entry-meta \"><span class=\"cm-post-date\"><a href=\"https:\/\/www.ovlgc.org\/fr\/laicite-30-ans-de-debats\/\" title=\"16 h 00 min\" rel=\"bookmark\"><svg class=\"cm-icon cm-icon--calendar-fill\" xmlns=\"http:\/\/www.w3.org\/2000\/svg\" viewBox=\"0 0 24 24\"><path d=\"M21.1 6.6v1.6c0 .6-.4 1-1 1H3.9c-.6 0-1-.4-1-1V6.6c0-1.5 1.3-2.8 2.8-2.8h1.7V3c0-.6.4-1 1-1s1 .4 1 1v.8h5.2V3c0-.6.4-1 1-1s1 .4 1 1v.8h1.7c1.5 0 2.8 1.3 2.8 2.8zm-1 4.6H3.9c-.6 0-1 .4-1 1v7c0 1.5 1.3 2.8 2.8 2.8h12.6c1.5 0 2.8-1.3 2.8-2.8v-7c0-.6-.4-1-1-1z\"><\/path><\/svg> <time class=\"entry-date published updated\" datetime=\"2020-12-03T16:00:39+01:00\">3 d\u00e9cembre 2020<\/time><\/a><\/span>\r\n\t\t<span class=\"cm-author cm-vcard\">\r\n\t\t\t<svg class=\"cm-icon cm-icon--user\" xmlns=\"http:\/\/www.w3.org\/2000\/svg\" viewBox=\"0 0 24 24\"><path d=\"M7 7c0-2.8 2.2-5 5-5s5 2.2 5 5-2.2 5-5 5-5-2.2-5-5zm9 7H8c-2.8 0-5 2.2-5 5v2c0 .6.4 1 1 1h16c.6 0 1-.4 1-1v-2c0-2.8-2.2-5-5-5z\"><\/path><\/svg>\t\t\t<a class=\"url fn n\"\r\n\t\t\thref=\"https:\/\/www.ovlgc.org\/fr\/author\/lbourmaud\/\"\r\n\t\t\ttitle=\"Secr\u00e9tariat OVLGC\"\r\n\t\t\t>\r\n\t\t\t\tSecr\u00e9tariat OVLGC\t\t\t<\/a>\r\n\t\t<\/span>\r\n\r\n\t\t<\/div>\r\n\t\t\t\t\t\t\t\t\t<\/div>\r\n\t\t\t<\/div>\r\n\r\n\t\t\t\r\n\t\t\t<div class=\"cm-post\">\r\n\t\t\t\t\r\n\t\t\t\t<div class=\"cm-post-content\">\r\n\t\t\t\t\t<div class=\"cm-entry-header-meta\"><div class=\"cm-post-categories\"><a href=\"https:\/\/www.ovlgc.org\/fr\/category\/generalites\/\" style=\"background:#8224e3\" rel=\"category tag\">G\u00e9n\u00e9ralit\u00e9s<\/a><\/div><\/div>\t\t<h3 class=\"cm-entry-title\">\r\n\t\t\t<a href=\"https:\/\/www.ovlgc.org\/fr\/laicite-lexception-nest-pas-la-ou-les-francais-la-voient\/\" title=\"La\u00efcit\u00e9: l&rsquo;exception n&rsquo;est pas l\u00e0 o\u00f9 les Fran\u00e7ais la voient\">\r\n\t\t\t\tLa\u00efcit\u00e9: l&rsquo;exception n&rsquo;est pas l\u00e0 o\u00f9 les Fran\u00e7ais la voient\t\t\t<\/a>\r\n\t\t<\/h3>\r\n\t\t<div class=\"cm-below-entry-meta \"><span class=\"cm-post-date\"><a href=\"https:\/\/www.ovlgc.org\/fr\/laicite-lexception-nest-pas-la-ou-les-francais-la-voient\/\" title=\"16 h 50 min\" rel=\"bookmark\"><svg class=\"cm-icon cm-icon--calendar-fill\" xmlns=\"http:\/\/www.w3.org\/2000\/svg\" viewBox=\"0 0 24 24\"><path d=\"M21.1 6.6v1.6c0 .6-.4 1-1 1H3.9c-.6 0-1-.4-1-1V6.6c0-1.5 1.3-2.8 2.8-2.8h1.7V3c0-.6.4-1 1-1s1 .4 1 1v.8h5.2V3c0-.6.4-1 1-1s1 .4 1 1v.8h1.7c1.5 0 2.8 1.3 2.8 2.8zm-1 4.6H3.9c-.6 0-1 .4-1 1v7c0 1.5 1.3 2.8 2.8 2.8h12.6c1.5 0 2.8-1.3 2.8-2.8v-7c0-.6-.4-1-1-1z\"><\/path><\/svg> <time class=\"entry-date published updated\" datetime=\"2020-01-25T16:50:15+01:00\">25 janvier 2020<\/time><\/a><\/span>\r\n\t\t<span class=\"cm-author cm-vcard\">\r\n\t\t\t<svg class=\"cm-icon cm-icon--user\" xmlns=\"http:\/\/www.w3.org\/2000\/svg\" viewBox=\"0 0 24 24\"><path d=\"M7 7c0-2.8 2.2-5 5-5s5 2.2 5 5-2.2 5-5 5-5-2.2-5-5zm9 7H8c-2.8 0-5 2.2-5 5v2c0 .6.4 1 1 1h16c.6 0 1-.4 1-1v-2c0-2.8-2.2-5-5-5z\"><\/path><\/svg>\t\t\t<a class=\"url fn n\"\r\n\t\t\thref=\"https:\/\/www.ovlgc.org\/fr\/author\/lbourmaud\/\"\r\n\t\t\ttitle=\"Secr\u00e9tariat OVLGC\"\r\n\t\t\t>\r\n\t\t\t\tSecr\u00e9tariat OVLGC\t\t\t<\/a>\r\n\t\t<\/span>\r\n\r\n\t\t<\/div>\r\n\t\t\t\t\t\t\t\t\t<\/div>\r\n\t\t\t<\/div>\r\n\r\n\t\t\t\r\n\t\t\t<div class=\"cm-post\">\r\n\t\t\t\t\r\n\t\t\t\t<div class=\"cm-post-content\">\r\n\t\t\t\t\t<div class=\"cm-entry-header-meta\"><div class=\"cm-post-categories\"><a href=\"https:\/\/www.ovlgc.org\/fr\/category\/generalites\/\" style=\"background:#8224e3\" rel=\"category tag\">G\u00e9n\u00e9ralit\u00e9s<\/a><\/div><\/div>\t\t<h3 class=\"cm-entry-title\">\r\n\t\t\t<a href=\"https:\/\/www.ovlgc.org\/fr\/conversation-avec-jean-bauberot\/\" title=\"Conversation avec Jean Baub\u00e9rot\">\r\n\t\t\t\tConversation avec Jean Baub\u00e9rot\t\t\t<\/a>\r\n\t\t<\/h3>\r\n\t\t<div class=\"cm-below-entry-meta \"><span class=\"cm-post-date\"><a href=\"https:\/\/www.ovlgc.org\/fr\/conversation-avec-jean-bauberot\/\" title=\"16 h 40 min\" rel=\"bookmark\"><svg class=\"cm-icon cm-icon--calendar-fill\" xmlns=\"http:\/\/www.w3.org\/2000\/svg\" viewBox=\"0 0 24 24\"><path d=\"M21.1 6.6v1.6c0 .6-.4 1-1 1H3.9c-.6 0-1-.4-1-1V6.6c0-1.5 1.3-2.8 2.8-2.8h1.7V3c0-.6.4-1 1-1s1 .4 1 1v.8h5.2V3c0-.6.4-1 1-1s1 .4 1 1v.8h1.7c1.5 0 2.8 1.3 2.8 2.8zm-1 4.6H3.9c-.6 0-1 .4-1 1v7c0 1.5 1.3 2.8 2.8 2.8h12.6c1.5 0 2.8-1.3 2.8-2.8v-7c0-.6-.4-1-1-1z\"><\/path><\/svg> <time class=\"entry-date published updated\" datetime=\"2019-12-21T16:40:50+01:00\">21 d\u00e9cembre 2019<\/time><\/a><\/span>\r\n\t\t<span class=\"cm-author cm-vcard\">\r\n\t\t\t<svg class=\"cm-icon cm-icon--user\" xmlns=\"http:\/\/www.w3.org\/2000\/svg\" viewBox=\"0 0 24 24\"><path d=\"M7 7c0-2.8 2.2-5 5-5s5 2.2 5 5-2.2 5-5 5-5-2.2-5-5zm9 7H8c-2.8 0-5 2.2-5 5v2c0 .6.4 1 1 1h16c.6 0 1-.4 1-1v-2c0-2.8-2.2-5-5-5z\"><\/path><\/svg>\t\t\t<a class=\"url fn n\"\r\n\t\t\thref=\"https:\/\/www.ovlgc.org\/fr\/author\/lbourmaud\/\"\r\n\t\t\ttitle=\"Secr\u00e9tariat OVLGC\"\r\n\t\t\t>\r\n\t\t\t\tSecr\u00e9tariat OVLGC\t\t\t<\/a>\r\n\t\t<\/span>\r\n\r\n\t\t<\/div>\r\n\t\t\t\t\t\t\t\t\t<\/div>\r\n\t\t\t<\/div>\r\n\r\n\t\t\t\r\n\t\t\t<div class=\"cm-post\">\r\n\t\t\t\t\r\n\t\t\t\t<div class=\"cm-post-content\">\r\n\t\t\t\t\t<div class=\"cm-entry-header-meta\"><div class=\"cm-post-categories\"><a href=\"https:\/\/www.ovlgc.org\/fr\/category\/generalites\/\" style=\"background:#8224e3\" rel=\"category tag\">G\u00e9n\u00e9ralit\u00e9s<\/a><\/div><\/div>\t\t<h3 class=\"cm-entry-title\">\r\n\t\t\t<a href=\"https:\/\/www.ovlgc.org\/fr\/stop-aux-discriminations\/\" title=\"Stop aux discriminations\">\r\n\t\t\t\tStop aux discriminations\t\t\t<\/a>\r\n\t\t<\/h3>\r\n\t\t<div class=\"cm-below-entry-meta \"><span class=\"cm-post-date\"><a href=\"https:\/\/www.ovlgc.org\/fr\/stop-aux-discriminations\/\" title=\"10 h 04 min\" rel=\"bookmark\"><svg class=\"cm-icon cm-icon--calendar-fill\" xmlns=\"http:\/\/www.w3.org\/2000\/svg\" viewBox=\"0 0 24 24\"><path d=\"M21.1 6.6v1.6c0 .6-.4 1-1 1H3.9c-.6 0-1-.4-1-1V6.6c0-1.5 1.3-2.8 2.8-2.8h1.7V3c0-.6.4-1 1-1s1 .4 1 1v.8h5.2V3c0-.6.4-1 1-1s1 .4 1 1v.8h1.7c1.5 0 2.8 1.3 2.8 2.8zm-1 4.6H3.9c-.6 0-1 .4-1 1v7c0 1.5 1.3 2.8 2.8 2.8h12.6c1.5 0 2.8-1.3 2.8-2.8v-7c0-.6-.4-1-1-1z\"><\/path><\/svg> <time class=\"entry-date published updated\" datetime=\"2019-12-08T10:04:25+01:00\">8 d\u00e9cembre 2019<\/time><\/a><\/span>\r\n\t\t<span class=\"cm-author cm-vcard\">\r\n\t\t\t<svg class=\"cm-icon cm-icon--user\" xmlns=\"http:\/\/www.w3.org\/2000\/svg\" viewBox=\"0 0 24 24\"><path d=\"M7 7c0-2.8 2.2-5 5-5s5 2.2 5 5-2.2 5-5 5-5-2.2-5-5zm9 7H8c-2.8 0-5 2.2-5 5v2c0 .6.4 1 1 1h16c.6 0 1-.4 1-1v-2c0-2.8-2.2-5-5-5z\"><\/path><\/svg>\t\t\t<a class=\"url fn n\"\r\n\t\t\thref=\"https:\/\/www.ovlgc.org\/fr\/author\/lbourmaud\/\"\r\n\t\t\ttitle=\"Secr\u00e9tariat OVLGC\"\r\n\t\t\t>\r\n\t\t\t\tSecr\u00e9tariat OVLGC\t\t\t<\/a>\r\n\t\t<\/span>\r\n\r\n\t\t<\/div>\r\n\t\t\t\t\t\t\t\t\t<\/div>\r\n\t\t\t<\/div>\r\n\r\n\t\t\t\r\n\t\t\t<div class=\"cm-post\">\r\n\t\t\t\t\r\n\t\t\t\t<div class=\"cm-post-content\">\r\n\t\t\t\t\t<div class=\"cm-entry-header-meta\"><div class=\"cm-post-categories\"><a href=\"https:\/\/www.ovlgc.org\/fr\/category\/generalites\/\" style=\"background:#8224e3\" rel=\"category tag\">G\u00e9n\u00e9ralit\u00e9s<\/a><\/div><\/div>\t\t<h3 class=\"cm-entry-title\">\r\n\t\t\t<a href=\"https:\/\/www.ovlgc.org\/fr\/la-laicite-est-devenue-un-pretexte-pour-stigmatiser-la-communaute-musulmane\/\" title=\"La la\u00efcit\u00e9 est devenue un pr\u00e9texte pour stigmatiser la communaut\u00e9 musulmane\">\r\n\t\t\t\tLa la\u00efcit\u00e9 est devenue un pr\u00e9texte pour stigmatiser la communaut\u00e9 musulmane\t\t\t<\/a>\r\n\t\t<\/h3>\r\n\t\t<div class=\"cm-below-entry-meta \"><span class=\"cm-post-date\"><a href=\"https:\/\/www.ovlgc.org\/fr\/la-laicite-est-devenue-un-pretexte-pour-stigmatiser-la-communaute-musulmane\/\" title=\"17 h 39 min\" rel=\"bookmark\"><svg class=\"cm-icon cm-icon--calendar-fill\" xmlns=\"http:\/\/www.w3.org\/2000\/svg\" viewBox=\"0 0 24 24\"><path d=\"M21.1 6.6v1.6c0 .6-.4 1-1 1H3.9c-.6 0-1-.4-1-1V6.6c0-1.5 1.3-2.8 2.8-2.8h1.7V3c0-.6.4-1 1-1s1 .4 1 1v.8h5.2V3c0-.6.4-1 1-1s1 .4 1 1v.8h1.7c1.5 0 2.8 1.3 2.8 2.8zm-1 4.6H3.9c-.6 0-1 .4-1 1v7c0 1.5 1.3 2.8 2.8 2.8h12.6c1.5 0 2.8-1.3 2.8-2.8v-7c0-.6-.4-1-1-1z\"><\/path><\/svg> <time class=\"entry-date published updated\" datetime=\"2019-03-15T17:39:00+01:00\">15 mars 2019<\/time><\/a><\/span>\r\n\t\t<span class=\"cm-author cm-vcard\">\r\n\t\t\t<svg class=\"cm-icon cm-icon--user\" xmlns=\"http:\/\/www.w3.org\/2000\/svg\" viewBox=\"0 0 24 24\"><path d=\"M7 7c0-2.8 2.2-5 5-5s5 2.2 5 5-2.2 5-5 5-5-2.2-5-5zm9 7H8c-2.8 0-5 2.2-5 5v2c0 .6.4 1 1 1h16c.6 0 1-.4 1-1v-2c0-2.8-2.2-5-5-5z\"><\/path><\/svg>\t\t\t<a class=\"url fn n\"\r\n\t\t\thref=\"https:\/\/www.ovlgc.org\/fr\/author\/lbourmaud\/\"\r\n\t\t\ttitle=\"Secr\u00e9tariat OVLGC\"\r\n\t\t\t>\r\n\t\t\t\tSecr\u00e9tariat OVLGC\t\t\t<\/a>\r\n\t\t<\/span>\r\n\r\n\t\t<\/div>\r\n\t\t\t\t\t\t\t\t\t<\/div>\r\n\t\t\t<\/div>\r\n\r\n\t\t\t<\/div><\/div><\/div><\/div><div id=\"pgc-56-1-3\"  class=\"panel-grid-cell\" ><div id=\"panel-56-1-3-0\" class=\"so-panel widget widget_colormag_featured_posts_vertical_widget cm-featured-posts cm-featured-posts--style-2 panel-first-child panel-last-child\" data-index=\"8\" ><div class=\"panel-widget-style panel-widget-style-for-56-1-3-0\" >\r\n\t\t<div class=\"cm-first-post\">\r\n\t\t\t<div class=\"cm-post\">\r\n\t\t\t\t\r\n\t\t\t\t<div class=\"cm-post-content\">\r\n\t\t\t\t\t<div class=\"cm-entry-header-meta\"><div class=\"cm-post-categories\"><a href=\"https:\/\/www.ovlgc.org\/fr\/category\/documents\/projet-damendements-a-la-loi-de-1905\/\" style=\"background:#8224e3\" rel=\"category tag\">Loi de 1905 et ...<\/a><\/div><\/div>\t\t<h3 class=\"cm-entry-title\">\r\n\t\t\t<a href=\"https:\/\/www.ovlgc.org\/fr\/referents-laicite-et-contrats-dengagement-republicain\/\" title=\"R\u00e9f\u00e9rents La\u00efcit\u00e9 et contrats d&rsquo;engagement r\u00e9publicain\">\r\n\t\t\t\tR\u00e9f\u00e9rents La\u00efcit\u00e9 et contrats d&rsquo;engagement r\u00e9publicain\t\t\t<\/a>\r\n\t\t<\/h3>\r\n\t\t<div class=\"cm-below-entry-meta \"><span class=\"cm-post-date\"><a href=\"https:\/\/www.ovlgc.org\/fr\/referents-laicite-et-contrats-dengagement-republicain\/\" title=\"11 h 56 min\" rel=\"bookmark\"><svg class=\"cm-icon cm-icon--calendar-fill\" xmlns=\"http:\/\/www.w3.org\/2000\/svg\" viewBox=\"0 0 24 24\"><path d=\"M21.1 6.6v1.6c0 .6-.4 1-1 1H3.9c-.6 0-1-.4-1-1V6.6c0-1.5 1.3-2.8 2.8-2.8h1.7V3c0-.6.4-1 1-1s1 .4 1 1v.8h5.2V3c0-.6.4-1 1-1s1 .4 1 1v.8h1.7c1.5 0 2.8 1.3 2.8 2.8zm-1 4.6H3.9c-.6 0-1 .4-1 1v7c0 1.5 1.3 2.8 2.8 2.8h12.6c1.5 0 2.8-1.3 2.8-2.8v-7c0-.6-.4-1-1-1z\"><\/path><\/svg> <time class=\"entry-date published updated\" datetime=\"2022-01-11T11:56:06+01:00\">11 janvier 2022<\/time><\/a><\/span>\r\n\t\t<span class=\"cm-author cm-vcard\">\r\n\t\t\t<svg class=\"cm-icon cm-icon--user\" xmlns=\"http:\/\/www.w3.org\/2000\/svg\" viewBox=\"0 0 24 24\"><path d=\"M7 7c0-2.8 2.2-5 5-5s5 2.2 5 5-2.2 5-5 5-5-2.2-5-5zm9 7H8c-2.8 0-5 2.2-5 5v2c0 .6.4 1 1 1h16c.6 0 1-.4 1-1v-2c0-2.8-2.2-5-5-5z\"><\/path><\/svg>\t\t\t<a class=\"url fn n\"\r\n\t\t\thref=\"https:\/\/www.ovlgc.org\/fr\/author\/lbourmaud\/\"\r\n\t\t\ttitle=\"Secr\u00e9tariat OVLGC\"\r\n\t\t\t>\r\n\t\t\t\tSecr\u00e9tariat OVLGC\t\t\t<\/a>\r\n\t\t<\/span>\r\n\r\n\t\t<\/div>\r\n\t\t\t\t\t\t\t\t\t\t\t<div class=\"cm-entry-summary\">\r\n\t\t\t\t\t\t\t<div class=\"acpwd-container\" id=\"acpwd-3596\">\n<p class=\"acpwd-info-message\">Ce contenu est r\u00e9serv\u00e9 aux adh\u00e9rents de l&rsquo;OVLGC; veuillez indiquer le mot de passe ci-dessous pour y acc\u00e9der ou identifiez-vous.<\/p>\n<form class=\"acpwd-form\" action=\"\/fr\/wp-json\/wp\/v2\/pages\/56#acpwd-3596\" method=\"post\">\n\t<input class=\"acpwd-pass\" type=\"password\" name=\"acpwd-pass\" placeholder=\"tapez votre mot de passe ici\"><input class=\"acpwd-submit\" type=\"submit\" value=\"Acc\u00e9der\"><br \/>\n<\/form>\n<\/div>\n\t\t\t\t\t\t<\/div>\r\n\t\t\t\t\t\t\t\t\t<\/div>\r\n\t\t\t<\/div>\r\n\r\n\t\t\t<\/div><div class=\"cm-posts\">\r\n\t\t\t<div class=\"cm-post\">\r\n\t\t\t\t\r\n\t\t\t\t<div class=\"cm-post-content\">\r\n\t\t\t\t\t<div class=\"cm-entry-header-meta\"><div class=\"cm-post-categories\"><a href=\"https:\/\/www.ovlgc.org\/fr\/category\/documents\/projet-damendements-a-la-loi-de-1905\/\" style=\"background:#8224e3\" rel=\"category tag\">Loi de 1905 et ...<\/a><\/div><\/div>\t\t<h3 class=\"cm-entry-title\">\r\n\t\t\t<a href=\"https:\/\/www.ovlgc.org\/fr\/a-propos-de-la-loi-confortant-le-respect-des-principes-de-la-republique\/\" title=\"A propos de la loi \u00ab\u00a0confortant le respect des principes de la R\u00e9publique\u00a0\u00bb\">\r\n\t\t\t\tA propos de la loi \u00ab\u00a0confortant le respect des principes de la R\u00e9publique\u00a0\u00bb\t\t\t<\/a>\r\n\t\t<\/h3>\r\n\t\t<div class=\"cm-below-entry-meta \"><span class=\"cm-post-date\"><a href=\"https:\/\/www.ovlgc.org\/fr\/a-propos-de-la-loi-confortant-le-respect-des-principes-de-la-republique\/\" title=\"16 h 00 min\" rel=\"bookmark\"><svg class=\"cm-icon cm-icon--calendar-fill\" xmlns=\"http:\/\/www.w3.org\/2000\/svg\" viewBox=\"0 0 24 24\"><path d=\"M21.1 6.6v1.6c0 .6-.4 1-1 1H3.9c-.6 0-1-.4-1-1V6.6c0-1.5 1.3-2.8 2.8-2.8h1.7V3c0-.6.4-1 1-1s1 .4 1 1v.8h5.2V3c0-.6.4-1 1-1s1 .4 1 1v.8h1.7c1.5 0 2.8 1.3 2.8 2.8zm-1 4.6H3.9c-.6 0-1 .4-1 1v7c0 1.5 1.3 2.8 2.8 2.8h12.6c1.5 0 2.8-1.3 2.8-2.8v-7c0-.6-.4-1-1-1z\"><\/path><\/svg> <time class=\"entry-date published updated\" datetime=\"2021-11-03T16:00:01+01:00\">3 novembre 2021<\/time><\/a><\/span>\r\n\t\t<span class=\"cm-author cm-vcard\">\r\n\t\t\t<svg class=\"cm-icon cm-icon--user\" xmlns=\"http:\/\/www.w3.org\/2000\/svg\" viewBox=\"0 0 24 24\"><path d=\"M7 7c0-2.8 2.2-5 5-5s5 2.2 5 5-2.2 5-5 5-5-2.2-5-5zm9 7H8c-2.8 0-5 2.2-5 5v2c0 .6.4 1 1 1h16c.6 0 1-.4 1-1v-2c0-2.8-2.2-5-5-5z\"><\/path><\/svg>\t\t\t<a class=\"url fn n\"\r\n\t\t\thref=\"https:\/\/www.ovlgc.org\/fr\/author\/lbourmaud\/\"\r\n\t\t\ttitle=\"Secr\u00e9tariat OVLGC\"\r\n\t\t\t>\r\n\t\t\t\tSecr\u00e9tariat OVLGC\t\t\t<\/a>\r\n\t\t<\/span>\r\n\r\n\t\t<\/div>\r\n\t\t\t\t\t\t\t\t\t<\/div>\r\n\t\t\t<\/div>\r\n\r\n\t\t\t\r\n\t\t\t<div class=\"cm-post\">\r\n\t\t\t\t\r\n\t\t\t\t<div class=\"cm-post-content\">\r\n\t\t\t\t\t<div class=\"cm-entry-header-meta\"><div class=\"cm-post-categories\"><a href=\"https:\/\/www.ovlgc.org\/fr\/category\/documents\/projet-damendements-a-la-loi-de-1905\/\" style=\"background:#8224e3\" rel=\"category tag\">Loi de 1905 et ...<\/a><\/div><\/div>\t\t<h3 class=\"cm-entry-title\">\r\n\t\t\t<a href=\"https:\/\/www.ovlgc.org\/fr\/interview-de-patrick-weil-sur-la-loi-de-1905\/\" title=\"Interview de Patrick Weil sur la loi de 1905\">\r\n\t\t\t\tInterview de Patrick Weil sur la loi de 1905\t\t\t<\/a>\r\n\t\t<\/h3>\r\n\t\t<div class=\"cm-below-entry-meta \"><span class=\"cm-post-date\"><a href=\"https:\/\/www.ovlgc.org\/fr\/interview-de-patrick-weil-sur-la-loi-de-1905\/\" title=\"12 h 00 min\" rel=\"bookmark\"><svg class=\"cm-icon cm-icon--calendar-fill\" xmlns=\"http:\/\/www.w3.org\/2000\/svg\" viewBox=\"0 0 24 24\"><path d=\"M21.1 6.6v1.6c0 .6-.4 1-1 1H3.9c-.6 0-1-.4-1-1V6.6c0-1.5 1.3-2.8 2.8-2.8h1.7V3c0-.6.4-1 1-1s1 .4 1 1v.8h5.2V3c0-.6.4-1 1-1s1 .4 1 1v.8h1.7c1.5 0 2.8 1.3 2.8 2.8zm-1 4.6H3.9c-.6 0-1 .4-1 1v7c0 1.5 1.3 2.8 2.8 2.8h12.6c1.5 0 2.8-1.3 2.8-2.8v-7c0-.6-.4-1-1-1z\"><\/path><\/svg> <time class=\"entry-date published updated\" datetime=\"2021-01-13T12:00:54+01:00\">13 janvier 2021<\/time><\/a><\/span>\r\n\t\t<span class=\"cm-author cm-vcard\">\r\n\t\t\t<svg class=\"cm-icon cm-icon--user\" xmlns=\"http:\/\/www.w3.org\/2000\/svg\" viewBox=\"0 0 24 24\"><path d=\"M7 7c0-2.8 2.2-5 5-5s5 2.2 5 5-2.2 5-5 5-5-2.2-5-5zm9 7H8c-2.8 0-5 2.2-5 5v2c0 .6.4 1 1 1h16c.6 0 1-.4 1-1v-2c0-2.8-2.2-5-5-5z\"><\/path><\/svg>\t\t\t<a class=\"url fn n\"\r\n\t\t\thref=\"https:\/\/www.ovlgc.org\/fr\/author\/lbourmaud\/\"\r\n\t\t\ttitle=\"Secr\u00e9tariat OVLGC\"\r\n\t\t\t>\r\n\t\t\t\tSecr\u00e9tariat OVLGC\t\t\t<\/a>\r\n\t\t<\/span>\r\n\r\n\t\t<\/div>\r\n\t\t\t\t\t\t\t\t\t<\/div>\r\n\t\t\t<\/div>\r\n\r\n\t\t\t\r\n\t\t\t<div class=\"cm-post\">\r\n\t\t\t\t\r\n\t\t\t\t<div class=\"cm-post-content\">\r\n\t\t\t\t\t<div class=\"cm-entry-header-meta\"><div class=\"cm-post-categories\"><a href=\"https:\/\/www.ovlgc.org\/fr\/category\/documents\/projet-damendements-a-la-loi-de-1905\/\" style=\"background:#8224e3\" rel=\"category tag\">Loi de 1905 et ...<\/a><\/div><\/div>\t\t<h3 class=\"cm-entry-title\">\r\n\t\t\t<a href=\"https:\/\/www.ovlgc.org\/fr\/lavis-de-lobservatoire-du-8-novembre-2016\/\" title=\"L&rsquo;avis de l&rsquo;Observatoire du 8 Novembre 2016\">\r\n\t\t\t\tL&rsquo;avis de l&rsquo;Observatoire du 8 Novembre 2016\t\t\t<\/a>\r\n\t\t<\/h3>\r\n\t\t<div class=\"cm-below-entry-meta \"><span class=\"cm-post-date\"><a href=\"https:\/\/www.ovlgc.org\/fr\/lavis-de-lobservatoire-du-8-novembre-2016\/\" title=\"9 h 24 min\" rel=\"bookmark\"><svg class=\"cm-icon cm-icon--calendar-fill\" xmlns=\"http:\/\/www.w3.org\/2000\/svg\" viewBox=\"0 0 24 24\"><path d=\"M21.1 6.6v1.6c0 .6-.4 1-1 1H3.9c-.6 0-1-.4-1-1V6.6c0-1.5 1.3-2.8 2.8-2.8h1.7V3c0-.6.4-1 1-1s1 .4 1 1v.8h5.2V3c0-.6.4-1 1-1s1 .4 1 1v.8h1.7c1.5 0 2.8 1.3 2.8 2.8zm-1 4.6H3.9c-.6 0-1 .4-1 1v7c0 1.5 1.3 2.8 2.8 2.8h12.6c1.5 0 2.8-1.3 2.8-2.8v-7c0-.6-.4-1-1-1z\"><\/path><\/svg> <time class=\"entry-date published updated\" datetime=\"2019-04-05T09:24:28+02:00\">5 avril 2019<\/time><\/a><\/span>\r\n\t\t<span class=\"cm-author cm-vcard\">\r\n\t\t\t<svg class=\"cm-icon cm-icon--user\" xmlns=\"http:\/\/www.w3.org\/2000\/svg\" viewBox=\"0 0 24 24\"><path d=\"M7 7c0-2.8 2.2-5 5-5s5 2.2 5 5-2.2 5-5 5-5-2.2-5-5zm9 7H8c-2.8 0-5 2.2-5 5v2c0 .6.4 1 1 1h16c.6 0 1-.4 1-1v-2c0-2.8-2.2-5-5-5z\"><\/path><\/svg>\t\t\t<a class=\"url fn n\"\r\n\t\t\thref=\"https:\/\/www.ovlgc.org\/fr\/author\/lbourmaud\/\"\r\n\t\t\ttitle=\"Secr\u00e9tariat OVLGC\"\r\n\t\t\t>\r\n\t\t\t\tSecr\u00e9tariat OVLGC\t\t\t<\/a>\r\n\t\t<\/span>\r\n\r\n\t\t<\/div>\r\n\t\t\t\t\t\t\t\t\t<\/div>\r\n\t\t\t<\/div>\r\n\r\n\t\t\t\r\n\t\t\t<div class=\"cm-post\">\r\n\t\t\t\t\r\n\t\t\t\t<div class=\"cm-post-content\">\r\n\t\t\t\t\t<div class=\"cm-entry-header-meta\"><div class=\"cm-post-categories\"><a href=\"https:\/\/www.ovlgc.org\/fr\/category\/documents\/projet-damendements-a-la-loi-de-1905\/\" style=\"background:#8224e3\" rel=\"category tag\">Loi de 1905 et ...<\/a><\/div><\/div>\t\t<h3 class=\"cm-entry-title\">\r\n\t\t\t<a href=\"https:\/\/www.ovlgc.org\/fr\/1211-2\/\" title=\"Les projets de l&rsquo;ex\u00e9cutif (Le Monde du 24 novembre)\">\r\n\t\t\t\tLes projets de l&rsquo;ex\u00e9cutif (Le Monde du 24 novembre)\t\t\t<\/a>\r\n\t\t<\/h3>\r\n\t\t<div class=\"cm-below-entry-meta \"><span class=\"cm-post-date\"><a href=\"https:\/\/www.ovlgc.org\/fr\/1211-2\/\" title=\"17 h 36 min\" rel=\"bookmark\"><svg class=\"cm-icon cm-icon--calendar-fill\" xmlns=\"http:\/\/www.w3.org\/2000\/svg\" viewBox=\"0 0 24 24\"><path d=\"M21.1 6.6v1.6c0 .6-.4 1-1 1H3.9c-.6 0-1-.4-1-1V6.6c0-1.5 1.3-2.8 2.8-2.8h1.7V3c0-.6.4-1 1-1s1 .4 1 1v.8h5.2V3c0-.6.4-1 1-1s1 .4 1 1v.8h1.7c1.5 0 2.8 1.3 2.8 2.8zm-1 4.6H3.9c-.6 0-1 .4-1 1v7c0 1.5 1.3 2.8 2.8 2.8h12.6c1.5 0 2.8-1.3 2.8-2.8v-7c0-.6-.4-1-1-1z\"><\/path><\/svg> <time class=\"entry-date published updated\" datetime=\"2019-04-04T17:36:54+02:00\">4 avril 2019<\/time><\/a><\/span>\r\n\t\t<span class=\"cm-author cm-vcard\">\r\n\t\t\t<svg class=\"cm-icon cm-icon--user\" xmlns=\"http:\/\/www.w3.org\/2000\/svg\" viewBox=\"0 0 24 24\"><path d=\"M7 7c0-2.8 2.2-5 5-5s5 2.2 5 5-2.2 5-5 5-5-2.2-5-5zm9 7H8c-2.8 0-5 2.2-5 5v2c0 .6.4 1 1 1h16c.6 0 1-.4 1-1v-2c0-2.8-2.2-5-5-5z\"><\/path><\/svg>\t\t\t<a class=\"url fn n\"\r\n\t\t\thref=\"https:\/\/www.ovlgc.org\/fr\/author\/lbourmaud\/\"\r\n\t\t\ttitle=\"Secr\u00e9tariat OVLGC\"\r\n\t\t\t>\r\n\t\t\t\tSecr\u00e9tariat OVLGC\t\t\t<\/a>\r\n\t\t<\/span>\r\n\r\n\t\t<\/div>\r\n\t\t\t\t\t\t\t\t\t<\/div>\r\n\t\t\t<\/div>\r\n\r\n\t\t\t\r\n\t\t\t<div class=\"cm-post\">\r\n\t\t\t\t\r\n\t\t\t\t<div class=\"cm-post-content\">\r\n\t\t\t\t\t<div class=\"cm-entry-header-meta\"><div class=\"cm-post-categories\"><a href=\"https:\/\/www.ovlgc.org\/fr\/category\/documents\/projet-damendements-a-la-loi-de-1905\/\" style=\"background:#8224e3\" rel=\"category tag\">Loi de 1905 et ...<\/a><\/div><\/div>\t\t<h3 class=\"cm-entry-title\">\r\n\t\t\t<a href=\"https:\/\/www.ovlgc.org\/fr\/macron-recoit-les-representants-des-cultes-europe1-la-croix\/\" title=\"Macron re\u00e7oit les repr\u00e9sentants des cultes ( Europe1, La Croix)\">\r\n\t\t\t\tMacron re\u00e7oit les repr\u00e9sentants des cultes ( Europe1, La Croix)\t\t\t<\/a>\r\n\t\t<\/h3>\r\n\t\t<div class=\"cm-below-entry-meta \"><span class=\"cm-post-date\"><a href=\"https:\/\/www.ovlgc.org\/fr\/macron-recoit-les-representants-des-cultes-europe1-la-croix\/\" title=\"9 h 32 min\" rel=\"bookmark\"><svg class=\"cm-icon cm-icon--calendar-fill\" xmlns=\"http:\/\/www.w3.org\/2000\/svg\" viewBox=\"0 0 24 24\"><path d=\"M21.1 6.6v1.6c0 .6-.4 1-1 1H3.9c-.6 0-1-.4-1-1V6.6c0-1.5 1.3-2.8 2.8-2.8h1.7V3c0-.6.4-1 1-1s1 .4 1 1v.8h5.2V3c0-.6.4-1 1-1s1 .4 1 1v.8h1.7c1.5 0 2.8 1.3 2.8 2.8zm-1 4.6H3.9c-.6 0-1 .4-1 1v7c0 1.5 1.3 2.8 2.8 2.8h12.6c1.5 0 2.8-1.3 2.8-2.8v-7c0-.6-.4-1-1-1z\"><\/path><\/svg> <time class=\"entry-date published updated\" datetime=\"2019-04-03T09:32:15+02:00\">3 avril 2019<\/time><\/a><\/span>\r\n\t\t<span class=\"cm-author cm-vcard\">\r\n\t\t\t<svg class=\"cm-icon cm-icon--user\" xmlns=\"http:\/\/www.w3.org\/2000\/svg\" viewBox=\"0 0 24 24\"><path d=\"M7 7c0-2.8 2.2-5 5-5s5 2.2 5 5-2.2 5-5 5-5-2.2-5-5zm9 7H8c-2.8 0-5 2.2-5 5v2c0 .6.4 1 1 1h16c.6 0 1-.4 1-1v-2c0-2.8-2.2-5-5-5z\"><\/path><\/svg>\t\t\t<a class=\"url fn n\"\r\n\t\t\thref=\"https:\/\/www.ovlgc.org\/fr\/author\/lbourmaud\/\"\r\n\t\t\ttitle=\"Secr\u00e9tariat OVLGC\"\r\n\t\t\t>\r\n\t\t\t\tSecr\u00e9tariat OVLGC\t\t\t<\/a>\r\n\t\t<\/span>\r\n\r\n\t\t<\/div>\r\n\t\t\t\t\t\t\t\t\t<\/div>\r\n\t\t\t<\/div>\r\n\r\n\t\t\t\r\n\t\t\t<div class=\"cm-post\">\r\n\t\t\t\t\r\n\t\t\t\t<div class=\"cm-post-content\">\r\n\t\t\t\t\t<div class=\"cm-entry-header-meta\"><div class=\"cm-post-categories\"><a href=\"https:\/\/www.ovlgc.org\/fr\/category\/documents\/projet-damendements-a-la-loi-de-1905\/\" style=\"background:#8224e3\" rel=\"category tag\">Loi de 1905 et ...<\/a><\/div><\/div>\t\t<h3 class=\"cm-entry-title\">\r\n\t\t\t<a href=\"https:\/\/www.ovlgc.org\/fr\/la-libre-pensee-recoit-lobservatoire-de-la-laicite\/\" title=\"La Libre Pens\u00e9e re\u00e7oit l&rsquo;Observatoire de la La\u00efcit\u00e9\">\r\n\t\t\t\tLa Libre Pens\u00e9e re\u00e7oit l&rsquo;Observatoire de la La\u00efcit\u00e9\t\t\t<\/a>\r\n\t\t<\/h3>\r\n\t\t<div class=\"cm-below-entry-meta \"><span class=\"cm-post-date\"><a href=\"https:\/\/www.ovlgc.org\/fr\/la-libre-pensee-recoit-lobservatoire-de-la-laicite\/\" title=\"12 h 21 min\" rel=\"bookmark\"><svg class=\"cm-icon cm-icon--calendar-fill\" xmlns=\"http:\/\/www.w3.org\/2000\/svg\" viewBox=\"0 0 24 24\"><path d=\"M21.1 6.6v1.6c0 .6-.4 1-1 1H3.9c-.6 0-1-.4-1-1V6.6c0-1.5 1.3-2.8 2.8-2.8h1.7V3c0-.6.4-1 1-1s1 .4 1 1v.8h5.2V3c0-.6.4-1 1-1s1 .4 1 1v.8h1.7c1.5 0 2.8 1.3 2.8 2.8zm-1 4.6H3.9c-.6 0-1 .4-1 1v7c0 1.5 1.3 2.8 2.8 2.8h12.6c1.5 0 2.8-1.3 2.8-2.8v-7c0-.6-.4-1-1-1z\"><\/path><\/svg> <time class=\"entry-date published updated\" datetime=\"2019-01-26T12:21:01+01:00\">26 janvier 2019<\/time><\/a><\/span>\r\n\t\t<span class=\"cm-author cm-vcard\">\r\n\t\t\t<svg class=\"cm-icon cm-icon--user\" xmlns=\"http:\/\/www.w3.org\/2000\/svg\" viewBox=\"0 0 24 24\"><path d=\"M7 7c0-2.8 2.2-5 5-5s5 2.2 5 5-2.2 5-5 5-5-2.2-5-5zm9 7H8c-2.8 0-5 2.2-5 5v2c0 .6.4 1 1 1h16c.6 0 1-.4 1-1v-2c0-2.8-2.2-5-5-5z\"><\/path><\/svg>\t\t\t<a class=\"url fn n\"\r\n\t\t\thref=\"https:\/\/www.ovlgc.org\/fr\/author\/lbourmaud\/\"\r\n\t\t\ttitle=\"Secr\u00e9tariat OVLGC\"\r\n\t\t\t>\r\n\t\t\t\tSecr\u00e9tariat OVLGC\t\t\t<\/a>\r\n\t\t<\/span>\r\n\r\n\t\t<\/div>\r\n\t\t\t\t\t\t\t\t\t<\/div>\r\n\t\t\t<\/div>\r\n\r\n\t\t\t\r\n\t\t\t<div class=\"cm-post\">\r\n\t\t\t\t\r\n\t\t\t\t<div class=\"cm-post-content\">\r\n\t\t\t\t\t<div class=\"cm-entry-header-meta\"><div class=\"cm-post-categories\"><a href=\"https:\/\/www.ovlgc.org\/fr\/category\/documents\/projet-damendements-a-la-loi-de-1905\/\" style=\"background:#8224e3\" rel=\"category tag\">Loi de 1905 et ...<\/a><\/div><\/div>\t\t<h3 class=\"cm-entry-title\">\r\n\t\t\t<a href=\"https:\/\/www.ovlgc.org\/fr\/reaction-du-centre-nationaldes-associations-familiales-laiques\/\" title=\"La r\u00e9action du Centre National des Associations Familiales La\u00efques\">\r\n\t\t\t\tLa r\u00e9action du Centre National des Associations Familiales La\u00efques\t\t\t<\/a>\r\n\t\t<\/h3>\r\n\t\t<div class=\"cm-below-entry-meta \"><span class=\"cm-post-date\"><a href=\"https:\/\/www.ovlgc.org\/fr\/reaction-du-centre-nationaldes-associations-familiales-laiques\/\" title=\"17 h 04 min\" rel=\"bookmark\"><svg class=\"cm-icon cm-icon--calendar-fill\" xmlns=\"http:\/\/www.w3.org\/2000\/svg\" viewBox=\"0 0 24 24\"><path d=\"M21.1 6.6v1.6c0 .6-.4 1-1 1H3.9c-.6 0-1-.4-1-1V6.6c0-1.5 1.3-2.8 2.8-2.8h1.7V3c0-.6.4-1 1-1s1 .4 1 1v.8h5.2V3c0-.6.4-1 1-1s1 .4 1 1v.8h1.7c1.5 0 2.8 1.3 2.8 2.8zm-1 4.6H3.9c-.6 0-1 .4-1 1v7c0 1.5 1.3 2.8 2.8 2.8h12.6c1.5 0 2.8-1.3 2.8-2.8v-7c0-.6-.4-1-1-1z\"><\/path><\/svg> <time class=\"entry-date published updated\" datetime=\"2018-11-28T17:04:33+01:00\">28 novembre 2018<\/time><\/a><\/span>\r\n\t\t<span class=\"cm-author cm-vcard\">\r\n\t\t\t<svg class=\"cm-icon cm-icon--user\" xmlns=\"http:\/\/www.w3.org\/2000\/svg\" viewBox=\"0 0 24 24\"><path d=\"M7 7c0-2.8 2.2-5 5-5s5 2.2 5 5-2.2 5-5 5-5-2.2-5-5zm9 7H8c-2.8 0-5 2.2-5 5v2c0 .6.4 1 1 1h16c.6 0 1-.4 1-1v-2c0-2.8-2.2-5-5-5z\"><\/path><\/svg>\t\t\t<a class=\"url fn n\"\r\n\t\t\thref=\"https:\/\/www.ovlgc.org\/fr\/author\/lbourmaud\/\"\r\n\t\t\ttitle=\"Secr\u00e9tariat OVLGC\"\r\n\t\t\t>\r\n\t\t\t\tSecr\u00e9tariat OVLGC\t\t\t<\/a>\r\n\t\t<\/span>\r\n\r\n\t\t<\/div>\r\n\t\t\t\t\t\t\t\t\t<\/div>\r\n\t\t\t<\/div>\r\n\r\n\t\t\t<\/div><\/div><\/div><\/div><div id=\"pgc-56-1-4\"  class=\"panel-grid-cell\" ><div id=\"panel-56-1-4-0\" class=\"so-panel widget widget_colormag_featured_posts_vertical_widget cm-featured-posts cm-featured-posts--style-2 panel-first-child panel-last-child\" data-index=\"9\" ><div class=\"panel-widget-style panel-widget-style-for-56-1-4-0\" >\r\n\t\t<div class=\"cm-first-post\">\r\n\t\t\t<div class=\"cm-post\">\r\n\t\t\t\t\r\n\t\t\t\t<div class=\"cm-post-content\">\r\n\t\t\t\t\t<div class=\"cm-entry-header-meta\"><div class=\"cm-post-categories\"><a href=\"https:\/\/www.ovlgc.org\/fr\/category\/radicalisation\/\" style=\"background:#8224e3\" rel=\"category tag\">Radicalisation<\/a><\/div><\/div>\t\t<h3 class=\"cm-entry-title\">\r\n\t\t\t<a href=\"https:\/\/www.ovlgc.org\/fr\/fichiers-s-de-quoi-parle-ton-exactement\/\" title=\"Fichiers \u00ab\u00a0S\u00a0\u00bb: de quoi parle-t-on exactement?\">\r\n\t\t\t\tFichiers \u00ab\u00a0S\u00a0\u00bb: de quoi parle-t-on exactement?\t\t\t<\/a>\r\n\t\t<\/h3>\r\n\t\t<div class=\"cm-below-entry-meta \"><span class=\"cm-post-date\"><a href=\"https:\/\/www.ovlgc.org\/fr\/fichiers-s-de-quoi-parle-ton-exactement\/\" title=\"14 h 17 min\" rel=\"bookmark\"><svg class=\"cm-icon cm-icon--calendar-fill\" xmlns=\"http:\/\/www.w3.org\/2000\/svg\" viewBox=\"0 0 24 24\"><path d=\"M21.1 6.6v1.6c0 .6-.4 1-1 1H3.9c-.6 0-1-.4-1-1V6.6c0-1.5 1.3-2.8 2.8-2.8h1.7V3c0-.6.4-1 1-1s1 .4 1 1v.8h5.2V3c0-.6.4-1 1-1s1 .4 1 1v.8h1.7c1.5 0 2.8 1.3 2.8 2.8zm-1 4.6H3.9c-.6 0-1 .4-1 1v7c0 1.5 1.3 2.8 2.8 2.8h12.6c1.5 0 2.8-1.3 2.8-2.8v-7c0-.6-.4-1-1-1z\"><\/path><\/svg> <time class=\"entry-date published updated\" datetime=\"2020-10-27T14:17:21+01:00\">27 octobre 2020<\/time><\/a><\/span>\r\n\t\t<span class=\"cm-author cm-vcard\">\r\n\t\t\t<svg class=\"cm-icon cm-icon--user\" xmlns=\"http:\/\/www.w3.org\/2000\/svg\" viewBox=\"0 0 24 24\"><path d=\"M7 7c0-2.8 2.2-5 5-5s5 2.2 5 5-2.2 5-5 5-5-2.2-5-5zm9 7H8c-2.8 0-5 2.2-5 5v2c0 .6.4 1 1 1h16c.6 0 1-.4 1-1v-2c0-2.8-2.2-5-5-5z\"><\/path><\/svg>\t\t\t<a class=\"url fn n\"\r\n\t\t\thref=\"https:\/\/www.ovlgc.org\/fr\/author\/lbourmaud\/\"\r\n\t\t\ttitle=\"Secr\u00e9tariat OVLGC\"\r\n\t\t\t>\r\n\t\t\t\tSecr\u00e9tariat OVLGC\t\t\t<\/a>\r\n\t\t<\/span>\r\n\r\n\t\t<\/div>\r\n\t\t\t\t\t\t\t\t\t\t\t<div class=\"cm-entry-summary\">\r\n\t\t\t\t\t\t\t<div class=\"acpwd-container\" id=\"acpwd-2916\">\n<p class=\"acpwd-info-message\">Ce contenu est r\u00e9serv\u00e9 aux adh\u00e9rents de l&rsquo;OVLGC; veuillez indiquer le mot de passe ci-dessous pour y acc\u00e9der ou identifiez-vous.<\/p>\n<form class=\"acpwd-form\" action=\"\/fr\/wp-json\/wp\/v2\/pages\/56#acpwd-2916\" method=\"post\">\n\t<input class=\"acpwd-pass\" type=\"password\" name=\"acpwd-pass\" placeholder=\"tapez votre mot de passe ici\"><input class=\"acpwd-submit\" type=\"submit\" value=\"Acc\u00e9der\"><br \/>\n<\/form>\n<\/div>\n\t\t\t\t\t\t<\/div>\r\n\t\t\t\t\t\t\t\t\t<\/div>\r\n\t\t\t<\/div>\r\n\r\n\t\t\t<\/div><div class=\"cm-posts\">\r\n\t\t\t<div class=\"cm-post\">\r\n\t\t\t\t\r\n\t\t\t\t<div class=\"cm-post-content\">\r\n\t\t\t\t\t<div class=\"cm-entry-header-meta\"><div class=\"cm-post-categories\"><a href=\"https:\/\/www.ovlgc.org\/fr\/category\/radicalisation\/\" style=\"background:#8224e3\" rel=\"category tag\">Radicalisation<\/a><\/div><\/div>\t\t<h3 class=\"cm-entry-title\">\r\n\t\t\t<a href=\"https:\/\/www.ovlgc.org\/fr\/laicites-et-radicalisations-les-liaisons-dangereuses\/\" title=\"La\u00efcit\u00e9(s) et radicalisation(s): Les liaisons dangereuses?\">\r\n\t\t\t\tLa\u00efcit\u00e9(s) et radicalisation(s): Les liaisons dangereuses?\t\t\t<\/a>\r\n\t\t<\/h3>\r\n\t\t<div class=\"cm-below-entry-meta \"><span class=\"cm-post-date\"><a href=\"https:\/\/www.ovlgc.org\/fr\/laicites-et-radicalisations-les-liaisons-dangereuses\/\" title=\"19 h 17 min\" rel=\"bookmark\"><svg class=\"cm-icon cm-icon--calendar-fill\" xmlns=\"http:\/\/www.w3.org\/2000\/svg\" viewBox=\"0 0 24 24\"><path d=\"M21.1 6.6v1.6c0 .6-.4 1-1 1H3.9c-.6 0-1-.4-1-1V6.6c0-1.5 1.3-2.8 2.8-2.8h1.7V3c0-.6.4-1 1-1s1 .4 1 1v.8h5.2V3c0-.6.4-1 1-1s1 .4 1 1v.8h1.7c1.5 0 2.8 1.3 2.8 2.8zm-1 4.6H3.9c-.6 0-1 .4-1 1v7c0 1.5 1.3 2.8 2.8 2.8h12.6c1.5 0 2.8-1.3 2.8-2.8v-7c0-.6-.4-1-1-1z\"><\/path><\/svg> <time class=\"entry-date published updated\" datetime=\"2020-10-25T19:17:40+01:00\">25 octobre 2020<\/time><\/a><\/span>\r\n\t\t<span class=\"cm-author cm-vcard\">\r\n\t\t\t<svg class=\"cm-icon cm-icon--user\" xmlns=\"http:\/\/www.w3.org\/2000\/svg\" viewBox=\"0 0 24 24\"><path d=\"M7 7c0-2.8 2.2-5 5-5s5 2.2 5 5-2.2 5-5 5-5-2.2-5-5zm9 7H8c-2.8 0-5 2.2-5 5v2c0 .6.4 1 1 1h16c.6 0 1-.4 1-1v-2c0-2.8-2.2-5-5-5z\"><\/path><\/svg>\t\t\t<a class=\"url fn n\"\r\n\t\t\thref=\"https:\/\/www.ovlgc.org\/fr\/author\/lbourmaud\/\"\r\n\t\t\ttitle=\"Secr\u00e9tariat OVLGC\"\r\n\t\t\t>\r\n\t\t\t\tSecr\u00e9tariat OVLGC\t\t\t<\/a>\r\n\t\t<\/span>\r\n\r\n\t\t<\/div>\r\n\t\t\t\t\t\t\t\t\t<\/div>\r\n\t\t\t<\/div>\r\n\r\n\t\t\t\r\n\t\t\t<div class=\"cm-post\">\r\n\t\t\t\t\r\n\t\t\t\t<div class=\"cm-post-content\">\r\n\t\t\t\t\t<div class=\"cm-entry-header-meta\"><div class=\"cm-post-categories\"><a href=\"https:\/\/www.ovlgc.org\/fr\/category\/radicalisation\/\" style=\"background:#8224e3\" rel=\"category tag\">Radicalisation<\/a><\/div><\/div>\t\t<h3 class=\"cm-entry-title\">\r\n\t\t\t<a href=\"https:\/\/www.ovlgc.org\/fr\/a-propos-du-recel-dapologie-du-terrorisme\/\" title=\"A propos du recel d&rsquo;apologie du terrorisme\">\r\n\t\t\t\tA propos du recel d&rsquo;apologie du terrorisme\t\t\t<\/a>\r\n\t\t<\/h3>\r\n\t\t<div class=\"cm-below-entry-meta \"><span class=\"cm-post-date\"><a href=\"https:\/\/www.ovlgc.org\/fr\/a-propos-du-recel-dapologie-du-terrorisme\/\" title=\"22 h 26 min\" rel=\"bookmark\"><svg class=\"cm-icon cm-icon--calendar-fill\" xmlns=\"http:\/\/www.w3.org\/2000\/svg\" viewBox=\"0 0 24 24\"><path d=\"M21.1 6.6v1.6c0 .6-.4 1-1 1H3.9c-.6 0-1-.4-1-1V6.6c0-1.5 1.3-2.8 2.8-2.8h1.7V3c0-.6.4-1 1-1s1 .4 1 1v.8h5.2V3c0-.6.4-1 1-1s1 .4 1 1v.8h1.7c1.5 0 2.8 1.3 2.8 2.8zm-1 4.6H3.9c-.6 0-1 .4-1 1v7c0 1.5 1.3 2.8 2.8 2.8h12.6c1.5 0 2.8-1.3 2.8-2.8v-7c0-.6-.4-1-1-1z\"><\/path><\/svg> <time class=\"entry-date published updated\" datetime=\"2020-08-04T22:26:20+02:00\">4 ao\u00fbt 2020<\/time><\/a><\/span>\r\n\t\t<span class=\"cm-author cm-vcard\">\r\n\t\t\t<svg class=\"cm-icon cm-icon--user\" xmlns=\"http:\/\/www.w3.org\/2000\/svg\" viewBox=\"0 0 24 24\"><path d=\"M7 7c0-2.8 2.2-5 5-5s5 2.2 5 5-2.2 5-5 5-5-2.2-5-5zm9 7H8c-2.8 0-5 2.2-5 5v2c0 .6.4 1 1 1h16c.6 0 1-.4 1-1v-2c0-2.8-2.2-5-5-5z\"><\/path><\/svg>\t\t\t<a class=\"url fn n\"\r\n\t\t\thref=\"https:\/\/www.ovlgc.org\/fr\/author\/lbourmaud\/\"\r\n\t\t\ttitle=\"Secr\u00e9tariat OVLGC\"\r\n\t\t\t>\r\n\t\t\t\tSecr\u00e9tariat OVLGC\t\t\t<\/a>\r\n\t\t<\/span>\r\n\r\n\t\t<\/div>\r\n\t\t\t\t\t\t\t\t\t<\/div>\r\n\t\t\t<\/div>\r\n\r\n\t\t\t\r\n\t\t\t<div class=\"cm-post\">\r\n\t\t\t\t\r\n\t\t\t\t<div class=\"cm-post-content\">\r\n\t\t\t\t\t<div class=\"cm-entry-header-meta\"><div class=\"cm-post-categories\"><a href=\"https:\/\/www.ovlgc.org\/fr\/category\/radicalisation\/\" style=\"background:#8224e3\" rel=\"category tag\">Radicalisation<\/a><\/div><\/div>\t\t<h3 class=\"cm-entry-title\">\r\n\t\t\t<a href=\"https:\/\/www.ovlgc.org\/fr\/circulaire-dinformation-des-maires\/\" title=\"Circulaire d&rsquo;information des Maires\">\r\n\t\t\t\tCirculaire d&rsquo;information des Maires\t\t\t<\/a>\r\n\t\t<\/h3>\r\n\t\t<div class=\"cm-below-entry-meta \"><span class=\"cm-post-date\"><a href=\"https:\/\/www.ovlgc.org\/fr\/circulaire-dinformation-des-maires\/\" title=\"19 h 52 min\" rel=\"bookmark\"><svg class=\"cm-icon cm-icon--calendar-fill\" xmlns=\"http:\/\/www.w3.org\/2000\/svg\" viewBox=\"0 0 24 24\"><path d=\"M21.1 6.6v1.6c0 .6-.4 1-1 1H3.9c-.6 0-1-.4-1-1V6.6c0-1.5 1.3-2.8 2.8-2.8h1.7V3c0-.6.4-1 1-1s1 .4 1 1v.8h5.2V3c0-.6.4-1 1-1s1 .4 1 1v.8h1.7c1.5 0 2.8 1.3 2.8 2.8zm-1 4.6H3.9c-.6 0-1 .4-1 1v7c0 1.5 1.3 2.8 2.8 2.8h12.6c1.5 0 2.8-1.3 2.8-2.8v-7c0-.6-.4-1-1-1z\"><\/path><\/svg> <time class=\"entry-date published updated\" datetime=\"2018-11-23T19:52:23+01:00\">23 novembre 2018<\/time><\/a><\/span>\r\n\t\t<span class=\"cm-author cm-vcard\">\r\n\t\t\t<svg class=\"cm-icon cm-icon--user\" xmlns=\"http:\/\/www.w3.org\/2000\/svg\" viewBox=\"0 0 24 24\"><path d=\"M7 7c0-2.8 2.2-5 5-5s5 2.2 5 5-2.2 5-5 5-5-2.2-5-5zm9 7H8c-2.8 0-5 2.2-5 5v2c0 .6.4 1 1 1h16c.6 0 1-.4 1-1v-2c0-2.8-2.2-5-5-5z\"><\/path><\/svg>\t\t\t<a class=\"url fn n\"\r\n\t\t\thref=\"https:\/\/www.ovlgc.org\/fr\/author\/lbourmaud\/\"\r\n\t\t\ttitle=\"Secr\u00e9tariat OVLGC\"\r\n\t\t\t>\r\n\t\t\t\tSecr\u00e9tariat OVLGC\t\t\t<\/a>\r\n\t\t<\/span>\r\n\r\n\t\t<\/div>\r\n\t\t\t\t\t\t\t\t\t<\/div>\r\n\t\t\t<\/div>\r\n\r\n\t\t\t\r\n\t\t\t<div class=\"cm-post\">\r\n\t\t\t\t\r\n\t\t\t\t<div class=\"cm-post-content\">\r\n\t\t\t\t\t<div class=\"cm-entry-header-meta\"><div class=\"cm-post-categories\"><a href=\"https:\/\/www.ovlgc.org\/fr\/category\/radicalisation\/\" style=\"background:#8224e3\" rel=\"category tag\">Radicalisation<\/a><\/div><\/div>\t\t<h3 class=\"cm-entry-title\">\r\n\t\t\t<a href=\"https:\/\/www.ovlgc.org\/fr\/decryptage-de-la-circulaire-adressee-aux-maires\/\" title=\"D\u00e9cryptage de la circulaire d&rsquo;information des Maires\">\r\n\t\t\t\tD\u00e9cryptage de la circulaire d&rsquo;information des Maires\t\t\t<\/a>\r\n\t\t<\/h3>\r\n\t\t<div class=\"cm-below-entry-meta \"><span class=\"cm-post-date\"><a href=\"https:\/\/www.ovlgc.org\/fr\/decryptage-de-la-circulaire-adressee-aux-maires\/\" title=\"19 h 51 min\" rel=\"bookmark\"><svg class=\"cm-icon cm-icon--calendar-fill\" xmlns=\"http:\/\/www.w3.org\/2000\/svg\" viewBox=\"0 0 24 24\"><path d=\"M21.1 6.6v1.6c0 .6-.4 1-1 1H3.9c-.6 0-1-.4-1-1V6.6c0-1.5 1.3-2.8 2.8-2.8h1.7V3c0-.6.4-1 1-1s1 .4 1 1v.8h5.2V3c0-.6.4-1 1-1s1 .4 1 1v.8h1.7c1.5 0 2.8 1.3 2.8 2.8zm-1 4.6H3.9c-.6 0-1 .4-1 1v7c0 1.5 1.3 2.8 2.8 2.8h12.6c1.5 0 2.8-1.3 2.8-2.8v-7c0-.6-.4-1-1-1z\"><\/path><\/svg> <time class=\"entry-date published updated\" datetime=\"2018-11-23T19:51:18+01:00\">23 novembre 2018<\/time><\/a><\/span>\r\n\t\t<span class=\"cm-author cm-vcard\">\r\n\t\t\t<svg class=\"cm-icon cm-icon--user\" xmlns=\"http:\/\/www.w3.org\/2000\/svg\" viewBox=\"0 0 24 24\"><path d=\"M7 7c0-2.8 2.2-5 5-5s5 2.2 5 5-2.2 5-5 5-5-2.2-5-5zm9 7H8c-2.8 0-5 2.2-5 5v2c0 .6.4 1 1 1h16c.6 0 1-.4 1-1v-2c0-2.8-2.2-5-5-5z\"><\/path><\/svg>\t\t\t<a class=\"url fn n\"\r\n\t\t\thref=\"https:\/\/www.ovlgc.org\/fr\/author\/lbourmaud\/\"\r\n\t\t\ttitle=\"Secr\u00e9tariat OVLGC\"\r\n\t\t\t>\r\n\t\t\t\tSecr\u00e9tariat OVLGC\t\t\t<\/a>\r\n\t\t<\/span>\r\n\r\n\t\t<\/div>\r\n\t\t\t\t\t\t\t\t\t<\/div>\r\n\t\t\t<\/div>\r\n\r\n\t\t\t\r\n\t\t\t<div class=\"cm-post\">\r\n\t\t\t\t\r\n\t\t\t\t<div class=\"cm-post-content\">\r\n\t\t\t\t\t<div class=\"cm-entry-header-meta\"><div class=\"cm-post-categories\"><a href=\"https:\/\/www.ovlgc.org\/fr\/category\/radicalisation\/\" style=\"background:#8224e3\" rel=\"category tag\">Radicalisation<\/a><\/div><\/div>\t\t<h3 class=\"cm-entry-title\">\r\n\t\t\t<a href=\"https:\/\/www.ovlgc.org\/fr\/guide-pratique-pour-les-enseignants-et-les-professionnels-de-terrain\/\" title=\"Guide pratique pour les enseignants et les professionnels de terrain\">\r\n\t\t\t\tGuide pratique pour les enseignants et les professionnels de terrain\t\t\t<\/a>\r\n\t\t<\/h3>\r\n\t\t<div class=\"cm-below-entry-meta \"><span class=\"cm-post-date\"><a href=\"https:\/\/www.ovlgc.org\/fr\/guide-pratique-pour-les-enseignants-et-les-professionnels-de-terrain\/\" title=\"19 h 44 min\" rel=\"bookmark\"><svg class=\"cm-icon cm-icon--calendar-fill\" xmlns=\"http:\/\/www.w3.org\/2000\/svg\" viewBox=\"0 0 24 24\"><path d=\"M21.1 6.6v1.6c0 .6-.4 1-1 1H3.9c-.6 0-1-.4-1-1V6.6c0-1.5 1.3-2.8 2.8-2.8h1.7V3c0-.6.4-1 1-1s1 .4 1 1v.8h5.2V3c0-.6.4-1 1-1s1 .4 1 1v.8h1.7c1.5 0 2.8 1.3 2.8 2.8zm-1 4.6H3.9c-.6 0-1 .4-1 1v7c0 1.5 1.3 2.8 2.8 2.8h12.6c1.5 0 2.8-1.3 2.8-2.8v-7c0-.6-.4-1-1-1z\"><\/path><\/svg> <time class=\"entry-date published updated\" datetime=\"2018-11-23T19:44:22+01:00\">23 novembre 2018<\/time><\/a><\/span>\r\n\t\t<span class=\"cm-author cm-vcard\">\r\n\t\t\t<svg class=\"cm-icon cm-icon--user\" xmlns=\"http:\/\/www.w3.org\/2000\/svg\" viewBox=\"0 0 24 24\"><path d=\"M7 7c0-2.8 2.2-5 5-5s5 2.2 5 5-2.2 5-5 5-5-2.2-5-5zm9 7H8c-2.8 0-5 2.2-5 5v2c0 .6.4 1 1 1h16c.6 0 1-.4 1-1v-2c0-2.8-2.2-5-5-5z\"><\/path><\/svg>\t\t\t<a class=\"url fn n\"\r\n\t\t\thref=\"https:\/\/www.ovlgc.org\/fr\/author\/lbourmaud\/\"\r\n\t\t\ttitle=\"Secr\u00e9tariat OVLGC\"\r\n\t\t\t>\r\n\t\t\t\tSecr\u00e9tariat OVLGC\t\t\t<\/a>\r\n\t\t<\/span>\r\n\r\n\t\t<\/div>\r\n\t\t\t\t\t\t\t\t\t<\/div>\r\n\t\t\t<\/div>\r\n\r\n\t\t\t<\/div><\/div><\/div><\/div><\/div><div id=\"pg-56-2\"  class=\"panel-grid panel-no-style\" ><div id=\"pgc-56-2-0\"  class=\"panel-grid-cell\" ><div id=\"panel-56-2-0-0\" class=\"so-panel widget widget_colormag_featured_posts_vertical_widget cm-featured-posts cm-featured-posts--style-2 panel-first-child panel-last-child\" data-index=\"10\" ><div class=\"panel-widget-style panel-widget-style-for-56-2-0-0\" >\r\n\t\t<div class=\"cm-first-post\">\r\n\t\t\t<div class=\"cm-post\">\r\n\t\t\t\t\r\n\t\t\t\t<div class=\"cm-post-content\">\r\n\t\t\t\t\t<div class=\"cm-entry-header-meta\"><div class=\"cm-post-categories\"><a href=\"https:\/\/www.ovlgc.org\/fr\/category\/restauration-scolaire-centre-de-ressources\/\" style=\"background:#8224e3\" rel=\"category tag\">Restauration scolaire<\/a><\/div><\/div>\t\t<h3 class=\"cm-entry-title\">\r\n\t\t\t<a href=\"https:\/\/www.ovlgc.org\/fr\/adaptation-des-menus-a-la-cantine\/\" title=\"Adaptation des menus \u00e0 la cantine\">\r\n\t\t\t\tAdaptation des menus \u00e0 la cantine\t\t\t<\/a>\r\n\t\t<\/h3>\r\n\t\t<div class=\"cm-below-entry-meta \"><span class=\"cm-post-date\"><a href=\"https:\/\/www.ovlgc.org\/fr\/adaptation-des-menus-a-la-cantine\/\" title=\"14 h 56 min\" rel=\"bookmark\"><svg class=\"cm-icon cm-icon--calendar-fill\" xmlns=\"http:\/\/www.w3.org\/2000\/svg\" viewBox=\"0 0 24 24\"><path d=\"M21.1 6.6v1.6c0 .6-.4 1-1 1H3.9c-.6 0-1-.4-1-1V6.6c0-1.5 1.3-2.8 2.8-2.8h1.7V3c0-.6.4-1 1-1s1 .4 1 1v.8h5.2V3c0-.6.4-1 1-1s1 .4 1 1v.8h1.7c1.5 0 2.8 1.3 2.8 2.8zm-1 4.6H3.9c-.6 0-1 .4-1 1v7c0 1.5 1.3 2.8 2.8 2.8h12.6c1.5 0 2.8-1.3 2.8-2.8v-7c0-.6-.4-1-1-1z\"><\/path><\/svg> <time class=\"entry-date published updated\" datetime=\"2018-11-14T14:56:36+01:00\">14 novembre 2018<\/time><\/a><\/span>\r\n\t\t<span class=\"cm-author cm-vcard\">\r\n\t\t\t<svg class=\"cm-icon cm-icon--user\" xmlns=\"http:\/\/www.w3.org\/2000\/svg\" viewBox=\"0 0 24 24\"><path d=\"M7 7c0-2.8 2.2-5 5-5s5 2.2 5 5-2.2 5-5 5-5-2.2-5-5zm9 7H8c-2.8 0-5 2.2-5 5v2c0 .6.4 1 1 1h16c.6 0 1-.4 1-1v-2c0-2.8-2.2-5-5-5z\"><\/path><\/svg>\t\t\t<a class=\"url fn n\"\r\n\t\t\thref=\"https:\/\/www.ovlgc.org\/fr\/author\/lbourmaud\/\"\r\n\t\t\ttitle=\"Secr\u00e9tariat OVLGC\"\r\n\t\t\t>\r\n\t\t\t\tSecr\u00e9tariat OVLGC\t\t\t<\/a>\r\n\t\t<\/span>\r\n\r\n\t\t<\/div>\r\n\t\t\t\t\t\t\t\t\t\t\t<div class=\"cm-entry-summary\">\r\n\t\t\t\t\t\t\t<div class=\"acpwd-container\" id=\"acpwd-954\">\n<p class=\"acpwd-info-message\">Ce contenu est r\u00e9serv\u00e9 aux adh\u00e9rents de l&rsquo;OVLGC; veuillez indiquer le mot de passe ci-dessous pour y acc\u00e9der ou identifiez-vous.<\/p>\n<form class=\"acpwd-form\" action=\"\/fr\/wp-json\/wp\/v2\/pages\/56#acpwd-954\" method=\"post\">\n\t<input class=\"acpwd-pass\" type=\"password\" name=\"acpwd-pass\" placeholder=\"tapez votre mot de passe ici\"><input class=\"acpwd-submit\" type=\"submit\" value=\"Acc\u00e9der\"><br \/>\n<\/form>\n<\/div>\n\t\t\t\t\t\t<\/div>\r\n\t\t\t\t\t\t\t\t\t<\/div>\r\n\t\t\t<\/div>\r\n\r\n\t\t\t<\/div><div class=\"cm-posts\">\r\n\t\t\t<div class=\"cm-post\">\r\n\t\t\t\t\r\n\t\t\t\t<div class=\"cm-post-content\">\r\n\t\t\t\t\t<div class=\"cm-entry-header-meta\"><div class=\"cm-post-categories\"><a href=\"https:\/\/www.ovlgc.org\/fr\/category\/restauration-scolaire-centre-de-ressources\/\" style=\"background:#8224e3\" rel=\"category tag\">Restauration scolaire<\/a><\/div><\/div>\t\t<h3 class=\"cm-entry-title\">\r\n\t\t\t<a href=\"https:\/\/www.ovlgc.org\/fr\/avis-de-la-cour-administrative-dappel-de-lyon-concernant-la-commune-de-voglans\/\" title=\"Arr\u00eat de la Cour Administrative d&rsquo;Appel de Lyon concernant la commune de Voglans\">\r\n\t\t\t\tArr\u00eat de la Cour Administrative d&rsquo;Appel de Lyon concernant la commune de Voglans\t\t\t<\/a>\r\n\t\t<\/h3>\r\n\t\t<div class=\"cm-below-entry-meta \"><span class=\"cm-post-date\"><a href=\"https:\/\/www.ovlgc.org\/fr\/avis-de-la-cour-administrative-dappel-de-lyon-concernant-la-commune-de-voglans\/\" title=\"14 h 55 min\" rel=\"bookmark\"><svg class=\"cm-icon cm-icon--calendar-fill\" xmlns=\"http:\/\/www.w3.org\/2000\/svg\" viewBox=\"0 0 24 24\"><path d=\"M21.1 6.6v1.6c0 .6-.4 1-1 1H3.9c-.6 0-1-.4-1-1V6.6c0-1.5 1.3-2.8 2.8-2.8h1.7V3c0-.6.4-1 1-1s1 .4 1 1v.8h5.2V3c0-.6.4-1 1-1s1 .4 1 1v.8h1.7c1.5 0 2.8 1.3 2.8 2.8zm-1 4.6H3.9c-.6 0-1 .4-1 1v7c0 1.5 1.3 2.8 2.8 2.8h12.6c1.5 0 2.8-1.3 2.8-2.8v-7c0-.6-.4-1-1-1z\"><\/path><\/svg> <time class=\"entry-date published updated\" datetime=\"2018-11-14T14:55:51+01:00\">14 novembre 2018<\/time><\/a><\/span>\r\n\t\t<span class=\"cm-author cm-vcard\">\r\n\t\t\t<svg class=\"cm-icon cm-icon--user\" xmlns=\"http:\/\/www.w3.org\/2000\/svg\" viewBox=\"0 0 24 24\"><path d=\"M7 7c0-2.8 2.2-5 5-5s5 2.2 5 5-2.2 5-5 5-5-2.2-5-5zm9 7H8c-2.8 0-5 2.2-5 5v2c0 .6.4 1 1 1h16c.6 0 1-.4 1-1v-2c0-2.8-2.2-5-5-5z\"><\/path><\/svg>\t\t\t<a class=\"url fn n\"\r\n\t\t\thref=\"https:\/\/www.ovlgc.org\/fr\/author\/lbourmaud\/\"\r\n\t\t\ttitle=\"Secr\u00e9tariat OVLGC\"\r\n\t\t\t>\r\n\t\t\t\tSecr\u00e9tariat OVLGC\t\t\t<\/a>\r\n\t\t<\/span>\r\n\r\n\t\t<\/div>\r\n\t\t\t\t\t\t\t\t\t<\/div>\r\n\t\t\t<\/div>\r\n\r\n\t\t\t\r\n\t\t\t<div class=\"cm-post\">\r\n\t\t\t\t\r\n\t\t\t\t<div class=\"cm-post-content\">\r\n\t\t\t\t\t<div class=\"cm-entry-header-meta\"><div class=\"cm-post-categories\"><a href=\"https:\/\/www.ovlgc.org\/fr\/category\/restauration-scolaire-centre-de-ressources\/\" style=\"background:#8224e3\" rel=\"category tag\">Restauration scolaire<\/a><\/div><\/div>\t\t<h3 class=\"cm-entry-title\">\r\n\t\t\t<a href=\"https:\/\/www.ovlgc.org\/fr\/arret-de-la-cour-administrative-dappel-de-lyon-concernant-la-commune-de-chalons\/\" title=\"Arr\u00eat de la Cour Administrative d\u2019Appel de Lyon concernant la commune de Chalon sur Sa\u00f4ne\">\r\n\t\t\t\tArr\u00eat de la Cour Administrative d\u2019Appel de Lyon concernant la commune de Chalon sur Sa\u00f4ne\t\t\t<\/a>\r\n\t\t<\/h3>\r\n\t\t<div class=\"cm-below-entry-meta \"><span class=\"cm-post-date\"><a href=\"https:\/\/www.ovlgc.org\/fr\/arret-de-la-cour-administrative-dappel-de-lyon-concernant-la-commune-de-chalons\/\" title=\"14 h 54 min\" rel=\"bookmark\"><svg class=\"cm-icon cm-icon--calendar-fill\" xmlns=\"http:\/\/www.w3.org\/2000\/svg\" viewBox=\"0 0 24 24\"><path d=\"M21.1 6.6v1.6c0 .6-.4 1-1 1H3.9c-.6 0-1-.4-1-1V6.6c0-1.5 1.3-2.8 2.8-2.8h1.7V3c0-.6.4-1 1-1s1 .4 1 1v.8h5.2V3c0-.6.4-1 1-1s1 .4 1 1v.8h1.7c1.5 0 2.8 1.3 2.8 2.8zm-1 4.6H3.9c-.6 0-1 .4-1 1v7c0 1.5 1.3 2.8 2.8 2.8h12.6c1.5 0 2.8-1.3 2.8-2.8v-7c0-.6-.4-1-1-1z\"><\/path><\/svg> <time class=\"entry-date published updated\" datetime=\"2018-11-14T14:54:08+01:00\">14 novembre 2018<\/time><\/a><\/span>\r\n\t\t<span class=\"cm-author cm-vcard\">\r\n\t\t\t<svg class=\"cm-icon cm-icon--user\" xmlns=\"http:\/\/www.w3.org\/2000\/svg\" viewBox=\"0 0 24 24\"><path d=\"M7 7c0-2.8 2.2-5 5-5s5 2.2 5 5-2.2 5-5 5-5-2.2-5-5zm9 7H8c-2.8 0-5 2.2-5 5v2c0 .6.4 1 1 1h16c.6 0 1-.4 1-1v-2c0-2.8-2.2-5-5-5z\"><\/path><\/svg>\t\t\t<a class=\"url fn n\"\r\n\t\t\thref=\"https:\/\/www.ovlgc.org\/fr\/author\/lbourmaud\/\"\r\n\t\t\ttitle=\"Secr\u00e9tariat OVLGC\"\r\n\t\t\t>\r\n\t\t\t\tSecr\u00e9tariat OVLGC\t\t\t<\/a>\r\n\t\t<\/span>\r\n\r\n\t\t<\/div>\r\n\t\t\t\t\t\t\t\t\t<\/div>\r\n\t\t\t<\/div>\r\n\r\n\t\t\t<\/div><\/div><\/div><\/div><div id=\"pgc-56-2-1\"  class=\"panel-grid-cell\" ><div id=\"panel-56-2-1-0\" class=\"so-panel widget widget_colormag_featured_posts_vertical_widget cm-featured-posts cm-featured-posts--style-2 panel-first-child panel-last-child\" data-index=\"11\" ><div class=\"panel-widget-style panel-widget-style-for-56-2-1-0\" >\r\n\t\t<div class=\"cm-first-post\">\r\n\t\t\t<div class=\"cm-post\">\r\n\t\t\t\t\r\n\t\t\t\t<div class=\"cm-post-content\">\r\n\t\t\t\t\t<div class=\"cm-entry-header-meta\"><div class=\"cm-post-categories\"><a href=\"https:\/\/www.ovlgc.org\/fr\/category\/service-public\/\" rel=\"category tag\">Service Public<\/a><\/div><\/div>\t\t<h3 class=\"cm-entry-title\">\r\n\t\t\t<a href=\"https:\/\/www.ovlgc.org\/fr\/a-propos-du-service-national-universel\/\" title=\"A propos du Service National Universel\">\r\n\t\t\t\tA propos du Service National Universel\t\t\t<\/a>\r\n\t\t<\/h3>\r\n\t\t<div class=\"cm-below-entry-meta \"><span class=\"cm-post-date\"><a href=\"https:\/\/www.ovlgc.org\/fr\/a-propos-du-service-national-universel\/\" title=\"8 h 46 min\" rel=\"bookmark\"><svg class=\"cm-icon cm-icon--calendar-fill\" xmlns=\"http:\/\/www.w3.org\/2000\/svg\" viewBox=\"0 0 24 24\"><path d=\"M21.1 6.6v1.6c0 .6-.4 1-1 1H3.9c-.6 0-1-.4-1-1V6.6c0-1.5 1.3-2.8 2.8-2.8h1.7V3c0-.6.4-1 1-1s1 .4 1 1v.8h5.2V3c0-.6.4-1 1-1s1 .4 1 1v.8h1.7c1.5 0 2.8 1.3 2.8 2.8zm-1 4.6H3.9c-.6 0-1 .4-1 1v7c0 1.5 1.3 2.8 2.8 2.8h12.6c1.5 0 2.8-1.3 2.8-2.8v-7c0-.6-.4-1-1-1z\"><\/path><\/svg> <time class=\"entry-date published updated\" datetime=\"2019-01-18T08:46:25+01:00\">18 janvier 2019<\/time><\/a><\/span>\r\n\t\t<span class=\"cm-author cm-vcard\">\r\n\t\t\t<svg class=\"cm-icon cm-icon--user\" xmlns=\"http:\/\/www.w3.org\/2000\/svg\" viewBox=\"0 0 24 24\"><path d=\"M7 7c0-2.8 2.2-5 5-5s5 2.2 5 5-2.2 5-5 5-5-2.2-5-5zm9 7H8c-2.8 0-5 2.2-5 5v2c0 .6.4 1 1 1h16c.6 0 1-.4 1-1v-2c0-2.8-2.2-5-5-5z\"><\/path><\/svg>\t\t\t<a class=\"url fn n\"\r\n\t\t\thref=\"https:\/\/www.ovlgc.org\/fr\/author\/lbourmaud\/\"\r\n\t\t\ttitle=\"Secr\u00e9tariat OVLGC\"\r\n\t\t\t>\r\n\t\t\t\tSecr\u00e9tariat OVLGC\t\t\t<\/a>\r\n\t\t<\/span>\r\n\r\n\t\t<\/div>\r\n\t\t\t\t\t\t\t\t\t\t\t<div class=\"cm-entry-summary\">\r\n\t\t\t\t\t\t\t<div class=\"acpwd-container\" id=\"acpwd-1515\">\n<p class=\"acpwd-info-message\">Ce contenu est r\u00e9serv\u00e9 aux adh\u00e9rents de l&rsquo;OVLGC; veuillez indiquer le mot de passe ci-dessous pour y acc\u00e9der ou identifiez-vous.<\/p>\n<form class=\"acpwd-form\" action=\"\/fr\/wp-json\/wp\/v2\/pages\/56#acpwd-1515\" method=\"post\">\n\t<input class=\"acpwd-pass\" type=\"password\" name=\"acpwd-pass\" placeholder=\"tapez votre mot de passe ici\"><input class=\"acpwd-submit\" type=\"submit\" value=\"Acc\u00e9der\"><br \/>\n<\/form>\n<\/div>\n\t\t\t\t\t\t<\/div>\r\n\t\t\t\t\t\t\t\t\t<\/div>\r\n\t\t\t<\/div>\r\n\r\n\t\t\t<\/div><\/div><\/div><\/div><div id=\"pgc-56-2-2\"  class=\"panel-grid-cell\" ><div id=\"panel-56-2-2-0\" class=\"so-panel widget widget_colormag_featured_posts_vertical_widget cm-featured-posts cm-featured-posts--style-2 panel-first-child panel-last-child\" data-index=\"12\" ><div class=\"panel-widget-style panel-widget-style-for-56-2-2-0\" >\r\n\t\t<div class=\"cm-first-post\">\r\n\t\t\t<div class=\"cm-post\">\r\n\t\t\t\t\r\n\t\t\t\t<div class=\"cm-post-content\">\r\n\t\t\t\t\t<div class=\"cm-entry-header-meta\"><div class=\"cm-post-categories\"><a href=\"https:\/\/www.ovlgc.org\/fr\/category\/sport\/\" style=\"background:#8224e3\" rel=\"category tag\">Sport<\/a><\/div><\/div>\t\t<h3 class=\"cm-entry-title\">\r\n\t\t\t<a href=\"https:\/\/www.ovlgc.org\/fr\/un-bel-hommage-a-blue-girl\/\" title=\"Un bel hommage \u00e0 Blue Girl\">\r\n\t\t\t\tUn bel hommage \u00e0 Blue Girl\t\t\t<\/a>\r\n\t\t<\/h3>\r\n\t\t<div class=\"cm-below-entry-meta \"><span class=\"cm-post-date\"><a href=\"https:\/\/www.ovlgc.org\/fr\/un-bel-hommage-a-blue-girl\/\" title=\"16 h 52 min\" rel=\"bookmark\"><svg class=\"cm-icon cm-icon--calendar-fill\" xmlns=\"http:\/\/www.w3.org\/2000\/svg\" viewBox=\"0 0 24 24\"><path d=\"M21.1 6.6v1.6c0 .6-.4 1-1 1H3.9c-.6 0-1-.4-1-1V6.6c0-1.5 1.3-2.8 2.8-2.8h1.7V3c0-.6.4-1 1-1s1 .4 1 1v.8h5.2V3c0-.6.4-1 1-1s1 .4 1 1v.8h1.7c1.5 0 2.8 1.3 2.8 2.8zm-1 4.6H3.9c-.6 0-1 .4-1 1v7c0 1.5 1.3 2.8 2.8 2.8h12.6c1.5 0 2.8-1.3 2.8-2.8v-7c0-.6-.4-1-1-1z\"><\/path><\/svg> <time class=\"entry-date published updated\" datetime=\"2019-10-08T16:52:52+02:00\">8 octobre 2019<\/time><\/a><\/span>\r\n\t\t<span class=\"cm-author cm-vcard\">\r\n\t\t\t<svg class=\"cm-icon cm-icon--user\" xmlns=\"http:\/\/www.w3.org\/2000\/svg\" viewBox=\"0 0 24 24\"><path d=\"M7 7c0-2.8 2.2-5 5-5s5 2.2 5 5-2.2 5-5 5-5-2.2-5-5zm9 7H8c-2.8 0-5 2.2-5 5v2c0 .6.4 1 1 1h16c.6 0 1-.4 1-1v-2c0-2.8-2.2-5-5-5z\"><\/path><\/svg>\t\t\t<a class=\"url fn n\"\r\n\t\t\thref=\"https:\/\/www.ovlgc.org\/fr\/author\/lbourmaud\/\"\r\n\t\t\ttitle=\"Secr\u00e9tariat OVLGC\"\r\n\t\t\t>\r\n\t\t\t\tSecr\u00e9tariat OVLGC\t\t\t<\/a>\r\n\t\t<\/span>\r\n\r\n\t\t<\/div>\r\n\t\t\t\t\t\t\t\t\t\t\t<div class=\"cm-entry-summary\">\r\n\t\t\t\t\t\t\t<div class=\"acpwd-container\" id=\"acpwd-2546\">\n<p class=\"acpwd-info-message\">Ce contenu est r\u00e9serv\u00e9 aux adh\u00e9rents de l&rsquo;OVLGC; veuillez indiquer le mot de passe ci-dessous pour y acc\u00e9der ou identifiez-vous.<\/p>\n<form class=\"acpwd-form\" action=\"\/fr\/wp-json\/wp\/v2\/pages\/56#acpwd-2546\" method=\"post\">\n\t<input class=\"acpwd-pass\" type=\"password\" name=\"acpwd-pass\" placeholder=\"tapez votre mot de passe ici\"><input class=\"acpwd-submit\" type=\"submit\" value=\"Acc\u00e9der\"><br \/>\n<\/form>\n<\/div>\n\t\t\t\t\t\t<\/div>\r\n\t\t\t\t\t\t\t\t\t<\/div>\r\n\t\t\t<\/div>\r\n\r\n\t\t\t<\/div><div class=\"cm-posts\">\r\n\t\t\t<div class=\"cm-post\">\r\n\t\t\t\t\r\n\t\t\t\t<div class=\"cm-post-content\">\r\n\t\t\t\t\t<div class=\"cm-entry-header-meta\"><div class=\"cm-post-categories\"><a href=\"https:\/\/www.ovlgc.org\/fr\/category\/sport\/\" style=\"background:#8224e3\" rel=\"category tag\">Sport<\/a><\/div><\/div>\t\t<h3 class=\"cm-entry-title\">\r\n\t\t\t<a href=\"https:\/\/www.ovlgc.org\/fr\/le-temps-du-sport-nest-pas-celui-de-la-religion\/\" title=\"Le temps du sport n&rsquo;est pas celui de la religion\">\r\n\t\t\t\tLe temps du sport n&rsquo;est pas celui de la religion\t\t\t<\/a>\r\n\t\t<\/h3>\r\n\t\t<div class=\"cm-below-entry-meta \"><span class=\"cm-post-date\"><a href=\"https:\/\/www.ovlgc.org\/fr\/le-temps-du-sport-nest-pas-celui-de-la-religion\/\" title=\"15 h 21 min\" rel=\"bookmark\"><svg class=\"cm-icon cm-icon--calendar-fill\" xmlns=\"http:\/\/www.w3.org\/2000\/svg\" viewBox=\"0 0 24 24\"><path d=\"M21.1 6.6v1.6c0 .6-.4 1-1 1H3.9c-.6 0-1-.4-1-1V6.6c0-1.5 1.3-2.8 2.8-2.8h1.7V3c0-.6.4-1 1-1s1 .4 1 1v.8h5.2V3c0-.6.4-1 1-1s1 .4 1 1v.8h1.7c1.5 0 2.8 1.3 2.8 2.8zm-1 4.6H3.9c-.6 0-1 .4-1 1v7c0 1.5 1.3 2.8 2.8 2.8h12.6c1.5 0 2.8-1.3 2.8-2.8v-7c0-.6-.4-1-1-1z\"><\/path><\/svg> <time class=\"entry-date published updated\" datetime=\"2019-10-08T15:21:48+02:00\">8 octobre 2019<\/time><\/a><\/span>\r\n\t\t<span class=\"cm-author cm-vcard\">\r\n\t\t\t<svg class=\"cm-icon cm-icon--user\" xmlns=\"http:\/\/www.w3.org\/2000\/svg\" viewBox=\"0 0 24 24\"><path d=\"M7 7c0-2.8 2.2-5 5-5s5 2.2 5 5-2.2 5-5 5-5-2.2-5-5zm9 7H8c-2.8 0-5 2.2-5 5v2c0 .6.4 1 1 1h16c.6 0 1-.4 1-1v-2c0-2.8-2.2-5-5-5z\"><\/path><\/svg>\t\t\t<a class=\"url fn n\"\r\n\t\t\thref=\"https:\/\/www.ovlgc.org\/fr\/author\/lbourmaud\/\"\r\n\t\t\ttitle=\"Secr\u00e9tariat OVLGC\"\r\n\t\t\t>\r\n\t\t\t\tSecr\u00e9tariat OVLGC\t\t\t<\/a>\r\n\t\t<\/span>\r\n\r\n\t\t<\/div>\r\n\t\t\t\t\t\t\t\t\t<\/div>\r\n\t\t\t<\/div>\r\n\r\n\t\t\t\r\n\t\t\t<div class=\"cm-post\">\r\n\t\t\t\t\r\n\t\t\t\t<div class=\"cm-post-content\">\r\n\t\t\t\t\t<div class=\"cm-entry-header-meta\"><div class=\"cm-post-categories\"><a href=\"https:\/\/www.ovlgc.org\/fr\/category\/sport\/\" style=\"background:#8224e3\" rel=\"category tag\">Sport<\/a><\/div><\/div>\t\t<h3 class=\"cm-entry-title\">\r\n\t\t\t<a href=\"https:\/\/www.ovlgc.org\/fr\/la-loi-de-1905-ninstaure-pas-de-police-du-vetement\/\" title=\"La loi de 1905 n&rsquo;instaure pas de police du v\u00eatement\">\r\n\t\t\t\tLa loi de 1905 n&rsquo;instaure pas de police du v\u00eatement\t\t\t<\/a>\r\n\t\t<\/h3>\r\n\t\t<div class=\"cm-below-entry-meta \"><span class=\"cm-post-date\"><a href=\"https:\/\/www.ovlgc.org\/fr\/la-loi-de-1905-ninstaure-pas-de-police-du-vetement\/\" title=\"12 h 14 min\" rel=\"bookmark\"><svg class=\"cm-icon cm-icon--calendar-fill\" xmlns=\"http:\/\/www.w3.org\/2000\/svg\" viewBox=\"0 0 24 24\"><path d=\"M21.1 6.6v1.6c0 .6-.4 1-1 1H3.9c-.6 0-1-.4-1-1V6.6c0-1.5 1.3-2.8 2.8-2.8h1.7V3c0-.6.4-1 1-1s1 .4 1 1v.8h5.2V3c0-.6.4-1 1-1s1 .4 1 1v.8h1.7c1.5 0 2.8 1.3 2.8 2.8zm-1 4.6H3.9c-.6 0-1 .4-1 1v7c0 1.5 1.3 2.8 2.8 2.8h12.6c1.5 0 2.8-1.3 2.8-2.8v-7c0-.6-.4-1-1-1z\"><\/path><\/svg> <time class=\"entry-date published updated\" datetime=\"2019-10-08T12:14:14+02:00\">8 octobre 2019<\/time><\/a><\/span>\r\n\t\t<span class=\"cm-author cm-vcard\">\r\n\t\t\t<svg class=\"cm-icon cm-icon--user\" xmlns=\"http:\/\/www.w3.org\/2000\/svg\" viewBox=\"0 0 24 24\"><path d=\"M7 7c0-2.8 2.2-5 5-5s5 2.2 5 5-2.2 5-5 5-5-2.2-5-5zm9 7H8c-2.8 0-5 2.2-5 5v2c0 .6.4 1 1 1h16c.6 0 1-.4 1-1v-2c0-2.8-2.2-5-5-5z\"><\/path><\/svg>\t\t\t<a class=\"url fn n\"\r\n\t\t\thref=\"https:\/\/www.ovlgc.org\/fr\/author\/lbourmaud\/\"\r\n\t\t\ttitle=\"Secr\u00e9tariat OVLGC\"\r\n\t\t\t>\r\n\t\t\t\tSecr\u00e9tariat OVLGC\t\t\t<\/a>\r\n\t\t<\/span>\r\n\r\n\t\t<\/div>\r\n\t\t\t\t\t\t\t\t\t<\/div>\r\n\t\t\t<\/div>\r\n\r\n\t\t\t\r\n\t\t\t<div class=\"cm-post\">\r\n\t\t\t\t\r\n\t\t\t\t<div class=\"cm-post-content\">\r\n\t\t\t\t\t<div class=\"cm-entry-header-meta\"><div class=\"cm-post-categories\"><a href=\"https:\/\/www.ovlgc.org\/fr\/category\/sport\/\" style=\"background:#8224e3\" rel=\"category tag\">Sport<\/a><\/div><\/div>\t\t<h3 class=\"cm-entry-title\">\r\n\t\t\t<a href=\"https:\/\/www.ovlgc.org\/fr\/la-defense-des-valeurs-olympiques-universelles\/\" title=\"La D\u00e9fense des Valeurs Olympiques Universelles\">\r\n\t\t\t\tLa D\u00e9fense des Valeurs Olympiques Universelles\t\t\t<\/a>\r\n\t\t<\/h3>\r\n\t\t<div class=\"cm-below-entry-meta \"><span class=\"cm-post-date\"><a href=\"https:\/\/www.ovlgc.org\/fr\/la-defense-des-valeurs-olympiques-universelles\/\" title=\"18 h 48 min\" rel=\"bookmark\"><svg class=\"cm-icon cm-icon--calendar-fill\" xmlns=\"http:\/\/www.w3.org\/2000\/svg\" viewBox=\"0 0 24 24\"><path d=\"M21.1 6.6v1.6c0 .6-.4 1-1 1H3.9c-.6 0-1-.4-1-1V6.6c0-1.5 1.3-2.8 2.8-2.8h1.7V3c0-.6.4-1 1-1s1 .4 1 1v.8h5.2V3c0-.6.4-1 1-1s1 .4 1 1v.8h1.7c1.5 0 2.8 1.3 2.8 2.8zm-1 4.6H3.9c-.6 0-1 .4-1 1v7c0 1.5 1.3 2.8 2.8 2.8h12.6c1.5 0 2.8-1.3 2.8-2.8v-7c0-.6-.4-1-1-1z\"><\/path><\/svg> <time class=\"entry-date published updated\" datetime=\"2019-05-08T18:48:04+02:00\">8 mai 2019<\/time><\/a><\/span>\r\n\t\t<span class=\"cm-author cm-vcard\">\r\n\t\t\t<svg class=\"cm-icon cm-icon--user\" xmlns=\"http:\/\/www.w3.org\/2000\/svg\" viewBox=\"0 0 24 24\"><path d=\"M7 7c0-2.8 2.2-5 5-5s5 2.2 5 5-2.2 5-5 5-5-2.2-5-5zm9 7H8c-2.8 0-5 2.2-5 5v2c0 .6.4 1 1 1h16c.6 0 1-.4 1-1v-2c0-2.8-2.2-5-5-5z\"><\/path><\/svg>\t\t\t<a class=\"url fn n\"\r\n\t\t\thref=\"https:\/\/www.ovlgc.org\/fr\/author\/lbourmaud\/\"\r\n\t\t\ttitle=\"Secr\u00e9tariat OVLGC\"\r\n\t\t\t>\r\n\t\t\t\tSecr\u00e9tariat OVLGC\t\t\t<\/a>\r\n\t\t<\/span>\r\n\r\n\t\t<\/div>\r\n\t\t\t\t\t\t\t\t\t<\/div>\r\n\t\t\t<\/div>\r\n\r\n\t\t\t<\/div><\/div><\/div><\/div><div id=\"pgc-56-2-3\"  class=\"panel-grid-cell panel-grid-cell-empty panel-grid-cell-mobile-last\" ><\/div><div id=\"pgc-56-2-4\"  class=\"panel-grid-cell panel-grid-cell-empty\" ><\/div><\/div><div id=\"pg-56-3\"  class=\"panel-grid panel-has-style\" ><div class=\"siteorigin-panels-stretch panel-row-style panel-row-style-for-56-3\" data-stretch-type=\"full\" ><div id=\"pgc-56-3-0\"  class=\"panel-grid-cell\" ><div id=\"panel-56-3-0-0\" class=\"so-panel widget widget_sfp_page_plugin_widget panel-first-child panel-last-child\" data-index=\"13\" ><!-- SFPlugin by topdevs.net -->\n<!-- Page Plugin Code START -->\n<div\n\tclass=\"sfp-container\"\n\tdata-sfp-embed=\"1\"\n\tdata-sfp-url=\"https:\/\/www.facebook.com\/ovlgc\"\n\tdata-sfp-width=\"500\"\n\tdata-sfp-height=\"400\"\n\tdata-sfp-hide-cover=\"false\"\n\tdata-sfp-show-facepile=\"false\"\n\tdata-sfp-small-header=\"false\"\n\tdata-sfp-tabs=\"timeline,events,messages\"\n\tdata-sfp-locale=\"fr_FR\"\n\tdata-sfp-click-to-load=\"0\"\n\tdata-sfp-lazy=\"1\"\n>\n\t<button\n\t\ttype=\"button\"\n\t\tclass=\"sfp-placeholder\"\n\t\t style=\"background: linear-gradient(135deg, #e7f3ff 0%, #f5faff 100%); color: #1877f2\"\t\taria-label=\"Click to load Facebook content\"\t>\n\t\t\t<\/button>\n\t<div class=\"sfp-embed\" aria-live=\"polite\"><\/div>\n<\/div>\n<!-- Page Plugin Code END -->\n<\/div><\/div><div id=\"pgc-56-3-1\"  class=\"panel-grid-cell\" ><div id=\"panel-56-3-1-0\" class=\"widget_text so-panel widget widget_custom_html panel-first-child panel-last-child\" data-index=\"14\" ><div class=\"textwidget custom-html-widget\"><a class=\"twitter-timeline\" \ndata-chrome=\"nofooter\"\nheight=\"400px\"\nhref=\"https:\/\/twitter.com\/vigielaicite\">Tweets de @VigieLa\u00efcit\u00e9<\/a> <script async src=\"https:\/\/platform.twitter.com\/widgets.js\" charset=\"utf-8\"><\/script><\/div><\/div><\/div><\/div><\/div><\/div>","protected":false},"excerpt":{"rendered":"<p>Collectivit\u00e9 Territoriale Deux jugements du tribunal administratif de Paris concernant la charte \u00e0 l&rsquo;\u00e9gard des associations b\u00e9n\u00e9ficiant de subventions publiques<\/p>\n","protected":false},"author":1,"featured_media":0,"parent":0,"menu_order":0,"comment_status":"closed","ping_status":"closed","template":"","meta":{"footnotes":""},"class_list":["post-56","page","type-page","status-publish","hentry"],"_links":{"self":[{"href":"https:\/\/www.ovlgc.org\/fr\/wp-json\/wp\/v2\/pages\/56","targetHints":{"allow":["GET"]}}],"collection":[{"href":"https:\/\/www.ovlgc.org\/fr\/wp-json\/wp\/v2\/pages"}],"about":[{"href":"https:\/\/www.ovlgc.org\/fr\/wp-json\/wp\/v2\/types\/page"}],"author":[{"embeddable":true,"href":"https:\/\/www.ovlgc.org\/fr\/wp-json\/wp\/v2\/users\/1"}],"replies":[{"embeddable":true,"href":"https:\/\/www.ovlgc.org\/fr\/wp-json\/wp\/v2\/comments?post=56"}],"version-history":[{"count":262,"href":"https:\/\/www.ovlgc.org\/fr\/wp-json\/wp\/v2\/pages\/56\/revisions"}],"predecessor-version":[{"id":4492,"href":"https:\/\/www.ovlgc.org\/fr\/wp-json\/wp\/v2\/pages\/56\/revisions\/4492"}],"wp:attachment":[{"href":"https:\/\/www.ovlgc.org\/fr\/wp-json\/wp\/v2\/media?parent=56"}],"curies":[{"name":"wp","href":"https:\/\/api.w.org\/{rel}","templated":true}]}}