{"id":400,"date":"2018-10-02T22:08:08","date_gmt":"2018-10-02T20:08:08","guid":{"rendered":"http:\/\/ovlgc.org\/fr\/?page_id=400"},"modified":"2024-11-27T11:32:54","modified_gmt":"2024-11-27T10:32:54","slug":"accueil","status":"publish","type":"page","link":"https:\/\/www.ovlgc.org\/fr\/","title":{"rendered":"Accueil"},"content":{"rendered":"<div id=\"pl-400\"  class=\"panel-layout\" ><div id=\"pg-400-0\"  class=\"panel-grid panel-has-style\" ><div class=\"siteorigin-panels-stretch panel-row-style panel-row-style-for-400-0\" data-stretch-type=\"full\" ><div id=\"pgc-400-0-0\"  class=\"panel-grid-cell\" ><div id=\"panel-400-0-0-0\" class=\"so-panel widget widget_siteorigin-panels-builder panel-first-child panel-last-child\" data-index=\"0\" ><div id=\"pl-w6272d2408b8c8\"  class=\"panel-layout\" ><div id=\"pg-w6272d2408b8c8-0\"  class=\"panel-grid panel-no-style\" ><div id=\"pgc-w6272d2408b8c8-0-0\"  class=\"panel-grid-cell\" ><div id=\"panel-w6272d2408b8c8-0-0-0\" class=\"so-panel widget widget_text panel-first-child panel-last-child\" data-index=\"0\" >\t\t\t<div class=\"textwidget\">\n\t\t\t<!-- START Slider 1 REVOLUTION SLIDER 6.5.21 --><p class=\"rs-p-wp-fix\"><\/p>\n\t\t\t<rs-module-wrap id=\"rev_slider_1_1_wrapper\" data-source=\"gallery\" style=\"visibility:hidden;background:transparent;padding:0;margin:0px auto;margin-top:0;margin-bottom:0;\">\n\t\t\t\t<rs-module id=\"rev_slider_1_1\" style=\"\" data-version=\"6.5.21\">\n\t\t\t\t\t<rs-slides>\n\t\t\t\t\t\t<rs-slide style=\"position: absolute;\" data-key=\"rs-1\" data-title=\"Slide\" data-in=\"o:0;\" data-out=\"a:false;\">\n\t\t\t\t\t\t\t<img loading=\"lazy\" decoding=\"async\" src=\"\/\/www.ovlgc.org\/fr\/wp-content\/plugins\/revslider\/public\/assets\/assets\/dummy.png\" alt=\"\" title=\"ovlgc-header-image\" width=\"2500\" height=\"500\" class=\"rev-slidebg tp-rs-img rs-lazyload\" data-lazyload=\"\/\/www.ovlgc.org\/fr\/wp-content\/uploads\/2022\/05\/ovlgc-header-image.jpg\" data-no-retina>\n<!--\n\t\t\t\t\t\t\t--><rs-layer\n\t\t\t\t\t\t\t\tid=\"slider-1-slide-1-layer-1\" \n\t\t\t\t\t\t\t\tdata-type=\"text\"\n\t\t\t\t\t\t\t\tdata-color=\"#ffffff\"\n\t\t\t\t\t\t\t\tdata-rsp_ch=\"on\"\n\t\t\t\t\t\t\t\tdata-xy=\"x:c;y:236px;\"\n\t\t\t\t\t\t\t\tdata-text=\"w:normal;s:42;l:40;a:center;\"\n\t\t\t\t\t\t\t\tdata-padding=\"t:5;r:10;b:5;l:10;\"\n\t\t\t\t\t\t\t\tdata-border=\"bos:solid;boc:#ffffff;bow:2px,2px,2px,2px;\"\n\t\t\t\t\t\t\t\tdata-frame_0=\"y:-50;\"\n\t\t\t\t\t\t\t\tdata-frame_1=\"st:200;sp:1000;\"\n\t\t\t\t\t\t\t\tdata-frame_999=\"o:0;st:w;\"\n\t\t\t\t\t\t\t\tstyle=\"z-index:11;font-family:'Source Sans 3';\"\n\t\t\t\t\t\t\t>L'Observatoire  Vend\u00e9en de la La\u00efcit\u00e9<br \/>\nGeorges Cl\u00e9menceau \n\t\t\t\t\t\t\t<\/rs-layer><!--\n\n\t\t\t\t\t\t\t--><rs-layer\n\t\t\t\t\t\t\t\tid=\"slider-1-slide-1-layer-2\" \n\t\t\t\t\t\t\t\tdata-type=\"text\"\n\t\t\t\t\t\t\t\tdata-color=\"#ffffff\"\n\t\t\t\t\t\t\t\tdata-rsp_ch=\"on\"\n\t\t\t\t\t\t\t\tdata-xy=\"x:722px;y:343px;\"\n\t\t\t\t\t\t\t\tdata-text=\"w:normal;s:30;a:center;\"\n\t\t\t\t\t\t\t\tdata-padding=\"t:5;r:10;b:5;l:10;\"\n\t\t\t\t\t\t\t\tdata-border=\"bow:2px,2px,2px,2px;\"\n\t\t\t\t\t\t\t\tdata-frame_0=\"x:left;\"\n\t\t\t\t\t\t\t\tdata-frame_1=\"st:1000;sp:3000;\"\n\t\t\t\t\t\t\t\tdata-frame_999=\"o:0;st:w;\"\n\t\t\t\t\t\t\t\tstyle=\"z-index:10;font-family:'Source Sans 3';\"\n\t\t\t\t\t\t\t>Veiller au respect de la La\u00efcit\u00e9 \n\t\t\t\t\t\t\t<\/rs-layer><!--\n\n\t\t\t\t\t\t\t--><rs-layer\n\t\t\t\t\t\t\t\tid=\"slider-1-slide-1-layer-3\" \n\t\t\t\t\t\t\t\tdata-type=\"text\"\n\t\t\t\t\t\t\t\tdata-color=\"#ffffff\"\n\t\t\t\t\t\t\t\tdata-rsp_ch=\"on\"\n\t\t\t\t\t\t\t\tdata-xy=\"x:c;y:398px;\"\n\t\t\t\t\t\t\t\tdata-text=\"w:normal;s:30;a:center;\"\n\t\t\t\t\t\t\t\tdata-padding=\"t:5;r:10;b:5;l:10;\"\n\t\t\t\t\t\t\t\tdata-border=\"bow:2px,2px,2px,2px;\"\n\t\t\t\t\t\t\t\tdata-frame_0=\"y:50;\"\n\t\t\t\t\t\t\t\tdata-frame_1=\"st:4000;sp:2000;\"\n\t\t\t\t\t\t\t\tdata-frame_999=\"o:0;st:w;\"\n\t\t\t\t\t\t\t\tstyle=\"z-index:8;font-family:'Source Sans 3';\"\n\t\t\t\t\t\t\t>Organiser des \u00e9v\u00e9nements : D\u00e9bats, Conf\u00e9rences, ... \n\t\t\t\t\t\t\t<\/rs-layer><!--\n\n\t\t\t\t\t\t\t--><rs-layer\n\t\t\t\t\t\t\t\tid=\"slider-1-slide-1-layer-4\" \n\t\t\t\t\t\t\t\tdata-type=\"text\"\n\t\t\t\t\t\t\t\tdata-color=\"#ffffff\"\n\t\t\t\t\t\t\t\tdata-rsp_ch=\"on\"\n\t\t\t\t\t\t\t\tdata-xy=\"x:1485px;y:349px;\"\n\t\t\t\t\t\t\t\tdata-text=\"w:normal;s:30;a:center;\"\n\t\t\t\t\t\t\t\tdata-padding=\"t:5;r:10;b:5;l:10;\"\n\t\t\t\t\t\t\t\tdata-border=\"bow:2px,2px,2px,2px;\"\n\t\t\t\t\t\t\t\tdata-frame_0=\"x:right;\"\n\t\t\t\t\t\t\t\tdata-frame_1=\"st:5990;sp:3000;\"\n\t\t\t\t\t\t\t\tdata-frame_999=\"o:0;st:w;\"\n\t\t\t\t\t\t\t\tstyle=\"z-index:9;font-family:'Source Sans 3';\"\n\t\t\t\t\t\t\t>Proposer des Ressources et des Formations \n\t\t\t\t\t\t\t<\/rs-layer><!--\n-->\t\t\t\t\t\t<\/rs-slide>\n\t\t\t\t\t<\/rs-slides>\n\t\t\t\t<\/rs-module>\n\t\t\t\t<script>\n\t\t\t\t\tsetREVStartSize({c: 'rev_slider_1_1',rl:[1240,1024,778,480],el:[500],gw:[2500],gh:[500],type:'standard',justify:'',layout:'fullwidth',mh:\"0\"});if (window.RS_MODULES!==undefined && window.RS_MODULES.modules!==undefined && window.RS_MODULES.modules[\"revslider11\"]!==undefined) {window.RS_MODULES.modules[\"revslider11\"].once = false;window.revapi1 = undefined;if (window.RS_MODULES.checkMinimal!==undefined) window.RS_MODULES.checkMinimal()}\n\t\t\t\t<\/script>\n\t\t\t<\/rs-module-wrap>\n\t\t\t<!-- END REVOLUTION SLIDER -->\n\n<\/div>\n\t\t<\/div><\/div><\/div><\/div><\/div><\/div><\/div><\/div><div id=\"pg-400-1\"  class=\"panel-grid panel-no-style\" ><div id=\"pgc-400-1-0\"  class=\"panel-grid-cell\" ><div id=\"panel-400-1-0-0\" class=\"so-panel widget widget_media_image panel-first-child\" data-index=\"1\" ><img loading=\"lazy\" decoding=\"async\" width=\"480\" height=\"345\" src=\"https:\/\/www.ovlgc.org\/fr\/wp-content\/uploads\/2018\/11\/c2019est-quoi-la-laicite-1.jpeg\" class=\"image wp-image-1051  attachment-full size-full\" alt=\"\" style=\"max-width: 100%; height: auto;\" srcset=\"https:\/\/www.ovlgc.org\/fr\/wp-content\/uploads\/2018\/11\/c2019est-quoi-la-laicite-1.jpeg 480w, https:\/\/www.ovlgc.org\/fr\/wp-content\/uploads\/2018\/11\/c2019est-quoi-la-laicite-1-300x216.jpeg 300w\" sizes=\"auto, (max-width: 480px) 100vw, 480px\" \/><\/div><div id=\"panel-400-1-0-1\" class=\"so-panel widget widget_text\" data-index=\"2\" >\t\t\t<div class=\"textwidget\"><p style=\"text-align: justify;\"><strong>Adh\u00e9rents de l&rsquo;Association ou Formateurs VRL, acc\u00e9dez au contenu prot\u00e9g\u00e9 du site web et\/ou au Centre de Ressources mis \u00e0 votre disposition en fonction de votre statut :<\/strong><\/p>\n<\/div>\n\t\t<\/div><div id=\"panel-400-1-0-2\" class=\"so-panel widget widget_siteorigin-panels-builder panel-last-child\" data-index=\"3\" ><div id=\"pl-w6281fd15d8b24\"  class=\"panel-layout\" ><div id=\"pg-w6281fd15d8b24-0\"  class=\"panel-grid panel-no-style\" ><div id=\"pgc-w6281fd15d8b24-0-0\"  class=\"panel-grid-cell\" ><div id=\"panel-w6281fd15d8b24-0-0-0\" class=\"so-panel widget widget_sow-button panel-first-child panel-last-child\" data-index=\"0\" ><div\n\t\t\t\n\t\t\tclass=\"so-widget-sow-button so-widget-sow-button-atom-71c77a9f92d0\"\n\t\t\t\n\t\t><div class=\"ow-button-base ow-button-align-center\"\n>\n\t\t\t<a\n\t\t\t\t\thref=\"https:\/\/www.ovlgc.org\/fr\/?sg_popup_preview_id=3868\"\n\t\t\t\t\tclass=\"sowb-button ow-icon-placement-left ow-button-hover\" \t>\n\t\t<span>\n\t\t\t\n\t\t\tADH\u00c9RENTS OVLGC\t\t<\/span>\n\t\t\t<\/a>\n\t<\/div>\n<\/div><\/div><\/div><div id=\"pgc-w6281fd15d8b24-0-1\"  class=\"panel-grid-cell\" ><div id=\"panel-w6281fd15d8b24-0-1-0\" class=\"so-panel widget widget_sow-button panel-first-child panel-last-child\" data-index=\"1\" ><div\n\t\t\t\n\t\t\tclass=\"so-widget-sow-button so-widget-sow-button-atom-b40ed210c967\"\n\t\t\t\n\t\t><div class=\"ow-button-base ow-button-align-center\"\n>\n\t\t\t<a\n\t\t\t\t\thref=\"https:\/\/www.ovlgc.org\/agora\/\"\n\t\t\t\t\tclass=\"sowb-button ow-icon-placement-left ow-button-hover\" target=\"_blank\" rel=\"noopener noreferrer\" \t>\n\t\t<span>\n\t\t\t\n\t\t\tFORMATEURS VRL\t\t<\/span>\n\t\t\t<\/a>\n\t<\/div>\n<\/div><\/div><\/div><\/div><\/div><\/div><\/div><div id=\"pgc-400-1-1\"  class=\"panel-grid-cell\" ><div id=\"panel-400-1-1-0\" class=\"so-panel widget widget_text panel-first-child panel-last-child\" data-index=\"4\" ><div class=\"panel-widget-style panel-widget-style-for-400-1-1-0\" >\t\t\t<div class=\"textwidget\"><h2><strong>Bienvenue sur le site de l&rsquo;OVLGC.<\/strong><\/h2>\n<p style=\"text-align: justify;\"><strong><em>Ce site a pour ambition de vous informer sur tout ce qui touche \u00e0 la La\u00efcit\u00e9, tant au niveau d\u00e9partemental que national. Ce site se veut \u00e0 la fois \u00e9volutif et interactif; vous pourrez\u00a0 ainsi nous aider \u00e0 le faire \u00e9voluer et surtout nous alerter sur ce que vous constatez, que ce soit sur votre lieu de travail ou sur votre lieu de vie. Pour cela, vous pouvez nous adresser un mail \u00e0 contact@ovlgc.org ou contacter directement un de nos correspondants locaux (Coordonn\u00e9es de nos correspondants locaux en cliquant <a href=\"https:\/\/www.ovlgc.org\/fr\/les-premiers-correspondants-locaux\/\">ICI<\/a><\/em>).<\/strong><\/p>\n<p style=\"text-align: justify;\"><em><strong>En plus de son r\u00f4le de veille, l&rsquo;OVLGC organise diff\u00e9rents \u00e9v\u00e9nements comme des conf\u00e9rences, des d\u00e9bats, &#8230;.et \u00e9labore au fil du temps un centre de ressources pour ceux qui nous sollicitent, en particulier dans le cadre du plan de formation \u00ab\u00a0Valeurs de la R\u00e9publique et La\u00efcit\u00e9\u00a0\u00bb (VRL).<\/strong><\/em><\/p>\n<p style=\"text-align: justify;\"><em><strong>N&rsquo;h\u00e9sitez pas \u00e0 cliquer sur le <\/strong><\/em><strong>menu<\/strong><em><strong> ci-dessus pour prendre connaissance de l&rsquo;ensemble des informations. Par exemple, si vous souhaitez conna\u00eetre nos informations les plus r\u00e9centes, cliquez sur l&rsquo;onglet \u00ab\u00a0<\/strong><\/em><strong>ACTUALIT\u00c9S\u00a0\u00bb<\/strong><em><strong>. (Vous pourrez \u00e0 tout moment revenir sur cette page d&rsquo;accueil en cliquant sur la petite maison , tout en haut \u00e0 gauche).<\/strong><\/em><\/p>\n<p style=\"text-align: justify;\">Jean BURNELEAU\u00a0 \u00a0 Co-Pr\u00e9sident\u00a0 \u00a0 \u00a0 \u00a0 \u00a0 \u00a0 \u00a0 \u00a0 \u00a0 \u00a0 \u00a0 \u00a0 \u00a0Dominique MONNERY\u00a0 \u00a0 \u00a0Co-Pr\u00e9sident<\/p>\n<p>&nbsp;<\/p>\n<p style=\"text-align: right;\">\n<\/div>\n\t\t<\/div><\/div><\/div><\/div><div id=\"pg-400-2\"  class=\"panel-grid panel-no-style\" ><div id=\"pgc-400-2-0\"  class=\"panel-grid-cell\" ><div id=\"panel-400-2-0-0\" class=\"so-panel widget widget_wplp_widget panel-first-child\" data-index=\"5\" ><style><\/style><div class=\"wplp_outside wplp_widget_3968\" style=\"max-width:100%;\"><span class=\"wpcu_block_title\">Derni\u00e8res Actualit\u00e9s<\/span><div id=\"wplp_widget_3968\" class=\"wplp_widget_default wplp_container vertical swiper wplp-swiper default cols2\" data-theme=\"default\" data-post=\"3968\" style=\"\" data-max-elts=\"30\" data-per-page=\"4\"><div class=\"wplp_listposts swiper-wrapper\" id=\"default_3968\" style=\"width: 100%;\" ><div class=\"swiper-slide\" style=\"\"><div class=\"insideframe\"><div id=\"wplp_box_top_3968_5369\" class=\"wpcu-front-box top equalHeightImg\" ><div class=\"wplp-box-item\"><a href=\"https:\/\/www.ovlgc.org\/fr\/lettre-aux-adherents-n10\/\"  class=\"thumbnail\"><span class=\"img_cropper\" style=\"margin-top:30px;margin-right:30px;margin-bottom:5px;margin-left:5px;max-width:100%;\"><img decoding=\"async\" src=\"https:\/\/www.ovlgc.org\/fr\/wp-content\/uploads\/2019\/02\/IMG_20190130_140511.jpg\" style=\"aspect-ratio:4\/3;\" srcset=\"\" alt=\"Lettre aux adh\u00e9rents OVLGC N\u00b010\" class=\"wplp_thumb\" \/><\/span><\/a><a href=\"https:\/\/www.ovlgc.org\/fr\/lettre-aux-adherents-n10\/\"  class=\"title\">Lettre aux adh\u00e9rents OVLGC N\u00b010<\/a><\/div><\/div><div id=\"wplp_box_left_3968_5369\" class=\"wpcu-front-box left wpcu-custom-position\" ><div class=\"wplp-box-item\"><\/div><\/div><div id=\"wplp_box_right_3968_5369\" class=\"wpcu-front-box right wpcu-custom-position\" ><div class=\"wplp-box-item\"><\/div><\/div><div id=\"wplp_box_bottom_3968_5369\" class=\"wpcu-front-box bottom \" ><div class=\"wplp-box-item\"><span class=\"date\">27 mars 2026<\/span><span class=\"text\"><span style=\"max-height:2.8em\" class=\"line_limit\">Veuillez trouver ci-apr\u00e8s la lettre aux adh\u00e9rents n\u00b010: de l\u2019OVLGC: &nbsp;<\/span><span style=\"margin-left:3px; max-height:2.8em\" class=\"line_limit\"> [...]<\/span><\/span><span class=\"custom_fields\">\n<!-- WPLP Unknown field: Custom_Fields -->\n<\/span><a href=\"https:\/\/www.ovlgc.org\/fr\/lettre-aux-adherents-n10\/\"  class=\"read-more\">Lire la suite\u2026<\/a><\/div><\/div><\/div><\/div><div class=\"swiper-slide\" style=\"\"><div class=\"insideframe\"><div id=\"wplp_box_top_3968_5356\" class=\"wpcu-front-box top equalHeightImg\" ><div class=\"wplp-box-item\"><a href=\"https:\/\/www.ovlgc.org\/fr\/les-valeurs-de-la-republique-une-nouvelle-fois-bafouees\/\"  class=\"thumbnail\"><span class=\"img_cropper\" style=\"margin-top:30px;margin-right:30px;margin-bottom:5px;margin-left:5px;max-width:100%;\"><img decoding=\"async\" src=\"https:\/\/www.ovlgc.org\/fr\/wp-content\/uploads\/2022\/05\/Reseau-VRL.jpg\" style=\"aspect-ratio:4\/3;\" srcset=\"\" alt=\"Les valeurs de la R\u00e9publique une nouvelle fois bafou\u00e9es en Vend\u00e9e.\" class=\"wplp_thumb\" \/><\/span><\/a><a href=\"https:\/\/www.ovlgc.org\/fr\/les-valeurs-de-la-republique-une-nouvelle-fois-bafouees\/\"  class=\"title\">Les valeurs de la R\u00e9publique une nouvelle fois bafou\u00e9es en Vend\u00e9e.<\/a><\/div><\/div><div id=\"wplp_box_left_3968_5356\" class=\"wpcu-front-box left wpcu-custom-position\" ><div class=\"wplp-box-item\"><\/div><\/div><div id=\"wplp_box_right_3968_5356\" class=\"wpcu-front-box right wpcu-custom-position\" ><div class=\"wplp-box-item\"><\/div><\/div><div id=\"wplp_box_bottom_3968_5356\" class=\"wpcu-front-box bottom \" ><div class=\"wplp-box-item\"><span class=\"date\">26 mars 2026<\/span><span class=\"text\"><span style=\"max-height:2.8em\" class=\"line_limit\">Entre les deux tours de la campagne des Municipales, les directeurs des \u00e9coles priv\u00e9es catholiques de Jeanne d&rsquo;Arc et de<\/span><span style=\"margin-left:3px; max-height:2.8em\" class=\"line_limit\"> [...]<\/span><\/span><span class=\"custom_fields\">\n<!-- WPLP Unknown field: Custom_Fields -->\n<\/span><a href=\"https:\/\/www.ovlgc.org\/fr\/les-valeurs-de-la-republique-une-nouvelle-fois-bafouees\/\"  class=\"read-more\">Lire la suite\u2026<\/a><\/div><\/div><\/div><\/div><div class=\"swiper-slide\" style=\"\"><div class=\"insideframe\"><div id=\"wplp_box_top_3968_5351\" class=\"wpcu-front-box top equalHeightImg\" ><div class=\"wplp-box-item\"><a href=\"https:\/\/www.ovlgc.org\/fr\/lenseignement-prive-catholique\/\"  class=\"thumbnail\"><span class=\"img_cropper\" style=\"margin-top:30px;margin-right:30px;margin-bottom:5px;margin-left:5px;max-width:100%;\"><img decoding=\"async\" src=\"https:\/\/www.ovlgc.org\/fr\/wp-content\/uploads\/2018\/06\/cropped-cropped-logo-OVLGC-PETIT-3-300x128.png\" style=\"aspect-ratio:4\/3;\" srcset=\"\" alt=\"L&rsquo;Enseignement priv\u00e9 catholique\" class=\"wplp_thumb\" \/><\/span><\/a><a href=\"https:\/\/www.ovlgc.org\/fr\/lenseignement-prive-catholique\/\"  class=\"title\">L&rsquo;Enseignement priv\u00e9 catholique<\/a><\/div><\/div><div id=\"wplp_box_left_3968_5351\" class=\"wpcu-front-box left wpcu-custom-position\" ><div class=\"wplp-box-item\"><\/div><\/div><div id=\"wplp_box_right_3968_5351\" class=\"wpcu-front-box right wpcu-custom-position\" ><div class=\"wplp-box-item\"><\/div><\/div><div id=\"wplp_box_bottom_3968_5351\" class=\"wpcu-front-box bottom \" ><div class=\"wplp-box-item\"><span class=\"date\">19 f\u00e9vrier 2026<\/span><span class=\"text\"><span style=\"max-height:2.8em\" class=\"line_limit\">Un certain nombre d&rsquo;\u00e9tablissements priv\u00e9s catholiques ont fait la une de la presse ces derniers mois. Il peut-\u00eatre int\u00e9ressant de<\/span><span style=\"margin-left:3px; max-height:2.8em\" class=\"line_limit\"> [...]<\/span><\/span><span class=\"custom_fields\">\n<!-- WPLP Unknown field: Custom_Fields -->\n<\/span><a href=\"https:\/\/www.ovlgc.org\/fr\/lenseignement-prive-catholique\/\"  class=\"read-more\">Lire la suite\u2026<\/a><\/div><\/div><\/div><\/div><div class=\"swiper-slide\" style=\"\"><div class=\"insideframe\"><div id=\"wplp_box_top_3968_5346\" class=\"wpcu-front-box top equalHeightImg\" ><div class=\"wplp-box-item\"><a href=\"https:\/\/www.ovlgc.org\/fr\/arbre-de-la-laicite-suite\/\"  class=\"thumbnail\"><span class=\"img_cropper\" style=\"margin-top:30px;margin-right:30px;margin-bottom:5px;margin-left:5px;max-width:100%;\"><img decoding=\"async\" src=\"https:\/\/www.ovlgc.org\/fr\/wp-content\/uploads\/2026\/02\/FB_IMG_1770719538771-200x300.jpg\" style=\"aspect-ratio:4\/3;\" srcset=\"\" alt=\"Arbre de la La\u00efcit\u00e9 (suite)\" class=\"wplp_thumb\" \/><\/span><\/a><a href=\"https:\/\/www.ovlgc.org\/fr\/arbre-de-la-laicite-suite\/\"  class=\"title\">Arbre de la La\u00efcit\u00e9 (suite)<\/a><\/div><\/div><div id=\"wplp_box_left_3968_5346\" class=\"wpcu-front-box left wpcu-custom-position\" ><div class=\"wplp-box-item\"><\/div><\/div><div id=\"wplp_box_right_3968_5346\" class=\"wpcu-front-box right wpcu-custom-position\" ><div class=\"wplp-box-item\"><\/div><\/div><div id=\"wplp_box_bottom_3968_5346\" class=\"wpcu-front-box bottom \" ><div class=\"wplp-box-item\"><span class=\"date\">10 f\u00e9vrier 2026<\/span><span class=\"text\"><span style=\"max-height:2.8em\" class=\"line_limit\">Apr\u00e8s l&rsquo;acte de vandalisme \u00e9voqu\u00e9 ces derniers jours, un nouvel arbre de la La\u00efcit\u00e9 a \u00e9t\u00e9 plant\u00e9 ce lundi 9<\/span><span style=\"margin-left:3px; max-height:2.8em\" class=\"line_limit\"> [...]<\/span><\/span><span class=\"custom_fields\">\n<!-- WPLP Unknown field: Custom_Fields -->\n<\/span><a href=\"https:\/\/www.ovlgc.org\/fr\/arbre-de-la-laicite-suite\/\"  class=\"read-more\">Lire la suite\u2026<\/a><\/div><\/div><\/div><\/div><div class=\"swiper-slide\" style=\"\"><div class=\"insideframe\"><div id=\"wplp_box_top_3968_5342\" class=\"wpcu-front-box top equalHeightImg\" ><div class=\"wplp-box-item\"><a href=\"https:\/\/www.ovlgc.org\/fr\/larbre-de-la-laicite-une-nouvelle-fois-saccage\/\"  class=\"thumbnail\"><span class=\"img_cropper\" style=\"margin-top:30px;margin-right:30px;margin-bottom:5px;margin-left:5px;max-width:100%;\"><img decoding=\"async\" src=\"https:\/\/www.ovlgc.org\/fr\/wp-content\/uploads\/2026\/01\/IMG_20251209_114503-300x134.jpg\" style=\"aspect-ratio:4\/3;\" srcset=\"\" alt=\"L&rsquo;Arbre de la La\u00efcit\u00e9 une nouvelle fois saccag\u00e9!\" class=\"wplp_thumb\" \/><\/span><\/a><a href=\"https:\/\/www.ovlgc.org\/fr\/larbre-de-la-laicite-une-nouvelle-fois-saccage\/\"  class=\"title\">L&rsquo;Arbre de la La\u00efcit\u00e9 une nouvelle fois saccag\u00e9!<\/a><\/div><\/div><div id=\"wplp_box_left_3968_5342\" class=\"wpcu-front-box left wpcu-custom-position\" ><div class=\"wplp-box-item\"><\/div><\/div><div id=\"wplp_box_right_3968_5342\" class=\"wpcu-front-box right wpcu-custom-position\" ><div class=\"wplp-box-item\"><\/div><\/div><div id=\"wplp_box_bottom_3968_5342\" class=\"wpcu-front-box bottom \" ><div class=\"wplp-box-item\"><span class=\"date\">26 janvier 2026<\/span><span class=\"text\"><span style=\"max-height:2.8em\" class=\"line_limit\">Une fois encore, un symbole de notre R\u00e9publique a \u00e9t\u00e9 attaqu\u00e9. L&rsquo;OVLGC a d\u00e9nonc\u00e9 ce fait en envoyant le communiqu\u00e9<\/span><span style=\"margin-left:3px; max-height:2.8em\" class=\"line_limit\"> [...]<\/span><\/span><span class=\"custom_fields\">\n<!-- WPLP Unknown field: Custom_Fields -->\n<\/span><a href=\"https:\/\/www.ovlgc.org\/fr\/larbre-de-la-laicite-une-nouvelle-fois-saccage\/\"  class=\"read-more\">Lire la suite\u2026<\/a><\/div><\/div><\/div><\/div><div class=\"swiper-slide\" style=\"\"><div class=\"insideframe\"><div id=\"wplp_box_top_3968_5267\" class=\"wpcu-front-box top equalHeightImg\" ><div class=\"wplp-box-item\"><a href=\"https:\/\/www.ovlgc.org\/fr\/la-newsletter-de-la-vigie-n-23\/\"  class=\"thumbnail\"><span class=\"img_cropper\" style=\"margin-top:30px;margin-right:30px;margin-bottom:5px;margin-left:5px;max-width:100%;\"><img decoding=\"async\" src=\"https:\/\/www.ovlgc.org\/fr\/wp-content\/uploads\/2022\/04\/ovlgc-photo-actu2-300x300.jpg\" style=\"aspect-ratio:4\/3;\" srcset=\"\" alt=\"La Newsletter de la Vigie n\u00b0 23\" class=\"wplp_thumb\" \/><\/span><\/a><a href=\"https:\/\/www.ovlgc.org\/fr\/la-newsletter-de-la-vigie-n-23\/\"  class=\"title\">La Newsletter de la Vigie n\u00b0 23<\/a><\/div><\/div><div id=\"wplp_box_left_3968_5267\" class=\"wpcu-front-box left wpcu-custom-position\" ><div class=\"wplp-box-item\"><\/div><\/div><div id=\"wplp_box_right_3968_5267\" class=\"wpcu-front-box right wpcu-custom-position\" ><div class=\"wplp-box-item\"><\/div><\/div><div id=\"wplp_box_bottom_3968_5267\" class=\"wpcu-front-box bottom \" ><div class=\"wplp-box-item\"><span class=\"date\">21 avril 2025<\/span><span class=\"text\"><span style=\"max-height:2.8em\" class=\"line_limit\">&nbsp; Face \u00e0 la radicalisation, quelles r\u00e9ponses ? Newsletter de la Vigie de la La\u00efcit\u00e9 n\u00b023 Cher\u00b7e\u00b7s ami\u00b7e\u00b7s, Cher\u00b7e\u00b7s abonn\u00e9\u00b7e\u00b7s<\/span><span style=\"margin-left:3px; max-height:2.8em\" class=\"line_limit\"> [...]<\/span><\/span><span class=\"custom_fields\">\n<!-- WPLP Unknown field: Custom_Fields -->\n<\/span><a href=\"https:\/\/www.ovlgc.org\/fr\/la-newsletter-de-la-vigie-n-23\/\"  class=\"read-more\">Lire la suite\u2026<\/a><\/div><\/div><\/div><\/div><div class=\"swiper-slide\" style=\"\"><div class=\"insideframe\"><div id=\"wplp_box_top_3968_5265\" class=\"wpcu-front-box top equalHeightImg\" ><div class=\"wplp-box-item\"><a href=\"https:\/\/www.ovlgc.org\/fr\/lettre-aux-adherents-n-8\/\"  class=\"thumbnail\"><span class=\"img_cropper\" style=\"margin-top:30px;margin-right:30px;margin-bottom:5px;margin-left:5px;max-width:100%;\"><img decoding=\"async\" src=\"https:\/\/www.ovlgc.org\/fr\/wp-content\/uploads\/2019\/02\/IMG_20190130_140511.jpg\" style=\"aspect-ratio:4\/3;\" srcset=\"\" alt=\"Lettre aux adh\u00e9rents n\u00b0 8\" class=\"wplp_thumb\" \/><\/span><\/a><a href=\"https:\/\/www.ovlgc.org\/fr\/lettre-aux-adherents-n-8\/\"  class=\"title\">Lettre aux adh\u00e9rents n\u00b0 8<\/a><\/div><\/div><div id=\"wplp_box_left_3968_5265\" class=\"wpcu-front-box left wpcu-custom-position\" ><div class=\"wplp-box-item\"><\/div><\/div><div id=\"wplp_box_right_3968_5265\" class=\"wpcu-front-box right wpcu-custom-position\" ><div class=\"wplp-box-item\"><\/div><\/div><div id=\"wplp_box_bottom_3968_5265\" class=\"wpcu-front-box bottom \" ><div class=\"wplp-box-item\"><span class=\"date\">26 mars 2025<\/span><span class=\"text\"><span style=\"max-height:2.8em\" class=\"line_limit\">Veuillez trouver ci-apr\u00e8s la lettre aux adh\u00e9rents n\u00b08 de l&rsquo;OVLGC:<\/span><span style=\"margin-left:3px; max-height:2.8em\" class=\"line_limit\"> [...]<\/span><\/span><span class=\"custom_fields\">\n<!-- WPLP Unknown field: Custom_Fields -->\n<\/span><a href=\"https:\/\/www.ovlgc.org\/fr\/lettre-aux-adherents-n-8\/\"  class=\"read-more\">Lire la suite\u2026<\/a><\/div><\/div><\/div><\/div><div class=\"swiper-slide\" style=\"\"><div class=\"insideframe\"><div id=\"wplp_box_top_3968_5258\" class=\"wpcu-front-box top equalHeightImg\" ><div class=\"wplp-box-item\"><a href=\"https:\/\/www.ovlgc.org\/fr\/la-derniere-publication-de-la-vigie-de-la-laicite-concernant-la-tenue-vestimentaire-dans-le-sport\/\"  class=\"thumbnail\"><span class=\"img_cropper\" style=\"margin-top:30px;margin-right:30px;margin-bottom:5px;margin-left:5px;max-width:100%;\"><img decoding=\"async\" src=\"https:\/\/www.ovlgc.org\/fr\/wp-content\/uploads\/2022\/04\/ovlgc-photo-actu2-300x300.jpg\" style=\"aspect-ratio:4\/3;\" srcset=\"\" alt=\"La derni\u00e8re publication de la Vigie de la La\u00efcit\u00e9 concernant la tenue vestimentaire dans le sport\" class=\"wplp_thumb\" \/><\/span><\/a><a href=\"https:\/\/www.ovlgc.org\/fr\/la-derniere-publication-de-la-vigie-de-la-laicite-concernant-la-tenue-vestimentaire-dans-le-sport\/\"  class=\"title\">La derni\u00e8re publication de la Vigie de la La\u00efcit\u00e9 concernant la tenue vestimentaire dans le sport<\/a><\/div><\/div><div id=\"wplp_box_left_3968_5258\" class=\"wpcu-front-box left wpcu-custom-position\" ><div class=\"wplp-box-item\"><\/div><\/div><div id=\"wplp_box_right_3968_5258\" class=\"wpcu-front-box right wpcu-custom-position\" ><div class=\"wplp-box-item\"><\/div><\/div><div id=\"wplp_box_bottom_3968_5258\" class=\"wpcu-front-box bottom \" ><div class=\"wplp-box-item\"><span class=\"date\">25 mars 2025<\/span><span class=\"text\"><span style=\"max-height:2.8em\" class=\"line_limit\">Veillez trouver ci-apr\u00e8s le point de vue de la Vigie concernant la La\u00efcit\u00e9 dans le sport:<\/span><span style=\"margin-left:3px; max-height:2.8em\" class=\"line_limit\"> [...]<\/span><\/span><span class=\"custom_fields\">\n<!-- WPLP Unknown field: Custom_Fields -->\n<\/span><a href=\"https:\/\/www.ovlgc.org\/fr\/la-derniere-publication-de-la-vigie-de-la-laicite-concernant-la-tenue-vestimentaire-dans-le-sport\/\"  class=\"read-more\">Lire la suite\u2026<\/a><\/div><\/div><\/div><\/div><div class=\"swiper-slide\" style=\"\"><div class=\"insideframe\"><div id=\"wplp_box_top_3968_5253\" class=\"wpcu-front-box top equalHeightImg\" ><div class=\"wplp-box-item\"><a href=\"https:\/\/www.ovlgc.org\/fr\/lettre-aux-adherents-n7\/\"  class=\"thumbnail\"><span class=\"img_cropper\" style=\"margin-top:30px;margin-right:30px;margin-bottom:5px;margin-left:5px;max-width:100%;\"><img decoding=\"async\" src=\"https:\/\/www.ovlgc.org\/fr\/wp-content\/uploads\/2019\/02\/IMG_20190130_140511.jpg\" style=\"aspect-ratio:4\/3;\" srcset=\"\" alt=\"Lettre aux adh\u00e9rents n\u00b07\" class=\"wplp_thumb\" \/><\/span><\/a><a href=\"https:\/\/www.ovlgc.org\/fr\/lettre-aux-adherents-n7\/\"  class=\"title\">Lettre aux adh\u00e9rents n\u00b07<\/a><\/div><\/div><div id=\"wplp_box_left_3968_5253\" class=\"wpcu-front-box left wpcu-custom-position\" ><div class=\"wplp-box-item\"><\/div><\/div><div id=\"wplp_box_right_3968_5253\" class=\"wpcu-front-box right wpcu-custom-position\" ><div class=\"wplp-box-item\"><\/div><\/div><div id=\"wplp_box_bottom_3968_5253\" class=\"wpcu-front-box bottom \" ><div class=\"wplp-box-item\"><span class=\"date\">24 janvier 2025<\/span><span class=\"text\"><span style=\"max-height:2.8em\" class=\"line_limit\"><\/span><\/span><span class=\"custom_fields\">\n<!-- WPLP Unknown field: Custom_Fields -->\n<\/span><a href=\"https:\/\/www.ovlgc.org\/fr\/lettre-aux-adherents-n7\/\"  class=\"read-more\">Lire la suite\u2026<\/a><\/div><\/div><\/div><\/div><div class=\"swiper-slide\" style=\"\"><div class=\"insideframe\"><div id=\"wplp_box_top_3968_5164\" class=\"wpcu-front-box top equalHeightImg\" ><div class=\"wplp-box-item\"><a href=\"https:\/\/www.ovlgc.org\/fr\/lettre-de-lobservatoire-a-la-dasen-direction-academique-des-services-de-leducation-nationale\/\"  class=\"thumbnail\"><span class=\"img_cropper\" style=\"margin-top:30px;margin-right:30px;margin-bottom:5px;margin-left:5px;max-width:100%;\"><img decoding=\"async\" src=\"https:\/\/www.ovlgc.org\/fr\/wp-content\/uploads\/2022\/05\/loi-de-1905-300x141.webp\" style=\"aspect-ratio:4\/3;\" srcset=\"\" alt=\"Lettre de l&rsquo;Observatoire \u00e0 la DASEN (Direction Acad\u00e9mique des Services de l&rsquo;Education Nationale)\" class=\"wplp_thumb\" \/><\/span><\/a><a href=\"https:\/\/www.ovlgc.org\/fr\/lettre-de-lobservatoire-a-la-dasen-direction-academique-des-services-de-leducation-nationale\/\"  class=\"title\">Lettre de l&rsquo;Observatoire \u00e0 la DASEN (Direction Acad\u00e9mique des Services de l&rsquo;Education Nationale)<\/a><\/div><\/div><div id=\"wplp_box_left_3968_5164\" class=\"wpcu-front-box left wpcu-custom-position\" ><div class=\"wplp-box-item\"><\/div><\/div><div id=\"wplp_box_right_3968_5164\" class=\"wpcu-front-box right wpcu-custom-position\" ><div class=\"wplp-box-item\"><\/div><\/div><div id=\"wplp_box_bottom_3968_5164\" class=\"wpcu-front-box bottom \" ><div class=\"wplp-box-item\"><span class=\"date\">18 juin 2024<\/span><span class=\"text\"><span style=\"max-height:2.8em\" class=\"line_limit\">La loi de 1905 est bafou\u00e9e. Des comportements, dans ce sens, sont r\u00e9it\u00e9r\u00e9s dans diff\u00e9rentes communes vend\u00e9ennes et plus particuli\u00e8rement<\/span><span style=\"margin-left:3px; max-height:2.8em\" class=\"line_limit\"> [...]<\/span><\/span><span class=\"custom_fields\">\n<!-- WPLP Unknown field: Custom_Fields -->\n<\/span><a href=\"https:\/\/www.ovlgc.org\/fr\/lettre-de-lobservatoire-a-la-dasen-direction-academique-des-services-de-leducation-nationale\/\"  class=\"read-more\">Lire la suite\u2026<\/a><\/div><\/div><\/div><\/div><div class=\"swiper-slide\" style=\"\"><div class=\"insideframe\"><div id=\"wplp_box_top_3968_5148\" class=\"wpcu-front-box top equalHeightImg\" ><div class=\"wplp-box-item\"><a href=\"https:\/\/www.ovlgc.org\/fr\/lettre-dinformations-de-lovlgc-n6\/\"  class=\"thumbnail\"><span class=\"img_cropper\" style=\"margin-top:30px;margin-right:30px;margin-bottom:5px;margin-left:5px;max-width:100%;\"><img decoding=\"async\" src=\"https:\/\/www.ovlgc.org\/fr\/wp-content\/uploads\/2024\/06\/lettre-dinfo-2-300x197.jpg\" style=\"aspect-ratio:4\/3;\" srcset=\"\" alt=\"La lettre d&rsquo;informations  n\u00b06 de l&rsquo;OVLGC\" class=\"wplp_thumb\" \/><\/span><\/a><a href=\"https:\/\/www.ovlgc.org\/fr\/lettre-dinformations-de-lovlgc-n6\/\"  class=\"title\">La lettre d&rsquo;informations  n\u00b06 de l&rsquo;OVLGC<\/a><\/div><\/div><div id=\"wplp_box_left_3968_5148\" class=\"wpcu-front-box left wpcu-custom-position\" ><div class=\"wplp-box-item\"><\/div><\/div><div id=\"wplp_box_right_3968_5148\" class=\"wpcu-front-box right wpcu-custom-position\" ><div class=\"wplp-box-item\"><\/div><\/div><div id=\"wplp_box_bottom_3968_5148\" class=\"wpcu-front-box bottom \" ><div class=\"wplp-box-item\"><span class=\"date\">14 juin 2024<\/span><span class=\"text\"><span style=\"max-height:2.8em\" class=\"line_limit\"><\/span><\/span><span class=\"custom_fields\">\n<!-- WPLP Unknown field: Custom_Fields -->\n<\/span><a href=\"https:\/\/www.ovlgc.org\/fr\/lettre-dinformations-de-lovlgc-n6\/\"  class=\"read-more\">Lire la suite\u2026<\/a><\/div><\/div><\/div><\/div><div class=\"swiper-slide\" style=\"\"><div class=\"insideframe\"><div id=\"wplp_box_top_3968_5011\" class=\"wpcu-front-box top equalHeightImg\" ><div class=\"wplp-box-item\"><a href=\"https:\/\/www.ovlgc.org\/fr\/la-lettre-dinformations-n-5-de-lovlgc\/\"  class=\"thumbnail\"><span class=\"img_cropper\" style=\"margin-top:30px;margin-right:30px;margin-bottom:5px;margin-left:5px;max-width:100%;\"><img decoding=\"async\" src=\"https:\/\/www.ovlgc.org\/fr\/wp-content\/uploads\/2023\/02\/lettre-dinfo-1-300x197.jpg\" style=\"aspect-ratio:4\/3;\" srcset=\"\" alt=\"La lettre d&rsquo;informations n\u00b0 5 de l&rsquo;OVLGC\" class=\"wplp_thumb\" \/><\/span><\/a><a href=\"https:\/\/www.ovlgc.org\/fr\/la-lettre-dinformations-n-5-de-lovlgc\/\"  class=\"title\">La lettre d&rsquo;informations n\u00b0 5 de l&rsquo;OVLGC<\/a><\/div><\/div><div id=\"wplp_box_left_3968_5011\" class=\"wpcu-front-box left wpcu-custom-position\" ><div class=\"wplp-box-item\"><\/div><\/div><div id=\"wplp_box_right_3968_5011\" class=\"wpcu-front-box right wpcu-custom-position\" ><div class=\"wplp-box-item\"><\/div><\/div><div id=\"wplp_box_bottom_3968_5011\" class=\"wpcu-front-box bottom \" ><div class=\"wplp-box-item\"><span class=\"date\">21 d\u00e9cembre 2023<\/span><span class=\"text\"><span style=\"max-height:2.8em\" class=\"line_limit\"><\/span><\/span><span class=\"custom_fields\">\n<!-- WPLP Unknown field: Custom_Fields -->\n<\/span><a href=\"https:\/\/www.ovlgc.org\/fr\/la-lettre-dinformations-n-5-de-lovlgc\/\"  class=\"read-more\">Lire la suite\u2026<\/a><\/div><\/div><\/div><\/div><div class=\"swiper-slide\" style=\"\"><div class=\"insideframe\"><div id=\"wplp_box_top_3968_4883\" class=\"wpcu-front-box top equalHeightImg\" ><div class=\"wplp-box-item\"><a href=\"https:\/\/www.ovlgc.org\/fr\/la-lettre-dinformations-n-4-de-lovlgc\/\"  class=\"thumbnail\"><span class=\"img_cropper\" style=\"margin-top:30px;margin-right:30px;margin-bottom:5px;margin-left:5px;max-width:100%;\"><img decoding=\"async\" src=\"https:\/\/www.ovlgc.org\/fr\/wp-content\/uploads\/2023\/02\/lettre-dinfo-1-300x197.jpg\" style=\"aspect-ratio:4\/3;\" srcset=\"\" alt=\"La lettre d&rsquo;informations n\u00b0 4 de l&rsquo;OVLGC\" class=\"wplp_thumb\" \/><\/span><\/a><a href=\"https:\/\/www.ovlgc.org\/fr\/la-lettre-dinformations-n-4-de-lovlgc\/\"  class=\"title\">La lettre d&rsquo;informations n\u00b0 4 de l&rsquo;OVLGC<\/a><\/div><\/div><div id=\"wplp_box_left_3968_4883\" class=\"wpcu-front-box left wpcu-custom-position\" ><div class=\"wplp-box-item\"><\/div><\/div><div id=\"wplp_box_right_3968_4883\" class=\"wpcu-front-box right wpcu-custom-position\" ><div class=\"wplp-box-item\"><\/div><\/div><div id=\"wplp_box_bottom_3968_4883\" class=\"wpcu-front-box bottom \" ><div class=\"wplp-box-item\"><span class=\"date\">4 octobre 2023<\/span><span class=\"text\"><span style=\"max-height:2.8em\" class=\"line_limit\"><\/span><\/span><span class=\"custom_fields\">\n<!-- WPLP Unknown field: Custom_Fields -->\n<\/span><a href=\"https:\/\/www.ovlgc.org\/fr\/la-lettre-dinformations-n-4-de-lovlgc\/\"  class=\"read-more\">Lire la suite\u2026<\/a><\/div><\/div><\/div><\/div><div class=\"swiper-slide\" style=\"\"><div class=\"insideframe\"><div id=\"wplp_box_top_3968_4827\" class=\"wpcu-front-box top equalHeightImg\" ><div class=\"wplp-box-item\"><a href=\"https:\/\/www.ovlgc.org\/fr\/le-port-de-labaya-a-lecole\/\"  class=\"thumbnail\"><span class=\"img_cropper\" style=\"margin-top:30px;margin-right:30px;margin-bottom:5px;margin-left:5px;max-width:100%;\"><img decoding=\"async\" src=\"https:\/\/www.ovlgc.org\/fr\/wp-content\/uploads\/2022\/04\/ovlgc-photo-actu2-300x300.jpg\" style=\"aspect-ratio:4\/3;\" srcset=\"\" alt=\"Le port de l&rsquo;Abaya \u00e0 l&rsquo;\u00e9cole\" class=\"wplp_thumb\" \/><\/span><\/a><a href=\"https:\/\/www.ovlgc.org\/fr\/le-port-de-labaya-a-lecole\/\"  class=\"title\">Le port de l&rsquo;Abaya \u00e0 l&rsquo;\u00e9cole<\/a><\/div><\/div><div id=\"wplp_box_left_3968_4827\" class=\"wpcu-front-box left wpcu-custom-position\" ><div class=\"wplp-box-item\"><\/div><\/div><div id=\"wplp_box_right_3968_4827\" class=\"wpcu-front-box right wpcu-custom-position\" ><div class=\"wplp-box-item\"><\/div><\/div><div id=\"wplp_box_bottom_3968_4827\" class=\"wpcu-front-box bottom \" ><div class=\"wplp-box-item\"><span class=\"date\">31 ao\u00fbt 2023<\/span><span class=\"text\"><span style=\"max-height:2.8em\" class=\"line_limit\">Sur l\u2019interdiction g\u00e9n\u00e9rale du port de l\u2019\u00ab\u00a0abaya\u00a0\u00bb \u00e0 l\u2019\u00e9cole annonc\u00e9e le 27 ao\u00fbt 2023 par le ministre de l\u2019\u00c9ducation nationale<\/span><span style=\"margin-left:3px; max-height:2.8em\" class=\"line_limit\"> [...]<\/span><\/span><span class=\"custom_fields\">\n<!-- WPLP Unknown field: Custom_Fields -->\n<\/span><a href=\"https:\/\/www.ovlgc.org\/fr\/le-port-de-labaya-a-lecole\/\"  class=\"read-more\">Lire la suite\u2026<\/a><\/div><\/div><\/div><\/div><div class=\"swiper-slide\" style=\"\"><div class=\"insideframe\"><div id=\"wplp_box_top_3968_4767\" class=\"wpcu-front-box top equalHeightImg\" ><div class=\"wplp-box-item\"><a href=\"https:\/\/www.ovlgc.org\/fr\/la-vigie-de-la-laicite-dement-un-article-recent-du-point\/\"  class=\"thumbnail\"><span class=\"img_cropper\" style=\"margin-top:30px;margin-right:30px;margin-bottom:5px;margin-left:5px;max-width:100%;\"><img decoding=\"async\" src=\"https:\/\/www.ovlgc.org\/fr\/wp-content\/uploads\/2022\/04\/ovlgc-photo-actu2-300x300.jpg\" style=\"aspect-ratio:4\/3;\" srcset=\"\" alt=\"La Vigie de la La\u00efcit\u00e9 d\u00e9ment un article r\u00e9cent du Point\" class=\"wplp_thumb\" \/><\/span><\/a><a href=\"https:\/\/www.ovlgc.org\/fr\/la-vigie-de-la-laicite-dement-un-article-recent-du-point\/\"  class=\"title\">La Vigie de la La\u00efcit\u00e9 d\u00e9ment un article r\u00e9cent du Point<\/a><\/div><\/div><div id=\"wplp_box_left_3968_4767\" class=\"wpcu-front-box left wpcu-custom-position\" ><div class=\"wplp-box-item\"><\/div><\/div><div id=\"wplp_box_right_3968_4767\" class=\"wpcu-front-box right wpcu-custom-position\" ><div class=\"wplp-box-item\"><\/div><\/div><div id=\"wplp_box_bottom_3968_4767\" class=\"wpcu-front-box bottom \" ><div class=\"wplp-box-item\"><span class=\"date\">16 mai 2023<\/span><span class=\"text\"><span style=\"max-height:2.8em\" class=\"line_limit\">&nbsp; Communiqu\u00e9 du 15 mai 2023 Cher\u00b7e\u00b7s ami\u00b7e\u00b7s, Cher\u00b7e\u00b7s abonn\u00e9\u00b7e\u00b7s \u00e0 notre newsletter,\u00a0La Vigie de la La\u00efcit\u00e9 et les membres<\/span><span style=\"margin-left:3px; max-height:2.8em\" class=\"line_limit\"> [...]<\/span><\/span><span class=\"custom_fields\">\n<!-- WPLP Unknown field: Custom_Fields -->\n<\/span><a href=\"https:\/\/www.ovlgc.org\/fr\/la-vigie-de-la-laicite-dement-un-article-recent-du-point\/\"  class=\"read-more\">Lire la suite\u2026<\/a><\/div><\/div><\/div><\/div><div class=\"swiper-slide\" style=\"\"><div class=\"insideframe\"><div id=\"wplp_box_top_3968_4764\" class=\"wpcu-front-box top equalHeightImg\" ><div class=\"wplp-box-item\"><a href=\"https:\/\/www.ovlgc.org\/fr\/les-atteintes-a-la-laicite-que-lon-veut-imposer\/\"  class=\"thumbnail\"><span class=\"img_cropper\" style=\"margin-top:30px;margin-right:30px;margin-bottom:5px;margin-left:5px;max-width:100%;\"><img decoding=\"async\" src=\"https:\/\/www.ovlgc.org\/fr\/wp-content\/uploads\/2023\/05\/telecharger.png\" style=\"aspect-ratio:4\/3;\" srcset=\"\" alt=\"Les atteintes \u00e0 la la\u00efcit\u00e9 que l\u2019on veut imposer\" class=\"wplp_thumb\" \/><\/span><\/a><a href=\"https:\/\/www.ovlgc.org\/fr\/les-atteintes-a-la-laicite-que-lon-veut-imposer\/\"  class=\"title\">Les atteintes \u00e0 la la\u00efcit\u00e9 que l\u2019on veut imposer<\/a><\/div><\/div><div id=\"wplp_box_left_3968_4764\" class=\"wpcu-front-box left wpcu-custom-position\" ><div class=\"wplp-box-item\"><\/div><\/div><div id=\"wplp_box_right_3968_4764\" class=\"wpcu-front-box right wpcu-custom-position\" ><div class=\"wplp-box-item\"><\/div><\/div><div id=\"wplp_box_bottom_3968_4764\" class=\"wpcu-front-box bottom \" ><div class=\"wplp-box-item\"><span class=\"date\">2 mai 2023<\/span><span class=\"text\"><span style=\"max-height:2.8em\" class=\"line_limit\"><\/span><\/span><span class=\"custom_fields\">\n<!-- WPLP Unknown field: Custom_Fields -->\n<\/span><a href=\"https:\/\/www.ovlgc.org\/fr\/les-atteintes-a-la-laicite-que-lon-veut-imposer\/\"  class=\"read-more\">Lire la suite\u2026<\/a><\/div><\/div><\/div><\/div><div class=\"swiper-slide\" style=\"\"><div class=\"insideframe\"><div id=\"wplp_box_top_3968_4742\" class=\"wpcu-front-box top equalHeightImg\" ><div class=\"wplp-box-item\"><a href=\"https:\/\/www.ovlgc.org\/fr\/la-laicite-un-principe-abime-par-celles-et-ceux-qui-en-font-commerce\/\"  class=\"thumbnail\"><span class=\"img_cropper\" style=\"margin-top:30px;margin-right:30px;margin-bottom:5px;margin-left:5px;max-width:100%;\"><img decoding=\"async\" src=\"https:\/\/www.ovlgc.org\/fr\/wp-content\/uploads\/2022\/04\/ovlgc-photo-actu2-300x300.jpg\" style=\"aspect-ratio:4\/3;\" srcset=\"\" alt=\"La la\u00efcit\u00e9, un principe ab\u00eem\u00e9 par celles et ceux qui en font commerce\" class=\"wplp_thumb\" \/><\/span><\/a><a href=\"https:\/\/www.ovlgc.org\/fr\/la-laicite-un-principe-abime-par-celles-et-ceux-qui-en-font-commerce\/\"  class=\"title\">La la\u00efcit\u00e9, un principe ab\u00eem\u00e9 par celles et ceux qui en font commerce<\/a><\/div><\/div><div id=\"wplp_box_left_3968_4742\" class=\"wpcu-front-box left wpcu-custom-position\" ><div class=\"wplp-box-item\"><\/div><\/div><div id=\"wplp_box_right_3968_4742\" class=\"wpcu-front-box right wpcu-custom-position\" ><div class=\"wplp-box-item\"><\/div><\/div><div id=\"wplp_box_bottom_3968_4742\" class=\"wpcu-front-box bottom \" ><div class=\"wplp-box-item\"><span class=\"date\">26 avril 2023<\/span><span class=\"text\"><span style=\"max-height:2.8em\" class=\"line_limit\">Communiqu\u00e9 du 24 avril 2023 Cher\u00b7e\u00b7s ami\u00b7e\u00b7s, Cher\u00b7e\u00b7s abonn\u00e9\u00b7e\u00b7s \u00e0 notre newsletter,\u00a0La concomitance de la cr\u00e9ation du \u00ab fonds Marianne<\/span><span style=\"margin-left:3px; max-height:2.8em\" class=\"line_limit\"> [...]<\/span><\/span><span class=\"custom_fields\">\n<!-- WPLP Unknown field: Custom_Fields -->\n<\/span><a href=\"https:\/\/www.ovlgc.org\/fr\/la-laicite-un-principe-abime-par-celles-et-ceux-qui-en-font-commerce\/\"  class=\"read-more\">Lire la suite\u2026<\/a><\/div><\/div><\/div><\/div><div class=\"swiper-slide\" style=\"\"><div class=\"insideframe\"><div id=\"wplp_box_top_3968_4718\" class=\"wpcu-front-box top equalHeightImg\" ><div class=\"wplp-box-item\"><a href=\"https:\/\/www.ovlgc.org\/fr\/4718-2\/\"  class=\"thumbnail\"><span class=\"img_cropper\" style=\"margin-top:30px;margin-right:30px;margin-bottom:5px;margin-left:5px;max-width:100%;\"><img decoding=\"async\" src=\"https:\/\/www.ovlgc.org\/fr\/wp-content\/uploads\/2023\/02\/lettre-dinfo-1-300x197.jpg\" style=\"aspect-ratio:4\/3;\" srcset=\"\" alt=\"Lettre aux adh\u00e9rents OVLGC n\u00b02\" class=\"wplp_thumb\" \/><\/span><\/a><a href=\"https:\/\/www.ovlgc.org\/fr\/4718-2\/\"  class=\"title\">Lettre aux adh\u00e9rents OVLGC n\u00b02<\/a><\/div><\/div><div id=\"wplp_box_left_3968_4718\" class=\"wpcu-front-box left wpcu-custom-position\" ><div class=\"wplp-box-item\"><\/div><\/div><div id=\"wplp_box_right_3968_4718\" class=\"wpcu-front-box right wpcu-custom-position\" ><div class=\"wplp-box-item\"><\/div><\/div><div id=\"wplp_box_bottom_3968_4718\" class=\"wpcu-front-box bottom \" ><div class=\"wplp-box-item\"><span class=\"date\">8 avril 2023<\/span><span class=\"text\"><span style=\"max-height:2.8em\" class=\"line_limit\">D\u00e9couvrez notre newsletter n\u00b0 2:<\/span><span style=\"margin-left:3px; max-height:2.8em\" class=\"line_limit\"> [...]<\/span><\/span><span class=\"custom_fields\">\n<!-- WPLP Unknown field: Custom_Fields -->\n<\/span><a href=\"https:\/\/www.ovlgc.org\/fr\/4718-2\/\"  class=\"read-more\">Lire la suite\u2026<\/a><\/div><\/div><\/div><\/div><div class=\"swiper-slide\" style=\"\"><div class=\"insideframe\"><div id=\"wplp_box_top_3968_4673\" class=\"wpcu-front-box top equalHeightImg\" ><div class=\"wplp-box-item\"><a href=\"https:\/\/www.ovlgc.org\/fr\/lecole-publique-lecole-de-la-republique\/\"  class=\"thumbnail\"><span class=\"img_cropper\" style=\"margin-top:30px;margin-right:30px;margin-bottom:5px;margin-left:5px;max-width:100%;\"><img decoding=\"async\" src=\"https:\/\/www.ovlgc.org\/fr\/wp-content\/uploads\/2022\/10\/Benoit-FALAIZE-257x300.jpg\" style=\"aspect-ratio:4\/3;\" srcset=\"\" alt=\"L\u2019\u00e9cole publique, l\u2019\u00e9cole de la R\u00e9publique\" class=\"wplp_thumb\" \/><\/span><\/a><a href=\"https:\/\/www.ovlgc.org\/fr\/lecole-publique-lecole-de-la-republique\/\"  class=\"title\">L\u2019\u00e9cole publique, l\u2019\u00e9cole de la R\u00e9publique<\/a><\/div><\/div><div id=\"wplp_box_left_3968_4673\" class=\"wpcu-front-box left wpcu-custom-position\" ><div class=\"wplp-box-item\"><\/div><\/div><div id=\"wplp_box_right_3968_4673\" class=\"wpcu-front-box right wpcu-custom-position\" ><div class=\"wplp-box-item\"><\/div><\/div><div id=\"wplp_box_bottom_3968_4673\" class=\"wpcu-front-box bottom \" ><div class=\"wplp-box-item\"><span class=\"date\">9 mars 2023<\/span><span class=\"text\"><span style=\"max-height:2.8em\" class=\"line_limit\">En partenariat avec les Familles La\u00efques du Pays des Achards, l&rsquo;Observatoire Vend\u00e9en de la La\u00efcit\u00e9 Georges Cl\u00e9menceau vous propose une<\/span><span style=\"margin-left:3px; max-height:2.8em\" class=\"line_limit\"> [...]<\/span><\/span><span class=\"custom_fields\">\n<!-- WPLP Unknown field: Custom_Fields -->\n<\/span><a href=\"https:\/\/www.ovlgc.org\/fr\/lecole-publique-lecole-de-la-republique\/\"  class=\"read-more\">Lire la suite\u2026<\/a><\/div><\/div><\/div><\/div><div class=\"swiper-slide\" style=\"\"><div class=\"insideframe\"><div id=\"wplp_box_top_3968_4711\" class=\"wpcu-front-box top equalHeightImg\" ><div class=\"wplp-box-item\"><a href=\"https:\/\/www.ovlgc.org\/fr\/newsletter-15\/\"  class=\"thumbnail\"><span class=\"img_cropper\" style=\"margin-top:30px;margin-right:30px;margin-bottom:5px;margin-left:5px;max-width:100%;\"><img decoding=\"async\" src=\"https:\/\/www.ovlgc.org\/fr\/wp-content\/uploads\/2022\/04\/ovlgc-photo-actu2-300x300.jpg\" style=\"aspect-ratio:4\/3;\" srcset=\"\" alt=\"Newsletter 15\" class=\"wplp_thumb\" \/><\/span><\/a><a href=\"https:\/\/www.ovlgc.org\/fr\/newsletter-15\/\"  class=\"title\">Newsletter 15<\/a><\/div><\/div><div id=\"wplp_box_left_3968_4711\" class=\"wpcu-front-box left wpcu-custom-position\" ><div class=\"wplp-box-item\"><\/div><\/div><div id=\"wplp_box_right_3968_4711\" class=\"wpcu-front-box right wpcu-custom-position\" ><div class=\"wplp-box-item\"><\/div><\/div><div id=\"wplp_box_bottom_3968_4711\" class=\"wpcu-front-box bottom \" ><div class=\"wplp-box-item\"><span class=\"date\">3 mars 2023<\/span><span class=\"text\"><span style=\"max-height:2.8em\" class=\"line_limit\">Uniformes \u00e0 l\u2019\u00e9cole, une fausse bonne id\u00e9e ? Newsletter de la Vigie de la La\u00efcit\u00e9 n\u00b015 Cher\u00b7e\u00b7s ami\u00b7e\u00b7s, Cher\u00b7e\u00b7s abonn\u00e9\u00b7e\u00b7s<\/span><span style=\"margin-left:3px; max-height:2.8em\" class=\"line_limit\"> [...]<\/span><\/span><span class=\"custom_fields\">\n<!-- WPLP Unknown field: Custom_Fields -->\n<\/span><a href=\"https:\/\/www.ovlgc.org\/fr\/newsletter-15\/\"  class=\"read-more\">Lire la suite\u2026<\/a><\/div><\/div><\/div><\/div><div class=\"swiper-slide\" style=\"\"><div class=\"insideframe\"><div id=\"wplp_box_top_3968_4646\" class=\"wpcu-front-box top equalHeightImg\" ><div class=\"wplp-box-item\"><a href=\"https:\/\/www.ovlgc.org\/fr\/lettre-dinformation-n1-de-lovlgc\/\"  class=\"thumbnail\"><span class=\"img_cropper\" style=\"margin-top:30px;margin-right:30px;margin-bottom:5px;margin-left:5px;max-width:100%;\"><img decoding=\"async\" src=\"https:\/\/www.ovlgc.org\/fr\/wp-content\/uploads\/2023\/02\/lettre-dinfo-1-300x197.jpg\" style=\"aspect-ratio:4\/3;\" srcset=\"\" alt=\"Lettre aux adh\u00e9rents OVLGC N\u00b01\" class=\"wplp_thumb\" \/><\/span><\/a><a href=\"https:\/\/www.ovlgc.org\/fr\/lettre-dinformation-n1-de-lovlgc\/\"  class=\"title\">Lettre aux adh\u00e9rents OVLGC N\u00b01<\/a><\/div><\/div><div id=\"wplp_box_left_3968_4646\" class=\"wpcu-front-box left wpcu-custom-position\" ><div class=\"wplp-box-item\"><\/div><\/div><div id=\"wplp_box_right_3968_4646\" class=\"wpcu-front-box right wpcu-custom-position\" ><div class=\"wplp-box-item\"><\/div><\/div><div id=\"wplp_box_bottom_3968_4646\" class=\"wpcu-front-box bottom \" ><div class=\"wplp-box-item\"><span class=\"date\">9 f\u00e9vrier 2023<\/span><span class=\"text\"><span style=\"max-height:2.8em\" class=\"line_limit\">Voici notre 1\u00e8re lettre aux adh\u00e9rents:<\/span><span style=\"margin-left:3px; max-height:2.8em\" class=\"line_limit\"> [...]<\/span><\/span><span class=\"custom_fields\">\n<!-- WPLP Unknown field: Custom_Fields -->\n<\/span><a href=\"https:\/\/www.ovlgc.org\/fr\/lettre-dinformation-n1-de-lovlgc\/\"  class=\"read-more\">Lire la suite\u2026<\/a><\/div><\/div><\/div><\/div><div class=\"swiper-slide\" style=\"\"><div class=\"insideframe\"><div id=\"wplp_box_top_3968_4601\" class=\"wpcu-front-box top equalHeightImg\" ><div class=\"wplp-box-item\"><a href=\"https:\/\/www.ovlgc.org\/fr\/newsletter-14\/\"  class=\"thumbnail\"><span class=\"img_cropper\" style=\"margin-top:30px;margin-right:30px;margin-bottom:5px;margin-left:5px;max-width:100%;\"><img decoding=\"async\" src=\"https:\/\/www.ovlgc.org\/fr\/wp-content\/uploads\/2022\/04\/ovlgc-photo-actu2-300x300.jpg\" style=\"aspect-ratio:4\/3;\" srcset=\"\" alt=\"Newsletter 14\" class=\"wplp_thumb\" \/><\/span><\/a><a href=\"https:\/\/www.ovlgc.org\/fr\/newsletter-14\/\"  class=\"title\">Newsletter 14<\/a><\/div><\/div><div id=\"wplp_box_left_3968_4601\" class=\"wpcu-front-box left wpcu-custom-position\" ><div class=\"wplp-box-item\"><\/div><\/div><div id=\"wplp_box_right_3968_4601\" class=\"wpcu-front-box right wpcu-custom-position\" ><div class=\"wplp-box-item\"><\/div><\/div><div id=\"wplp_box_bottom_3968_4601\" class=\"wpcu-front-box bottom \" ><div class=\"wplp-box-item\"><span class=\"date\">11 janvier 2023<\/span><span class=\"text\"><span style=\"max-height:2.8em\" class=\"line_limit\">La\u00efcit\u00e9, valeurs r\u00e9publicaines : un an apr\u00e8s la loi \u00ab s\u00e9paratisme \u00bb, quel bilan pour les libert\u00e9s associatives ? Newsletter<\/span><span style=\"margin-left:3px; max-height:2.8em\" class=\"line_limit\"> [...]<\/span><\/span><span class=\"custom_fields\">\n<!-- WPLP Unknown field: Custom_Fields -->\n<\/span><a href=\"https:\/\/www.ovlgc.org\/fr\/newsletter-14\/\"  class=\"read-more\">Lire la suite\u2026<\/a><\/div><\/div><\/div><\/div><div class=\"swiper-slide\" style=\"\"><div class=\"insideframe\"><div id=\"wplp_box_top_3968_4572\" class=\"wpcu-front-box top equalHeightImg\" ><div class=\"wplp-box-item\"><a href=\"https:\/\/www.ovlgc.org\/fr\/le-contrat-dengagement-republicain-nos-craintes-se-confirment\/\"  class=\"thumbnail\"><span class=\"img_cropper\" style=\"margin-top:30px;margin-right:30px;margin-bottom:5px;margin-left:5px;max-width:100%;\"><img decoding=\"async\" src=\"https:\/\/www.ovlgc.org\/fr\/wp-content\/uploads\/2018\/10\/La\u00efcit\u00e9-3D-200x300.jpg\" style=\"aspect-ratio:4\/3;\" srcset=\"\" alt=\"Le contrat d&rsquo;engagement r\u00e9publicain: nos craintes se confirment\" class=\"wplp_thumb\" \/><\/span><\/a><a href=\"https:\/\/www.ovlgc.org\/fr\/le-contrat-dengagement-republicain-nos-craintes-se-confirment\/\"  class=\"title\">Le contrat d&rsquo;engagement r\u00e9publicain: nos craintes se confirment<\/a><\/div><\/div><div id=\"wplp_box_left_3968_4572\" class=\"wpcu-front-box left wpcu-custom-position\" ><div class=\"wplp-box-item\"><\/div><\/div><div id=\"wplp_box_right_3968_4572\" class=\"wpcu-front-box right wpcu-custom-position\" ><div class=\"wplp-box-item\"><\/div><\/div><div id=\"wplp_box_bottom_3968_4572\" class=\"wpcu-front-box bottom \" ><div class=\"wplp-box-item\"><span class=\"date\">30 d\u00e9cembre 2022<\/span><span class=\"text\"><span style=\"max-height:2.8em\" class=\"line_limit\">A ce sujet, vous trouverez ci-dessous l&rsquo;intervention de Benjamin Sourice, de l&rsquo;association Vox Public, lors de l&rsquo;AG de la Vigie<\/span><span style=\"margin-left:3px; max-height:2.8em\" class=\"line_limit\"> [...]<\/span><\/span><span class=\"custom_fields\">\n<!-- WPLP Unknown field: Custom_Fields -->\n<\/span><a href=\"https:\/\/www.ovlgc.org\/fr\/le-contrat-dengagement-republicain-nos-craintes-se-confirment\/\"  class=\"read-more\">Lire la suite\u2026<\/a><\/div><\/div><\/div><\/div><div class=\"swiper-slide\" style=\"\"><div class=\"insideframe\"><div id=\"wplp_box_top_3968_4548\" class=\"wpcu-front-box top equalHeightImg\" ><div class=\"wplp-box-item\"><a href=\"https:\/\/www.ovlgc.org\/fr\/le-rapport-public-2018-2021-de-lovlgc\/\"  class=\"thumbnail\"><span class=\"img_cropper\" style=\"margin-top:30px;margin-right:30px;margin-bottom:5px;margin-left:5px;max-width:100%;\"><img decoding=\"async\" src=\"https:\/\/www.ovlgc.org\/fr\/wp-content\/uploads\/2018\/06\/cropped-logo-OVLGC-carr\u00e9-3.png\" style=\"aspect-ratio:4\/3;\" srcset=\"\" alt=\"Le rapport public 2018\/2021 de l&rsquo;OVLGC\" class=\"wplp_thumb\" \/><\/span><\/a><a href=\"https:\/\/www.ovlgc.org\/fr\/le-rapport-public-2018-2021-de-lovlgc\/\"  class=\"title\">Le rapport public 2018\/2021 de l&rsquo;OVLGC<\/a><\/div><\/div><div id=\"wplp_box_left_3968_4548\" class=\"wpcu-front-box left wpcu-custom-position\" ><div class=\"wplp-box-item\"><\/div><\/div><div id=\"wplp_box_right_3968_4548\" class=\"wpcu-front-box right wpcu-custom-position\" ><div class=\"wplp-box-item\"><\/div><\/div><div id=\"wplp_box_bottom_3968_4548\" class=\"wpcu-front-box bottom \" ><div class=\"wplp-box-item\"><span class=\"date\">14 d\u00e9cembre 2022<\/span><span class=\"text\"><span style=\"max-height:2.8em\" class=\"line_limit\">Il a \u00e9t\u00e9 remis au Pr\u00e9fet de la Vend\u00e9e le 9 d\u00e9cembre 2022, jour anniversaire de la loi de 1905.<\/span><span style=\"margin-left:3px; max-height:2.8em\" class=\"line_limit\"> [...]<\/span><\/span><span class=\"custom_fields\">\n<!-- WPLP Unknown field: Custom_Fields -->\n<\/span><a href=\"https:\/\/www.ovlgc.org\/fr\/le-rapport-public-2018-2021-de-lovlgc\/\"  class=\"read-more\">Lire la suite\u2026<\/a><\/div><\/div><\/div><\/div><div class=\"swiper-slide\" style=\"\"><div class=\"insideframe\"><div id=\"wplp_box_top_3968_4542\" class=\"wpcu-front-box top equalHeightImg\" ><div class=\"wplp-box-item\"><a href=\"https:\/\/www.ovlgc.org\/fr\/pour-une-laicite-de-liberte-et-demancipation\/\"  class=\"thumbnail\"><span class=\"img_cropper\" style=\"margin-top:30px;margin-right:30px;margin-bottom:5px;margin-left:5px;max-width:100%;\"><img decoding=\"async\" src=\"https:\/\/www.ovlgc.org\/fr\/wp-content\/uploads\/2022\/04\/ovlgc-photo-actu2-300x300.jpg\" style=\"aspect-ratio:4\/3;\" srcset=\"\" alt=\"Pour une la\u00efcit\u00e9 de libert\u00e9 et d&rsquo;\u00e9mancipation\" class=\"wplp_thumb\" \/><\/span><\/a><a href=\"https:\/\/www.ovlgc.org\/fr\/pour-une-laicite-de-liberte-et-demancipation\/\"  class=\"title\">Pour une la\u00efcit\u00e9 de libert\u00e9 et d&rsquo;\u00e9mancipation<\/a><\/div><\/div><div id=\"wplp_box_left_3968_4542\" class=\"wpcu-front-box left wpcu-custom-position\" ><div class=\"wplp-box-item\"><\/div><\/div><div id=\"wplp_box_right_3968_4542\" class=\"wpcu-front-box right wpcu-custom-position\" ><div class=\"wplp-box-item\"><\/div><\/div><div id=\"wplp_box_bottom_3968_4542\" class=\"wpcu-front-box bottom \" ><div class=\"wplp-box-item\"><span class=\"date\">9 d\u00e9cembre 2022<\/span><span class=\"text\"><span style=\"max-height:2.8em\" class=\"line_limit\">\u00a0\u00a0\u00a0\u00a0\u00a0\u00a0\u00a0\u00a0\u00a0\u00a0\u00a0\u00a0\u00a0\u00a0\u00a0\u00a0\u00a0\u00a0\u00a0\u00a0\u00a0\u00a0\u00a0\u00a0\u00a0\u00a0\u00a0\u00a0\u00a0\u00a0\u00a0\u00a0\u00a0\u00a0\u00a0\u00a0\u00a0\u00a0\u00a0\u00a0\u00a0\u00a0\u00a0\u00a0\u00a0\u00a0\u00a0\u00a0\u00a0\u00a0\u00a0\u00a0\u00a0\u00a0\u00a0\u00a0\u00a0\u00a0\u00a0\u00a0\u00a0\u00a0\u00a0\u00a0\u00a0\u00a0\u00a0\u00a0\u00a0\u00a0\u00a0\u00a0\u00a0\u00a0 Communiqu\u00e9 du 8 d\u00e9cembre 2022 La LDH (Ligue des droits de l\u2019Homme), la F\u00e9d\u00e9ration nationale de la Libre pens\u00e9e,<\/span><span style=\"margin-left:3px; max-height:2.8em\" class=\"line_limit\"> [...]<\/span><\/span><span class=\"custom_fields\">\n<!-- WPLP Unknown field: Custom_Fields -->\n<\/span><a href=\"https:\/\/www.ovlgc.org\/fr\/pour-une-laicite-de-liberte-et-demancipation\/\"  class=\"read-more\">Lire la suite\u2026<\/a><\/div><\/div><\/div><\/div><div class=\"swiper-slide\" style=\"\"><div class=\"insideframe\"><div id=\"wplp_box_top_3968_4526\" class=\"wpcu-front-box top equalHeightImg\" ><div class=\"wplp-box-item\"><a href=\"https:\/\/www.ovlgc.org\/fr\/lassemblee-generale-de-la-vigie-de-la-laicite\/\"  class=\"thumbnail\"><span class=\"img_cropper\" style=\"margin-top:30px;margin-right:30px;margin-bottom:5px;margin-left:5px;max-width:100%;\"><img decoding=\"async\" src=\"https:\/\/www.ovlgc.org\/fr\/wp-content\/uploads\/2022\/04\/ovlgc-photo-actu2-300x300.jpg\" style=\"aspect-ratio:4\/3;\" srcset=\"\" alt=\"L&rsquo;assembl\u00e9e g\u00e9n\u00e9rale de la Vigie de la la\u00efcit\u00e9\" class=\"wplp_thumb\" \/><\/span><\/a><a href=\"https:\/\/www.ovlgc.org\/fr\/lassemblee-generale-de-la-vigie-de-la-laicite\/\"  class=\"title\">L&rsquo;assembl\u00e9e g\u00e9n\u00e9rale de la Vigie de la la\u00efcit\u00e9<\/a><\/div><\/div><div id=\"wplp_box_left_3968_4526\" class=\"wpcu-front-box left wpcu-custom-position\" ><div class=\"wplp-box-item\"><\/div><\/div><div id=\"wplp_box_right_3968_4526\" class=\"wpcu-front-box right wpcu-custom-position\" ><div class=\"wplp-box-item\"><\/div><\/div><div id=\"wplp_box_bottom_3968_4526\" class=\"wpcu-front-box bottom \" ><div class=\"wplp-box-item\"><span class=\"date\">5 d\u00e9cembre 2022<\/span><span class=\"text\"><span style=\"max-height:2.8em\" class=\"line_limit\">Elle a eu lieu \u00e0 Paris , \u00e0 la mairie du XX\u00e8me, le 26 novembre 2022. Apr\u00e8s l&rsquo;assembl\u00e9e g\u00e9n\u00e9rale, des<\/span><span style=\"margin-left:3px; max-height:2.8em\" class=\"line_limit\"> [...]<\/span><\/span><span class=\"custom_fields\">\n<!-- WPLP Unknown field: Custom_Fields -->\n<\/span><a href=\"https:\/\/www.ovlgc.org\/fr\/lassemblee-generale-de-la-vigie-de-la-laicite\/\"  class=\"read-more\">Lire la suite\u2026<\/a><\/div><\/div><\/div><\/div><div class=\"swiper-slide\" style=\"\"><div class=\"insideframe\"><div id=\"wplp_box_top_3968_4506\" class=\"wpcu-front-box top equalHeightImg\" ><div class=\"wplp-box-item\"><a href=\"https:\/\/www.ovlgc.org\/fr\/les-aumoneries-dans-les-etablissements-publics-denseignement\/\"  class=\"thumbnail\"><span class=\"img_cropper\" style=\"margin-top:30px;margin-right:30px;margin-bottom:5px;margin-left:5px;max-width:100%;\"><img decoding=\"async\" src=\"https:\/\/www.ovlgc.org\/fr\/wp-content\/uploads\/2022\/05\/loi-de-1905-300x141.webp\" style=\"aspect-ratio:4\/3;\" srcset=\"\" alt=\"Les aum\u00f4neries dans les \u00e9tablissements publics d&rsquo;enseignement\" class=\"wplp_thumb\" \/><\/span><\/a><a href=\"https:\/\/www.ovlgc.org\/fr\/les-aumoneries-dans-les-etablissements-publics-denseignement\/\"  class=\"title\">Les aum\u00f4neries dans les \u00e9tablissements publics d&rsquo;enseignement<\/a><\/div><\/div><div id=\"wplp_box_left_3968_4506\" class=\"wpcu-front-box left wpcu-custom-position\" ><div class=\"wplp-box-item\"><\/div><\/div><div id=\"wplp_box_right_3968_4506\" class=\"wpcu-front-box right wpcu-custom-position\" ><div class=\"wplp-box-item\"><\/div><\/div><div id=\"wplp_box_bottom_3968_4506\" class=\"wpcu-front-box bottom \" ><div class=\"wplp-box-item\"><span class=\"date\">1 novembre 2022<\/span><span class=\"text\"><span style=\"max-height:2.8em\" class=\"line_limit\">Alert\u00e9 sur la cr\u00e9ation r\u00e9cente d&rsquo;une aum\u00f4nerie catholique au coll\u00e8ge public d&rsquo;Aizenay, l&rsquo;Observatoire Vend\u00e9en de la La\u00efcit\u00e9 Georges Clemenceau a<\/span><span style=\"margin-left:3px; max-height:2.8em\" class=\"line_limit\"> [...]<\/span><\/span><span class=\"custom_fields\">\n<!-- WPLP Unknown field: Custom_Fields -->\n<\/span><a href=\"https:\/\/www.ovlgc.org\/fr\/les-aumoneries-dans-les-etablissements-publics-denseignement\/\"  class=\"read-more\">Lire la suite\u2026<\/a><\/div><\/div><\/div><\/div><div class=\"swiper-slide\" style=\"\"><div class=\"insideframe\"><div id=\"wplp_box_top_3968_4416\" class=\"wpcu-front-box top equalHeightImg\" ><div class=\"wplp-box-item\"><a href=\"https:\/\/www.ovlgc.org\/fr\/femme-vie-liberte-communique-de-la-vigie-de-la-laicite\/\"  class=\"thumbnail\"><span class=\"img_cropper\" style=\"margin-top:30px;margin-right:30px;margin-bottom:5px;margin-left:5px;max-width:100%;\"><img decoding=\"async\" src=\"https:\/\/www.ovlgc.org\/fr\/wp-content\/uploads\/2022\/04\/ovlgc-photo-actu2-300x300.jpg\" style=\"aspect-ratio:4\/3;\" srcset=\"\" alt=\"\u00ab\u00a0Femme, vie, libert\u00e9\u00a0\u00bb, communiqu\u00e9 de la Vigie de la La\u00efcit\u00e9\" class=\"wplp_thumb\" \/><\/span><\/a><a href=\"https:\/\/www.ovlgc.org\/fr\/femme-vie-liberte-communique-de-la-vigie-de-la-laicite\/\"  class=\"title\">\u00ab\u00a0Femme, vie, libert\u00e9\u00a0\u00bb, communiqu\u00e9 de la Vigie de la La\u00efcit\u00e9<\/a><\/div><\/div><div id=\"wplp_box_left_3968_4416\" class=\"wpcu-front-box left wpcu-custom-position\" ><div class=\"wplp-box-item\"><\/div><\/div><div id=\"wplp_box_right_3968_4416\" class=\"wpcu-front-box right wpcu-custom-position\" ><div class=\"wplp-box-item\"><\/div><\/div><div id=\"wplp_box_bottom_3968_4416\" class=\"wpcu-front-box bottom \" ><div class=\"wplp-box-item\"><span class=\"date\">7 octobre 2022<\/span><span class=\"text\"><span style=\"max-height:2.8em\" class=\"line_limit\">\u00ab\u00a0Femme, vie, libert\u00e9\u00a0\u00bb Communiqu\u00e9 du 5 octobre 2022 Cher\u00b7e\u00b7s ami\u00b7e\u00b7s, Cher\u00b7e\u00b7s abonn\u00e9\u00b7e\u00b7s \u00e0 notre newsletter, En ce cinqui\u00e8me anniversaire du<\/span><span style=\"margin-left:3px; max-height:2.8em\" class=\"line_limit\"> [...]<\/span><\/span><span class=\"custom_fields\">\n<!-- WPLP Unknown field: Custom_Fields -->\n<\/span><a href=\"https:\/\/www.ovlgc.org\/fr\/femme-vie-liberte-communique-de-la-vigie-de-la-laicite\/\"  class=\"read-more\">Lire la suite\u2026<\/a><\/div><\/div><\/div><\/div><div class=\"swiper-slide\" style=\"\"><div class=\"insideframe\"><div id=\"wplp_box_top_3968_4402\" class=\"wpcu-front-box top equalHeightImg\" ><div class=\"wplp-box-item\"><a href=\"https:\/\/www.ovlgc.org\/fr\/newsletter-n13-de-la-vigie-de-la-laicite\/\"  class=\"thumbnail\"><span class=\"img_cropper\" style=\"margin-top:30px;margin-right:30px;margin-bottom:5px;margin-left:5px;max-width:100%;\"><img decoding=\"async\" src=\"https:\/\/www.ovlgc.org\/fr\/wp-content\/uploads\/2022\/04\/ovlgc-photo-actu2-300x300.jpg\" style=\"aspect-ratio:4\/3;\" srcset=\"\" alt=\"Newsletter 13\" class=\"wplp_thumb\" \/><\/span><\/a><a href=\"https:\/\/www.ovlgc.org\/fr\/newsletter-n13-de-la-vigie-de-la-laicite\/\"  class=\"title\">Newsletter 13<\/a><\/div><\/div><div id=\"wplp_box_left_3968_4402\" class=\"wpcu-front-box left wpcu-custom-position\" ><div class=\"wplp-box-item\"><\/div><\/div><div id=\"wplp_box_right_3968_4402\" class=\"wpcu-front-box right wpcu-custom-position\" ><div class=\"wplp-box-item\"><\/div><\/div><div id=\"wplp_box_bottom_3968_4402\" class=\"wpcu-front-box bottom \" ><div class=\"wplp-box-item\"><span class=\"date\">6 octobre 2022<\/span><span class=\"text\"><span style=\"max-height:2.8em\" class=\"line_limit\">La loi \u00ab\u00a0s\u00e9paratisme\u00a0\u00bb, quels enjeux, et quels dangers en mati\u00e8re de libert\u00e9s individuelle et associative\u00a0? Newsletter de la Vigie de<\/span><span style=\"margin-left:3px; max-height:2.8em\" class=\"line_limit\"> [...]<\/span><\/span><span class=\"custom_fields\">\n<!-- WPLP Unknown field: Custom_Fields -->\n<\/span><a href=\"https:\/\/www.ovlgc.org\/fr\/newsletter-n13-de-la-vigie-de-la-laicite\/\"  class=\"read-more\">Lire la suite\u2026<\/a><\/div><\/div><\/div><\/div><div class=\"swiper-slide\" style=\"\"><div class=\"insideframe\"><div id=\"wplp_box_top_3968_4397\" class=\"wpcu-front-box top equalHeightImg\" ><div class=\"wplp-box-item\"><a href=\"https:\/\/www.ovlgc.org\/fr\/4397-2\/\"  class=\"thumbnail\"><span class=\"img_cropper\" style=\"margin-top:30px;margin-right:30px;margin-bottom:5px;margin-left:5px;max-width:100%;\"><img decoding=\"async\" src=\"https:\/\/www.ovlgc.org\/fr\/wp-content\/uploads\/2022\/04\/ovlgc-photo-actu2-300x300.jpg\" style=\"aspect-ratio:4\/3;\" srcset=\"\" alt=\"Newsletter 12\" class=\"wplp_thumb\" \/><\/span><\/a><a href=\"https:\/\/www.ovlgc.org\/fr\/4397-2\/\"  class=\"title\">Newsletter 12<\/a><\/div><\/div><div id=\"wplp_box_left_3968_4397\" class=\"wpcu-front-box left wpcu-custom-position\" ><div class=\"wplp-box-item\"><\/div><\/div><div id=\"wplp_box_right_3968_4397\" class=\"wpcu-front-box right wpcu-custom-position\" ><div class=\"wplp-box-item\"><\/div><\/div><div id=\"wplp_box_bottom_3968_4397\" class=\"wpcu-front-box bottom \" ><div class=\"wplp-box-item\"><span class=\"date\">6 octobre 2022<\/span><span class=\"text\"><span style=\"max-height:2.8em\" class=\"line_limit\">De quoi le burkini est-il le nom ? Newsletter de la Vigie de la La\u00efcit\u00e9 n\u00b012 Cher\u00b7e\u00b7s ami\u00b7e\u00b7s, Cher\u00b7e\u00b7s abonn\u00e9\u00b7e\u00b7s<\/span><span style=\"margin-left:3px; max-height:2.8em\" class=\"line_limit\"> [...]<\/span><\/span><span class=\"custom_fields\">\n<!-- WPLP Unknown field: Custom_Fields -->\n<\/span><a href=\"https:\/\/www.ovlgc.org\/fr\/4397-2\/\"  class=\"read-more\">Lire la suite\u2026<\/a><\/div><\/div><\/div><\/div><\/div><div class=\"swiper-button-next\"><\/div><div class=\"swiper-button-prev\"><\/div><div class=\"swiper-pagination\"><\/div><\/div><\/div><\/div><div id=\"panel-400-2-0-1\" class=\"so-panel widget widget_sow-button panel-last-child\" data-index=\"6\" ><div\n\t\t\t\n\t\t\tclass=\"so-widget-sow-button so-widget-sow-button-atom-eca505af1c4e-4397\"\n\t\t\t\n\t\t><div class=\"ow-button-base ow-button-align-center\"\n>\n\t\t\t<a\n\t\t\t\t\thref=\"https:\/\/www.ovlgc.org\/fr\/actualites\/\"\n\t\t\t\t\tclass=\"sowb-button ow-icon-placement-left\" \t>\n\t\t<span>\n\t\t\t<span class=\"sow-icon-fontawesome sow-far\" data-sow-icon=\"&#xf1ea;\"\n\t\tstyle=\"color: #ffffff\" \n\t\taria-hidden=\"true\"><\/span>\n\t\t\tToutes les actualit\u00e9s de l'OVLGC\t\t<\/span>\n\t\t\t<\/a>\n\t<\/div>\n<\/div><\/div><\/div><div id=\"pgc-400-2-1\"  class=\"panel-grid-cell\" ><div id=\"panel-400-2-1-0\" class=\"so-panel widget widget_sfp_page_plugin_widget panel-first-child panel-last-child\" data-index=\"7\" ><h3 class=\"widget-title\">Facebook<\/h3><!-- SFPlugin by topdevs.net -->\n<!-- Page Plugin Code START -->\n<div class=\"sfp-container\" data-sfp-embed=\"1\" data-sfp-url=\"https:\/\/www.facebook.com\/ovlgc\" data-sfp-width=\"\" data-sfp-height=\"820\" data-sfp-hide-cover=\"false\" data-sfp-show-facepile=\"false\" data-sfp-small-header=\"false\" data-sfp-tabs=\"timeline,events,messages\" data-sfp-locale=\"fr_FR\" data-sfp-click-to-load=\"0\" data-sfp-lazy=\"1\">\n\t<button\n\t\ttype=\"button\"\n\t\tclass=\"sfp-placeholder\"\n\t\t style=\"background: linear-gradient(135deg, #e7f3ff 0%, #f5faff 100%); color: #1877f2\"\t\taria-label=\"Click to load Facebook content\"\t>\n\t\t\t<\/button>\n\t<div class=\"sfp-embed\" aria-live=\"polite\"><\/div>\n<\/div>\n<!-- Page Plugin Code END -->\n<\/div><\/div><\/div><div id=\"pg-400-3\"  class=\"panel-grid panel-has-style\" ><div class=\"siteorigin-panels-stretch panel-row-style panel-row-style-for-400-3\" data-stretch-type=\"full\" ><div id=\"pgc-400-3-0\"  class=\"panel-grid-cell\" ><div id=\"panel-400-3-0-0\" class=\"so-panel widget widget_media_image panel-first-child\" data-index=\"8\" ><img loading=\"lazy\" decoding=\"async\" width=\"200\" height=\"246\" src=\"https:\/\/www.ovlgc.org\/fr\/wp-content\/uploads\/2019\/02\/IMG_20190130_140511.jpg\" class=\"image wp-image-1655  attachment-400x492 size-400x492\" alt=\"\" style=\"max-width: 100%; height: auto;\" \/><\/div><div id=\"panel-400-3-0-1\" class=\"so-panel widget widget_text panel-last-child\" data-index=\"9\" >\t\t\t<div class=\"textwidget\"><p style=\"text-align: justify;\"><em>(Marianne, ci-dessus, est un dessin de Jean EFFEL extrait du livre de Jean CORNEC \u00ab\u00a0La\u00efcit\u00e9\u00a0\u00bb, paru en 1965 aux \u00e9ditions SUDEL)<\/em><\/p>\n<\/div>\n\t\t<\/div><\/div><div id=\"pgc-400-3-1\"  class=\"panel-grid-cell\" ><div id=\"panel-400-3-1-0\" class=\"so-panel widget widget_media_image panel-first-child\" data-index=\"10\" ><img loading=\"lazy\" decoding=\"async\" width=\"218\" height=\"236\" src=\"https:\/\/www.ovlgc.org\/fr\/wp-content\/uploads\/2018\/07\/logo-OVLGC-carr\u00e9.jpg\" class=\"image wp-image-28  attachment-full size-full\" alt=\"\" style=\"max-width: 100%; height: auto;\" \/><\/div><div id=\"panel-400-3-1-1\" class=\"so-panel widget widget_text panel-last-child\" data-index=\"11\" >\t\t\t<div class=\"textwidget\"><h4>Nous contacter<\/h4>\n<p>Mail : contact@ovlgc.org<br \/>\nT\u00e9l. : 06.51.99.19.13<\/p>\n<\/div>\n\t\t<\/div><\/div><div id=\"pgc-400-3-2\"  class=\"panel-grid-cell\" ><div id=\"panel-400-3-2-0\" class=\"so-panel widget widget_wplp_widget panel-first-child panel-last-child\" data-index=\"12\" ><style><\/style><div class=\"wplp_outside wplp_widget_4048\" style=\"max-width:100%;\"><span class=\"wpcu_block_title\">\u00c9v\u00e9nements<\/span><div id=\"wplp_widget_4048\" class=\"wplp_widget_default wplp_container vertical swiper wplp-swiper default cols1\" data-theme=\"default\" data-post=\"4048\" style=\"\" data-max-elts=\"2\" data-per-page=\"3\"><div class=\"wplp_listposts swiper-wrapper\" id=\"default_4048\" style=\"width: 100%;\" ><div class=\"swiper-slide\" style=\"\"><div class=\"insideframe\"><div id=\"wplp_box_top_4048_3480\" class=\"wpcu-front-box top equalHeightImg\" ><div class=\"wplp-box-item\"><a href=\"https:\/\/www.ovlgc.org\/fr\/la-semaine-de-la-laicite-2021\/\"  class=\"thumbnail\"><span class=\"img_cropper\" style=\"margin-right:4px;margin-bottom:4px;max-width:100%;\"><img decoding=\"async\" src=\"https:\/\/www.ovlgc.org\/fr\/wp-content\/uploads\/2021\/12\/Semaine-de-la-Laicite-390x205.png\" style=\"aspect-ratio:4\/3;\" srcset=\"\" alt=\"La Semaine de la La\u00efcit\u00e9 2021\" class=\"wplp_thumb\" \/><\/span><\/a><a href=\"https:\/\/www.ovlgc.org\/fr\/la-semaine-de-la-laicite-2021\/\"  class=\"title\">La Semaine de la La\u00efcit\u00e9 2021<\/a><\/div><\/div><div id=\"wplp_box_left_4048_3480\" class=\"wpcu-front-box left wpcu-custom-position\" ><div class=\"wplp-box-item\"><\/div><\/div><div id=\"wplp_box_right_4048_3480\" class=\"wpcu-front-box right wpcu-custom-position\" ><div class=\"wplp-box-item\"><\/div><\/div><div id=\"wplp_box_bottom_4048_3480\" class=\"wpcu-front-box bottom \" ><div class=\"wplp-box-item\"><span class=\"date\">6 janvier 2022<\/span><span class=\"category\">\u00c9v\u00e8nements de 2021<\/span><span class=\"text\"><span style=\"max-height:2.8em\" class=\"line_limit\">&nbsp;\nApr\u00e8s le programme de cette semaine, un article de presse et l&rsquo;annonce de la conf\u00e9rence, vous trouverez diff\u00e9rents avis sur le v\u00e9cu de cette semaine:\n&nbsp;\nJean BURNELEAU, vice-pr\u00e9sident de l&rsquo;OVLGC, a souhait\u00e9 faire part de son sentiment \u00e0 l&rsquo;issue de cette semaine de la La\u00efcit\u00e9:\nDans le m\u00eame esprit, R\u00e9my Eveill\u00e9 , membre du conseil d&rsquo;administration de l&rsquo;OVLGC, a r\u00e9dig\u00e9 un compte-rendu personnel de ces journ\u00e9es de la La\u00efcit\u00e9:\nEnfin, Jean Regourd, de la Libre Pens\u00e9e Vend\u00e9e, propose le compte-rendu suivant de la r\u00e9union du 9 Novembre.<\/span><span style=\"margin-left:3px; max-height:2.8em\" class=\"line_limit\"> [...]<\/span><\/span><span class=\"custom_fields\">\n<!-- WPLP Unknown field: Custom_Fields -->\n<\/span><\/div><\/div><\/div><\/div><div class=\"swiper-slide\" style=\"\"><div class=\"insideframe\"><div id=\"wplp_box_top_4048_3478\" class=\"wpcu-front-box top equalHeightImg\" ><div class=\"wplp-box-item\"><a href=\"https:\/\/www.ovlgc.org\/fr\/la-venue-de-philippe-portier-a-la-roche-sur-yon\/\"  class=\"thumbnail\"><span class=\"img_cropper\" style=\"margin-right:4px;margin-bottom:4px;max-width:100%;\"><img decoding=\"async\" src=\"https:\/\/www.ovlgc.org\/fr\/wp-content\/uploads\/2021\/12\/IMG_20211210_184539-390x205.jpg\" style=\"aspect-ratio:4\/3;\" srcset=\"\" alt=\"La Venue de Philippe PORTIER \u00e0 la Roche sur Yon\" class=\"wplp_thumb\" \/><\/span><\/a><a href=\"https:\/\/www.ovlgc.org\/fr\/la-venue-de-philippe-portier-a-la-roche-sur-yon\/\"  class=\"title\">La Venue de Philippe PORTIER \u00e0 la Roche sur Yon<\/a><\/div><\/div><div id=\"wplp_box_left_4048_3478\" class=\"wpcu-front-box left wpcu-custom-position\" ><div class=\"wplp-box-item\"><\/div><\/div><div id=\"wplp_box_right_4048_3478\" class=\"wpcu-front-box right wpcu-custom-position\" ><div class=\"wplp-box-item\"><\/div><\/div><div id=\"wplp_box_bottom_4048_3478\" class=\"wpcu-front-box bottom \" ><div class=\"wplp-box-item\"><span class=\"date\">6 janvier 2022<\/span><span class=\"category\">\u00c9v\u00e8nements de 2021 \/ La Venue de Philippe PORTIER le 10 D\u00e9cembre<\/span><span class=\"text\"><span style=\"max-height:2.8em\" class=\"line_limit\">&nbsp;\nSur le th\u00e8me \u00a0\u00bb Libert\u00e9 d&rsquo;expression, jusqu&rsquo;o\u00f9 ? \u00a0\u00bb et dans le cadre de la semaine de la la\u00efcit\u00e9 2021, l&rsquo;Observatoire a organis\u00e9 le\u00a0 10 D\u00e9cembre une conf\u00e9rence de Philippe Portier. Vous trouverez ci-joint l&rsquo;introduction de son pr\u00e9sident et une synth\u00e8se de l&rsquo;intervention du politologue.\n&nbsp;\nAuparavant, la Libre Pens\u00e9e avait rappel\u00e9 &#8230;:<\/span><span style=\"margin-left:3px; max-height:2.8em\" class=\"line_limit\"> [...]<\/span><\/span><span class=\"custom_fields\">\n<!-- WPLP Unknown field: Custom_Fields -->\n<\/span><\/div><\/div><\/div><\/div><\/div><div class=\"swiper-button-next\"><\/div><div class=\"swiper-button-prev\"><\/div><div class=\"swiper-pagination\"><\/div><\/div><\/div><\/div><\/div><div id=\"pgc-400-3-3\"  class=\"panel-grid-cell\" ><div id=\"panel-400-3-3-0\" class=\"widget_text so-panel widget widget_custom_html panel-first-child panel-last-child\" data-index=\"13\" ><div class=\"textwidget custom-html-widget\"><a class=\"twitter-timeline\" \ndata-chrome=\"nofooter\"\nheight=\"400px\"\nhref=\"https:\/\/twitter.com\/vigielaicite\">Tweets de @VigieLa\u00efcit\u00e9<\/a> <script async src=\"https:\/\/platform.twitter.com\/widgets.js\" charset=\"utf-8\"><\/script>\n<\/div><\/div><\/div><\/div><\/div><\/div>","protected":false},"excerpt":{"rendered":"<p>Adh\u00e9rents de l&rsquo;Association ou Formateurs VRL, acc\u00e9dez au contenu prot\u00e9g\u00e9 du site web et\/ou au Centre de Ressources mis \u00e0<\/p>\n","protected":false},"author":1,"featured_media":0,"parent":0,"menu_order":0,"comment_status":"closed","ping_status":"closed","template":"","meta":{"footnotes":""},"class_list":["post-400","page","type-page","status-publish","hentry"],"_links":{"self":[{"href":"https:\/\/www.ovlgc.org\/fr\/wp-json\/wp\/v2\/pages\/400","targetHints":{"allow":["GET"]}}],"collection":[{"href":"https:\/\/www.ovlgc.org\/fr\/wp-json\/wp\/v2\/pages"}],"about":[{"href":"https:\/\/www.ovlgc.org\/fr\/wp-json\/wp\/v2\/types\/page"}],"author":[{"embeddable":true,"href":"https:\/\/www.ovlgc.org\/fr\/wp-json\/wp\/v2\/users\/1"}],"replies":[{"embeddable":true,"href":"https:\/\/www.ovlgc.org\/fr\/wp-json\/wp\/v2\/comments?post=400"}],"version-history":[{"count":392,"href":"https:\/\/www.ovlgc.org\/fr\/wp-json\/wp\/v2\/pages\/400\/revisions"}],"predecessor-version":[{"id":2315,"href":"https:\/\/www.ovlgc.org\/fr\/wp-json\/wp\/v2\/pages\/400\/revisions\/2315"}],"wp:attachment":[{"href":"https:\/\/www.ovlgc.org\/fr\/wp-json\/wp\/v2\/media?parent=400"}],"curies":[{"name":"wp","href":"https:\/\/api.w.org\/{rel}","templated":true}]}}