{"id":2456,"date":"2019-06-06T17:57:04","date_gmt":"2019-06-06T15:57:04","guid":{"rendered":"http:\/\/www.ovlgc.org\/fr\/?page_id=2456"},"modified":"2024-05-07T11:33:39","modified_gmt":"2024-05-07T09:33:39","slug":"2019-2","status":"publish","type":"page","link":"https:\/\/www.ovlgc.org\/fr\/evenements-de-2024\/evenements\/2019-2\/","title":{"rendered":"\u00c9v\u00e8nements de 2019"},"content":{"rendered":"<div id=\"pl-2456\"  class=\"panel-layout\" ><div id=\"pg-2456-0\"  class=\"panel-grid panel-no-style\" ><div id=\"pgc-2456-0-0\"  class=\"panel-grid-cell panel-grid-cell-mobile-last\" ><div id=\"panel-2456-0-0-0\" class=\"so-panel widget widget_text panel-first-child panel-last-child\" data-index=\"0\" >\t\t\t<div class=\"textwidget\"><style><\/style><div class=\"wplp_outside wplp_widget_4271\" style=\"max-width:100%;\"><div id=\"wplp_widget_4271\" class=\"wplp_widget_default wplp_container vertical swiper wplp-swiper default cols3\" data-theme=\"default\" data-post=\"4271\" style=\"\" data-max-elts=\"5\" data-per-page=\"50\"><div class=\"wplp_listposts swiper-wrapper\" id=\"default_4271\" style=\"width: 100%;\" ><div class=\"swiper-slide\" style=\"\"><div class=\"insideframe\"><div id=\"wplp_box_top_4271_2593\" class=\"wpcu-front-box top equalHeightImg\" ><div class=\"wplp-box-item\"><a href=\"https:\/\/www.ovlgc.org\/fr\/semaines-de-la-laicite-2019\/\"  class=\"thumbnail\"><span class=\"img_cropper\" style=\"margin-top:5px;margin-right:5px;margin-bottom:30px;margin-left:30px;max-width:100%;\"><img decoding=\"async\" src=\"https:\/\/www.ovlgc.org\/fr\/wp-content\/uploads\/2019\/11\/Semaine1-392x272.png\" style=\"aspect-ratio:4\/3;\" srcset=\"\" alt=\"Semaines de la La\u00efcit\u00e9 2019\" class=\"wplp_thumb\" \/><\/span><\/a><a href=\"https:\/\/www.ovlgc.org\/fr\/semaines-de-la-laicite-2019\/\"  class=\"title\">Semaines de la La\u00efcit\u00e9 2019<\/a><\/div><\/div><div id=\"wplp_box_left_4271_2593\" class=\"wpcu-front-box left wpcu-custom-position\" ><div class=\"wplp-box-item\"><\/div><\/div><div id=\"wplp_box_right_4271_2593\" class=\"wpcu-front-box right wpcu-custom-position\" ><div class=\"wplp-box-item\"><\/div><\/div><div id=\"wplp_box_bottom_4271_2593\" class=\"wpcu-front-box bottom \" ><div class=\"wplp-box-item\"><span class=\"text\"><span style=\"max-height:2.8em\" class=\"line_limit\">De nouveau cette ann\u00e9e, La Ligue de l&rsquo;enseignement &#8211; F.O.L. Vend\u00e9e, en collaboration avec de nombreuses associations et organismes la\u00efques dont l&rsquo;Observatoire Vend\u00e9en de la La\u00efcit\u00e9 Georges Cl\u00e9menceau, vous propose des \u00e9v\u00e9nements gratuits et ouverts \u00e0 tous dans le cadre de la journ\u00e9e nationale d\u00e9di\u00e9e \u00e0 la la\u00efcit\u00e9 le 9 d\u00e9cembre prochain.\n\nConsultez le programme complet\nLes affiches\n\n\n\n\n\n\n\n\n\n\n\n\n\n\n\n\n\n\n\n\n\n\n\n\n\n\n\n\n\nSamedi 23 novembre 2019\n15h salle Oc\u00e9ane \u00e0 Barbatre\nPROJECTION DU FILM \u00ab\u00a0LA SEPARATION\u00a0\u00bb\n\n\n\n\n\n\n\n\n\n\n\n\n\n\n\n\n\n\n\n\n\n\n\n\n\n\n\n\n\n\n\n\n\n\n\n\nDu 25 au 29 novembre\nLA GALERIE DES DROITS\nMaison de quartier des Forges La Roche-sur-Yon\n\n\n\n\n\n\n\n\n\n\n\n\n\n\n\n\n\n\n\n\n\n\n\n\n\n\n\n\n\n\n\n\n\n\n\n\nDimanche 24 novembre 2019\n15h espace culturel George Sand Les Achards\nCONCERT DE LA FRATERNITE\n\n\n\n\n\n\n\n\n\n\n\n\n\n\n\n\n\n\n\n\n\n\n\n\n\n\n\n\n\n\n\n\n\n\n\n\n\n\nMardi 3 d\u00e9cembre 2019\n18h &#8211; 21h A LA Ligue de l&rsquo;enseignement\nLa Roche-sur-Yon\nRENCONTRE DES ORGANISATIONS PARTENAIRES \u00ab\u00a0MON ESS A L&rsquo;ECOLE\u00a0\u00bb\n\n\n\n\n\n\n\n\n\n\n\n\n\n\n\n\n\n\n\n\n\n\n\n\n\n\n\n\n\n\n\n\n\n\n\n\nJeudi 5 d\u00e9cembre 2019\n20h espace culturel GeorgeSand Les Achards\n\u00ab\u00a0SI ON CAUSAIT ? &#8211; STOP AUX DISCRIMINATIONS\u00a0\u00bb\n\n\n\n\n\n\n\n\n\n\n\n\n\n\n\n\n\n\n\n\n\n\n\n\n\n\n\n\n\n\n\n\n\n\n\n\nLundi 9 d\u00e9cembre 2019\n20h salle 11 du pole associatif\nLa Roche-sur-Yon\nDEFENDRE ET FAIRE RESPECTER LA LOI DE 1905 EN VENDEE\n\n\n\n\n\n\n\n\n\n\n\n\n\n\n\n\n\n\n\n\n\n\n\n\n\n\n\n\n\n\n\n\n\n\n\n\n\n\nMardi 10 d\u00e9cembre 2019\n20h salle du conseil\nMairie de Dompierre sur Yon\nPROJECTION DU FILM \u00ab\u00a0LA SEPARATION\u00a0\u00bb\n\n\n\n\n\n\n\n\n\n\n\n\n\n\n\n\n\n\n\n\n\n\n\n\n\n\n\n\n\n\n\n\n\n\n\n\nMercredi 11 d\u00e9cembre 2019\n14h Les Terres Noires\nLa Roche-sur-Yon\nCROSS DE LA LA\u00cfCITE\n\n\n\n\n\n.\n\n\n\n\n\n\n\n\n\n\n\n\n\n\n\n\n\n\n\n\n\n\n\n\n\n\n\n\n\n\n\n\n\n\n\n\n\n\n\n\n\n&nbsp;\n\n\n\n\n\n\n\n\n\n\n\n\n\n\n\n\n\n\n\n\n\n\n\n\n\n\n\n\n\n\nVendredi 13 d\u00e9cembre 2019\nD\u00e8s 20h Maison de quartier de la Vallee Verte La Roche-sur-Yon\nFRATERNIS&rsquo;YON EN CHANTANT\n&nbsp;\n&nbsp;\n&nbsp;\n Lundi 16 d\u00e9cembre 2019\nD\u00e8s 9h \u00e0 La Ligue de l&rsquo;enseignement\nLa Roche-sur-Yon\nFORMATION \u00ab\u00a0VALEURS DE LA REPUBLIQUE ET LA\u00cfCITE\u00a0\u00bb\n\n\n\n\n\n\n\n\n\n\n\n&nbsp;\n\u00a0\n&nbsp;<\/span><span style=\"margin-left:3px; max-height:2.8em\" class=\"line_limit\"> [...]<\/span><\/span><span class=\"custom_fields\">\n<!-- WPLP Unknown field: Custom_Fields -->\n<\/span><a href=\"https:\/\/www.ovlgc.org\/fr\/semaines-de-la-laicite-2019\/\"  class=\"read-more\">Lire la suite\u2026<\/a><\/div><\/div><\/div><\/div><div class=\"swiper-slide\" style=\"\"><div class=\"insideframe\"><div id=\"wplp_box_top_4271_2418\" class=\"wpcu-front-box top equalHeightImg\" ><div class=\"wplp-box-item\"><a href=\"https:\/\/www.ovlgc.org\/fr\/le-dilcrah-a-la-roche-sur-yon-le-28-mai-prochain\/\"  class=\"thumbnail\"><span class=\"img_cropper\" style=\"margin-top:5px;margin-right:5px;margin-bottom:30px;margin-left:30px;max-width:100%;\"><img decoding=\"async\" src=\"https:\/\/www.ovlgc.org\/fr\/wp-content\/uploads\/2019\/05\/DILCRAH-392x272.jpg\" style=\"aspect-ratio:4\/3;\" srcset=\"\" alt=\"Le DILCRAH \u00e0 La Roche sur Yon le 28 mai\" class=\"wplp_thumb\" \/><\/span><\/a><a href=\"https:\/\/www.ovlgc.org\/fr\/le-dilcrah-a-la-roche-sur-yon-le-28-mai-prochain\/\"  class=\"title\">Le DILCRAH \u00e0 La Roche sur Yon le 28 mai<\/a><\/div><\/div><div id=\"wplp_box_left_4271_2418\" class=\"wpcu-front-box left wpcu-custom-position\" ><div class=\"wplp-box-item\"><\/div><\/div><div id=\"wplp_box_right_4271_2418\" class=\"wpcu-front-box right wpcu-custom-position\" ><div class=\"wplp-box-item\"><\/div><\/div><div id=\"wplp_box_bottom_4271_2418\" class=\"wpcu-front-box bottom \" ><div class=\"wplp-box-item\"><span class=\"text\"><span style=\"max-height:2.8em\" class=\"line_limit\">A l\u2019invitation de l\u2019Observatoire Vend\u00e9en de la La\u00efcit\u00e9 Georges Clemenceau, Fr\u00e9d\u00e9ric Potier, D\u00e9l\u00e9gu\u00e9 Interminist\u00e9riel \u00e0 la Lutte Contre le Racisme, l\u2019Antis\u00e9mitisme et la Haine anti-LGBT, \u00e9tait en Vend\u00e9e le 28 mai dernier, plus particuli\u00e8rement aux Ecuries des Oudairies de La Roche sur Yon.\nCi-dessous le programme de sa visite :\n\u2013 17h55\u00a0: accueil de Fr\u00e9d\u00e9ric Potier\n\u2013 18h15 \u00e0 19h45\u00a0: intervention de F.Potier\u00a0 \u00ab\u00a0 \u00e9tat des lieux et perspectives \u00a0de la lutte contre le racisme, l\u2019antis\u00e9mitisme et la haine anti-LGBT \u00bb,\nsuivie d\u2019un \u00e9change avec la salle\n\u2013 20h\u00a0\u00e0 22 h\u00a0: pi\u00e8ce de th\u00e9\u00e2tre\u00a0:\u00a0\u00ab\u00a0Les Rocailleuses\u00a0\u00bb\u00a0 par la troupe de th\u00e9\u00e2tre de la maison de quartier Centre Ville\/Pont Morineau &#8211; AMAQY- Mise en sc\u00e8ne Georges Bilau Yaya, adaptation de Didier Tesson-du livre \u00ab\u00a0Photo de Groupe au bord du Fleuve\u00a0\u00bbde E. Dongala.\n\u2013 Matin\u00e9e du 29 mai\u00a0: d\u00e9part de Fr\u00e9d\u00e9ric Potier\nL\u2019Observatoire Vend\u00e9en de la La\u00efcit\u00e9 Georges Clemenceau a poursuivi ainsi un des grands axes de son action, \u00e0 savoir l\u2019organisation de d\u00e9bats et d\u2019\u00e9changes autour de la la\u00efcit\u00e9 et de th\u00e8mes voisins qui concourent \u00e0 son respect.\nL&rsquo;attaque subie le samedi 18 mai par \u00ab\u00a0le village associatif contre l&rsquo;homophobie\u00a0\u00bb \u00e0 La Roche sur Yon a illustr\u00e9 malheureusement\u00a0 la subsistance de comportements haineux contre certains de nos concitoyens. (ne manquez pas de lire l&rsquo;article du Journal du Pays Yonnais)\nL\u2019accueil de la troupe du Centre Ville\/Pont Morineau a \u00e9t\u00e9 pour nous un clin d\u2019\u0153il artistique \u00e0 un combat toujours d\u2019actualit\u00e9, la d\u00e9fense des droits des femmes, bien illustr\u00e9 \u00e0 la fois par le contenu de la pi\u00e8ce et la d\u00e9marche des com\u00e9diennes.\n&nbsp;\nProfitant de sa pr\u00e9sence en Vend\u00e9e, le DILCRAH a visit\u00e9 le centre LGBT de Vend\u00e9e le Mercredi 29 mai. Le journal du Pays Yonnais relate l&rsquo;\u00e9v\u00e8nement dans l&rsquo;article que vous pouvez d\u00e9couvrir en cliquant.\n&nbsp;\n&nbsp;\n\u00a0\n&nbsp;\n&nbsp;\n&nbsp;<\/span><span style=\"margin-left:3px; max-height:2.8em\" class=\"line_limit\"> [...]<\/span><\/span><span class=\"custom_fields\">\n<!-- WPLP Unknown field: Custom_Fields -->\n<\/span><a href=\"https:\/\/www.ovlgc.org\/fr\/le-dilcrah-a-la-roche-sur-yon-le-28-mai-prochain\/\"  class=\"read-more\">Lire la suite\u2026<\/a><\/div><\/div><\/div><\/div><div class=\"swiper-slide\" style=\"\"><div class=\"insideframe\"><div id=\"wplp_box_top_4271_2141\" class=\"wpcu-front-box top equalHeightImg\" ><div class=\"wplp-box-item\"><a href=\"https:\/\/www.ovlgc.org\/fr\/echanges-citoyens-pour-toutes-et-tous-a-la-roche-sur-yon\/\"  class=\"thumbnail\"><span class=\"img_cropper\" style=\"margin-top:5px;margin-right:5px;margin-bottom:30px;margin-left:30px;max-width:100%;\"><img decoding=\"async\" src=\"https:\/\/www.ovlgc.org\/fr\/wp-content\/uploads\/2019\/02\/IMG_20190130_140511.jpg\" style=\"aspect-ratio:4\/3;\" srcset=\"\" alt=\"\u00ab\u00a0Echanges citoyens pour toutes et tous\u00a0\u00bb \u00e0 la Roche sur Yon\" class=\"wplp_thumb\" \/><\/span><\/a><a href=\"https:\/\/www.ovlgc.org\/fr\/echanges-citoyens-pour-toutes-et-tous-a-la-roche-sur-yon\/\"  class=\"title\">\u00ab\u00a0Echanges citoyens pour toutes et tous\u00a0\u00bb \u00e0 la Roche sur Yon<\/a><\/div><\/div><div id=\"wplp_box_left_4271_2141\" class=\"wpcu-front-box left wpcu-custom-position\" ><div class=\"wplp-box-item\"><\/div><\/div><div id=\"wplp_box_right_4271_2141\" class=\"wpcu-front-box right wpcu-custom-position\" ><div class=\"wplp-box-item\"><\/div><\/div><div id=\"wplp_box_bottom_4271_2141\" class=\"wpcu-front-box bottom \" ><div class=\"wplp-box-item\"><span class=\"text\"><span style=\"max-height:2.8em\" class=\"line_limit\">Ce contenu est r\u00e9serv\u00e9 aux adh\u00e9rents de l&rsquo;OVLGC; veuillez indiquer le mot de passe ci-dessous pour y acc\u00e9der ou identifiez-vous.<\/span><span style=\"margin-left:3px; max-height:2.8em\" class=\"line_limit\"> [...]<\/span><\/span><span class=\"custom_fields\">\n<!-- WPLP Unknown field: Custom_Fields -->\n<\/span><a href=\"https:\/\/www.ovlgc.org\/fr\/echanges-citoyens-pour-toutes-et-tous-a-la-roche-sur-yon\/\"  class=\"read-more\">Lire la suite\u2026<\/a><\/div><\/div><\/div><\/div><div class=\"swiper-slide\" style=\"\"><div class=\"insideframe\"><div id=\"wplp_box_top_4271_1556\" class=\"wpcu-front-box top equalHeightImg\" ><div class=\"wplp-box-item\"><a href=\"https:\/\/www.ovlgc.org\/fr\/luniversite-populaire-des-olonnes-upo-recoit-le-president-de-lovlgc\/\"  class=\"thumbnail\"><span class=\"img_cropper\" style=\"margin-top:5px;margin-right:5px;margin-bottom:30px;margin-left:30px;max-width:100%;\"><img decoding=\"async\" src=\"https:\/\/www.ovlgc.org\/fr\/wp-content\/uploads\/2022\/05\/logo-4-3-WE99cb3f2c33.jpg\" style=\"aspect-ratio:4\/3;\" srcset=\"\" alt=\"L&rsquo;Universit\u00e9 Populaire des Olonnes (UPO) re\u00e7oit le Pr\u00e9sident de l&rsquo;OVLGC\" class=\"wplp_thumb\" \/><\/span><\/a><a href=\"https:\/\/www.ovlgc.org\/fr\/luniversite-populaire-des-olonnes-upo-recoit-le-president-de-lovlgc\/\"  class=\"title\">L&rsquo;Universit\u00e9 Populaire des Olonnes (UPO) re\u00e7oit le Pr\u00e9sident de l&rsquo;OVLGC<\/a><\/div><\/div><div id=\"wplp_box_left_4271_1556\" class=\"wpcu-front-box left wpcu-custom-position\" ><div class=\"wplp-box-item\"><\/div><\/div><div id=\"wplp_box_right_4271_1556\" class=\"wpcu-front-box right wpcu-custom-position\" ><div class=\"wplp-box-item\"><\/div><\/div><div id=\"wplp_box_bottom_4271_1556\" class=\"wpcu-front-box bottom \" ><div class=\"wplp-box-item\"><span class=\"text\"><span style=\"max-height:2.8em\" class=\"line_limit\">Le 12 mars prochain, \u00e0 l\u2019invitation de l\u2019Universit\u00e9 Populaire des Olonnes, Gilles Bourmaud parlera de la la\u00efcit\u00e9 et \u00e9changera avec les membres pr\u00e9sents. L\u2019accueil se fera \u00e0 partir de 17 h 30 dans les locaux de l\u2019association, \u00e0 Olonnespace, \u00e0 \u00a0c\u00f4t\u00e9 de la Croix Rouge, all\u00e9e des Aulnes \u00e0 Olonne sur Mer.\nDepuis plusieurs ann\u00e9es, les affaires relatives au port du voile \u00e0 l\u2019\u00e9cole, en cr\u00e8che ou dans l\u2019espace public, la question des menus servis dans les cantines scolaires, des pri\u00e8res de rue, des caricatures ont mis le vivre ensemble et la la\u00efcit\u00e9 au coeur des d\u00e9bats et controverses m\u00e9diatiques.\nEn d\u00e9finitive, ceci t\u00e9moigne d\u2019une m\u00e9connaissance de la la\u00efcit\u00e9 dans son acception fran\u00e7aise, focalis\u00e9e souvent sur ce qu\u2019elle interdit au d\u00e9triment de ce qu\u2019elle garantit comme libert\u00e9s individuelles et collectives. Les contresens et les malentendus \u2013 y compris au sein des institutions \u2013contribuent \u00e0 entretenir des tensions et \u00e0 faire oublier que ce sont nos valeurs r\u00e9publicaines et leur traduction dans notre vie quotidienne, qui nous permettent de vivre dans une soci\u00e9t\u00e9 que nous voulons libre, \u00e9galitaire et fraternelle.\nL\u2019ambition de son expos\u00e9 \u00ab\u00a0 la la\u00efcit\u00e9 aujourd\u2019hui\u00a0\u00bb est d\u2019adresser \u00e0 tous un discours clair et sans \u00e9quivoque sur ce qu\u2019est la la\u00efcit\u00e9 et ce qu\u2019elle n\u2019est pas, et sur le lien fort entre ce principe et les valeurs de la R\u00e9publique.\nSur le fond, \u00e0 partir d\u2019un cadrage historique et juridique, il\u00a0 promeut une approche fond\u00e9e sur le droit et le dialogue. Sur le plan p\u00e9dagogique, l\u2019application du principe de la\u00efcit\u00e9 est abord\u00e9e \u00e0 travers diff\u00e9rents cas pratiques d\u2019aujourd\u2019hui.\nSuite: Une trentaine de personnes a assist\u00e9 \u00e0 la conf\u00e9rence, suivie d&rsquo;un \u00e9change nourri et fructueux. Aux dires des participants, cette rencontre leur a apport\u00e9 des informations suppl\u00e9mentaires et une vision objective du principe de la\u00efcit\u00e9.<\/span><span style=\"margin-left:3px; max-height:2.8em\" class=\"line_limit\"> [...]<\/span><\/span><span class=\"custom_fields\">\n<!-- WPLP Unknown field: Custom_Fields -->\n<\/span><a href=\"https:\/\/www.ovlgc.org\/fr\/luniversite-populaire-des-olonnes-upo-recoit-le-president-de-lovlgc\/\"  class=\"read-more\">Lire la suite\u2026<\/a><\/div><\/div><\/div><\/div><div class=\"swiper-slide\" style=\"\"><div class=\"insideframe\"><div id=\"wplp_box_top_4271_1431\" class=\"wpcu-front-box top equalHeightImg\" ><div class=\"wplp-box-item\"><a href=\"https:\/\/www.ovlgc.org\/fr\/le-regroupement-des-formateurs-vrl-vendeens\/\"  class=\"thumbnail\"><span class=\"img_cropper\" style=\"margin-top:5px;margin-right:5px;margin-bottom:30px;margin-left:30px;max-width:100%;\"><img decoding=\"async\" src=\"https:\/\/www.ovlgc.org\/fr\/wp-content\/uploads\/2022\/05\/Reseau-VRL.jpg\" style=\"aspect-ratio:4\/3;\" srcset=\"\" alt=\"Le collectif des formateurs VRL (Valeurs de la R\u00e9publique et La\u00efcit\u00e9) vend\u00e9ens\" class=\"wplp_thumb\" \/><\/span><\/a><a href=\"https:\/\/www.ovlgc.org\/fr\/le-regroupement-des-formateurs-vrl-vendeens\/\"  class=\"title\">Le collectif des formateurs VRL (Valeurs de la R\u00e9publique et La\u00efcit\u00e9) vend\u00e9ens<\/a><\/div><\/div><div id=\"wplp_box_left_4271_1431\" class=\"wpcu-front-box left wpcu-custom-position\" ><div class=\"wplp-box-item\"><\/div><\/div><div id=\"wplp_box_right_4271_1431\" class=\"wpcu-front-box right wpcu-custom-position\" ><div class=\"wplp-box-item\"><\/div><\/div><div id=\"wplp_box_bottom_4271_1431\" class=\"wpcu-front-box bottom \" ><div class=\"wplp-box-item\"><span class=\"text\"><span style=\"max-height:2.8em\" class=\"line_limit\">Le 18 janvier, l&rsquo;objectif premier \u00e9tait qu&rsquo;ils se rencontrent et fassent connaissance, voire\u00a0 qu&rsquo;ils initient des actions. Ils ont ensuite \u00e9chang\u00e9 sur les exp\u00e9riences, projets, besoins et pratiques de chacun. Ils ont crois\u00e9 les r\u00e9f\u00e9rents des Points d&rsquo;Appui \u00e0 la Vie Associative de Vend\u00e9e, r\u00e9unis l&rsquo;apr\u00e8s-midi.\nVous trouverez ici le programme de la journ\u00e9e:\n&nbsp;\n&nbsp;\nSuite (15\/03\/2019): Le collectif de formateurs habilit\u00e9s va se r\u00e9unir \u00e0 nouveau d\u00e9but avril pour envisager l&rsquo;organisation d&rsquo;une journ\u00e9e d\u00e9partementale Valeurs de la R\u00e9publique et la\u00efcit\u00e9 en fin d&rsquo;ann\u00e9e 2019.\nComme pour la premi\u00e8re journ\u00e9e organis\u00e9e le 15 f\u00e9vrier 2018, c&rsquo;est le collectif de formateurs qui portera son organisation.\nLe portage juridique et financier sera cette ann\u00e9e de la responsabilit\u00e9 du CEAS.\n&nbsp;<\/span><span style=\"margin-left:3px; max-height:2.8em\" class=\"line_limit\"> [...]<\/span><\/span><span class=\"custom_fields\">\n<!-- WPLP Unknown field: Custom_Fields -->\n<\/span><a href=\"https:\/\/www.ovlgc.org\/fr\/le-regroupement-des-formateurs-vrl-vendeens\/\"  class=\"read-more\">Lire la suite\u2026<\/a><\/div><\/div><\/div><\/div><\/div><div class=\"swiper-button-next\"><\/div><div class=\"swiper-button-prev\"><\/div><div class=\"swiper-pagination\"><\/div><\/div><\/div>\n<\/div>\n\t\t<\/div><\/div><div id=\"pgc-2456-0-1\"  class=\"panel-grid-cell panel-grid-cell-empty\" ><\/div><\/div><div id=\"pg-2456-1\"  class=\"panel-grid panel-has-style\" ><div class=\"siteorigin-panels-stretch panel-row-style panel-row-style-for-2456-1\" data-stretch-type=\"full\" ><div id=\"pgc-2456-1-0\"  class=\"panel-grid-cell\" ><div id=\"panel-2456-1-0-0\" class=\"so-panel widget widget_sfp_page_plugin_widget panel-first-child panel-last-child\" data-index=\"1\" ><!-- SFPlugin by topdevs.net -->\n<!-- Page Plugin Code START -->\n<div class=\"sfp-container\" data-sfp-embed=\"1\" data-sfp-url=\"https:\/\/www.facebook.com\/ovlgc\" data-sfp-width=\"500\" data-sfp-height=\"400\" data-sfp-hide-cover=\"false\" data-sfp-show-facepile=\"false\" data-sfp-small-header=\"false\" data-sfp-tabs=\"timeline,events,messages\" data-sfp-locale=\"fr_FR\" data-sfp-click-to-load=\"0\" data-sfp-lazy=\"1\">\n\t<button\n\t\ttype=\"button\"\n\t\tclass=\"sfp-placeholder\"\n\t\t style=\"background: linear-gradient(135deg, #e7f3ff 0%, #f5faff 100%); color: #1877f2\"\t\taria-label=\"Click to load Facebook content\"\t>\n\t\t\t<\/button>\n\t<div class=\"sfp-embed\" aria-live=\"polite\"><\/div>\n<\/div>\n<!-- Page Plugin Code END -->\n<\/div><\/div><div id=\"pgc-2456-1-1\"  class=\"panel-grid-cell\" ><div id=\"panel-2456-1-1-0\" class=\"widget_text so-panel widget widget_custom_html panel-first-child panel-last-child\" data-index=\"2\" ><div class=\"textwidget custom-html-widget\"><a class=\"twitter-timeline\" \ndata-chrome=\"nofooter\"\nheight=\"400px\"\nhref=\"https:\/\/twitter.com\/vigielaicite\">Tweets de @VigieLa\u00efcit\u00e9<\/a> <script async src=\"https:\/\/platform.twitter.com\/widgets.js\" charset=\"utf-8\"><\/script><\/div><\/div><\/div><\/div><\/div><\/div>","protected":false},"excerpt":{"rendered":"<p>Semaines de la La\u00efcit\u00e9 2019De nouveau cette ann\u00e9e, La Ligue de l&rsquo;enseignement &#8211; F.O.L. Vend\u00e9e, en collaboration avec de nombreuses<\/p>\n","protected":false},"author":2,"featured_media":0,"parent":248,"menu_order":0,"comment_status":"closed","ping_status":"closed","template":"","meta":{"footnotes":""},"class_list":["post-2456","page","type-page","status-publish","hentry"],"_links":{"self":[{"href":"https:\/\/www.ovlgc.org\/fr\/wp-json\/wp\/v2\/pages\/2456","targetHints":{"allow":["GET"]}}],"collection":[{"href":"https:\/\/www.ovlgc.org\/fr\/wp-json\/wp\/v2\/pages"}],"about":[{"href":"https:\/\/www.ovlgc.org\/fr\/wp-json\/wp\/v2\/types\/page"}],"author":[{"embeddable":true,"href":"https:\/\/www.ovlgc.org\/fr\/wp-json\/wp\/v2\/users\/2"}],"replies":[{"embeddable":true,"href":"https:\/\/www.ovlgc.org\/fr\/wp-json\/wp\/v2\/comments?post=2456"}],"version-history":[{"count":36,"href":"https:\/\/www.ovlgc.org\/fr\/wp-json\/wp\/v2\/pages\/2456\/revisions"}],"predecessor-version":[{"id":5112,"href":"https:\/\/www.ovlgc.org\/fr\/wp-json\/wp\/v2\/pages\/2456\/revisions\/5112"}],"up":[{"embeddable":true,"href":"https:\/\/www.ovlgc.org\/fr\/wp-json\/wp\/v2\/pages\/248"}],"wp:attachment":[{"href":"https:\/\/www.ovlgc.org\/fr\/wp-json\/wp\/v2\/media?parent=2456"}],"curies":[{"name":"wp","href":"https:\/\/api.w.org\/{rel}","templated":true}]}}