{"id":1755,"date":"2019-02-14T09:04:40","date_gmt":"2019-02-14T08:04:40","guid":{"rendered":"http:\/\/www.ovlgc.org\/fr\/?page_id=1755"},"modified":"2024-05-07T12:18:50","modified_gmt":"2024-05-07T10:18:50","slug":"evenements-2018","status":"publish","type":"page","link":"https:\/\/www.ovlgc.org\/fr\/evenements-de-2024\/evenements\/evenements-2018\/","title":{"rendered":"\u00c9v\u00e8nements de 2018"},"content":{"rendered":"<div id=\"pl-1755\"  class=\"panel-layout\" ><div id=\"pg-1755-0\"  class=\"panel-grid panel-no-style\" ><div id=\"pgc-1755-0-0\"  class=\"panel-grid-cell panel-grid-cell-mobile-last\" ><div id=\"panel-1755-0-0-0\" class=\"so-panel widget widget_text panel-first-child panel-last-child\" data-index=\"0\" >\t\t\t<div class=\"textwidget\"><style><\/style><div class=\"wplp_outside wplp_widget_4256\" style=\"max-width:100%;\"><div id=\"wplp_widget_4256\" class=\"wplp_widget_default wplp_container vertical swiper wplp-swiper default cols3\" data-theme=\"default\" data-post=\"4256\" style=\"\" data-max-elts=\"5\" data-per-page=\"50\"><div class=\"wplp_listposts swiper-wrapper\" id=\"default_4256\" style=\"width: 100%;\" ><div class=\"swiper-slide\" style=\"\"><div class=\"insideframe\"><div id=\"wplp_box_top_4256_870\" class=\"wpcu-front-box top equalHeightImg\" ><div class=\"wplp-box-item\"><a href=\"https:\/\/www.ovlgc.org\/fr\/appel-a-manifester\/\"  class=\"thumbnail\"><span class=\"img_cropper\" style=\"margin-top:30px;margin-right:30px;margin-bottom:5px;margin-left:5px;max-width:100%;\"><img decoding=\"async\" src=\"https:\/\/www.ovlgc.org\/fr\/wp-content\/uploads\/2021\/12\/Semaine-de-la-Laicite-392x272.png\" style=\"aspect-ratio:4\/3;\" srcset=\"\" alt=\"Semaine de la La\u00efcit\u00e9 du 8 au 14 D\u00e9cembre\" class=\"wplp_thumb\" \/><\/span><\/a><a href=\"https:\/\/www.ovlgc.org\/fr\/appel-a-manifester\/\"  class=\"title\">Semaine de la La\u00efcit\u00e9 du 8 au 14 D\u00e9cembre<\/a><\/div><\/div><div id=\"wplp_box_left_4256_870\" class=\"wpcu-front-box left wpcu-custom-position\" ><div class=\"wplp-box-item\"><\/div><\/div><div id=\"wplp_box_right_4256_870\" class=\"wpcu-front-box right wpcu-custom-position\" ><div class=\"wplp-box-item\"><\/div><\/div><div id=\"wplp_box_bottom_4256_870\" class=\"wpcu-front-box bottom \" ><div class=\"wplp-box-item\"><span class=\"text\"><span style=\"max-height:2.8em\" class=\"line_limit\">Appel \u00e0 manifester\n\n\n\n\n\nDemande d&rsquo;audience\n&nbsp;\nLe rassemblement du 8\nL&rsquo;Arbre de la La\u00efcit\u00e9L\nL&rsquo;Arbre de la La\u00efcit\u00e9\n\nUn des objectifs de l\u2019observatoire, c\u2019est de promouvoir et de faciliter la transmission en Vend\u00e9e du principe de la\u00efcit\u00e9. A l\u2019heure actuelle, il est bon de rappeler qu\u2019il y a moins n\u00e9cessit\u00e9 de renforcer un arsenal l\u00e9gislatif d\u00e9j\u00e0 riche que de lutter contre \u00ab\u00a0l\u2019ignorance la\u00efque\u00a0\u00bb.\nC\u2019est dire si pour nous, l\u2019\u00e9cole est un lieu fondamental.\nC\u2019est d\u2019abord un lieu d\u2019apprentissage du partage, du respect, de la vie ensemble. Pendant trop longtemps, la la\u00efcit\u00e9 a \u00e9t\u00e9 d\u00e9laiss\u00e9e, consid\u00e9r\u00e9e comme ringarde.\nC\u2019est aussi un lieu de protection, vis-\u00e0-vis de l\u2019ext\u00e9rieur ( la religion ne rentre pas \u00e0 l\u2019\u00e9cole ), vis-\u00e0-vis des personnels, astreints \u00e0 la neutralit\u00e9, vis-\u00e0-vis de l\u2019enseignement, ouvert et universel.\nLes enfants qui viennent de s\u2019exprimer nous ont donn\u00e9 un bel exemple de citoyennet\u00e9.\nRetenons ensemble que la la\u00efcit\u00e9, c\u2019est plus que la tol\u00e9rance, c\u2019est moins que le rejet de tout signe religieux dans l\u2019espace public. C\u2019est ce qui permet de \u00ab\u00a0faire soci\u00e9t\u00e9\u00a0\u00bb\n&nbsp;\nLe 9 d\u00e9cembre 2018\u00a0\u00a0\u00a0\u00a0\u00a0\u00a0\u00a0\u00a0\u00a0\u00a0\u00a0\u00a0\u00a0\u00a0\u00a0\u00a0\u00a0\u00a0\u00a0\u00a0\u00a0\u00a0\u00a0\u00a0\u00a0\u00a0\u00a0\u00a0\u00a0\u00a0\u00a0\u00a0\u00a0\u00a0\u00a0\u00a0\u00a0\u00a0\u00a0\u00a0\u00a0\u00a0\u00a0\u00a0\u00a0\u00a0\u00a0\u00a0\u00a0\u00a0\u00a0\u00a0\u00a0\u00a0\u00a0\u00a0\u00a0\u00a0\u00a0\u00a0\u00a0\u00a0\u00a0\u00a0\u00a0\u00a0\u00a0\u00a0\u00a0\u00a0\u00a0 Le Pr\u00e9sident\nGilles Bourmaud\n&nbsp;\nLe repas r\u00e9publicain du 9\nExtrait du discours de Georges CLEMENCEAU\nLe 30 septembre 1906, George Clemenceau, ministre de l&rsquo;Int\u00e9rieur depuis mars et qui deviendra pr\u00e9sident du Conseil un mois plus tard, revient sur sa terre natale de Vend\u00e9e pour \u00ab apporter l&rsquo;encouragement d&rsquo;un des leurs aux r\u00e9publicains de Vend\u00e9e \u00bb, bien isol\u00e9s dans ce d\u00e9partement de \u00ab chouans \u00bb et de r\u00e9sistances tenaces \u00e0 la R\u00e9publique. Il prononce \u00e0 La Roche-sur-Yon un discours retentissant dans lequel il \u00e9voque notamment la Loi de S\u00e9paration:\n\u00ab\u00a0Notre loi de s\u00e9paration n\u2019est pas un chef-d\u2019\u0153uvre, je l\u2019ai, pour ma part, assez vivement critiqu\u00e9e. On ne peut nier en tout cas qu\u2019elle n\u2019ait fait, sans compter la part des m\u00e9nagements, la transition n\u00e9cessaire. Une loi de s\u00e9paration absolue succ\u00e9dant, sans transition, \u00e0 un r\u00e9gime de privil\u00e8ge, aurait fatalement paru \u00e0 ceux qui ont v\u00e9cu jusqu\u2019ici sous le r\u00e9gime du privil\u00e8ge, une entreprise contre leurs droits. C\u2019est pour ce motif que la loi a maintenu, pour un temps, \u00e0 l\u2019Eglise, un certain nombre de ses plus importants privil\u00e8ges.\nVingt-sept millions sont encore inscrits au budget au compte de l\u2019Eglise romaine qui forment, \u00e0 cette heure, l\u2019esprit de r\u00e9volte pour cause, ose-t-elle dire, de pers\u00e9cution. Les \u00e9difices du culte ont \u00e9t\u00e9 gratuitement maintenus \u00e0 sa disposition. Tels sont les deux principaux traits de \u00ab spoliation, de la tyrannie r\u00e9publicaine \u00bb. Ce n\u2019est pas tout. Nous avons voulu assurer la loyale transmission des biens d\u2019\u00e9glise aux associations du culte, mais d\u00e8s les premiers jours, alors qu\u2019on ne pouvait arguer d\u2019aucun droit l\u00e9s\u00e9, alors m\u00eame que le Gouvernement ne proc\u00e9dait aux inventaires que pour assurer \u00e0 l\u2019Eglise le plein b\u00e9n\u00e9fice des bien cultuels, puisqu\u2019en aucun pays la d\u00e9volution des propri\u00e9t\u00e9s ne se peut accomplir sans inventaire ; l\u2019esprit de r\u00e9bellion s\u2019est manifest\u00e9 follement, sans l\u2019apparence m\u00eame d\u2019un pr\u00e9texte, pour le simple plaisir de d\u00e9cha\u00eener la guerre civile, dernier recours de ceux qui voient tomber de leurs mains, les armes de la raison.\n&nbsp;\nVous avez vu de malheureux fanatiques en armes attaquer nos soldats, les frappant \u00e0 coup de crucifix, m\u00e9connaissant ainsi le verbe m\u00eame dont ils se r\u00e9clament et accomplissant sans remords ce qui devait \u00eatre \u00e0 leurs yeux le plus monstrueux sacril\u00e8ge. Et aujourd\u2019hui m\u00eame, parce que toujours, dans une large pens\u00e9e de lib\u00e9ralisme, la loi a r\u00e9clam\u00e9 la formation d\u2019associations purement catholiques pour recevoir les biens cultuels qu\u2019on ne pouvait remettre \u00e0 tout venant. Rome refuse de se plier aux conditions de la loi fran\u00e7aise qui furent, pr\u00e9cis\u00e9ment, \u00e9dict\u00e9es en sa faveur. Elle se d\u00e9fie d\u2019associations o\u00f9 les fid\u00e8les auront leur mot \u00e0 dire sur la gestion de leurs biens. Elle repousse d\u2019avance les jugements d\u2019un tribunal fran\u00e7ais parce que l\u2019Eglise n\u2019y a pas particip\u00e9 et qu\u2019elle n&rsquo;admet dans son troupeau aucun acte, quel qu\u2019il soit, d\u2019ind\u00e9pendance. Et cette m\u00eame papaut\u00e9 intransigeante envers la R\u00e9publique fran\u00e7aise et les dispositions lib\u00e9rales de sa loi, se soumet apr\u00e8s une protestation platonique \u00e0 la loi rigoureuse, implacablement autoritaire de l\u2019Empire allemand qui l\u00e9gif\u00e8re sans la participation de Rome, bien entendu, qui donne plus de pouvoirs aux fid\u00e8les dans ces associations du culte que la loi fran\u00e7aise et qui soumet brutalement les \u00e9v\u00eaques et avec eux toute la hi\u00e9rarchie, aux d\u00e9cisions souveraines de l\u2019autorit\u00e9 civile.\nPourquoi tant de soumission envers un pouvoir protestant qui tend bizarrement \u00e0 devenir le protecteur de l\u2019Islam et de la catholicit\u00e9 ? Pourquoi tant de r\u00e9volte contre une puissance de libert\u00e9 ?\nC\u2019est que la religion vraiment n\u2019est pas en cause. C\u2019est ainsi qu\u2019appara\u00eet clairement l\u2019arri\u00e8re-pens\u00e9e de r\u00e9action politique, mal dissimul\u00e9e, sous des pr\u00e9textes de religion.\u00a0\u00bb\n&nbsp;\nLe rendez-vous en Pr\u00e9fecture du 13\nL\u2019OVLGC a \u00e9t\u00e9 re\u00e7u en pr\u00e9fecture de la Vend\u00e9e le Jeudi 13 D\u00e9cembre 2018 pour \u00e9changer avec M. le Pr\u00e9fet de Vend\u00e9e sur l\u2019application de la loi de1905 en Vend\u00e9e. Ce rendez -vous programm\u00e9 \u00e0 la date anniversaire de la loi de 1905 par l\u2019ensemble des organisateurs de la semaine de la la\u00efcit\u00e9 avait \u00e9t\u00e9 annul\u00e9 par le pr\u00e9fet en raison de l\u2019actualit\u00e9 sociale (manifestation des gilets jaunes).\u00a0 C\u2019est toujours cette actualit\u00e9 sociale qui a mobilis\u00e9 M. le Pr\u00e9fet. Il n\u2019a pu \u00eatre pr\u00e9sent \u00e0 ce nouveau rendez -vous qu\u2019il avait fix\u00e9 et a d\u00e9l\u00e9gu\u00e9 la secr\u00e9taire g\u00e9n\u00e9rale pour recevoir les repr\u00e9sentants des DDEN, de la ligue de l\u2019enseignement, de la libre pens\u00e9e, de la ligue des droits de l\u2019homme,\u00a0de l\u2019OVLGC. Si chaque organisation repr\u00e9sent\u00e9e a pu rendre compte de son action, de ses positions et de la non application de la loi de 1905 en Vend\u00e9e, \u00a0aucune r\u00e9ponse de l\u2019Etat n\u2019a \u00e9t\u00e9 exprim\u00e9e, ce que nous d\u00e9plorons. L\u2019OVLGC a pour sa part inform\u00e9 la repr\u00e9sentante de l\u2019Etat\n\nQu\u2019une d\u00e9l\u00e9gation vend\u00e9enne avait \u00e9t\u00e9 auditionn\u00e9e par l\u2019Observatoire national.\nQue nous d\u00e9plorions de trop nombreuses atteintes \u00e0 la loi de 1905 par des maires en tant qu\u2019organisateurs des c\u00e9r\u00e9monies comm\u00e9moratives patriotiques (b\u00e9n\u00e9dictions de drapeaux, invitations municipales et moyens de transport pour des messes), la b\u00e9n\u00e9diction de drapeaux impliquant m\u00eame maintenant les conseils municipaux des jeunes.\nQue nous d\u00e9plorions la non r\u00e9ponse du repr\u00e9sentant de l\u2019Etat \u00e0 nos courriers sur ces sujets.\nQue chaque ann\u00e9e un rapport vend\u00e9en serait \u00e9dit\u00e9 par l\u2019OVLGC.\nQue nous nous tenions \u00e0 disposition de tous pour informer et former sur la question de la la\u00efcit\u00e9.\n\nEn conclusion, nous avons r\u00e9affirm\u00e9 que la Vend\u00e9e ne pouvait \u00eatre une terre d\u2019exception aux lois de la R\u00e9publique pas plus qu\u2019un laboratoire d\u2019exp\u00e9rimentations naus\u00e9abondes.\n&nbsp;\nJean Burneleau,\nvice- pr\u00e9sident de l\u2019OVLGC<\/span><span style=\"margin-left:3px; max-height:2.8em\" class=\"line_limit\"> [...]<\/span><\/span><span class=\"custom_fields\">\n<!-- WPLP Unknown field: Custom_Fields -->\n<\/span><a href=\"https:\/\/www.ovlgc.org\/fr\/appel-a-manifester\/\"  class=\"read-more\">Lire la suite\u2026<\/a><\/div><\/div><\/div><\/div><div class=\"swiper-slide\" style=\"\"><div class=\"insideframe\"><div id=\"wplp_box_top_4256_793\" class=\"wpcu-front-box top equalHeightImg\" ><div class=\"wplp-box-item\"><a href=\"https:\/\/www.ovlgc.org\/fr\/venue-dannie-sugier\/\"  class=\"thumbnail\"><span class=\"img_cropper\" style=\"margin-top:30px;margin-right:30px;margin-bottom:5px;margin-left:5px;max-width:100%;\"><img decoding=\"async\" src=\"https:\/\/www.ovlgc.org\/fr\/wp-content\/uploads\/2022\/06\/espritl_sugier_001-392x272.jpg\" style=\"aspect-ratio:4\/3;\" srcset=\"\" alt=\"La Venue d&rsquo;Annie SUGIER le 27 Octobre\" class=\"wplp_thumb\" \/><\/span><\/a><a href=\"https:\/\/www.ovlgc.org\/fr\/venue-dannie-sugier\/\"  class=\"title\">La Venue d&rsquo;Annie SUGIER le 27 Octobre<\/a><\/div><\/div><div id=\"wplp_box_left_4256_793\" class=\"wpcu-front-box left wpcu-custom-position\" ><div class=\"wplp-box-item\"><\/div><\/div><div id=\"wplp_box_right_4256_793\" class=\"wpcu-front-box right wpcu-custom-position\" ><div class=\"wplp-box-item\"><\/div><\/div><div id=\"wplp_box_bottom_4256_793\" class=\"wpcu-front-box bottom \" ><div class=\"wplp-box-item\"><span class=\"text\"><span style=\"max-height:2.8em\" class=\"line_limit\">INTRODUCTION de Gilles BOURMAUD, Pr\u00e9sident de l&rsquo;OVLGC\n&nbsp;\nIl existe actuellement un amalgame entre la\u00efcit\u00e9, \u00e9galit\u00e9 des sexes et mixit\u00e9.\nCertes, la la\u00efcit\u00e9 est un rempart contre les conservatismes religieux qui pr\u00f4nent la s\u00e9paration et la hi\u00e9rarchisation des sexes.\nMais rappelons que l\u2019\u00e9cole la\u00efque a pratiqu\u00e9 la s\u00e9paration des sexes jusqu\u2019\u00e0 la fin des ann\u00e9es 1960 et que la R\u00e9publique la\u00efque n\u2019a accord\u00e9 le droit de vote aux femmes qu\u2019en 1944.\nLes d\u00e9put\u00e9s radicaux qui s\u2019y opposaient \u2013 et qui \u00e9taient les plus fervents d\u00e9fenseurs de la la\u00efcit\u00e9 \u2013 craignaient que les femmes ne votent sous l\u2019influence de l\u2019Eglise, donc contre la R\u00e9publique.\nAujourd\u2019hui, malgr\u00e9 plus d\u2019un si\u00e8cle de la\u00efcit\u00e9, l\u2019\u00e9galit\u00e9 des sexes est encore loin d\u2019\u00eatre effective, comme le montre la persistance des discriminations sexistes. La la\u00efcit\u00e9 ne suffit donc pas, en soi, pour garantir l\u2019\u00e9galit\u00e9 femmes-hommes.\nComme le dit Annie Sugier dans son \u00e9tude \u00ab\u00a0la\u00efcit\u00e9, droit des femmes , dimension internationale\u00a0\u00bb de f\u00e9vrier 2018, le principe d\u2019organisation de la soci\u00e9t\u00e9 s\u00e9parant le politique du religieux est une condition n\u00e9cessaire mais sans doute pas suffisante \u00e0 l\u2019\u00e9mancipation des femmes.\nAujourd\u2019hui, elle est venue nous en parler et je la remercie vivement d\u2019\u00eatre parmi nous. Je vais laisser la parole \u00e0 Madeleine David, vice-pr\u00e9sidente de l\u2019observatoire, qui va nous pr\u00e9senter la femme qu\u2019elle est. Apr\u00e8s l\u2019intervention d\u2019Annie, Jean Burneleau, autre vice-pr\u00e9sident de l\u2019observatoire, animera le d\u00e9bat qui s\u2019en suivra.\nJe vous souhaite, \u00e0 toutes et \u00e0 tous, un bon moment.\n\n&nbsp;\n&nbsp;\n\nPRESENTATION d&rsquo;Annie SUGIER par Madeleine DAVID, Vice-Pr\u00e9sidente de l&rsquo;OVLGC\n&nbsp;\nJe salue respectueusement notre Conf\u00e9renci\u00e8re que je vous pr\u00e9senterai en me r\u00e9f\u00e9rant au site de la \u00a0\u00bb Foundation WIKIMEDIA \u00ab\u00a0.\nAnnie SUGIER n\u00e9e en 1942 a effectu\u00e9 ses \u00e9tudes primaires en divers Pays : Argentine et Br\u00e9sil (primaires), France et Espagne (secondaires), avant son entr\u00e9e dans un parcours universitaire en France \u00e0 la Facult\u00e9 des Sciences d\u2019Orsay : \u00ab Chimie industrielle dans le domaine du retraitement des combustibles irradi\u00e9s \u00bb\nEn 1989, Annie SUGIER devient la premi\u00e8re femme nomm\u00e9e Directrice au \u00ab d\u00e9mant\u00e8lement des installations nucl\u00e9aires \u00bb au C.E.A.\nElle int\u00e8gre l\u2019Institut de Protection et de S\u00fbret\u00e9 Nucl\u00e9aire qui devient en 2002 l\u2019Institut de Radioprotection et de S\u00fbret\u00e9 Nucl\u00e9aire, o\u00f9 elle occupera la fonction de D\u00e9l\u00e9gu\u00e9e \u00e0 la Radioprotection\nReconnue au niveau international, Mme SUGIER devient experte aupr\u00e8s de la Commission Europ\u00e9enne puis, forte de ses comp\u00e9tences et de sa cr\u00e9dibilit\u00e9 aupr\u00e8s d\u2019Experts Associatifs, Mme SUGIER est nomm\u00e9e par les Ministres de la Sant\u00e9 et de l\u2019Environnement, Pr\u00e9sidente du Groupe Radio\u00e9cologie Nord-Cotentin \u00ab une premi\u00e8re dans le domaine nucl\u00e9aire \u00bb, responsabilit\u00e9s qui l\u2019ont conduite durant deux mandats au Conseil Scientifique du \u00ab Centre d\u2019\u00c9tudes sur l\u2019\u00c9valuation de la protection dans le domaine nucl\u00e9aire\u00bb\n&nbsp;\nVoici, en quelques lignes, le parcours d\u2019Annie SUGIER physicienne.\nNous en retiendrons qu\u2019elle f\u00fbt la premi\u00e8re femme \u00e0 occuper ces fonctions d\u2019une importance et d\u2019une actualit\u00e9 que chacune et chacun d\u2019entre vous reconna\u00eetra.\nNous attendons maintenant d\u2019Annie SUGIER la Militante F\u00e9ministe qu\u2019elle nous d\u00e9taille et nous fasse partager son engagement et ses actions dans le Mouvement de Lib\u00e9ration des Femmes puis au sein de la Ligue du Droit des Femmes dont elle a \u00e9t\u00e9 l\u2019une des fondatrices en 1974, avant d\u2019assurer la Pr\u00e9sidence de la \u00ab Ligue du Droit International des Femmes \u00bb cr\u00e9\u00e9e en 1983 par Simone de BEAUVOIR.\nCher(e)s Adh\u00e9rent(e)s et Ami(e)s de L\u2019OVLGC, c\u2019est sur le parcours militant d\u2019Annie SUGIER au service des Femmes dans le monde, en Europe mais aussi en France, que porteront je l\u2019esp\u00e8re vos questions ou vos remarques pour un d\u00e9bat constructif auquel les femmes ont toute leur place, ce qui n\u2019interdit pas la parole aux hommes pr\u00e9sents ce jour&#8230;\nMerci Madame pour votre pr\u00e9sence ce jour en Vend\u00e9e.\nINTERVENTION d&rsquo;Annie SUGIER\nIl s&rsquo;agit d&rsquo;un diaporama d&rsquo;Annie SUGIER destin\u00e9 aux adh\u00e9rents\n&nbsp;\n&nbsp;<\/span><span style=\"margin-left:3px; max-height:2.8em\" class=\"line_limit\"> [...]<\/span><\/span><span class=\"custom_fields\">\n<!-- WPLP Unknown field: Custom_Fields -->\n<\/span><a href=\"https:\/\/www.ovlgc.org\/fr\/venue-dannie-sugier\/\"  class=\"read-more\">Lire la suite\u2026<\/a><\/div><\/div><\/div><\/div><div class=\"swiper-slide\" style=\"\"><div class=\"insideframe\"><div id=\"wplp_box_top_4256_1774\" class=\"wpcu-front-box top equalHeightImg\" ><div class=\"wplp-box-item\"><a href=\"https:\/\/www.ovlgc.org\/fr\/communiques-de-presse\/\"  class=\"thumbnail\"><span class=\"img_cropper\" style=\"margin-top:30px;margin-right:30px;margin-bottom:5px;margin-left:5px;max-width:100%;\"><img decoding=\"async\" src=\"https:\/\/www.ovlgc.org\/fr\/wp-content\/uploads\/2022\/06\/0812211.jpg\" style=\"aspect-ratio:4\/3;\" srcset=\"\" alt=\"La Venue de Jean-Louis Bianco le 22 Septembre\" class=\"wplp_thumb\" \/><\/span><\/a><a href=\"https:\/\/www.ovlgc.org\/fr\/communiques-de-presse\/\"  class=\"title\">La Venue de Jean-Louis Bianco le 22 Septembre<\/a><\/div><\/div><div id=\"wplp_box_left_4256_1774\" class=\"wpcu-front-box left wpcu-custom-position\" ><div class=\"wplp-box-item\"><\/div><\/div><div id=\"wplp_box_right_4256_1774\" class=\"wpcu-front-box right wpcu-custom-position\" ><div class=\"wplp-box-item\"><\/div><\/div><div id=\"wplp_box_bottom_4256_1774\" class=\"wpcu-front-box bottom \" ><div class=\"wplp-box-item\"><span class=\"text\"><span style=\"max-height:2.8em\" class=\"line_limit\">La venue de Jean-Louis BIANCO annonc\u00e9e par la presse (article ci-dessus de Ouest-France du 19\/09\/2018) a fait l&rsquo;objet du communiqu\u00e9 de presse qui suit:\n&nbsp;\n&nbsp;\n&nbsp;\nCOMMUNIQUE DE PRESSE\n&nbsp;\n&nbsp;\n JEAN-LOUIS BIANCO, PRESIDENT DE L\u2019OBSERVATOIRE DE LA LAICITE, ETAIT A LA ROCHE SUR YON LE 22 SEPTEMBRE 2018\n&nbsp;\nL\u2019Observatoire Vend\u00e9en de la La\u00efcit\u00e9 Georges Clemenceau a re\u00e7u le samedi 22 septembre Mr Jean-Louis Bianco, pr\u00e9sident de l\u2019Observatoire de la La\u00efcit\u00e9. Les deux pr\u00e9sidents ont sign\u00e9 une convention liant les deux observatoires.\nJean-Louis Bianco (ancien secr\u00e9taire g\u00e9n\u00e9ral de l\u2019\u00c9lys\u00e9e et ancien ministre) a ensuite dialogu\u00e9 avec la soixantaine de personnes pr\u00e9sentes \u00e0 titre individuel ou repr\u00e9sentant des associations vend\u00e9ennes dont celles qui r\u00e9clament un \u00e9tablissement public d\u2019enseignement sur leur territoire.\nJean- Louis Bianco a insist\u00e9 sur le fait que la soci\u00e9t\u00e9 fran\u00e7aise se saisissait de plus en plus de la question de la la\u00efcit\u00e9 et ce dans tous les domaines : \u00e9ducation, sports, culture, sant\u00e9, ainsi qu\u2019au sein des entreprises et des administrations ; la la\u00efcit\u00e9 est \u00e9galement un des vecteurs de l\u2019\u00e9galit\u00e9 femmes hommes.\nLa loi r\u00e9pond tr\u00e8s simplement et bien plus clairement qu\u2019on ne le dit g\u00e9n\u00e9ralement aux questions pos\u00e9es et des formations sur ces questions sont largement propos\u00e9es.\nA la suite de l\u2019audition de l\u2019Observatoire Georges Clemenceau \u00e0 Paris, accompagn\u00e9 de la FCPE, de la ligue de l\u2019enseignement, des DDEN et des familles la\u00efques, le pr\u00e9sident Bianco a rappel\u00e9 qu\u2019il ne pouvait y avoir de \u00ab zones blanches \u00bb, c\u2019est \u00e0 dire de territoires o\u00f9 l\u2019enseignement public n\u2019est pas assur\u00e9.\nEt il a conclu sur cette formule :\n\u00ab La la\u00efcit\u00e9, c\u2019est vivre ensemble mais c\u2019est surtout faire ensemble la R\u00e9publique\u00bb.\n&nbsp;\nINTRODUCTION DE Gilles BOURMAUD\n\nEn introduction de la conf\u00e9rence de Jean-Louis Bianco, Gilles Bourmaud, Pr\u00e9sident de l\u2019OVLGC, a tenu les propos suivants:\n&nbsp;\nLa venue de Jean-Louis Bianco, Pr\u00e9sident de l\u2019Observatoire de la La\u00efcit\u00e9, c\u2019est d\u2019abord pour signer la convention de partenariat avec l\u2019Observatoire Vend\u00e9en de la La\u00efcit\u00e9 Georges Clemenceau.\nLes deux structures ont en commun la promotion, la transmission, voire la d\u00e9fense du principe de la\u00efcit\u00e9, face \u00e0 la m\u00e9connaissance, l\u2019incompr\u00e9hension ou m\u00eame la manipulation de ce concept.\nCette convention engage l\u2019OVLGC \u00e0 diffuser les travaux de l\u2019Observatoire sur le territoire vend\u00e9en. Elle requerra aussi de notre part une accentuation de notre action dans au moins 3 domaines. En premier lieu, la mise en place d\u2019une cellule de veille charg\u00e9e de faire respecter la la\u00efcit\u00e9 dans notre d\u00e9partement. En deuxi\u00e8me lieu, l\u2019\u00e9laboration d\u2019un centre de ressources pour ceux qui nous solliciteront, en particulier dans le cadre du plan de formation \u00ab Valeurs de la R\u00e9publique et la\u00efcit\u00e9 \u00bb. Ces objectifs devraient passer par la d\u00e9signation de correspondants th\u00e9matiques et de correspondants locaux.\nEn troisi\u00e8me lieu, l\u2019organisation d\u2019\u00e9v\u00e8nements, de conf\u00e9rences, de d\u00e9bats, \u00e9ventuellement d\u00e9localis\u00e9s, autour de la notion de la\u00efcit\u00e9 et de ses applications. D\u2019ores et d\u00e9j\u00e0, apr\u00e8s notre Assembl\u00e9e G\u00e9n\u00e9rale du 27 octobre prochain au cours de laquelle des orientations seront adopt\u00e9es, nous accueillerons Annie Sugier, pr\u00e9sidente de la Ligue du Droit International des Femmes, qui viendra nous parler de \u00ab la\u00efcit\u00e9 et droit des femmes : dimension internationale \u00bb.\nDans quelques semaines, le site \u00ab ovlgc.org \u00bb sera op\u00e9rationnel et apportera des informations au grand public d\u2019une part, aux adh\u00e9rents d\u2019autre part.\n&nbsp;\n&nbsp;\nLa venue de Jean-Louis Bianco, c\u2019est aussi pour nous parler de \u00ab la\u00efcit\u00e9 et vivre-ensemble \u00bb.\nL\u2019histoire des religions en France est jalonn\u00e9e de guerres civiles, de pers\u00e9cutions et de violentes controverses. La la\u00efcit\u00e9 a \u00e9t\u00e9 con\u00e7ue comme un instrument de paix civile, une fa\u00e7on de garantir que la religion ne soit plus un facteur de division dans la soci\u00e9t\u00e9 fran\u00e7aise.\nLe 9 d\u00e9cembre 2012, le Pr\u00e9sident de la R\u00e9publique fran\u00e7aise disait : \u00ab la la\u00efcit\u00e9 n\u2019est pas une opinion, c\u2019est l\u2019art de vivre ensemble \u00bb.\nLa la\u00efcit\u00e9, c\u2019est :\n\u2013la libert\u00e9 de croire ou de ne pas croire et de l\u2019exprimer publiquement\n\u2013l\u2019\u00e9galit\u00e9 de tous les citoyens dans leurs croyances et leurs convictions\n\u2013la fraternit\u00e9 au sein de la R\u00e9publique rassembl\u00e9e sans distinctions\nLa la\u00efcit\u00e9, d\u00e9passement de nos conditionnements, est plus que jamais d\u2019actualit\u00e9 dans une France diverse. Elle est absolument n\u00e9cessaire dans une Vend\u00e9e o\u00f9 la religion reste tr\u00e8s pr\u00e9gnante et o\u00f9 les pratiques sont parfois assez peu orthodoxes.\n\n&nbsp;\n&nbsp;\nLa venue de Jean-Louis Bianco, c\u2019est enfin pour aborder notamment un th\u00e8me dont l\u2019Observatoire s\u2019est autosaisi : \u00ab les zones blanches de l\u2019enseignement public \u00bb et pour lequel une d\u00e9l\u00e9gation vend\u00e9enne compos\u00e9e de la Ligue de l\u2019enseignement de Vend\u00e9e, la F\u00e9d\u00e9ration des Conseils de Parents d\u2019El\u00e8ves 85, l\u2019Union de Vend\u00e9e des D\u00e9l\u00e9gu\u00e9s D\u00e9partementaux de l\u2019Education Nationale, le Comit\u00e9 D\u00e9partemental des Associations des FAmilles La\u00efques et l\u2019Observatoire Vend\u00e9en de la La\u00efcit\u00e9 Georges Clemenceau a \u00e9t\u00e9 auditionn\u00e9e le 4 septembre dernier \u00e0 Paris.\nL\u2019ensemble des documents envoy\u00e9s \u00e0 l\u2019Observatoire et des interventions faites devant la commission ad hoc sont r\u00e9unis dans un dossier qui sera sur le site \u00ab ovlgc.org \u00bb.\n&nbsp;\nAujourd\u2019hui, je me contenterai de poser bri\u00e8vement 3 questions :\n-en Vend\u00e9e, les raisonnements quant \u00e0 la couverture du territoire en mati\u00e8re d\u2019enseignement se font \u00ab enseignement priv\u00e9 sous contrat int\u00e9gr\u00e9 \u00bb (sans parler du d\u00e9veloppement anormal de l\u2019enseignement hors contrat). Derri\u00e8re cette logique apparente, je pose la question, notamment \u00e0 tous ceux qui pr\u00f4nent la libert\u00e9 de choix : o\u00f9 est le choix de l\u2019enseignement public pour les familles dans les 63 communes vend\u00e9ennes qui n\u2019ont pas d\u2019\u00e9cole publique ?\n-la plupart de nos \u00e9diles locaux, de la commune \u00e0 la r\u00e9gion, luttent pour l\u2019\u00e9galit\u00e9 des financements : on ne manque pas de financer toutes les d\u00e9penses obligatoires et on fait preuve de la plus grande ing\u00e9niosit\u00e9 pour le maximum d\u2019aides facultatives (sans parler l\u00e0 encore de l\u2019enseignement sup\u00e9rieur, grand oubli\u00e9 de la d\u00e9centralisation, o\u00f9 r\u00e8gne l\u2019arbitraire). Mais les 2 enseignements n\u2019ont pas les m\u00eames obligations. En d\u00e9finitive, n\u2019y a-t-il pas in\u00e9galit\u00e9 au d\u00e9triment de l\u2019enseignement public ?\n-les \u00e9tablissements publics sont r\u00e9gis par des r\u00e8gles, des proc\u00e9dures, des contr\u00f4les li\u00e9s au service public. Dans l\u2019enseignement priv\u00e9, qui et comment contr\u00f4le-t-on l\u2019utilisation des subventions ?\n&nbsp;\nVoil\u00e0 quelques propos introductifs \u00e0 l\u2019intervention que vous attendez tous de Jean-Louis Bianco, Pr\u00e9sident de l\u2019Observatoire de la La\u00efcit\u00e9.\n\n&nbsp;\nSIGNATURE DE LA CONVENTION\nConvention de partenariat entre l\u2019Observatoire Vend\u00e9en de la La\u00efcit\u00e9 Georges Cl\u00e9menceau (OVLGC)  et l\u2019Observatoire de la La\u00efcit\u00e9\n&nbsp;\nVU l\u2019article premier de la Constitution de 1958 ;\nVU la Loi du 9 d\u00e9cembre 1905 relative \u00e0 la s\u00e9paration des Eglises et de l\u2019Etat ;\nVU le D\u00e9cret n\u00b0 2007-425 du 25 mars 2007 cr\u00e9ant un observatoire de la la\u00efcit\u00e9 ;\nVU le D\u00e9cret n\u00b0 2013-270 du 3 avril 2013 relatif \u00e0 l\u2019observatoire de la la\u00efcit\u00e9 ;\nEntre\nL\u2019Observatoire de la La\u00efcit\u00e9,\nMonsieur Jean-Louis BIANCO, Pr\u00e9sident,\n101 rue de Grenelle \u2013 75 007 PARIS, habilit\u00e9 \u00e0 signer la pr\u00e9sente convention\nD&rsquo;une part,\nEt\nL\u2019Observatoire Vend\u00e9en de la La\u00efcit\u00e9 Georges Cl\u00e9menceau (OVLGC),\nMonsieur Gilles BOURMAUD, Pr\u00e9sident,\n106, boulevard Arago \u2013 85000 LA ROCHE SUR YON,\nhabilit\u00e9 \u00e0 signer la pr\u00e9sente convention,\nD&rsquo;autre part,\nIl est arr\u00eat\u00e9 et convenu ce qui suit :\nPr\u00e9ambule\nInstance rattach\u00e9e au Premier ministre, l\u2019Observatoire de la La\u00efcit\u00e9 conseille et assiste le Gouvernement dans son action visant au respect du principe de la\u00efcit\u00e9 en France.\n\u00c0 ce titre, il est charg\u00e9 :\n1 de r\u00e9unir les donn\u00e9es, produire et faire produire les analyses, \u00e9tudes et recherches permettant d\u2019\u00e9clairer les pouvoirs publics sur la la\u00efcit\u00e9 ;\nIl peut notamment :\n2 saisir le Premier ministre de toute demande tendant \u00e0 la r\u00e9alisation d\u2019\u00e9tudes et recherches permettant d\u2019\u00e9clairer les pouvoirs publics sur la la\u00efcit\u00e9 ;\n3 proposer au Premier ministre toute mesure qui lui para\u00eet permettre une meilleure mise en \u0153uvre de ce principe, notamment pour assurer l\u2019information des agents publics et des usagers des services publics ;\nDe son c\u00f4t\u00e9, l\u2019OVLGC reconna\u00eet les fondements du principe de la\u00efcit\u00e9 depuis la loi du 9 d\u00e9cembre 1905 instituant la s\u00e9paration de l\u2019Etat et des cultes. Il partage la d\u00e9finition contemporaine de celui-ci en tant qu\u2019affirmation par l\u2019Etat des principes de libert\u00e9 de conscience et d\u2019\u00e9galit\u00e9 r\u00e9publicaine dans le fonctionnement de ses institutions et dans sa r\u00e8gle de droit, contre l\u2019imposition par un groupe sp\u00e9cifique d\u2019une norme exclusive.\n\u00c0 ce titre, l\u2019OVLGC promeut les valeurs fondamentales de la R\u00e9publique et le principe de la\u00efcit\u00e9.\nLes objectifs de l\u2019OVLGC seront :\n1 La d\u00e9fense de la la\u00efcit\u00e9 et notamment de la loi de 1905 qui en est garante,\n2 Le respect et la promotion des principes qui y sont attach\u00e9s et des valeurs qui en d\u00e9coulent,\n3 L\u2019organisation d\u2019actions et de r\u00e9flexions sur ce sujet, aupr\u00e8s de la population, notamment la jeunesse, dans un but p\u00e9dagogique, culturel et civique.\nDans le respect de ces objectifs, l\u2019OVLGC devra donc mener \u00e0 bien des missions de :\n\nCentre de ressources documentaires, d\u2019information et d\u2019expertise,\nCellule de veille pour le respect de la la\u00efcit\u00e9,\nSoutien \u00e0 l\u2019organisation d\u2019\u00e9v\u00e9nements, colloques, manifestations autour du th\u00e8me de la la\u00efcit\u00e9.\n\nAyant la volont\u00e9 de partager une vision commune de la d\u00e9fense et de la promotion du principe de la\u00efcit\u00e9, l\u2019Observatoire de la La\u00efcit\u00e9 et l\u2019OVLGC ont souhait\u00e9, au travers de la pr\u00e9sente convention, inscrire dans la dur\u00e9e leur volont\u00e9 conjointe d\u2019\u0153uvrer ensemble \u00e0 la d\u00e9fense et \u00e0 la promotion du principe de la la\u00efcit\u00e9.\nArticle 1 &#8211; objet de la convention\nLa pr\u00e9sente convention a pour objet de d\u00e9finir les conditions du partenariat entre les deux institutions.\nCe partenariat s\u2019articulera autour des grands axes suivants :\n\nLa diffusion des travaux de l\u2019Observatoire de la La\u00efcit\u00e9 sur le territoire de l\u2019OVLGC et aupr\u00e8s de ses partenaires ;\nLa participation possible et r\u00e9ciproque de membres \u00e0 des s\u00e9ances de travail de l\u2019Observatoire de la La\u00efcit\u00e9 et de l\u2019OVLGC.\n\nArticle 2 \u2013 LES ENGAGEMENTS communs DE L\u2019OBSERVATOIRE DE LA LA\u00cfCIT\u00c9 ET DE l\u2019OVLGC\nL\u2019Observatoire de la la\u00efcit\u00e9 et l\u2019OVLGC entretiendront des liens r\u00e9guliers en mati\u00e8re de r\u00e9flexion sur le principe de la\u00efcit\u00e9.\nIls organiseront des rencontres en vue de partager leurs retours d\u2019exp\u00e9riences.\nCette convergence de vue a vocation \u00e0 am\u00e9liorer la coh\u00e9rence et l\u2019efficacit\u00e9 des politiques publiques dans ce domaine.\nLes actions communes envisag\u00e9es s&rsquo;articulent autour de deux axes de travail :\n\nAxe n\u00b01: La diffusion des travaux de l\u2019Observatoire de la La\u00efcit\u00e9 sur le territoire de l\u2019OVLGC et aupr\u00e8s de ses partenaires\n\nL\u2019Observatoire de la La\u00efcit\u00e9 mettra \u00e0 disposition de l\u2019OVLGC les informations concernant son champ de comp\u00e9tences, ses missions et ses moyens d\u2019action.\nL\u2019OVLGC transmettra son rapport annuel \u00e0 l\u2019Observatoire de la La\u00efcit\u00e9.\n\nAxe n\u00b02: La participation possible et r\u00e9ciproque de membres \u00e0 des s\u00e9ances de travail de l\u2019Observatoire de la La\u00efcit\u00e9 et de l\u2019OVLGC\n\nL\u2019Observatoire de la La\u00efcit\u00e9 pourra intervenir lors de conf\u00e9rences organis\u00e9es par l\u2019OVLGC afin de pr\u00e9senter son Institution et ses r\u00e9flexions.\nIl pourra apporter son expertise dans les groupes de travail th\u00e9matiques que l\u2019OVLGC souhaiterait organiser sur les questions s\u2019inscrivant dans le cadre g\u00e9n\u00e9ral de la la\u00efcit\u00e9 ou dans des probl\u00e9matiques sp\u00e9cifiques.\nL\u2019Observatoire de la La\u00efcit\u00e9 pourra en retour inviter l\u2019OVLGC \u00e0 participer \u00e0 des travaux ou \u00e0 des groupes de travail dont les probl\u00e9matiques s\u2019inscrivent dans les comp\u00e9tences r\u00e9gionales, et dans lequel il pourra apporter une expertise sp\u00e9cifique.\nARTICLE 3 &#8211; Communication\nLes parties s\u2019autorisent \u00e0 communiquer librement sur les actions mises en \u0153uvre conjointement dans le cadre du pr\u00e9sent partenariat.\nARTICLE 4 \u2013 SUIVI &#8211; \u00c9VALUATION\nLes signataires se concerteront sur sa mise en \u0153uvre, \u00e9valueront les r\u00e9sultats obtenus et proc\u00e9deront aux ajustements \u00e9ventuellement n\u00e9cessaires. Afin de faciliter la r\u00e9alisation de cette \u00e9valuation, l\u2019Observatoire de la La\u00efcit\u00e9 et l\u2019OVLGC d\u00e9signeront respectivement un collaborateur en charge du suivi de la convention.\nARTICLE 5 &#8211; DUR\u00c9E \u2013 MODIFICATION \u2013 R\u00c9SILIATION\nLa pr\u00e9sente convention est conclue pour une dur\u00e9e d\u2019un an \u00e0 compter du jour de sa signature.Elle est renouvelable chaque ann\u00e9e par tacite reconduction, pour la m\u00eame dur\u00e9e. Elle est modifi\u00e9e par voie d\u2019avenant ou d\u00e9nonc\u00e9e, avec un pr\u00e9avis de deux mois.\nEn cas de non-respect des engagements r\u00e9ciproques inscrits dans la pr\u00e9sente convention, celle-ci pourra \u00eatre r\u00e9sili\u00e9e de plein droit par l\u2018une ou l\u2019autre partie \u00e0 l\u2019expiration d\u2019un d\u00e9lai d\u2019un mois suivant l\u2019envoi d\u2019une lettre recommand\u00e9e avec accus\u00e9 de r\u00e9ception valant mise en demeure.\nLa convention pourra, avant son expiration, \u00eatre r\u00e9sili\u00e9e de plein droit par l\u2019Observatoire de la La\u00efcit\u00e9 par notification \u00e9crite, en cas de force majeure ou pour out motif d\u2019int\u00e9r\u00eat g\u00e9n\u00e9ral.\n&nbsp;\nFait \u00e0 La Roche sur Yon, le 22 septembre 2018\n&nbsp;\nPour l&rsquo;Observatoire de la la\u00efcit\u00e9 \u00a0 \u00a0 \u00a0 \u00a0 \u00a0 \u00a0 \u00a0 \u00a0 \u00a0 \u00a0 \u00a0 \u00a0 \u00a0 \u00a0 \u00a0 \u00a0 \u00a0 \u00a0 \u00a0 \u00a0 \u00a0 \u00a0 \u00a0 \u00a0 \u00a0 \u00a0\u00a0 Pour l&rsquo;OVLGC\nJean-Louis BIANCO,\u00a0\u00a0\u00a0\u00a0\u00a0\u00a0\u00a0\u00a0\u00a0\u00a0\u00a0\u00a0\u00a0\u00a0\u00a0\u00a0\u00a0\u00a0\u00a0\u00a0\u00a0\u00a0\u00a0\u00a0\u00a0\u00a0\u00a0\u00a0\u00a0\u00a0\u00a0\u00a0\u00a0\u00a0\u00a0\u00a0\u00a0\u00a0\u00a0\u00a0\u00a0\u00a0\u00a0\u00a0\u00a0\u00a0\u00a0\u00a0\u00a0\u00a0\u00a0\u00a0\u00a0\u00a0\u00a0\u00a0\u00a0\u00a0\u00a0\u00a0\u00a0\u00a0\u00a0\u00a0\u00a0\u00a0\u00a0\u00a0\u00a0\u00a0\u00a0\u00a0 Son Pr\u00e9sident Gilles BOURMAUD\n&nbsp;\n&nbsp;\nARTICLE DE PRESSE DE L&rsquo;ECHO DE L&rsquo;OUEST\n&nbsp;\nVoici l&rsquo;article de l&rsquo;Echo de l&rsquo;Ouest du 28\/09\/2018 relatant la venue de Jean-Louis Bianco \u00e0 la Roche sur Yon.<\/span><span style=\"margin-left:3px; max-height:2.8em\" class=\"line_limit\"> [...]<\/span><\/span><span class=\"custom_fields\">\n<!-- WPLP Unknown field: Custom_Fields -->\n<\/span><a href=\"https:\/\/www.ovlgc.org\/fr\/communiques-de-presse\/\"  class=\"read-more\">Lire la suite\u2026<\/a><\/div><\/div><\/div><\/div><div class=\"swiper-slide\" style=\"\"><div class=\"insideframe\"><div id=\"wplp_box_top_4256_775\" class=\"wpcu-front-box top equalHeightImg\" ><div class=\"wplp-box-item\"><a href=\"https:\/\/www.ovlgc.org\/fr\/le-dossier-remis-par-la-delegation-vendeenne\/\"  class=\"thumbnail\"><span class=\"img_cropper\" style=\"margin-top:30px;margin-right:30px;margin-bottom:5px;margin-left:5px;max-width:100%;\"><img decoding=\"async\" src=\"https:\/\/www.ovlgc.org\/fr\/wp-content\/uploads\/2018\/06\/cropped-logo-OVLGC-carr\u00e9-3.png\" style=\"aspect-ratio:4\/3;\" srcset=\"\" alt=\"L&rsquo;Audition du 4 Septembre\" class=\"wplp_thumb\" \/><\/span><\/a><a href=\"https:\/\/www.ovlgc.org\/fr\/le-dossier-remis-par-la-delegation-vendeenne\/\"  class=\"title\">L&rsquo;Audition du 4 Septembre<\/a><\/div><\/div><div id=\"wplp_box_left_4256_775\" class=\"wpcu-front-box left wpcu-custom-position\" ><div class=\"wplp-box-item\"><\/div><\/div><div id=\"wplp_box_right_4256_775\" class=\"wpcu-front-box right wpcu-custom-position\" ><div class=\"wplp-box-item\"><\/div><\/div><div id=\"wplp_box_bottom_4256_775\" class=\"wpcu-front-box bottom \" ><div class=\"wplp-box-item\"><span class=\"text\"><span style=\"max-height:2.8em\" class=\"line_limit\">Les zones blanches de l&rsquo;enseignement public en Vend\u00e9e\n&nbsp;\nLa Vend\u00e9e, un territoire sp\u00e9cifique\nEn Vend\u00e9e, les services publics ne cherchent pas \u00e0 ce que l\u2019enseignement public, comme le veut la R\u00e9publique, couvre l\u2019ensemble du territoire mais s\u2019en tiennent \u00e0 ce que l\u2019enseignement en g\u00e9n\u00e9ral, et donc avec l\u2019enseignement priv\u00e9, r\u00e9ponde si possible aux besoins de la population.\nTout cela avec un objectif permanent\u00a0: assurer au moins la stricte \u00e9galit\u00e9 des financements, sans supporter les m\u00eames obligations \u00e9ventuellement. Toutes les d\u00e9penses obligatoires sont bien s\u00fbr assur\u00e9es au maximum, en tenant compte en permanence des d\u00e9cisions jurisprudentielles favorables, les aides facultatives rel\u00e8vent d\u2019une grande ing\u00e9niosit\u00e9 dans l\u2019utilisation parfois de vieux textes ( investissements, actions \u00e9ducatives, garanties d\u2019emprunt\u2026).\nLa R\u00e9gion s\u2019est lanc\u00e9e officiellement dans un rattrapage du priv\u00e9\u00a0 sur le public en majorant ses contributions au fonctionnement et en augmentant ses subventions d\u2019investissement ( + 887.598 \u20ac en 2018). C\u2019est dans l\u2019enseignement sup\u00e9rieur, le grand oubli\u00e9 de la d\u00e9centralisation, que les politiques sont les plus in\u00e9galitaires\u00a0: l\u2019extension de l\u2019ICES est d\u00e9j\u00e0 \u00e9voqu\u00e9e comme dossier \u00e0 suivre alors que la collectivit\u00e9 territoriale se d\u00e9sinvestit du public.\nLe D\u00e9partement lui aussi affiche clairement sa volont\u00e9 de maintenir le libre acc\u00e8s \u00e0 l\u2019enseignement choisi en assurant l\u2019\u00e9galit\u00e9 entre les deux enseignements , y compris en pr\u00e9voyant des garanties d\u2019emprunt et en aidant\u00a0 les sorties scolaires et les voyages\u00a0: l\u00e0, en 2018, l\u2019enseignement priv\u00e9 ( 54 % des \u00e9l\u00e8ves) re\u00e7oit le double de l\u2019enseignement public.\nDe plus en plus de voix s\u2019\u00e9l\u00e8vent d\u2019ailleurs pour r\u00e9clamer un contr\u00f4le de l\u2019utilisation des subventions qui actuellement n\u2019existe pas.\nAu nom de ce principe, la collectivit\u00e9 territoriale apporte m\u00eame une aide aux b\u00e2timents du 1er degr\u00e9 mais l\u00e0 encore, c\u2019est dans l\u2019enseignement sup\u00e9rieur que la situation est la plus in\u00e9galitaire. A part quelques miettes pour le Centre Universitaire D\u00e9partemental, tout va \u00e0 l\u2019enseignement priv\u00e9, en particulier l\u2019ICES et les Etabli\u00e8res.\n\u00a0Alors que pour sa propre comp\u00e9tence, les coll\u00e8ges publics, le d\u00e9ficit d\u2019\u00e9tablissements reste important. En particulier, le d\u00e9partement vient de reporter sine die la construction d\u2019un coll\u00e8ge \u00e0 Talmont Saint Hilaire, contre l\u2019avis de la municipalit\u00e9 et de la population locale.\nTout ceci malgr\u00e9 parfois l\u2019avis d\u00e9favorable des organismes consultatifs de l\u2019Education Nationale et dans la plus grande indiff\u00e9rence des services de l\u2019Etat.\nAu niveau local, sur lequel mes accompagnants vont intervenir, les nouvelles couches de population qui demandent une \u00e9cole publique se heurtent souvent aux r\u00e9ticences des maires, au nom d\u2019une soi-disant orthodoxie financi\u00e8re. Elles ne re\u00e7oivent aucun soutien de la part des\u00a0 collectivit\u00e9s territoriales d\u00e9partementale et r\u00e9gionale.\nAujourd\u2019hui, 15 communes vend\u00e9ennes restent sans \u00e9cole et 48 ont une \u00e9cole priv\u00e9e mais pas d\u2019\u00e9cole publique. Il faut cependant constater que l\u2019\u00e9mergence des intercommunalit\u00e9s et l\u2019apparition des communes nouvelles (10 en 2016 et 2017 en Vend\u00e9e) modifient la donne initiale. Mais 4 demandes justifi\u00e9es sont actuellement d\u2019actualit\u00e9\u00a0: communes de Mach\u00e9, La Boissi\u00e8re de Montaigu, Martinet et Givrand. \n\u00a0Des pseudo-raisons d\u00e9mographiques et de vraies raisons politiques pr\u00e9sident \u00e0 cette sp\u00e9cificit\u00e9 vend\u00e9enne. L\u2019enseignement priv\u00e9 sous contrat et hors contrat ( ce dernier en constante augmentation ), g\u00e9n\u00e9ral et professionnel\u00a0\u00a0\u00a0\u00a0\u00a0 ( r\u00e9seau tr\u00e8s dense des Maisons Familiales Rurales ) est au service du formatage aux valeurs vend\u00e9ennes\u00a0: tradition teint\u00e9e d\u2019innovation, docilit\u00e9, r\u00e9gionalisme, christianisme, \u2026\n\u00a0\u00a0\u00a0\u00a0\u00a0\u00a0\u00a0\u00a0\u00a0\u00a0\u00a0\u00a0\u00a0\u00a0\u00a0\u00a0\u00a0\u00a0\u00a0\u00a0\u00a0\u00a0\u00a0\u00a0\u00a0\u00a0\u00a0\u00a0\u00a0\u00a0\u00a0\u00a0\u00a0\u00a0\u00a0\u00a0\u00a0\u00a0\u00a0\u00a0\u00a0\u00a0\u00a0\u00a0\u00a0\u00a0\u00a0\u00a0\u00a0\u00a0\u00a0\u00a0\u00a0\u00a0\u00a0\u00a0\u00a0\u00a0\u00a0\u00a0\u00a0\u00a0\u00a0\u00a0\u00a0\u00a0\u00a0\u00a0\u00a0\u00a0\u00a0\u00a0\u00a0\u00a0\u00a0\u00a0\u00a0\u00a0\u00a0\u00a0\u00a0\u00a0\u00a0\u00a0 Le Pr\u00e9sident\n\u00a0\u00a0\u00a0\u00a0\u00a0\u00a0\u00a0\u00a0\u00a0\u00a0\u00a0\u00a0\u00a0\u00a0\u00a0\u00a0\u00a0\u00a0\u00a0\u00a0\u00a0\u00a0\u00a0\u00a0\u00a0\u00a0\u00a0\u00a0\u00a0\u00a0\u00a0\u00a0\u00a0\u00a0\u00a0\u00a0\u00a0\u00a0 \u00a0\u00a0\u00a0\u00a0\u00a0\u00a0\u00a0\u00a0\u00a0\u00a0\u00a0\u00a0\u00a0\u00a0\u00a0\u00a0\u00a0\u00a0\u00a0\u00a0\u00a0\u00a0\u00a0\u00a0\u00a0\u00a0\u00a0\u00a0\u00a0\u00a0\u00a0\u00a0\u00a0\u00a0\u00a0\u00a0\u00a0\u00a0\u00a0\u00a0\u00a0\u00a0\u00a0Gilles Bourmaud<\/span><span style=\"margin-left:3px; max-height:2.8em\" class=\"line_limit\"> [...]<\/span><\/span><span class=\"custom_fields\">\n<!-- WPLP Unknown field: Custom_Fields -->\n<\/span><a href=\"https:\/\/www.ovlgc.org\/fr\/le-dossier-remis-par-la-delegation-vendeenne\/\"  class=\"read-more\">Lire la suite\u2026<\/a><\/div><\/div><\/div><\/div><div class=\"swiper-slide\" style=\"\"><div class=\"insideframe\"><div id=\"wplp_box_top_4256_1791\" class=\"wpcu-front-box top equalHeightImg\" ><div class=\"wplp-box-item\"><a href=\"https:\/\/www.ovlgc.org\/fr\/le-programme-du-15-fevrier\/\"  class=\"thumbnail\"><span class=\"img_cropper\" style=\"margin-top:30px;margin-right:30px;margin-bottom:5px;margin-left:5px;max-width:100%;\"><img decoding=\"async\" src=\"https:\/\/www.ovlgc.org\/fr\/wp-content\/uploads\/2018\/10\/VRL20180215-392x272.jpg\" style=\"aspect-ratio:4\/3;\" srcset=\"\" alt=\"La Journ\u00e9e du 15 F\u00e9vrier, son programme, ses actes\" class=\"wplp_thumb\" \/><\/span><\/a><a href=\"https:\/\/www.ovlgc.org\/fr\/le-programme-du-15-fevrier\/\"  class=\"title\">La Journ\u00e9e du 15 F\u00e9vrier, son programme, ses actes<\/a><\/div><\/div><div id=\"wplp_box_left_4256_1791\" class=\"wpcu-front-box left wpcu-custom-position\" ><div class=\"wplp-box-item\"><\/div><\/div><div id=\"wplp_box_right_4256_1791\" class=\"wpcu-front-box right wpcu-custom-position\" ><div class=\"wplp-box-item\"><\/div><\/div><div id=\"wplp_box_bottom_4256_1791\" class=\"wpcu-front-box bottom \" ><div class=\"wplp-box-item\"><span class=\"text\"><span style=\"max-height:2.8em\" class=\"line_limit\">Le 15 F\u00e9vrier dernier, organis\u00e9e par:\n\nLa DDCS (Direction D\u00e9partementale de la Coh\u00e9sion Sociale) de la Vend\u00e9e,\nLa Ligue de l&rsquo;Enseignement,\nLes FRANCAS,\nLes CEAS (Centre d&rsquo;Etudes et d&rsquo;Actions Sociales)\net l&rsquo;OVLGC (l&rsquo;Observatoire Vend\u00e9en de la La\u00efcit\u00e9 Georges Cl\u00e9menceau)\ns&rsquo;est tenue \u00e0 la Roche sur Yon, une journ\u00e9e de r\u00e9flexion et de formation autours des valeurs de la R\u00e9publique et plus particuli\u00e8rement de la La\u00efcit\u00e9.\n\nVous pourrez prendre connaissance du dossier complet de cette journ\u00e9e.\n&nbsp;<\/span><span style=\"margin-left:3px; max-height:2.8em\" class=\"line_limit\"> [...]<\/span><\/span><span class=\"custom_fields\">\n<!-- WPLP Unknown field: Custom_Fields -->\n<\/span><a href=\"https:\/\/www.ovlgc.org\/fr\/le-programme-du-15-fevrier\/\"  class=\"read-more\">Lire la suite\u2026<\/a><\/div><\/div><\/div><\/div><\/div><div class=\"swiper-button-next\"><\/div><div class=\"swiper-button-prev\"><\/div><div class=\"swiper-pagination\"><\/div><\/div><\/div>\n<\/div>\n\t\t<\/div><\/div><div id=\"pgc-1755-0-1\"  class=\"panel-grid-cell panel-grid-cell-empty\" ><\/div><\/div><div id=\"pg-1755-1\"  class=\"panel-grid panel-has-style\" ><div class=\"siteorigin-panels-stretch panel-row-style panel-row-style-for-1755-1\" data-stretch-type=\"full\" ><div id=\"pgc-1755-1-0\"  class=\"panel-grid-cell\" ><div id=\"panel-1755-1-0-0\" class=\"so-panel widget widget_sfp_page_plugin_widget panel-first-child panel-last-child\" data-index=\"1\" ><!-- SFPlugin by topdevs.net -->\n<!-- Page Plugin Code START -->\n<div class=\"sfp-container\" data-sfp-embed=\"1\" data-sfp-url=\"https:\/\/www.facebook.com\/ovlgc\" data-sfp-width=\"500\" data-sfp-height=\"400\" data-sfp-hide-cover=\"false\" data-sfp-show-facepile=\"false\" data-sfp-small-header=\"false\" data-sfp-tabs=\"timeline,events,messages\" data-sfp-locale=\"fr_FR\" data-sfp-click-to-load=\"0\" data-sfp-lazy=\"1\">\n\t<button\n\t\ttype=\"button\"\n\t\tclass=\"sfp-placeholder\"\n\t\t style=\"background: linear-gradient(135deg, #e7f3ff 0%, #f5faff 100%); color: #1877f2\"\t\taria-label=\"Click to load Facebook content\"\t>\n\t\t\t<\/button>\n\t<div class=\"sfp-embed\" aria-live=\"polite\"><\/div>\n<\/div>\n<!-- Page Plugin Code END -->\n<\/div><\/div><div id=\"pgc-1755-1-1\"  class=\"panel-grid-cell\" ><div id=\"panel-1755-1-1-0\" class=\"widget_text so-panel widget widget_custom_html panel-first-child panel-last-child\" data-index=\"2\" ><div class=\"textwidget custom-html-widget\"><a class=\"twitter-timeline\" \ndata-chrome=\"nofooter\"\nheight=\"400px\"\nhref=\"https:\/\/twitter.com\/vigielaicite\">Tweets de @VigieLa\u00efcit\u00e9<\/a> <script async src=\"https:\/\/platform.twitter.com\/widgets.js\" charset=\"utf-8\"><\/script><\/div><\/div><\/div><\/div><\/div><\/div>","protected":false},"excerpt":{"rendered":"<p>Semaine de la La\u00efcit\u00e9 du 8 au 14 D\u00e9cembreAppel \u00e0 manifester Demande d&rsquo;audience &nbsp; Le rassemblement du 8 L&rsquo;Arbre de<\/p>\n","protected":false},"author":2,"featured_media":0,"parent":248,"menu_order":0,"comment_status":"closed","ping_status":"closed","template":"","meta":{"footnotes":""},"class_list":["post-1755","page","type-page","status-publish","hentry"],"_links":{"self":[{"href":"https:\/\/www.ovlgc.org\/fr\/wp-json\/wp\/v2\/pages\/1755","targetHints":{"allow":["GET"]}}],"collection":[{"href":"https:\/\/www.ovlgc.org\/fr\/wp-json\/wp\/v2\/pages"}],"about":[{"href":"https:\/\/www.ovlgc.org\/fr\/wp-json\/wp\/v2\/types\/page"}],"author":[{"embeddable":true,"href":"https:\/\/www.ovlgc.org\/fr\/wp-json\/wp\/v2\/users\/2"}],"replies":[{"embeddable":true,"href":"https:\/\/www.ovlgc.org\/fr\/wp-json\/wp\/v2\/comments?post=1755"}],"version-history":[{"count":95,"href":"https:\/\/www.ovlgc.org\/fr\/wp-json\/wp\/v2\/pages\/1755\/revisions"}],"predecessor-version":[{"id":5141,"href":"https:\/\/www.ovlgc.org\/fr\/wp-json\/wp\/v2\/pages\/1755\/revisions\/5141"}],"up":[{"embeddable":true,"href":"https:\/\/www.ovlgc.org\/fr\/wp-json\/wp\/v2\/pages\/248"}],"wp:attachment":[{"href":"https:\/\/www.ovlgc.org\/fr\/wp-json\/wp\/v2\/media?parent=1755"}],"curies":[{"name":"wp","href":"https:\/\/api.w.org\/{rel}","templated":true}]}}